{"id":574,"date":"2025-07-15T16:50:12","date_gmt":"2025-07-15T14:50:12","guid":{"rendered":"https:\/\/eloisefaresharpiste.com\/?page_id=574"},"modified":"2026-07-03T15:52:20","modified_gmt":"2026-07-03T13:52:20","slug":"agenda-musical","status":"publish","type":"page","link":"https:\/\/eloisefaresharpiste.com\/en\/agenda-musical\/","title":{"rendered":"Agenda musical d&rsquo;Elo\u00efse Fares"},"content":{"rendered":"<div data-elementor-type=\"wp-page\" data-elementor-id=\"574\" class=\"elementor elementor-574\" data-elementor-post-type=\"page\">\n\t\t\t\t<div class=\"elementor-element elementor-element-20f3ca9d e-flex e-con-boxed e-con e-parent\" data-id=\"20f3ca9d\" data-element_type=\"container\" data-e-type=\"container\">\n\t\t\t\t\t<div class=\"e-con-inner\">\n\t\t<div class=\"elementor-element elementor-element-1fb7bf0f e-con-full e-flex e-con e-child\" data-id=\"1fb7bf0f\" data-element_type=\"container\" data-e-type=\"container\">\n\t\t\t\t<div class=\"elementor-element elementor-element-20dc9525 elementor-widget elementor-widget-heading\" data-id=\"20dc9525\" data-element_type=\"widget\" data-e-type=\"widget\" data-widget_type=\"heading.default\">\n\t\t\t\t<div class=\"elementor-widget-container\">\n\t\t\t\t\t<h1 class=\"elementor-heading-title elementor-size-default\">Calendar<\/h1>\t\t\t\t<\/div>\n\t\t\t\t<\/div>\n\t\t\t\t<div class=\"elementor-element elementor-element-4c850eb0 elementor-widget elementor-widget-heading\" data-id=\"4c850eb0\" data-element_type=\"widget\" data-e-type=\"widget\" data-widget_type=\"heading.default\">\n\t\t\t\t<div class=\"elementor-widget-container\">\n\t\t\t\t\t<h2 class=\"elementor-heading-title elementor-size-default\">Upcoming events <\/h2>\t\t\t\t<\/div>\n\t\t\t\t<\/div>\n\t\t\t\t<\/div>\n\t\t\t\t\t<\/div>\n\t\t\t\t<\/div>\n\t\t<div class=\"elementor-element elementor-element-24df6ba e-flex e-con-boxed e-con e-parent\" data-id=\"24df6ba\" data-element_type=\"container\" data-e-type=\"container\">\n\t\t\t\t\t<div class=\"e-con-inner\">\n\t\t\t\t<div class=\"elementor-element elementor-element-da5b6e1 elementor-widget elementor-widget-MEC\" data-id=\"da5b6e1\" data-element_type=\"widget\" data-e-type=\"widget\" data-widget_type=\"MEC.default\">\n\t\t\t\t<div class=\"elementor-widget-container\">\n\t\t\t\t\t<div class=\"mec-wrap mec-skin-carousel-container\" id=\"mec_skin_mec1\">\r\n        <div class=\"mec-skin-carousel-events-container\" id=\"mec_skin_events_mec1\">\r\n        <div class=\"mec-wrap colorskin-custom\">\r\n    <div class=\"mec-event-carousel-type1\">\r\n                <div class='mec-owl-crousel-skin-type1 mec-owl-carousel mec-owl-theme'>\r\n                        <article class=\"mec-event-article  mec-clear\" itemscope>\r\n                                        <div class=\"event-carousel-type1-head clearfix\">\r\n                    <div class=\"mec-event-date mec-color\">\r\n                        <div class=\"mec-event-image\">\r\n                            <a data-event-id=\"1354\" href=\"https:\/\/www.genevacamerata.com\/en\/concerts\/pulse\" target=\"_self\" rel=\"noopener\"><img decoding=\"async\" width=\"474\" height=\"324\" src=\"https:\/\/eloisefaresharpiste.com\/wp-content\/uploads\/2025\/07\/visuel-GECA-474x324.jpeg\" class=\"attachment-meccarouselthumb size-meccarouselthumb wp-post-image\" alt=\"\" data-mec-postid=\"1354\" \/><\/a>                                                    <\/div>\r\n                        <div class=\"mec-event-date-carousel\">\r\n                            <span class=\"mec-start-date-label\">25<\/span>                            <div class=\"mec-event-date-info\"><span class=\"mec-start-date-label\">September<\/span><\/div>\r\n                            <div class=\"mec-event-date-info-year\">2026<\/div>\r\n                        <\/div>\r\n                    <\/div>\r\n                    <div class=\"mec-event-carousel-content\">\r\n                                                <h4 class=\"mec-event-carousel-title\"><a class=\"mec-color-hover\" data-event-id=\"1354\" href=\"https:\/\/www.genevacamerata.com\/en\/concerts\/pulse\" target=\"_self\" rel=\"noopener\">GENEVA CAMERATA &#8211; Pulse<\/a><\/h4>\r\n                                                <p class=\"mec-carousel-event-location\"><span>B\u00e2timent des forces motrices - Geneva - SWITZERLAND<\/span><br><\/p>\r\n                                                                    <\/div>\r\n                <\/div>\r\n                            <\/article>\r\n                                    <article class=\"mec-event-article  mec-clear\" itemscope>\r\n                                        <div class=\"event-carousel-type1-head clearfix\">\r\n                    <div class=\"mec-event-date mec-color\">\r\n                        <div class=\"mec-event-image\">\r\n                            <a data-event-id=\"1299\" href=\"https:\/\/www.nws.edu\/events-tickets\/concerts\/2026-2027\/ravel-s-bolero\/\" target=\"_self\" rel=\"noopener\"><img loading=\"lazy\" decoding=\"async\" width=\"400\" height=\"324\" src=\"https:\/\/eloisefaresharpiste.com\/wp-content\/uploads\/2025\/08\/Logo-NWS-1-400x324.jpeg\" class=\"attachment-meccarouselthumb size-meccarouselthumb wp-post-image\" alt=\"\" data-mec-postid=\"1299\" \/><\/a>                                                    <\/div>\r\n                        <div class=\"mec-event-date-carousel\">\r\n                            <span class=\"mec-start-date-label\">03<\/span>                            <div class=\"mec-event-date-info\"><span class=\"mec-start-date-label\">October<\/span><\/div>\r\n                            <div class=\"mec-event-date-info-year\">2026<\/div>\r\n                        <\/div>\r\n                    <\/div>\r\n                    <div class=\"mec-event-carousel-content\">\r\n                                                <h4 class=\"mec-event-carousel-title\"><a class=\"mec-color-hover\" data-event-id=\"1299\" href=\"https:\/\/www.nws.edu\/events-tickets\/concerts\/2026-2027\/ravel-s-bolero\/\" target=\"_self\" rel=\"noopener\">Ravel\u2019s Bol\u00e9ro &#8211; New World Symphony<\/a><\/h4>\r\n                                                <p class=\"mec-carousel-event-location\"><span>500 17th St, Miami Beach, FL 33139, \u00c9tats-Unis<\/span><br><\/p>\r\n                                                                    <\/div>\r\n                <\/div>\r\n                            <\/article>\r\n                                    <article class=\"mec-event-article  mec-clear\" itemscope>\r\n                                        <div class=\"event-carousel-type1-head clearfix\">\r\n                    <div class=\"mec-event-date mec-color\">\r\n                        <div class=\"mec-event-image\">\r\n                            <a data-event-id=\"1300\" href=\"https:\/\/www.nws.edu\/events-tickets\/concerts\/2026-2027\/ravel-s-bolero\/\" target=\"_self\" rel=\"noopener\"><img loading=\"lazy\" decoding=\"async\" width=\"400\" height=\"324\" src=\"https:\/\/eloisefaresharpiste.com\/wp-content\/uploads\/2025\/08\/Logo-NWS-1-400x324.jpeg\" class=\"attachment-meccarouselthumb size-meccarouselthumb wp-post-image\" alt=\"\" data-mec-postid=\"1300\" \/><\/a>                                                    <\/div>\r\n                        <div class=\"mec-event-date-carousel\">\r\n                            <span class=\"mec-start-date-label\">04<\/span>                            <div class=\"mec-event-date-info\"><span class=\"mec-start-date-label\">October<\/span><\/div>\r\n                            <div class=\"mec-event-date-info-year\">2026<\/div>\r\n                        <\/div>\r\n                    <\/div>\r\n                    <div class=\"mec-event-carousel-content\">\r\n                                                <h4 class=\"mec-event-carousel-title\"><a class=\"mec-color-hover\" data-event-id=\"1300\" href=\"https:\/\/www.nws.edu\/events-tickets\/concerts\/2026-2027\/ravel-s-bolero\/\" target=\"_self\" rel=\"noopener\">Ravel\u2019s Bol\u00e9ro &#8211; New World Symphony<\/a><\/h4>\r\n                                                <p class=\"mec-carousel-event-location\"><span>500 17th St, Miami Beach, FL 33139, \u00c9tats-Unis<\/span><br><\/p>\r\n                                                                    <\/div>\r\n                <\/div>\r\n                            <\/article>\r\n                                    <article class=\"mec-event-article  mec-clear\" itemscope>\r\n                                        <div class=\"event-carousel-type1-head clearfix\">\r\n                    <div class=\"mec-event-date mec-color\">\r\n                        <div class=\"mec-event-image\">\r\n                            <a data-event-id=\"1301\" href=\"https:\/\/www.nws.edu\/events-tickets\/concerts\/2026-2027\/deneve-beethoven-9\/\" target=\"_self\" rel=\"noopener\"><img loading=\"lazy\" decoding=\"async\" width=\"400\" height=\"324\" src=\"https:\/\/eloisefaresharpiste.com\/wp-content\/uploads\/2025\/08\/Logo-NWS-1-400x324.jpeg\" class=\"attachment-meccarouselthumb size-meccarouselthumb wp-post-image\" alt=\"\" data-mec-postid=\"1301\" \/><\/a>                                                    <\/div>\r\n                        <div class=\"mec-event-date-carousel\">\r\n                            <span class=\"mec-start-date-label\">10<\/span>                            <div class=\"mec-event-date-info\"><span class=\"mec-start-date-label\">October<\/span><\/div>\r\n                            <div class=\"mec-event-date-info-year\">2026<\/div>\r\n                        <\/div>\r\n                    <\/div>\r\n                    <div class=\"mec-event-carousel-content\">\r\n                                                <h4 class=\"mec-event-carousel-title\"><a class=\"mec-color-hover\" data-event-id=\"1301\" href=\"https:\/\/www.nws.edu\/events-tickets\/concerts\/2026-2027\/deneve-beethoven-9\/\" target=\"_self\" rel=\"noopener\">Den\u00e8ve: Beethoven 9 &#038; Mahler 5 Adagietto &#8211; New World Symphony<\/a><\/h4>\r\n                                                <p class=\"mec-carousel-event-location\"><span>500 17th St, Miami Beach, FL 33139, \u00c9tats-Unis<\/span><br><\/p>\r\n                                                                    <\/div>\r\n                <\/div>\r\n                            <\/article>\r\n                                    <article class=\"mec-event-article  mec-clear\" itemscope>\r\n                                        <div class=\"event-carousel-type1-head clearfix\">\r\n                    <div class=\"mec-event-date mec-color\">\r\n                        <div class=\"mec-event-image\">\r\n                            <a data-event-id=\"1302\" href=\"https:\/\/www.nws.edu\/events-tickets\/concerts\/2026-2027\/deneve-beethoven-9\/\" target=\"_self\" rel=\"noopener\"><img loading=\"lazy\" decoding=\"async\" width=\"400\" height=\"324\" src=\"https:\/\/eloisefaresharpiste.com\/wp-content\/uploads\/2025\/08\/Logo-NWS-1-400x324.jpeg\" class=\"attachment-meccarouselthumb size-meccarouselthumb wp-post-image\" alt=\"\" data-mec-postid=\"1302\" \/><\/a>                                                    <\/div>\r\n                        <div class=\"mec-event-date-carousel\">\r\n                            <span class=\"mec-start-date-label\">11<\/span>                            <div class=\"mec-event-date-info\"><span class=\"mec-start-date-label\">October<\/span><\/div>\r\n                            <div class=\"mec-event-date-info-year\">2026<\/div>\r\n                        <\/div>\r\n                    <\/div>\r\n                    <div class=\"mec-event-carousel-content\">\r\n                                                <h4 class=\"mec-event-carousel-title\"><a class=\"mec-color-hover\" data-event-id=\"1302\" href=\"https:\/\/www.nws.edu\/events-tickets\/concerts\/2026-2027\/deneve-beethoven-9\/\" target=\"_self\" rel=\"noopener\">Den\u00e8ve: Beethoven 9 &#038; Mahler 5 Adagietto &#8211; New World Symphony<\/a><\/h4>\r\n                                                <p class=\"mec-carousel-event-location\"><span>500 17th St, Miami Beach, FL 33139, \u00c9tats-Unis<\/span><br><\/p>\r\n                                                                    <\/div>\r\n                <\/div>\r\n                            <\/article>\r\n                                    <article class=\"mec-event-article  mec-clear\" itemscope>\r\n                                        <div class=\"event-carousel-type1-head clearfix\">\r\n                    <div class=\"mec-event-date mec-color\">\r\n                        <div class=\"mec-event-image\">\r\n                            <a data-event-id=\"1303\" href=\"https:\/\/www.nws.edu\/events-tickets\/concerts\/2026-2027\/the-baroque-plus-neo-baroque\/#\/program\/quintet_in_c_major\" target=\"_self\" rel=\"noopener\"><img loading=\"lazy\" decoding=\"async\" width=\"400\" height=\"324\" src=\"https:\/\/eloisefaresharpiste.com\/wp-content\/uploads\/2025\/08\/Logo-NWS-1-400x324.jpeg\" class=\"attachment-meccarouselthumb size-meccarouselthumb wp-post-image\" alt=\"\" data-mec-postid=\"1303\" \/><\/a>                                                    <\/div>\r\n                        <div class=\"mec-event-date-carousel\">\r\n                            <span class=\"mec-start-date-label\">18<\/span>                            <div class=\"mec-event-date-info\"><span class=\"mec-start-date-label\">October<\/span><\/div>\r\n                            <div class=\"mec-event-date-info-year\">2026<\/div>\r\n                        <\/div>\r\n                    <\/div>\r\n                    <div class=\"mec-event-carousel-content\">\r\n                                                <h4 class=\"mec-event-carousel-title\"><a class=\"mec-color-hover\" data-event-id=\"1303\" href=\"https:\/\/www.nws.edu\/events-tickets\/concerts\/2026-2027\/the-baroque-plus-neo-baroque\/#\/program\/quintet_in_c_major\" target=\"_self\" rel=\"noopener\">Chamber Music &#8211; Sigismund von Neukomm, Bloch, CPE Bach, etc &#8211; New World Symphony<\/a><\/h4>\r\n                                                <p class=\"mec-carousel-event-location\"><span>500 17th St, Miami Beach, FL 33139, \u00c9tats-Unis<\/span><br><\/p>\r\n                                                                    <\/div>\r\n                <\/div>\r\n                            <\/article>\r\n                                <\/div>\r\n        \t<\/div>\r\n<\/div>    <\/div>\r\n        <\/div>\t\t\t\t<\/div>\n\t\t\t\t<\/div>\n\t\t\t\t\t<\/div>\n\t\t\t\t<\/div>\n\t\t<div class=\"elementor-element elementor-element-7d43fafd e-flex e-con-boxed e-con e-parent\" data-id=\"7d43fafd\" data-element_type=\"container\" data-e-type=\"container\" data-settings=\"{&quot;shape_divider_top&quot;:&quot;opacity-tilt&quot;}\">\n\t\t\t\t\t<div class=\"e-con-inner\">\n\t\t\t\t<div class=\"elementor-shape elementor-shape-top\" aria-hidden=\"true\" data-negative=\"false\">\n\t\t\t<svg xmlns=\"http:\/\/www.w3.org\/2000\/svg\" viewbox=\"0 0 2600 131.1\" preserveaspectratio=\"none\">\n\t<path class=\"elementor-shape-fill\" d=\"M0 0L2600 0 2600 69.1 0 0z\"\/>\n\t<path class=\"elementor-shape-fill\" style=\"opacity:0.5\" d=\"M0 0L2600 0 2600 69.1 0 69.1z\"\/>\n\t<path class=\"elementor-shape-fill\" style=\"opacity:0.25\" d=\"M2600 0L0 0 0 130.1 2600 69.1z\"\/>\n<\/svg>\t\t<\/div>\n\t\t<div class=\"elementor-element elementor-element-4cc920eb e-con-full e-flex e-con e-child\" data-id=\"4cc920eb\" data-element_type=\"container\" data-e-type=\"container\">\n\t\t\t\t<div class=\"elementor-element elementor-element-22bb3550 elementor-widget elementor-widget-heading\" data-id=\"22bb3550\" data-element_type=\"widget\" data-e-type=\"widget\" data-widget_type=\"heading.default\">\n\t\t\t\t<div class=\"elementor-widget-container\">\n\t\t\t\t\t<h2 class=\"elementor-heading-title elementor-size-default\">Past events<\/h2>\t\t\t\t<\/div>\n\t\t\t\t<\/div>\n\t\t\t\t<div class=\"elementor-element elementor-element-114004e elementor-widget elementor-widget-MEC\" data-id=\"114004e\" data-element_type=\"widget\" data-e-type=\"widget\" data-widget_type=\"MEC.default\">\n\t\t\t\t<div class=\"elementor-widget-container\">\n\t\t\t\t\t<div class=\"mec-wrap mec-skin-list-container\" id=\"mec_skin_mec2\">\r\n\r\n    \r\n            <div class=\"mec-skin-list-events-container\" id=\"mec_skin_events_mec2\">\r\n        <div class=\"mec-wrap colorskin-custom\">\r\n\t<div class=\"mec-event-list-accordion\">\r\n\t\t\r\n                        <div class=\"mec-month-divider\" data-toggle-divider=\"mec-toggle-202608-mec2\"><h5 style=\"display: inline;\">August 2026<\/h5><i class=\"mec-sl-arrow-down\"><\/i><\/div>\r\n            \r\n                        <article class=\"mec-past-event mec-event-article  mec-clear  mec-divider-toggle mec-toggle-202608-mec2\" itemscope>\r\n                                    <!-- toggles wrap start -->\r\n                    <div class=\"mec-events-toggle\">\r\n                        <!-- toggle item start -->\r\n                        <div class=\"mec-toggle-item\">\r\n                            <div class=\"mec-toggle-item-inner\" tabindex=\"0\">\r\n                                                                <div class=\"mec-toggle-item-col\">\r\n                                                                            <div class=\"mec-event-month\"><span class=\"mec-start-date-label\">30 August<\/span><\/div>\r\n                                                                        <div class=\"mec-time-details\"><span class=\"mec-start-time\">19h00<\/span> - <span class=\"mec-end-time\">21h00<\/span><\/div>                                <\/div>\r\n                                <h3 class=\"mec-toggle-title\">\r\n                                    Les Si\u00e8cles &#8211; BBC PROMS 2026 &#8211; London<\/h3>\r\n                                                                <i class=\"mec-sl-arrow-down\"><\/i>\r\n                            <\/div>\r\n                            <div class=\"mec-content-toggle\" aria-hidden=\"true\" style=\"display: none;\">\r\n                                <div class=\"mec-toggle-content\">\r\n                                    <div class=\"mec-wrap colorskin-custom clearfix  mec-modal-wrap\" id=\"mec_skin_6508\" data-unique-id=\"6508\">\r\n    <article class=\"mec-single-event mec-single-modern mec-single-modal\">\r\n        <div class=\"mec-events-event-image\">\r\n            <img loading=\"lazy\" decoding=\"async\" width=\"2048\" height=\"2048\" src=\"https:\/\/eloisefaresharpiste.com\/wp-content\/uploads\/2026\/05\/IMG_4999.jpeg\" class=\"attachment-full size-full wp-post-image\" alt=\"\" data-mec-postid=\"1184\" \/>        <\/div>\r\n        \r\n        <div class=\"col-md-4\">\r\n\r\n            <div class=\"mec-event-meta mec-color-before mec-frontbox\">\r\n                \r\n                <!-- Sponsors Module -->\r\n                \r\n                <!-- Register Booking Button -->\r\n                            <\/div>\r\n\r\n            <!-- Weather Module -->\r\n            \r\n            <!-- QRCode Module -->\r\n            \r\n            <!-- Public Download Module -->\r\n            \r\n            <!-- Local Time Module -->\r\n            \r\n            <div class=\"mec-event-meta mec-color-before mec-frontbox\">\r\n\r\n                                                \r\n                \r\n                \r\n                                        <div class=\"mec-event-more-info\">\r\n                            <i class=\"mec-sl-info\"><\/i>                            <h3 class=\"mec-cost\">More Info<\/h3>\r\n                            <dd class=\"mec-events-event-more-info\"><a class=\"mec-more-info-button mec-color-hover\" target=\"_blank\" href=\"https:\/\/www.bbc.co.uk\/events\/ezbv9r\" rel=\"noopener\">Read More<\/a><\/dd>\r\n                        <\/div>\r\n                        \r\n            <\/div>\r\n\r\n            <!-- Speaker List Module -->\r\n            \r\n            <!-- Attendees List Module -->\r\n            \r\n            <!-- Next Previous Module -->\r\n                    <\/div>\r\n\r\n        <div class=\"col-md-8\">\r\n\r\n            <div class=\"mec-event-content\">\r\n                <div class=\"mec-single-event-description mec-events-content\">\r\n                    <h2>BERLIOZ &#8211; conducteur by Jakob Lehmann<\/h2>\n<h2>La Damnation de Faust <span style=\"font-size: 16px;\">(version sc\u00e9nique)<\/span><\/h2>\n<div class=\"vc_col-sm-3\/5 wpb_column vc_column_container\">\n<div class=\"vc_column-inner\">\n<div class=\"wpb_wrapper\">\n<div class=\"wpb_text_column us_custom_03f3d98b\">\n<div class=\"wpb_wrapper\">\n<div class=\"wpb_text_column us_custom_03f3d98b\">\n<div class=\"wpb_wrapper\">\n<p>L\u00e9gende dramatique en quatre parties<\/p>\n<p>Sur instruments fran\u00e7ais du d\u00e9but du 19e si\u00e8cle<\/p>\n<\/div>\n<\/div>\n<\/div>\n<\/div>\n<\/div>\n<\/div>\n<\/div>\n<div class=\"vc_col-sm-2\/5 wpb_column vc_column_container\">\n<div class=\"vc_column-inner\">\n<div class=\"wpb_wrapper\">\n<div class=\"wpb_text_column us_custom_03f3d98b\">\n<div class=\"wpb_wrapper\">\n<h2>DISTRIBUTION<\/h2>\n<div class=\"spectacle-block__content\">\n<p><strong>John Osborn,<\/strong> Faust<br \/>\n<strong>V\u00e9ronique Gens,<\/strong> Marguerite<br \/>\n<strong>G\u00e9rald Finley,<\/strong>M\u00e9phistoph\u00e9l\u00e8s<br \/>\n<strong>Thomas Doli\u00e9,<\/strong> Brander<\/p>\n<\/div>\n<\/div>\n<\/div>\n<\/div>\n<\/div>\n<\/div>\n<h3><img fetchpriority=\"high\" decoding=\"async\" class=\"alignnone size-medium wp-image-1185\" src=\"https:\/\/eloisefaresharpiste.com\/wp-content\/uploads\/2026\/05\/IMG_4998-300x200.png\" alt=\"\" width=\"300\" height=\"200\" srcset=\"https:\/\/eloisefaresharpiste.com\/wp-content\/uploads\/2026\/05\/IMG_4998-300x200.png 300w, https:\/\/eloisefaresharpiste.com\/wp-content\/uploads\/2026\/05\/IMG_4998-1024x682.png 1024w, https:\/\/eloisefaresharpiste.com\/wp-content\/uploads\/2026\/05\/IMG_4998-768x512.png 768w, https:\/\/eloisefaresharpiste.com\/wp-content\/uploads\/2026\/05\/IMG_4998-391x260.png 391w, https:\/\/eloisefaresharpiste.com\/wp-content\/uploads\/2026\/05\/IMG_4998-18x12.png 18w, https:\/\/eloisefaresharpiste.com\/wp-content\/uploads\/2026\/05\/IMG_4998.png 1366w\" sizes=\"(max-width: 300px) 100vw, 300px\" \/><\/h3>\n                                                                            <\/div>\r\n            <\/div>\r\n\r\n            \r\n            <!-- Custom Data Fields -->\r\n            \r\n            <!-- FAQ -->\r\n            \r\n            <!-- Links Module -->\r\n            <div class=\"mec-event-social mec-frontbox\">\r\n     <h3 class=\"mec-social-single mec-frontbox-title\">Share this event<\/h3>\r\n     <div class=\"mec-event-sharing\">\r\n        <div class=\"mec-links-details\">\r\n            <ul>\r\n                <li class=\"mec-event-social-icon\"><a class=\"facebook\" href=\"https:\/\/www.facebook.com\/sharer\/sharer.php?u=https%3A%2F%2Fwww.lessiecles.com%2Fevents%2Fbbc-damnation%2F\" onclick=\"javascript:window.open(this.href, &#039;&#039;, &#039;menubar=no,toolbar=no,resizable=yes,scrollbars=yes,height=500,width=600&#039;); return false;\" target=\"_blank\" title=\"Share on Facebook\" aria-label=\"Share on Facebook\" rel=\"noopener\"><i class=\"mec-fa-facebook\"><\/i><span class=\"mec-social-title\"><\/span><\/a><\/li><li class=\"mec-event-social-icon\"><a class=\"twitter\" href=\"https:\/\/x.com\/intent\/tweet?url=https%3A%2F%2Fwww.lessiecles.com%2Fevents%2Fbbc-damnation%2F\" onclick=\"javascript:window.open(this.href, &#039;&#039;, &#039;menubar=no,toolbar=no,resizable=yes,scrollbars=yes,height=600,width=500&#039;); return false;\" target=\"_blank\" title=\"X Social Network\" aria-label=\"Share on X\"><svg xmlns=\"http:\/\/www.w3.org\/2000\/svg\" shape-rendering=\"geometricPrecision\" text-rendering=\"geometricPrecision\" image-rendering=\"optimizeQuality\" fill-rule=\"evenodd\" clip-rule=\"evenodd\" viewbox=\"0 0 512 462.799\"><path fill-rule=\"nonzero\" d=\"M403.229 0h78.506L310.219 196.04 512 462.799H354.002L230.261 301.007 88.669 462.799h-78.56l183.455-209.683L0 0h161.999l111.856 147.88L403.229 0zm-27.556 415.805h43.505L138.363 44.527h-46.68l283.99 371.278z\"\/><\/svg><span class=\"mec-social-title\"><\/span><\/a><\/li><li class=\"mec-event-social-icon\"><a class=\"linkedin\" href=\"https:\/\/www.linkedin.com\/shareArticle?mini=true&amp;url=https%3A%2F%2Fwww.lessiecles.com%2Fevents%2Fbbc-damnation%2F\" onclick=\"javascript:window.open(this.href, &#039;&#039;, &#039;menubar=no,toolbar=no,resizable=yes,scrollbars=yes,height=600,width=500&#039;); return false;\" target=\"_blank\" title=\"Linkedin\" aria-label=\"Share on Linkedin\" rel=\"noopener\"><i class=\"mec-fa-linkedin\"><\/i><span class=\"mec-social-title\"><\/span><\/a><\/li><li class=\"mec-event-social-icon\"><a class=\"email\" href=\"mailto:?subject=Les%20Si%C3%A8cles%20-%20BBC%20PROMS%202026%20-%20London&body=https%3A%2F%2Fwww.lessiecles.com%2Fevents%2Fbbc-damnation%2F\" title=\"Email\" aria-label=\"Share via Email\"><i class=\"mec-fa-envelope\"><\/i><span class=\"mec-social-title\"><\/span><\/a><\/li>            <\/ul>\r\n        <\/div>\r\n    <\/div>\r\n<\/div>\r\n            <!-- Google Maps Module -->\r\n            <div class=\"mec-events-meta-group mec-events-meta-group-gmap\">\r\n                            <\/div>\r\n\r\n            <!-- Export Module -->\r\n            <div class=\"mec-event-export-module mec-frontbox\">\r\n     <div class=\"mec-event-exporting\">\r\n        <div class=\"mec-export-details\">\r\n            <ul>\r\n                <li><a class=\"mec-events-gcal mec-events-button mec-color mec-bg-color-hover mec-border-color\" href=\"https:\/\/calendar.google.com\/calendar\/render?action=TEMPLATE&amp;text=Les+Si%C3%A8cles+-+BBC+PROMS+2026+-+London&amp;dates=20260830T170000Z\/20260830T190000Z&amp;details=BERLIOZ+-+conducteur+by+Jakob+Lehmann%0D%0ALa+Damnation+de+Faust+%28version+sc%C3%A9nique%29%0D%0A%0D%0A%0D%0A%0D%0A%0D%0A%0D%0A%0D%0A%0D%0A%0D%0AL%C3%A9gende+dramatique+en+quatre+parties%0D%0A%0D%0ASur+instruments+fran%C3%A7ais+du+d%C3%A9but+du+19e+si%C3%A8cle%0D%0A%0D%0A%0D%0A%0D%0A%0D%0A%0D%0A%0D%0A%0D%0A%0D%0A%0D%0A%0D%0A%0D%0A%0D%0A%0D%0ADISTRIBUTION%0D%0A%0D%0A%0D%0AJohn+Osborn%2C+Faust%0D%0AV%C3%A9ronique+Gens%2C+Marguerite%0D%0AG%C3%A9rald+Finley%2CM%C3%A9phistoph%C3%A9l%C3%A8s%0D%0AThomas+Doli%C3%A9%2C+Brander%0D%0A%0D%0A%0D%0A%0D%0A%0D%0A%0D%0A%0D%0A%0D%0A\" target=\"_blank\" rel=\"noopener\">+ Add to Google Calendar<\/a><\/li>                <li><a class=\"mec-events-gcal mec-events-button mec-color mec-bg-color-hover mec-border-color\" href=\"https:\/\/eloisefaresharpiste.com\/en\/?method=ical&#038;id=1184\">+ iCal \/ Outlook export<\/a><\/li>            <\/ul>\r\n        <\/div>\r\n    <\/div>\r\n<\/div>\r\n            <!-- Hourly Schedule -->\r\n            \r\n            \t\t\t<!-- Booking Module -->\r\n            \r\n            <!-- Tags -->\r\n            <div class=\"mec-events-meta-group mec-events-meta-group-tags\">\r\n                            <\/div>\r\n\r\n        <\/div>\r\n    <\/article>\r\n<\/div>\r\n<script>\r\n\/\/ Fix modal speaker in some themes\r\njQuery(\"#mec_skin_6508 .mec-speaker-avatar-dialog a\").on('click', function(e)\r\n{\r\n    e.preventDefault();\r\n\r\n    var id = jQuery(this).attr('href');\r\n    lity(id);\r\n\r\n    return false;\r\n});\r\n<\/script>\r\n                                <\/div>\r\n                            <\/div>\r\n                        <\/div><!-- toggle item end -->\r\n                    <\/div><!-- toggles wrap end -->\r\n                            <\/article>\r\n            \t\t\r\n                        <div class=\"mec-month-divider\" data-toggle-divider=\"mec-toggle-202605-mec2\"><h5 style=\"display: inline;\">May 2026<\/h5><i class=\"mec-sl-arrow-down\"><\/i><\/div>\r\n            \r\n                        <article class=\"mec-past-event mec-event-article  mec-clear  mec-divider-toggle mec-toggle-202605-mec2\" itemscope>\r\n                                    <!-- toggles wrap start -->\r\n                    <div class=\"mec-events-toggle\">\r\n                        <!-- toggle item start -->\r\n                        <div class=\"mec-toggle-item\">\r\n                            <div class=\"mec-toggle-item-inner\" tabindex=\"0\">\r\n                                                                <div class=\"mec-toggle-item-col\">\r\n                                                                            <div class=\"mec-event-month\"><span class=\"mec-start-date-label\">30 May<\/span><\/div>\r\n                                                                        <div class=\"mec-time-details\"><span class=\"mec-start-time\">20h00<\/span> - <span class=\"mec-end-time\">22h00<\/span><\/div>                                <\/div>\r\n                                <h3 class=\"mec-toggle-title\">\r\n                                    Spoleto Music Festival &#8211; USA<\/h3>\r\n                                                                <i class=\"mec-sl-arrow-down\"><\/i>\r\n                            <\/div>\r\n                            <div class=\"mec-content-toggle\" aria-hidden=\"true\" style=\"display: none;\">\r\n                                <div class=\"mec-toggle-content\">\r\n                                    <div class=\"mec-wrap colorskin-custom clearfix  mec-modal-wrap\" id=\"mec_skin_9292\" data-unique-id=\"9292\">\r\n    <article class=\"mec-single-event mec-single-modern mec-single-modal\">\r\n        <div class=\"mec-events-event-image\">\r\n            <img loading=\"lazy\" decoding=\"async\" width=\"447\" height=\"447\" src=\"https:\/\/eloisefaresharpiste.com\/wp-content\/uploads\/2026\/05\/IMG_4997.png\" class=\"attachment-full size-full wp-post-image\" alt=\"\" data-mec-postid=\"1181\" \/>        <\/div>\r\n        \r\n        <div class=\"col-md-4\">\r\n\r\n            <div class=\"mec-event-meta mec-color-before mec-frontbox mec-util-hidden\">\r\n                \r\n                <!-- Sponsors Module -->\r\n                \r\n                <!-- Register Booking Button -->\r\n                            <\/div>\r\n\r\n            <!-- Weather Module -->\r\n            \r\n            <!-- QRCode Module -->\r\n            \r\n            <!-- Public Download Module -->\r\n            \r\n            <!-- Local Time Module -->\r\n            \r\n            <div class=\"mec-event-meta mec-color-before mec-frontbox\">\r\n\r\n                                                \r\n                                    <div class=\"mec-single-event-location\">\r\n                        <i class=\"mec-sl-location-pin\"><\/i>                        <h3 class=\"mec-events-single-section-title mec-location\">Location<\/h3>\r\n\r\n                        \r\n                        <dl>\r\n                        <dd class=\"author fn org\">Charleston Gaillard Center<\/dd>\r\n\r\n                        <dd class=\"location\"><address class=\"mec-events-address\"><span class=\"mec-address\"><\/span><\/address><\/dd>\r\n\r\n                                                <\/dl>\r\n                    <\/div>\r\n                    \r\n                \r\n                \r\n            <\/div>\r\n\r\n            <!-- Speaker List Module -->\r\n            \r\n            <!-- Attendees List Module -->\r\n            \r\n            <!-- Next Previous Module -->\r\n                    <\/div>\r\n\r\n        <div class=\"col-md-8\">\r\n\r\n            <div class=\"mec-event-content\">\r\n                <div class=\"mec-single-event-description mec-events-content\">\r\n                    <h1 class=\"post-title\">Scottish Ballet: Mary, Queen of Scots &#8211; US Premiere<\/h1>\n<p><img decoding=\"async\" class=\"alignnone size-medium wp-image-1177\" src=\"https:\/\/eloisefaresharpiste.com\/wp-content\/uploads\/2026\/05\/IMG_4996-300x115.png\" alt=\"\" width=\"300\" height=\"115\" srcset=\"https:\/\/eloisefaresharpiste.com\/wp-content\/uploads\/2026\/05\/IMG_4996-300x115.png 300w, https:\/\/eloisefaresharpiste.com\/wp-content\/uploads\/2026\/05\/IMG_4996-1024x392.png 1024w, https:\/\/eloisefaresharpiste.com\/wp-content\/uploads\/2026\/05\/IMG_4996-768x294.png 768w, https:\/\/eloisefaresharpiste.com\/wp-content\/uploads\/2026\/05\/IMG_4996-1536x588.png 1536w, https:\/\/eloisefaresharpiste.com\/wp-content\/uploads\/2026\/05\/IMG_4996-18x7.png 18w, https:\/\/eloisefaresharpiste.com\/wp-content\/uploads\/2026\/05\/IMG_4996.png 2044w\" sizes=\"(max-width: 300px) 100vw, 300px\" \/><\/p>\n                                                                            <\/div>\r\n            <\/div>\r\n\r\n            \r\n            <!-- Custom Data Fields -->\r\n            \r\n            <!-- FAQ -->\r\n            \r\n            <!-- Links Module -->\r\n            <div class=\"mec-event-social mec-frontbox\">\r\n     <h3 class=\"mec-social-single mec-frontbox-title\">Share this event<\/h3>\r\n     <div class=\"mec-event-sharing\">\r\n        <div class=\"mec-links-details\">\r\n            <ul>\r\n                <li class=\"mec-event-social-icon\"><a class=\"facebook\" href=\"https:\/\/www.facebook.com\/sharer\/sharer.php?u=https%3A%2F%2Fspoletousa.org%2Fevents%2Fmary-queen-of-scots%2F\" onclick=\"javascript:window.open(this.href, &#039;&#039;, &#039;menubar=no,toolbar=no,resizable=yes,scrollbars=yes,height=500,width=600&#039;); return false;\" target=\"_blank\" title=\"Share on Facebook\" aria-label=\"Share on Facebook\" rel=\"noopener\"><i class=\"mec-fa-facebook\"><\/i><span class=\"mec-social-title\"><\/span><\/a><\/li><li class=\"mec-event-social-icon\"><a class=\"twitter\" href=\"https:\/\/x.com\/intent\/tweet?url=https%3A%2F%2Fspoletousa.org%2Fevents%2Fmary-queen-of-scots%2F\" onclick=\"javascript:window.open(this.href, &#039;&#039;, &#039;menubar=no,toolbar=no,resizable=yes,scrollbars=yes,height=600,width=500&#039;); return false;\" target=\"_blank\" title=\"X Social Network\" aria-label=\"Share on X\"><svg xmlns=\"http:\/\/www.w3.org\/2000\/svg\" shape-rendering=\"geometricPrecision\" text-rendering=\"geometricPrecision\" image-rendering=\"optimizeQuality\" fill-rule=\"evenodd\" clip-rule=\"evenodd\" viewbox=\"0 0 512 462.799\"><path fill-rule=\"nonzero\" d=\"M403.229 0h78.506L310.219 196.04 512 462.799H354.002L230.261 301.007 88.669 462.799h-78.56l183.455-209.683L0 0h161.999l111.856 147.88L403.229 0zm-27.556 415.805h43.505L138.363 44.527h-46.68l283.99 371.278z\"\/><\/svg><span class=\"mec-social-title\"><\/span><\/a><\/li><li class=\"mec-event-social-icon\"><a class=\"linkedin\" href=\"https:\/\/www.linkedin.com\/shareArticle?mini=true&amp;url=https%3A%2F%2Fspoletousa.org%2Fevents%2Fmary-queen-of-scots%2F\" onclick=\"javascript:window.open(this.href, &#039;&#039;, &#039;menubar=no,toolbar=no,resizable=yes,scrollbars=yes,height=600,width=500&#039;); return false;\" target=\"_blank\" title=\"Linkedin\" aria-label=\"Share on Linkedin\" rel=\"noopener\"><i class=\"mec-fa-linkedin\"><\/i><span class=\"mec-social-title\"><\/span><\/a><\/li><li class=\"mec-event-social-icon\"><a class=\"email\" href=\"mailto:?subject=Spoleto%20Music%20Festival%20-%20USA&body=https%3A%2F%2Fspoletousa.org%2Fevents%2Fmary-queen-of-scots%2F\" title=\"Email\" aria-label=\"Share via Email\"><i class=\"mec-fa-envelope\"><\/i><span class=\"mec-social-title\"><\/span><\/a><\/li>            <\/ul>\r\n        <\/div>\r\n    <\/div>\r\n<\/div>\r\n            <!-- Google Maps Module -->\r\n            <div class=\"mec-events-meta-group mec-events-meta-group-gmap\">\r\n                            <\/div>\r\n\r\n            <!-- Export Module -->\r\n            <div class=\"mec-event-export-module mec-frontbox\">\r\n     <div class=\"mec-event-exporting\">\r\n        <div class=\"mec-export-details\">\r\n            <ul>\r\n                <li><a class=\"mec-events-gcal mec-events-button mec-color mec-bg-color-hover mec-border-color\" href=\"https:\/\/calendar.google.com\/calendar\/render?action=TEMPLATE&amp;text=Spoleto+Music+Festival+-+USA&amp;dates=20260530T180000Z\/20260530T200000Z&amp;details=Scottish+Ballet%3A+Mary%2C+Queen+of+Scots+-+US+Premiere%0D%0A&amp;location=\" target=\"_blank\" rel=\"noopener\">+ Add to Google Calendar<\/a><\/li>                <li><a class=\"mec-events-gcal mec-events-button mec-color mec-bg-color-hover mec-border-color\" href=\"https:\/\/eloisefaresharpiste.com\/en\/?method=ical&#038;id=1181\">+ iCal \/ Outlook export<\/a><\/li>            <\/ul>\r\n        <\/div>\r\n    <\/div>\r\n<\/div>\r\n            <!-- Hourly Schedule -->\r\n            \r\n            \t\t\t<!-- Booking Module -->\r\n            \r\n            <!-- Tags -->\r\n            <div class=\"mec-events-meta-group mec-events-meta-group-tags\">\r\n                            <\/div>\r\n\r\n        <\/div>\r\n    <\/article>\r\n<\/div>\r\n<script>\r\n\/\/ Fix modal speaker in some themes\r\njQuery(\"#mec_skin_9292 .mec-speaker-avatar-dialog a\").on('click', function(e)\r\n{\r\n    e.preventDefault();\r\n\r\n    var id = jQuery(this).attr('href');\r\n    lity(id);\r\n\r\n    return false;\r\n});\r\n<\/script>\r\n                                <\/div>\r\n                            <\/div>\r\n                        <\/div><!-- toggle item end -->\r\n                    <\/div><!-- toggles wrap end -->\r\n                            <\/article>\r\n                        <article class=\"mec-past-event mec-event-article  mec-clear  mec-divider-toggle mec-toggle-202605-mec2\" itemscope>\r\n                                    <!-- toggles wrap start -->\r\n                    <div class=\"mec-events-toggle\">\r\n                        <!-- toggle item start -->\r\n                        <div class=\"mec-toggle-item\">\r\n                            <div class=\"mec-toggle-item-inner\" tabindex=\"0\">\r\n                                                                <div class=\"mec-toggle-item-col\">\r\n                                                                            <div class=\"mec-event-month\"><span class=\"mec-start-date-label\">30 May<\/span><\/div>\r\n                                                                        <div class=\"mec-time-details\"><span class=\"mec-start-time\">14h00<\/span> - <span class=\"mec-end-time\">16h00<\/span><\/div>                                <\/div>\r\n                                <h3 class=\"mec-toggle-title\">\r\n                                    Spoleto Music Festival &#8211; USA<\/h3>\r\n                                                                <i class=\"mec-sl-arrow-down\"><\/i>\r\n                            <\/div>\r\n                            <div class=\"mec-content-toggle\" aria-hidden=\"true\" style=\"display: none;\">\r\n                                <div class=\"mec-toggle-content\">\r\n                                    <div class=\"mec-wrap colorskin-custom clearfix  mec-modal-wrap\" id=\"mec_skin_6601\" data-unique-id=\"6601\">\r\n    <article class=\"mec-single-event mec-single-modern mec-single-modal\">\r\n        <div class=\"mec-events-event-image\">\r\n            <img loading=\"lazy\" decoding=\"async\" width=\"447\" height=\"447\" src=\"https:\/\/eloisefaresharpiste.com\/wp-content\/uploads\/2026\/05\/IMG_4997.png\" class=\"attachment-full size-full wp-post-image\" alt=\"\" data-mec-postid=\"1180\" \/>        <\/div>\r\n        \r\n        <div class=\"col-md-4\">\r\n\r\n            <div class=\"mec-event-meta mec-color-before mec-frontbox mec-util-hidden\">\r\n                \r\n                <!-- Sponsors Module -->\r\n                \r\n                <!-- Register Booking Button -->\r\n                            <\/div>\r\n\r\n            <!-- Weather Module -->\r\n            \r\n            <!-- QRCode Module -->\r\n            \r\n            <!-- Public Download Module -->\r\n            \r\n            <!-- Local Time Module -->\r\n            \r\n            <div class=\"mec-event-meta mec-color-before mec-frontbox\">\r\n\r\n                                                \r\n                                    <div class=\"mec-single-event-location\">\r\n                        <i class=\"mec-sl-location-pin\"><\/i>                        <h3 class=\"mec-events-single-section-title mec-location\">Location<\/h3>\r\n\r\n                        \r\n                        <dl>\r\n                        <dd class=\"author fn org\">Charleston Gaillard Center<\/dd>\r\n\r\n                        <dd class=\"location\"><address class=\"mec-events-address\"><span class=\"mec-address\"><\/span><\/address><\/dd>\r\n\r\n                                                <\/dl>\r\n                    <\/div>\r\n                    \r\n                \r\n                \r\n            <\/div>\r\n\r\n            <!-- Speaker List Module -->\r\n            \r\n            <!-- Attendees List Module -->\r\n            \r\n            <!-- Next Previous Module -->\r\n                    <\/div>\r\n\r\n        <div class=\"col-md-8\">\r\n\r\n            <div class=\"mec-event-content\">\r\n                <div class=\"mec-single-event-description mec-events-content\">\r\n                    <h1 class=\"post-title\">Scottish Ballet: Mary, Queen of Scots &#8211; US Premiere<\/h1>\n<p><img decoding=\"async\" class=\"alignnone size-medium wp-image-1177\" src=\"https:\/\/eloisefaresharpiste.com\/wp-content\/uploads\/2026\/05\/IMG_4996-300x115.png\" alt=\"\" width=\"300\" height=\"115\" srcset=\"https:\/\/eloisefaresharpiste.com\/wp-content\/uploads\/2026\/05\/IMG_4996-300x115.png 300w, https:\/\/eloisefaresharpiste.com\/wp-content\/uploads\/2026\/05\/IMG_4996-1024x392.png 1024w, https:\/\/eloisefaresharpiste.com\/wp-content\/uploads\/2026\/05\/IMG_4996-768x294.png 768w, https:\/\/eloisefaresharpiste.com\/wp-content\/uploads\/2026\/05\/IMG_4996-1536x588.png 1536w, https:\/\/eloisefaresharpiste.com\/wp-content\/uploads\/2026\/05\/IMG_4996-18x7.png 18w, https:\/\/eloisefaresharpiste.com\/wp-content\/uploads\/2026\/05\/IMG_4996.png 2044w\" sizes=\"(max-width: 300px) 100vw, 300px\" \/><\/p>\n                                                                            <\/div>\r\n            <\/div>\r\n\r\n            \r\n            <!-- Custom Data Fields -->\r\n            \r\n            <!-- FAQ -->\r\n            \r\n            <!-- Links Module -->\r\n            <div class=\"mec-event-social mec-frontbox\">\r\n     <h3 class=\"mec-social-single mec-frontbox-title\">Share this event<\/h3>\r\n     <div class=\"mec-event-sharing\">\r\n        <div class=\"mec-links-details\">\r\n            <ul>\r\n                <li class=\"mec-event-social-icon\"><a class=\"facebook\" href=\"https:\/\/www.facebook.com\/sharer\/sharer.php?u=https%3A%2F%2Fspoletousa.org%2Fevents%2Fmary-queen-of-scots%2F\" onclick=\"javascript:window.open(this.href, &#039;&#039;, &#039;menubar=no,toolbar=no,resizable=yes,scrollbars=yes,height=500,width=600&#039;); return false;\" target=\"_blank\" title=\"Share on Facebook\" aria-label=\"Share on Facebook\" rel=\"noopener\"><i class=\"mec-fa-facebook\"><\/i><span class=\"mec-social-title\"><\/span><\/a><\/li><li class=\"mec-event-social-icon\"><a class=\"twitter\" href=\"https:\/\/x.com\/intent\/tweet?url=https%3A%2F%2Fspoletousa.org%2Fevents%2Fmary-queen-of-scots%2F\" onclick=\"javascript:window.open(this.href, &#039;&#039;, &#039;menubar=no,toolbar=no,resizable=yes,scrollbars=yes,height=600,width=500&#039;); return false;\" target=\"_blank\" title=\"X Social Network\" aria-label=\"Share on X\"><svg xmlns=\"http:\/\/www.w3.org\/2000\/svg\" shape-rendering=\"geometricPrecision\" text-rendering=\"geometricPrecision\" image-rendering=\"optimizeQuality\" fill-rule=\"evenodd\" clip-rule=\"evenodd\" viewbox=\"0 0 512 462.799\"><path fill-rule=\"nonzero\" d=\"M403.229 0h78.506L310.219 196.04 512 462.799H354.002L230.261 301.007 88.669 462.799h-78.56l183.455-209.683L0 0h161.999l111.856 147.88L403.229 0zm-27.556 415.805h43.505L138.363 44.527h-46.68l283.99 371.278z\"\/><\/svg><span class=\"mec-social-title\"><\/span><\/a><\/li><li class=\"mec-event-social-icon\"><a class=\"linkedin\" href=\"https:\/\/www.linkedin.com\/shareArticle?mini=true&amp;url=https%3A%2F%2Fspoletousa.org%2Fevents%2Fmary-queen-of-scots%2F\" onclick=\"javascript:window.open(this.href, &#039;&#039;, &#039;menubar=no,toolbar=no,resizable=yes,scrollbars=yes,height=600,width=500&#039;); return false;\" target=\"_blank\" title=\"Linkedin\" aria-label=\"Share on Linkedin\" rel=\"noopener\"><i class=\"mec-fa-linkedin\"><\/i><span class=\"mec-social-title\"><\/span><\/a><\/li><li class=\"mec-event-social-icon\"><a class=\"email\" href=\"mailto:?subject=Spoleto%20Music%20Festival%20-%20USA&body=https%3A%2F%2Fspoletousa.org%2Fevents%2Fmary-queen-of-scots%2F\" title=\"Email\" aria-label=\"Share via Email\"><i class=\"mec-fa-envelope\"><\/i><span class=\"mec-social-title\"><\/span><\/a><\/li>            <\/ul>\r\n        <\/div>\r\n    <\/div>\r\n<\/div>\r\n            <!-- Google Maps Module -->\r\n            <div class=\"mec-events-meta-group mec-events-meta-group-gmap\">\r\n                            <\/div>\r\n\r\n            <!-- Export Module -->\r\n            <div class=\"mec-event-export-module mec-frontbox\">\r\n     <div class=\"mec-event-exporting\">\r\n        <div class=\"mec-export-details\">\r\n            <ul>\r\n                <li><a class=\"mec-events-gcal mec-events-button mec-color mec-bg-color-hover mec-border-color\" href=\"https:\/\/calendar.google.com\/calendar\/render?action=TEMPLATE&amp;text=Spoleto+Music+Festival+-+USA&amp;dates=20260530T120000Z\/20260530T140000Z&amp;details=Scottish+Ballet%3A+Mary%2C+Queen+of+Scots+-+US+Premiere%0D%0A&amp;location=\" target=\"_blank\" rel=\"noopener\">+ Add to Google Calendar<\/a><\/li>                <li><a class=\"mec-events-gcal mec-events-button mec-color mec-bg-color-hover mec-border-color\" href=\"https:\/\/eloisefaresharpiste.com\/en\/?method=ical&#038;id=1180\">+ iCal \/ Outlook export<\/a><\/li>            <\/ul>\r\n        <\/div>\r\n    <\/div>\r\n<\/div>\r\n            <!-- Hourly Schedule -->\r\n            \r\n            \t\t\t<!-- Booking Module -->\r\n            \r\n            <!-- Tags -->\r\n            <div class=\"mec-events-meta-group mec-events-meta-group-tags\">\r\n                            <\/div>\r\n\r\n        <\/div>\r\n    <\/article>\r\n<\/div>\r\n<script>\r\n\/\/ Fix modal speaker in some themes\r\njQuery(\"#mec_skin_6601 .mec-speaker-avatar-dialog a\").on('click', function(e)\r\n{\r\n    e.preventDefault();\r\n\r\n    var id = jQuery(this).attr('href');\r\n    lity(id);\r\n\r\n    return false;\r\n});\r\n<\/script>\r\n                                <\/div>\r\n                            <\/div>\r\n                        <\/div><!-- toggle item end -->\r\n                    <\/div><!-- toggles wrap end -->\r\n                            <\/article>\r\n            \t\t\r\n            \r\n                        <article class=\"mec-past-event mec-event-article  mec-clear  mec-divider-toggle mec-toggle-202605-mec2\" itemscope>\r\n                                    <!-- toggles wrap start -->\r\n                    <div class=\"mec-events-toggle\">\r\n                        <!-- toggle item start -->\r\n                        <div class=\"mec-toggle-item\">\r\n                            <div class=\"mec-toggle-item-inner\" tabindex=\"0\">\r\n                                                                <div class=\"mec-toggle-item-col\">\r\n                                                                            <div class=\"mec-event-month\"><span class=\"mec-start-date-label\">29 May<\/span><\/div>\r\n                                                                        <div class=\"mec-time-details\"><span class=\"mec-start-time\">18h00<\/span> - <span class=\"mec-end-time\">20h00<\/span><\/div>                                <\/div>\r\n                                <h3 class=\"mec-toggle-title\">\r\n                                    Spoleto Music Festival &#8211; USA<\/h3>\r\n                                                                <i class=\"mec-sl-arrow-down\"><\/i>\r\n                            <\/div>\r\n                            <div class=\"mec-content-toggle\" aria-hidden=\"true\" style=\"display: none;\">\r\n                                <div class=\"mec-toggle-content\">\r\n                                    <div class=\"mec-wrap colorskin-custom clearfix  mec-modal-wrap\" id=\"mec_skin_9600\" data-unique-id=\"9600\">\r\n    <article class=\"mec-single-event mec-single-modern mec-single-modal\">\r\n        <div class=\"mec-events-event-image\">\r\n            <img loading=\"lazy\" decoding=\"async\" width=\"447\" height=\"447\" src=\"https:\/\/eloisefaresharpiste.com\/wp-content\/uploads\/2026\/05\/IMG_4997.png\" class=\"attachment-full size-full wp-post-image\" alt=\"\" data-mec-postid=\"1178\" \/>        <\/div>\r\n        \r\n        <div class=\"col-md-4\">\r\n\r\n            <div class=\"mec-event-meta mec-color-before mec-frontbox mec-util-hidden\">\r\n                \r\n                <!-- Sponsors Module -->\r\n                \r\n                <!-- Register Booking Button -->\r\n                            <\/div>\r\n\r\n            <!-- Weather Module -->\r\n            \r\n            <!-- QRCode Module -->\r\n            \r\n            <!-- Public Download Module -->\r\n            \r\n            <!-- Local Time Module -->\r\n            \r\n            <div class=\"mec-event-meta mec-color-before mec-frontbox\">\r\n\r\n                                                \r\n                                    <div class=\"mec-single-event-location\">\r\n                        <i class=\"mec-sl-location-pin\"><\/i>                        <h3 class=\"mec-events-single-section-title mec-location\">Location<\/h3>\r\n\r\n                        \r\n                        <dl>\r\n                        <dd class=\"author fn org\">Charleston Gaillard Center<\/dd>\r\n\r\n                        <dd class=\"location\"><address class=\"mec-events-address\"><span class=\"mec-address\"><\/span><\/address><\/dd>\r\n\r\n                                                <\/dl>\r\n                    <\/div>\r\n                    \r\n                \r\n                \r\n            <\/div>\r\n\r\n            <!-- Speaker List Module -->\r\n            \r\n            <!-- Attendees List Module -->\r\n            \r\n            <!-- Next Previous Module -->\r\n                    <\/div>\r\n\r\n        <div class=\"col-md-8\">\r\n\r\n            <div class=\"mec-event-content\">\r\n                <div class=\"mec-single-event-description mec-events-content\">\r\n                    <h1 class=\"post-title\">Scottish Ballet: Mary, Queen of Scots &#8211; US Premiere<\/h1>\n<p><img decoding=\"async\" class=\"alignnone size-medium wp-image-1177\" src=\"https:\/\/eloisefaresharpiste.com\/wp-content\/uploads\/2026\/05\/IMG_4996-300x115.png\" alt=\"\" width=\"300\" height=\"115\" srcset=\"https:\/\/eloisefaresharpiste.com\/wp-content\/uploads\/2026\/05\/IMG_4996-300x115.png 300w, https:\/\/eloisefaresharpiste.com\/wp-content\/uploads\/2026\/05\/IMG_4996-1024x392.png 1024w, https:\/\/eloisefaresharpiste.com\/wp-content\/uploads\/2026\/05\/IMG_4996-768x294.png 768w, https:\/\/eloisefaresharpiste.com\/wp-content\/uploads\/2026\/05\/IMG_4996-1536x588.png 1536w, https:\/\/eloisefaresharpiste.com\/wp-content\/uploads\/2026\/05\/IMG_4996-18x7.png 18w, https:\/\/eloisefaresharpiste.com\/wp-content\/uploads\/2026\/05\/IMG_4996.png 2044w\" sizes=\"(max-width: 300px) 100vw, 300px\" \/><\/p>\n                                                                            <\/div>\r\n            <\/div>\r\n\r\n            \r\n            <!-- Custom Data Fields -->\r\n            \r\n            <!-- FAQ -->\r\n            \r\n            <!-- Links Module -->\r\n            <div class=\"mec-event-social mec-frontbox\">\r\n     <h3 class=\"mec-social-single mec-frontbox-title\">Share this event<\/h3>\r\n     <div class=\"mec-event-sharing\">\r\n        <div class=\"mec-links-details\">\r\n            <ul>\r\n                <li class=\"mec-event-social-icon\"><a class=\"facebook\" href=\"https:\/\/www.facebook.com\/sharer\/sharer.php?u=https%3A%2F%2Fspoletousa.org%2Fevents%2Fmary-queen-of-scots%2F\" onclick=\"javascript:window.open(this.href, &#039;&#039;, &#039;menubar=no,toolbar=no,resizable=yes,scrollbars=yes,height=500,width=600&#039;); return false;\" target=\"_blank\" title=\"Share on Facebook\" aria-label=\"Share on Facebook\" rel=\"noopener\"><i class=\"mec-fa-facebook\"><\/i><span class=\"mec-social-title\"><\/span><\/a><\/li><li class=\"mec-event-social-icon\"><a class=\"twitter\" href=\"https:\/\/x.com\/intent\/tweet?url=https%3A%2F%2Fspoletousa.org%2Fevents%2Fmary-queen-of-scots%2F\" onclick=\"javascript:window.open(this.href, &#039;&#039;, &#039;menubar=no,toolbar=no,resizable=yes,scrollbars=yes,height=600,width=500&#039;); return false;\" target=\"_blank\" title=\"X Social Network\" aria-label=\"Share on X\"><svg xmlns=\"http:\/\/www.w3.org\/2000\/svg\" shape-rendering=\"geometricPrecision\" text-rendering=\"geometricPrecision\" image-rendering=\"optimizeQuality\" fill-rule=\"evenodd\" clip-rule=\"evenodd\" viewbox=\"0 0 512 462.799\"><path fill-rule=\"nonzero\" d=\"M403.229 0h78.506L310.219 196.04 512 462.799H354.002L230.261 301.007 88.669 462.799h-78.56l183.455-209.683L0 0h161.999l111.856 147.88L403.229 0zm-27.556 415.805h43.505L138.363 44.527h-46.68l283.99 371.278z\"\/><\/svg><span class=\"mec-social-title\"><\/span><\/a><\/li><li class=\"mec-event-social-icon\"><a class=\"linkedin\" href=\"https:\/\/www.linkedin.com\/shareArticle?mini=true&amp;url=https%3A%2F%2Fspoletousa.org%2Fevents%2Fmary-queen-of-scots%2F\" onclick=\"javascript:window.open(this.href, &#039;&#039;, &#039;menubar=no,toolbar=no,resizable=yes,scrollbars=yes,height=600,width=500&#039;); return false;\" target=\"_blank\" title=\"Linkedin\" aria-label=\"Share on Linkedin\" rel=\"noopener\"><i class=\"mec-fa-linkedin\"><\/i><span class=\"mec-social-title\"><\/span><\/a><\/li><li class=\"mec-event-social-icon\"><a class=\"email\" href=\"mailto:?subject=Spoleto%20Music%20Festival%20-%20USA&body=https%3A%2F%2Fspoletousa.org%2Fevents%2Fmary-queen-of-scots%2F\" title=\"Email\" aria-label=\"Share via Email\"><i class=\"mec-fa-envelope\"><\/i><span class=\"mec-social-title\"><\/span><\/a><\/li>            <\/ul>\r\n        <\/div>\r\n    <\/div>\r\n<\/div>\r\n            <!-- Google Maps Module -->\r\n            <div class=\"mec-events-meta-group mec-events-meta-group-gmap\">\r\n                            <\/div>\r\n\r\n            <!-- Export Module -->\r\n            <div class=\"mec-event-export-module mec-frontbox\">\r\n     <div class=\"mec-event-exporting\">\r\n        <div class=\"mec-export-details\">\r\n            <ul>\r\n                <li><a class=\"mec-events-gcal mec-events-button mec-color mec-bg-color-hover mec-border-color\" href=\"https:\/\/calendar.google.com\/calendar\/render?action=TEMPLATE&amp;text=Spoleto+Music+Festival+-+USA&amp;dates=20260529T160000Z\/20260529T180000Z&amp;details=Scottish+Ballet%3A+Mary%2C+Queen+of+Scots+-+US+Premiere%0D%0A&amp;location=\" target=\"_blank\" rel=\"noopener\">+ Add to Google Calendar<\/a><\/li>                <li><a class=\"mec-events-gcal mec-events-button mec-color mec-bg-color-hover mec-border-color\" href=\"https:\/\/eloisefaresharpiste.com\/en\/?method=ical&#038;id=1178\">+ iCal \/ Outlook export<\/a><\/li>            <\/ul>\r\n        <\/div>\r\n    <\/div>\r\n<\/div>\r\n            <!-- Hourly Schedule -->\r\n            \r\n            \t\t\t<!-- Booking Module -->\r\n            \r\n            <!-- Tags -->\r\n            <div class=\"mec-events-meta-group mec-events-meta-group-tags\">\r\n                            <\/div>\r\n\r\n        <\/div>\r\n    <\/article>\r\n<\/div>\r\n<script>\r\n\/\/ Fix modal speaker in some themes\r\njQuery(\"#mec_skin_9600 .mec-speaker-avatar-dialog a\").on('click', function(e)\r\n{\r\n    e.preventDefault();\r\n\r\n    var id = jQuery(this).attr('href');\r\n    lity(id);\r\n\r\n    return false;\r\n});\r\n<\/script>\r\n                                <\/div>\r\n                            <\/div>\r\n                        <\/div><!-- toggle item end -->\r\n                    <\/div><!-- toggles wrap end -->\r\n                            <\/article>\r\n            \t\t\r\n            \r\n                        <article class=\"mec-past-event mec-event-article  mec-clear  mec-divider-toggle mec-toggle-202605-mec2\" itemscope>\r\n                                    <!-- toggles wrap start -->\r\n                    <div class=\"mec-events-toggle\">\r\n                        <!-- toggle item start -->\r\n                        <div class=\"mec-toggle-item\">\r\n                            <div class=\"mec-toggle-item-inner\" tabindex=\"0\">\r\n                                                                <div class=\"mec-toggle-item-col\">\r\n                                                                            <div class=\"mec-event-month\"><span class=\"mec-start-date-label\">28 May<\/span><\/div>\r\n                                                                        <div class=\"mec-time-details\"><span class=\"mec-start-time\">19h30<\/span> - <span class=\"mec-end-time\">21h30<\/span><\/div>                                <\/div>\r\n                                <h3 class=\"mec-toggle-title\">\r\n                                    Spoleto Music Festival USA &#8211;<\/h3>\r\n                                                                <i class=\"mec-sl-arrow-down\"><\/i>\r\n                            <\/div>\r\n                            <div class=\"mec-content-toggle\" aria-hidden=\"true\" style=\"display: none;\">\r\n                                <div class=\"mec-toggle-content\">\r\n                                    <div class=\"mec-wrap colorskin-custom clearfix  mec-modal-wrap\" id=\"mec_skin_3451\" data-unique-id=\"3451\">\r\n    <article class=\"mec-single-event mec-single-modern mec-single-modal\">\r\n        <div class=\"mec-events-event-image\">\r\n            <img loading=\"lazy\" decoding=\"async\" width=\"447\" height=\"447\" src=\"https:\/\/eloisefaresharpiste.com\/wp-content\/uploads\/2026\/05\/IMG_4997.png\" class=\"attachment-full size-full wp-post-image\" alt=\"\" data-mec-postid=\"1176\" \/>        <\/div>\r\n        \r\n        <div class=\"col-md-4\">\r\n\r\n            <div class=\"mec-event-meta mec-color-before mec-frontbox mec-util-hidden\">\r\n                \r\n                <!-- Sponsors Module -->\r\n                \r\n                <!-- Register Booking Button -->\r\n                            <\/div>\r\n\r\n            <!-- Weather Module -->\r\n            \r\n            <!-- QRCode Module -->\r\n            \r\n            <!-- Public Download Module -->\r\n            \r\n            <!-- Local Time Module -->\r\n            \r\n            <div class=\"mec-event-meta mec-color-before mec-frontbox\">\r\n\r\n                                                \r\n                                    <div class=\"mec-single-event-location\">\r\n                        <i class=\"mec-sl-location-pin\"><\/i>                        <h3 class=\"mec-events-single-section-title mec-location\">Location<\/h3>\r\n\r\n                        \r\n                        <dl>\r\n                        <dd class=\"author fn org\">Charleston Gaillard Center<\/dd>\r\n\r\n                        <dd class=\"location\"><address class=\"mec-events-address\"><span class=\"mec-address\"><\/span><\/address><\/dd>\r\n\r\n                                                <\/dl>\r\n                    <\/div>\r\n                    \r\n                \r\n                \r\n            <\/div>\r\n\r\n            <!-- Speaker List Module -->\r\n            \r\n            <!-- Attendees List Module -->\r\n            \r\n            <!-- Next Previous Module -->\r\n                    <\/div>\r\n\r\n        <div class=\"col-md-8\">\r\n\r\n            <div class=\"mec-event-content\">\r\n                <div class=\"mec-single-event-description mec-events-content\">\r\n                    <h1 class=\"post-title\">Scottish Ballet: Mary, Queen of Scots &#8211; US Premiere<\/h1>\n<p><img decoding=\"async\" class=\"alignnone size-medium wp-image-1177\" src=\"https:\/\/eloisefaresharpiste.com\/wp-content\/uploads\/2026\/05\/IMG_4996-300x115.png\" alt=\"\" width=\"300\" height=\"115\" srcset=\"https:\/\/eloisefaresharpiste.com\/wp-content\/uploads\/2026\/05\/IMG_4996-300x115.png 300w, https:\/\/eloisefaresharpiste.com\/wp-content\/uploads\/2026\/05\/IMG_4996-1024x392.png 1024w, https:\/\/eloisefaresharpiste.com\/wp-content\/uploads\/2026\/05\/IMG_4996-768x294.png 768w, https:\/\/eloisefaresharpiste.com\/wp-content\/uploads\/2026\/05\/IMG_4996-1536x588.png 1536w, https:\/\/eloisefaresharpiste.com\/wp-content\/uploads\/2026\/05\/IMG_4996-18x7.png 18w, https:\/\/eloisefaresharpiste.com\/wp-content\/uploads\/2026\/05\/IMG_4996.png 2044w\" sizes=\"(max-width: 300px) 100vw, 300px\" \/><\/p>\n                                                                            <\/div>\r\n            <\/div>\r\n\r\n            \r\n            <!-- Custom Data Fields -->\r\n            \r\n            <!-- FAQ -->\r\n            \r\n            <!-- Links Module -->\r\n            <div class=\"mec-event-social mec-frontbox\">\r\n     <h3 class=\"mec-social-single mec-frontbox-title\">Share this event<\/h3>\r\n     <div class=\"mec-event-sharing\">\r\n        <div class=\"mec-links-details\">\r\n            <ul>\r\n                <li class=\"mec-event-social-icon\"><a class=\"facebook\" href=\"https:\/\/www.facebook.com\/sharer\/sharer.php?u=https%3A%2F%2Fspoletousa.org%2Fevents%2Fmary-queen-of-scots%2F\" onclick=\"javascript:window.open(this.href, &#039;&#039;, &#039;menubar=no,toolbar=no,resizable=yes,scrollbars=yes,height=500,width=600&#039;); return false;\" target=\"_blank\" title=\"Share on Facebook\" aria-label=\"Share on Facebook\" rel=\"noopener\"><i class=\"mec-fa-facebook\"><\/i><span class=\"mec-social-title\"><\/span><\/a><\/li><li class=\"mec-event-social-icon\"><a class=\"twitter\" href=\"https:\/\/x.com\/intent\/tweet?url=https%3A%2F%2Fspoletousa.org%2Fevents%2Fmary-queen-of-scots%2F\" onclick=\"javascript:window.open(this.href, &#039;&#039;, &#039;menubar=no,toolbar=no,resizable=yes,scrollbars=yes,height=600,width=500&#039;); return false;\" target=\"_blank\" title=\"X Social Network\" aria-label=\"Share on X\"><svg xmlns=\"http:\/\/www.w3.org\/2000\/svg\" shape-rendering=\"geometricPrecision\" text-rendering=\"geometricPrecision\" image-rendering=\"optimizeQuality\" fill-rule=\"evenodd\" clip-rule=\"evenodd\" viewbox=\"0 0 512 462.799\"><path fill-rule=\"nonzero\" d=\"M403.229 0h78.506L310.219 196.04 512 462.799H354.002L230.261 301.007 88.669 462.799h-78.56l183.455-209.683L0 0h161.999l111.856 147.88L403.229 0zm-27.556 415.805h43.505L138.363 44.527h-46.68l283.99 371.278z\"\/><\/svg><span class=\"mec-social-title\"><\/span><\/a><\/li><li class=\"mec-event-social-icon\"><a class=\"linkedin\" href=\"https:\/\/www.linkedin.com\/shareArticle?mini=true&amp;url=https%3A%2F%2Fspoletousa.org%2Fevents%2Fmary-queen-of-scots%2F\" onclick=\"javascript:window.open(this.href, &#039;&#039;, &#039;menubar=no,toolbar=no,resizable=yes,scrollbars=yes,height=600,width=500&#039;); return false;\" target=\"_blank\" title=\"Linkedin\" aria-label=\"Share on Linkedin\" rel=\"noopener\"><i class=\"mec-fa-linkedin\"><\/i><span class=\"mec-social-title\"><\/span><\/a><\/li><li class=\"mec-event-social-icon\"><a class=\"email\" href=\"mailto:?subject=Spoleto%20Music%20Festival%20USA%20-&body=https%3A%2F%2Fspoletousa.org%2Fevents%2Fmary-queen-of-scots%2F\" title=\"Email\" aria-label=\"Share via Email\"><i class=\"mec-fa-envelope\"><\/i><span class=\"mec-social-title\"><\/span><\/a><\/li>            <\/ul>\r\n        <\/div>\r\n    <\/div>\r\n<\/div>\r\n            <!-- Google Maps Module -->\r\n            <div class=\"mec-events-meta-group mec-events-meta-group-gmap\">\r\n                            <\/div>\r\n\r\n            <!-- Export Module -->\r\n            <div class=\"mec-event-export-module mec-frontbox\">\r\n     <div class=\"mec-event-exporting\">\r\n        <div class=\"mec-export-details\">\r\n            <ul>\r\n                <li><a class=\"mec-events-gcal mec-events-button mec-color mec-bg-color-hover mec-border-color\" href=\"https:\/\/calendar.google.com\/calendar\/render?action=TEMPLATE&amp;text=Spoleto+Music+Festival+USA+-&amp;dates=20260528T173000Z\/20260528T193000Z&amp;details=Scottish+Ballet%3A+Mary%2C+Queen+of+Scots+-+US+Premiere%0D%0A&amp;location=\" target=\"_blank\" rel=\"noopener\">+ Add to Google Calendar<\/a><\/li>                <li><a class=\"mec-events-gcal mec-events-button mec-color mec-bg-color-hover mec-border-color\" href=\"https:\/\/eloisefaresharpiste.com\/en\/?method=ical&#038;id=1176\">+ iCal \/ Outlook export<\/a><\/li>            <\/ul>\r\n        <\/div>\r\n    <\/div>\r\n<\/div>\r\n            <!-- Hourly Schedule -->\r\n                    <div class=\"mec-event-schedule mec-frontbox\">\r\n            <h3 class=\"mec-schedule-head mec-frontbox-title\">Hourly Schedule<\/h3>\r\n                                                <h4 class=\"mec-schedule-part\">Jour suivant<\/h4>\r\n                                <div class=\"mec-event-schedule-content\">\r\n                                    <\/div>\r\n            \r\n                    <\/div>\r\n        \r\n            \t\t\t<!-- Booking Module -->\r\n            \r\n            <!-- Tags -->\r\n            <div class=\"mec-events-meta-group mec-events-meta-group-tags\">\r\n                            <\/div>\r\n\r\n        <\/div>\r\n    <\/article>\r\n<\/div>\r\n<script>\r\n\/\/ Fix modal speaker in some themes\r\njQuery(\"#mec_skin_3451 .mec-speaker-avatar-dialog a\").on('click', function(e)\r\n{\r\n    e.preventDefault();\r\n\r\n    var id = jQuery(this).attr('href');\r\n    lity(id);\r\n\r\n    return false;\r\n});\r\n<\/script>\r\n                                <\/div>\r\n                            <\/div>\r\n                        <\/div><!-- toggle item end -->\r\n                    <\/div><!-- toggles wrap end -->\r\n                            <\/article>\r\n            \t\t\r\n            \r\n                        <article class=\"mec-past-event mec-event-article  mec-clear  mec-divider-toggle mec-toggle-202605-mec2\" itemscope>\r\n                                    <!-- toggles wrap start -->\r\n                    <div class=\"mec-events-toggle\">\r\n                        <!-- toggle item start -->\r\n                        <div class=\"mec-toggle-item\">\r\n                            <div class=\"mec-toggle-item-inner\" tabindex=\"0\">\r\n                                                                <div class=\"mec-toggle-item-col\">\r\n                                                                            <div class=\"mec-event-month\"><span class=\"mec-start-date-label\">24 May<\/span><\/div>\r\n                                                                        <div class=\"mec-time-details\"><span class=\"mec-start-time\">19h30<\/span> - <span class=\"mec-end-time\">21h30<\/span><\/div>                                <\/div>\r\n                                <h3 class=\"mec-toggle-title\">\r\n                                    Spoleto Music Festival &#8211; USA<\/h3>\r\n                                                                <i class=\"mec-sl-arrow-down\"><\/i>\r\n                            <\/div>\r\n                            <div class=\"mec-content-toggle\" aria-hidden=\"true\" style=\"display: none;\">\r\n                                <div class=\"mec-toggle-content\">\r\n                                    <div class=\"mec-wrap colorskin-custom clearfix  mec-modal-wrap\" id=\"mec_skin_9227\" data-unique-id=\"9227\">\r\n    <article class=\"mec-single-event mec-single-modern mec-single-modal\">\r\n        <div class=\"mec-events-event-image\">\r\n            <img loading=\"lazy\" decoding=\"async\" width=\"447\" height=\"447\" src=\"https:\/\/eloisefaresharpiste.com\/wp-content\/uploads\/2026\/05\/IMG_4997.png\" class=\"attachment-full size-full wp-post-image\" alt=\"\" data-mec-postid=\"1183\" \/>        <\/div>\r\n        \r\n        <div class=\"col-md-4\">\r\n\r\n            <div class=\"mec-event-meta mec-color-before mec-frontbox mec-util-hidden\">\r\n                \r\n                <!-- Sponsors Module -->\r\n                \r\n                <!-- Register Booking Button -->\r\n                            <\/div>\r\n\r\n            <!-- Weather Module -->\r\n            \r\n            <!-- QRCode Module -->\r\n            \r\n            <!-- Public Download Module -->\r\n            \r\n            <!-- Local Time Module -->\r\n            \r\n            <div class=\"mec-event-meta mec-color-before mec-frontbox\">\r\n\r\n                                                \r\n                                    <div class=\"mec-single-event-location\">\r\n                        <i class=\"mec-sl-location-pin\"><\/i>                        <h3 class=\"mec-events-single-section-title mec-location\">Location<\/h3>\r\n\r\n                        \r\n                        <dl>\r\n                        <dd class=\"author fn org\">Charleston Gaillard Center<\/dd>\r\n\r\n                        <dd class=\"location\"><address class=\"mec-events-address\"><span class=\"mec-address\"><\/span><\/address><\/dd>\r\n\r\n                                                <\/dl>\r\n                    <\/div>\r\n                    \r\n                \r\n                \r\n            <\/div>\r\n\r\n            <!-- Speaker List Module -->\r\n            \r\n            <!-- Attendees List Module -->\r\n            \r\n            <!-- Next Previous Module -->\r\n                    <\/div>\r\n\r\n        <div class=\"col-md-8\">\r\n\r\n            <div class=\"mec-event-content\">\r\n                <div class=\"mec-single-event-description mec-events-content\">\r\n                    <p><strong>Michael Abels \u2013 Rhapsody on Omar (2026, world premiere)<\/strong><\/p>\n                                                                            <\/div>\r\n            <\/div>\r\n\r\n            \r\n            <!-- Custom Data Fields -->\r\n            \r\n            <!-- FAQ -->\r\n            \r\n            <!-- Links Module -->\r\n            <div class=\"mec-event-social mec-frontbox\">\r\n     <h3 class=\"mec-social-single mec-frontbox-title\">Share this event<\/h3>\r\n     <div class=\"mec-event-sharing\">\r\n        <div class=\"mec-links-details\">\r\n            <ul>\r\n                <li class=\"mec-event-social-icon\"><a class=\"facebook\" href=\"https:\/\/www.facebook.com\/sharer\/sharer.php?u=https%3A%2F%2Fspoletousa.org%2Fevents%2Fspoleto-festival-usa-orchestra%2F\" onclick=\"javascript:window.open(this.href, &#039;&#039;, &#039;menubar=no,toolbar=no,resizable=yes,scrollbars=yes,height=500,width=600&#039;); return false;\" target=\"_blank\" title=\"Share on Facebook\" aria-label=\"Share on Facebook\" rel=\"noopener\"><i class=\"mec-fa-facebook\"><\/i><span class=\"mec-social-title\"><\/span><\/a><\/li><li class=\"mec-event-social-icon\"><a class=\"twitter\" href=\"https:\/\/x.com\/intent\/tweet?url=https%3A%2F%2Fspoletousa.org%2Fevents%2Fspoleto-festival-usa-orchestra%2F\" onclick=\"javascript:window.open(this.href, &#039;&#039;, &#039;menubar=no,toolbar=no,resizable=yes,scrollbars=yes,height=600,width=500&#039;); return false;\" target=\"_blank\" title=\"X Social Network\" aria-label=\"Share on X\"><svg xmlns=\"http:\/\/www.w3.org\/2000\/svg\" shape-rendering=\"geometricPrecision\" text-rendering=\"geometricPrecision\" image-rendering=\"optimizeQuality\" fill-rule=\"evenodd\" clip-rule=\"evenodd\" viewbox=\"0 0 512 462.799\"><path fill-rule=\"nonzero\" d=\"M403.229 0h78.506L310.219 196.04 512 462.799H354.002L230.261 301.007 88.669 462.799h-78.56l183.455-209.683L0 0h161.999l111.856 147.88L403.229 0zm-27.556 415.805h43.505L138.363 44.527h-46.68l283.99 371.278z\"\/><\/svg><span class=\"mec-social-title\"><\/span><\/a><\/li><li class=\"mec-event-social-icon\"><a class=\"linkedin\" href=\"https:\/\/www.linkedin.com\/shareArticle?mini=true&amp;url=https%3A%2F%2Fspoletousa.org%2Fevents%2Fspoleto-festival-usa-orchestra%2F\" onclick=\"javascript:window.open(this.href, &#039;&#039;, &#039;menubar=no,toolbar=no,resizable=yes,scrollbars=yes,height=600,width=500&#039;); return false;\" target=\"_blank\" title=\"Linkedin\" aria-label=\"Share on Linkedin\" rel=\"noopener\"><i class=\"mec-fa-linkedin\"><\/i><span class=\"mec-social-title\"><\/span><\/a><\/li><li class=\"mec-event-social-icon\"><a class=\"email\" href=\"mailto:?subject=Spoleto%20Music%20Festival%20-%20USA&body=https%3A%2F%2Fspoletousa.org%2Fevents%2Fspoleto-festival-usa-orchestra%2F\" title=\"Email\" aria-label=\"Share via Email\"><i class=\"mec-fa-envelope\"><\/i><span class=\"mec-social-title\"><\/span><\/a><\/li>            <\/ul>\r\n        <\/div>\r\n    <\/div>\r\n<\/div>\r\n            <!-- Google Maps Module -->\r\n            <div class=\"mec-events-meta-group mec-events-meta-group-gmap\">\r\n                            <\/div>\r\n\r\n            <!-- Export Module -->\r\n            <div class=\"mec-event-export-module mec-frontbox\">\r\n     <div class=\"mec-event-exporting\">\r\n        <div class=\"mec-export-details\">\r\n            <ul>\r\n                <li><a class=\"mec-events-gcal mec-events-button mec-color mec-bg-color-hover mec-border-color\" href=\"https:\/\/calendar.google.com\/calendar\/render?action=TEMPLATE&amp;text=Spoleto+Music+Festival+-+USA&amp;dates=20260524T173000Z\/20260524T193000Z&amp;details=Michael+Abels+%E2%80%93+Rhapsody+on+Omar+%282026%2C+world+premiere%29&amp;location=\" target=\"_blank\" rel=\"noopener\">+ Add to Google Calendar<\/a><\/li>                <li><a class=\"mec-events-gcal mec-events-button mec-color mec-bg-color-hover mec-border-color\" href=\"https:\/\/eloisefaresharpiste.com\/en\/?method=ical&#038;id=1183\">+ iCal \/ Outlook export<\/a><\/li>            <\/ul>\r\n        <\/div>\r\n    <\/div>\r\n<\/div>\r\n            <!-- Hourly Schedule -->\r\n            \r\n            \t\t\t<!-- Booking Module -->\r\n            \r\n            <!-- Tags -->\r\n            <div class=\"mec-events-meta-group mec-events-meta-group-tags\">\r\n                            <\/div>\r\n\r\n        <\/div>\r\n    <\/article>\r\n<\/div>\r\n<script>\r\n\/\/ Fix modal speaker in some themes\r\njQuery(\"#mec_skin_9227 .mec-speaker-avatar-dialog a\").on('click', function(e)\r\n{\r\n    e.preventDefault();\r\n\r\n    var id = jQuery(this).attr('href');\r\n    lity(id);\r\n\r\n    return false;\r\n});\r\n<\/script>\r\n                                <\/div>\r\n                            <\/div>\r\n                        <\/div><!-- toggle item end -->\r\n                    <\/div><!-- toggles wrap end -->\r\n                            <\/article>\r\n            \t\t\r\n            \r\n                        <article class=\"mec-past-event mec-event-article  mec-clear  mec-divider-toggle mec-toggle-202605-mec2\" itemscope>\r\n                                    <!-- toggles wrap start -->\r\n                    <div class=\"mec-events-toggle\">\r\n                        <!-- toggle item start -->\r\n                        <div class=\"mec-toggle-item\">\r\n                            <div class=\"mec-toggle-item-inner\" tabindex=\"0\">\r\n                                                                <div class=\"mec-toggle-item-col\">\r\n                                                                            <div class=\"mec-event-month\"><span class=\"mec-start-date-label\">03 May<\/span><\/div>\r\n                                                                                                        <\/div>\r\n                                <h3 class=\"mec-toggle-title\">\r\n                                    Den\u00e8ve, Thibaudet, Bernstein &#038; Gershwin &#8211; New World Symphony<\/h3>\r\n                                                                <i class=\"mec-sl-arrow-down\"><\/i>\r\n                            <\/div>\r\n                            <div class=\"mec-content-toggle\" aria-hidden=\"true\" style=\"display: none;\">\r\n                                <div class=\"mec-toggle-content\">\r\n                                    <div class=\"mec-wrap colorskin-custom clearfix  mec-modal-wrap\" id=\"mec_skin_7483\" data-unique-id=\"7483\">\r\n    <article class=\"mec-single-event mec-single-modern mec-single-modal\">\r\n        <div class=\"mec-events-event-image\">\r\n            <img loading=\"lazy\" decoding=\"async\" width=\"400\" height=\"400\" src=\"https:\/\/eloisefaresharpiste.com\/wp-content\/uploads\/2025\/08\/Logo-NWS-1.jpeg\" class=\"attachment-full size-full wp-post-image\" alt=\"\" data-mec-postid=\"1075\" \/>        <\/div>\r\n        \r\n        <div class=\"col-md-4\">\r\n\r\n            <div class=\"mec-event-meta mec-color-before mec-frontbox mec-util-hidden\">\r\n                \r\n                <!-- Sponsors Module -->\r\n                \r\n                <!-- Register Booking Button -->\r\n                            <\/div>\r\n\r\n            <!-- Weather Module -->\r\n            \r\n            <!-- QRCode Module -->\r\n            \r\n            <!-- Public Download Module -->\r\n            \r\n            <!-- Local Time Module -->\r\n            \r\n            <div class=\"mec-event-meta mec-color-before mec-frontbox\">\r\n\r\n                                                \r\n                                    <div class=\"mec-single-event-location\">\r\n                        <i class=\"mec-sl-location-pin\"><\/i>                        <h3 class=\"mec-events-single-section-title mec-location\">Location<\/h3>\r\n\r\n                        \r\n                        <dl>\r\n                        <dd class=\"author fn org\">500 17th St, Miami Beach, FL 33139, \u00c9tats-Unis<\/dd>\r\n\r\n                        <dd class=\"location\"><address class=\"mec-events-address\"><span class=\"mec-address\"><\/span><\/address><\/dd>\r\n\r\n                                                <\/dl>\r\n                    <\/div>\r\n                    \r\n                                    <div class=\"mec-single-event-category\">\r\n                        <i class=\"mec-sl-folder\"><\/i>                        <h3 class=\"mec-events-single-section-title mec-category\">Category<\/h3>\r\n                        <dl>\r\n                        <dd class=\"mec-events-event-categories\"><a href=\"https:\/\/eloisefaresharpiste.com\/en\/mec-category\/agenda\/\" class=\"mec-color-hover\" rel=\"tag\"><i class=\"mec-fa-angle-right\"><\/i>agenda<\/a><\/dd>                        <\/dl>\r\n                    <\/div>\r\n                    \r\n                \r\n            <\/div>\r\n\r\n            <!-- Speaker List Module -->\r\n            \r\n            <!-- Attendees List Module -->\r\n            \r\n            <!-- Next Previous Module -->\r\n                    <\/div>\r\n\r\n        <div class=\"col-md-8\">\r\n\r\n            <div class=\"mec-event-content\">\r\n                <div class=\"mec-single-event-description mec-events-content\">\r\n                    <ul class=\"tab-links\">\n<li><a href=\"https:\/\/www.nws.edu\/events-tickets\/concerts\/2025-2026\/deneve-thibaudet-bernstein-gershwin\/#\/program\/overture_to_candide\" target=\"_blank\" rel=\"noopener\">Bernstein : Overture to\u00a0<em>Candide<\/em><\/a><\/li>\n<li><a href=\"https:\/\/www.nws.edu\/events-tickets\/concerts\/2025-2026\/deneve-thibaudet-bernstein-gershwin\/#\/program\/symphony_no_2_the_age_of_anxiety\" target=\"_blank\" rel=\"noopener\">Bernstein : Symphony No. 2, \u00ab\u00a0The Age of Anxiety\u00a0\u00bb<\/a><\/li>\n<li><a href=\"https:\/\/www.nws.edu\/events-tickets\/concerts\/2025-2026\/deneve-thibaudet-bernstein-gershwin\/#\/program\/i_got_rhythm_variations\" target=\"_blank\" rel=\"noopener\">Gershwin \/ Schoenfeld : <em>I Got Rhythm Variations<\/em><\/a><\/li>\n<li><a href=\"https:\/\/www.nws.edu\/events-tickets\/concerts\/2025-2026\/deneve-thibaudet-bernstein-gershwin\/#\/program\/an_american_in_paris\" target=\"_blank\" rel=\"noopener\">Gershwin : <em>An American in Paris<\/em><\/a><\/li>\n<\/ul>\n                                                                            <\/div>\r\n            <\/div>\r\n\r\n            \r\n            <!-- Custom Data Fields -->\r\n            \r\n            <!-- FAQ -->\r\n            \r\n            <!-- Links Module -->\r\n            <div class=\"mec-event-social mec-frontbox\">\r\n     <h3 class=\"mec-social-single mec-frontbox-title\">Share this event<\/h3>\r\n     <div class=\"mec-event-sharing\">\r\n        <div class=\"mec-links-details\">\r\n            <ul>\r\n                <li class=\"mec-event-social-icon\"><a class=\"facebook\" href=\"https:\/\/www.facebook.com\/sharer\/sharer.php?u=https%3A%2F%2Fwww.nws.edu%2Fevents-tickets%2Fconcerts%2F2025-2026%2Fdeneve-thibaudet-bernstein-gershwin%2F\" onclick=\"javascript:window.open(this.href, &#039;&#039;, &#039;menubar=no,toolbar=no,resizable=yes,scrollbars=yes,height=500,width=600&#039;); return false;\" target=\"_blank\" title=\"Share on Facebook\" aria-label=\"Share on Facebook\" rel=\"noopener\"><i class=\"mec-fa-facebook\"><\/i><span class=\"mec-social-title\"><\/span><\/a><\/li><li class=\"mec-event-social-icon\"><a class=\"twitter\" href=\"https:\/\/x.com\/intent\/tweet?url=https%3A%2F%2Fwww.nws.edu%2Fevents-tickets%2Fconcerts%2F2025-2026%2Fdeneve-thibaudet-bernstein-gershwin%2F\" onclick=\"javascript:window.open(this.href, &#039;&#039;, &#039;menubar=no,toolbar=no,resizable=yes,scrollbars=yes,height=600,width=500&#039;); return false;\" target=\"_blank\" title=\"X Social Network\" aria-label=\"Share on X\"><svg xmlns=\"http:\/\/www.w3.org\/2000\/svg\" shape-rendering=\"geometricPrecision\" text-rendering=\"geometricPrecision\" image-rendering=\"optimizeQuality\" fill-rule=\"evenodd\" clip-rule=\"evenodd\" viewbox=\"0 0 512 462.799\"><path fill-rule=\"nonzero\" d=\"M403.229 0h78.506L310.219 196.04 512 462.799H354.002L230.261 301.007 88.669 462.799h-78.56l183.455-209.683L0 0h161.999l111.856 147.88L403.229 0zm-27.556 415.805h43.505L138.363 44.527h-46.68l283.99 371.278z\"\/><\/svg><span class=\"mec-social-title\"><\/span><\/a><\/li><li class=\"mec-event-social-icon\"><a class=\"linkedin\" href=\"https:\/\/www.linkedin.com\/shareArticle?mini=true&amp;url=https%3A%2F%2Fwww.nws.edu%2Fevents-tickets%2Fconcerts%2F2025-2026%2Fdeneve-thibaudet-bernstein-gershwin%2F\" onclick=\"javascript:window.open(this.href, &#039;&#039;, &#039;menubar=no,toolbar=no,resizable=yes,scrollbars=yes,height=600,width=500&#039;); return false;\" target=\"_blank\" title=\"Linkedin\" aria-label=\"Share on Linkedin\" rel=\"noopener\"><i class=\"mec-fa-linkedin\"><\/i><span class=\"mec-social-title\"><\/span><\/a><\/li><li class=\"mec-event-social-icon\"><a class=\"email\" href=\"mailto:?subject=Den%C3%A8ve%2C%20Thibaudet%2C%20Bernstein%20%2526%20Gershwin%20-%20New%20World%20Symphony&body=https%3A%2F%2Fwww.nws.edu%2Fevents-tickets%2Fconcerts%2F2025-2026%2Fdeneve-thibaudet-bernstein-gershwin%2F\" title=\"Email\" aria-label=\"Share via Email\"><i class=\"mec-fa-envelope\"><\/i><span class=\"mec-social-title\"><\/span><\/a><\/li>            <\/ul>\r\n        <\/div>\r\n    <\/div>\r\n<\/div>\r\n            <!-- Google Maps Module -->\r\n            <div class=\"mec-events-meta-group mec-events-meta-group-gmap\">\r\n                            <\/div>\r\n\r\n            <!-- Export Module -->\r\n            <div class=\"mec-event-export-module mec-frontbox\">\r\n     <div class=\"mec-event-exporting\">\r\n        <div class=\"mec-export-details\">\r\n            <ul>\r\n                <li><a class=\"mec-events-gcal mec-events-button mec-color mec-bg-color-hover mec-border-color\" href=\"https:\/\/calendar.google.com\/calendar\/render?action=TEMPLATE&amp;text=Den%C3%A8ve%2C+Thibaudet%2C+Bernstein+%2526+Gershwin+-+New+World+Symphony&amp;dates=20260503T173000Z\/20260503T193000Z&amp;details=%0D%0A+%09Bernstein+%3A+Overture+to%C2%A0Candide%0D%0A+%09Bernstein+%3A+Symphony+No.+2%2C+%22The+Age+of+Anxiety%22+%28+https%3A%2F%2Fwww.nws.edu%2Fevents-tickets%2Fconcerts%2F2025-2026%2Fdeneve-thibaudet-bernstein-gershwin%2F%23%2Fprogram%2Fsymphony_no_2_the_age_of_anxiety+%29%0D%0A+%09Gershwin+%2F+Schoenfeld+%3A+I+Got+Rhythm+Variations%0D%0A+%09Gershwin+%3A+An+American+in+Paris%0D%0A&amp;location=\" target=\"_blank\" rel=\"noopener\">+ Add to Google Calendar<\/a><\/li>                <li><a class=\"mec-events-gcal mec-events-button mec-color mec-bg-color-hover mec-border-color\" href=\"https:\/\/eloisefaresharpiste.com\/en\/?method=ical&#038;id=1075\">+ iCal \/ Outlook export<\/a><\/li>            <\/ul>\r\n        <\/div>\r\n    <\/div>\r\n<\/div>\r\n            <!-- Hourly Schedule -->\r\n            \r\n            \t\t\t<!-- Booking Module -->\r\n            \r\n            <!-- Tags -->\r\n            <div class=\"mec-events-meta-group mec-events-meta-group-tags\">\r\n                            <\/div>\r\n\r\n        <\/div>\r\n    <\/article>\r\n<\/div>\r\n<script>\r\n\/\/ Fix modal speaker in some themes\r\njQuery(\"#mec_skin_7483 .mec-speaker-avatar-dialog a\").on('click', function(e)\r\n{\r\n    e.preventDefault();\r\n\r\n    var id = jQuery(this).attr('href');\r\n    lity(id);\r\n\r\n    return false;\r\n});\r\n<\/script>\r\n                                <\/div>\r\n                            <\/div>\r\n                        <\/div><!-- toggle item end -->\r\n                    <\/div><!-- toggles wrap end -->\r\n                            <\/article>\r\n            \t\t\r\n            \r\n                        <article class=\"mec-past-event mec-event-article  mec-clear  mec-divider-toggle mec-toggle-202605-mec2\" itemscope>\r\n                                    <!-- toggles wrap start -->\r\n                    <div class=\"mec-events-toggle\">\r\n                        <!-- toggle item start -->\r\n                        <div class=\"mec-toggle-item\">\r\n                            <div class=\"mec-toggle-item-inner\" tabindex=\"0\">\r\n                                                                <div class=\"mec-toggle-item-col\">\r\n                                                                            <div class=\"mec-event-month\"><span class=\"mec-start-date-label\">02 May<\/span><\/div>\r\n                                                                                                        <\/div>\r\n                                <h3 class=\"mec-toggle-title\">\r\n                                    Den\u00e8ve, Thibaudet, Bernstein &#038; Gershwin &#8211; New World Symphony<\/h3>\r\n                                                                <i class=\"mec-sl-arrow-down\"><\/i>\r\n                            <\/div>\r\n                            <div class=\"mec-content-toggle\" aria-hidden=\"true\" style=\"display: none;\">\r\n                                <div class=\"mec-toggle-content\">\r\n                                    <div class=\"mec-wrap colorskin-custom clearfix  mec-modal-wrap\" id=\"mec_skin_8821\" data-unique-id=\"8821\">\r\n    <article class=\"mec-single-event mec-single-modern mec-single-modal\">\r\n        <div class=\"mec-events-event-image\">\r\n            <img loading=\"lazy\" decoding=\"async\" width=\"400\" height=\"400\" src=\"https:\/\/eloisefaresharpiste.com\/wp-content\/uploads\/2025\/08\/Logo-NWS-1.jpeg\" class=\"attachment-full size-full wp-post-image\" alt=\"\" data-mec-postid=\"1075\" \/>        <\/div>\r\n        \r\n        <div class=\"col-md-4\">\r\n\r\n            <div class=\"mec-event-meta mec-color-before mec-frontbox mec-util-hidden\">\r\n                \r\n                <!-- Sponsors Module -->\r\n                \r\n                <!-- Register Booking Button -->\r\n                            <\/div>\r\n\r\n            <!-- Weather Module -->\r\n            \r\n            <!-- QRCode Module -->\r\n            \r\n            <!-- Public Download Module -->\r\n            \r\n            <!-- Local Time Module -->\r\n            \r\n            <div class=\"mec-event-meta mec-color-before mec-frontbox\">\r\n\r\n                                                \r\n                                    <div class=\"mec-single-event-location\">\r\n                        <i class=\"mec-sl-location-pin\"><\/i>                        <h3 class=\"mec-events-single-section-title mec-location\">Location<\/h3>\r\n\r\n                        \r\n                        <dl>\r\n                        <dd class=\"author fn org\">500 17th St, Miami Beach, FL 33139, \u00c9tats-Unis<\/dd>\r\n\r\n                        <dd class=\"location\"><address class=\"mec-events-address\"><span class=\"mec-address\"><\/span><\/address><\/dd>\r\n\r\n                                                <\/dl>\r\n                    <\/div>\r\n                    \r\n                                    <div class=\"mec-single-event-category\">\r\n                        <i class=\"mec-sl-folder\"><\/i>                        <h3 class=\"mec-events-single-section-title mec-category\">Category<\/h3>\r\n                        <dl>\r\n                        <dd class=\"mec-events-event-categories\"><a href=\"https:\/\/eloisefaresharpiste.com\/en\/mec-category\/agenda\/\" class=\"mec-color-hover\" rel=\"tag\"><i class=\"mec-fa-angle-right\"><\/i>agenda<\/a><\/dd>                        <\/dl>\r\n                    <\/div>\r\n                    \r\n                \r\n            <\/div>\r\n\r\n            <!-- Speaker List Module -->\r\n            \r\n            <!-- Attendees List Module -->\r\n            \r\n            <!-- Next Previous Module -->\r\n                    <\/div>\r\n\r\n        <div class=\"col-md-8\">\r\n\r\n            <div class=\"mec-event-content\">\r\n                <div class=\"mec-single-event-description mec-events-content\">\r\n                    <ul class=\"tab-links\">\n<li><a href=\"https:\/\/www.nws.edu\/events-tickets\/concerts\/2025-2026\/deneve-thibaudet-bernstein-gershwin\/#\/program\/overture_to_candide\" target=\"_blank\" rel=\"noopener\">Bernstein : Overture to\u00a0<em>Candide<\/em><\/a><\/li>\n<li><a href=\"https:\/\/www.nws.edu\/events-tickets\/concerts\/2025-2026\/deneve-thibaudet-bernstein-gershwin\/#\/program\/symphony_no_2_the_age_of_anxiety\" target=\"_blank\" rel=\"noopener\">Bernstein : Symphony No. 2, \u00ab\u00a0The Age of Anxiety\u00a0\u00bb<\/a><\/li>\n<li><a href=\"https:\/\/www.nws.edu\/events-tickets\/concerts\/2025-2026\/deneve-thibaudet-bernstein-gershwin\/#\/program\/i_got_rhythm_variations\" target=\"_blank\" rel=\"noopener\">Gershwin \/ Schoenfeld : <em>I Got Rhythm Variations<\/em><\/a><\/li>\n<li><a href=\"https:\/\/www.nws.edu\/events-tickets\/concerts\/2025-2026\/deneve-thibaudet-bernstein-gershwin\/#\/program\/an_american_in_paris\" target=\"_blank\" rel=\"noopener\">Gershwin : <em>An American in Paris<\/em><\/a><\/li>\n<\/ul>\n                                                                            <\/div>\r\n            <\/div>\r\n\r\n            \r\n            <!-- Custom Data Fields -->\r\n            \r\n            <!-- FAQ -->\r\n            \r\n            <!-- Links Module -->\r\n            <div class=\"mec-event-social mec-frontbox\">\r\n     <h3 class=\"mec-social-single mec-frontbox-title\">Share this event<\/h3>\r\n     <div class=\"mec-event-sharing\">\r\n        <div class=\"mec-links-details\">\r\n            <ul>\r\n                <li class=\"mec-event-social-icon\"><a class=\"facebook\" href=\"https:\/\/www.facebook.com\/sharer\/sharer.php?u=https%3A%2F%2Fwww.nws.edu%2Fevents-tickets%2Fconcerts%2F2025-2026%2Fdeneve-thibaudet-bernstein-gershwin%2F\" onclick=\"javascript:window.open(this.href, &#039;&#039;, &#039;menubar=no,toolbar=no,resizable=yes,scrollbars=yes,height=500,width=600&#039;); return false;\" target=\"_blank\" title=\"Share on Facebook\" aria-label=\"Share on Facebook\" rel=\"noopener\"><i class=\"mec-fa-facebook\"><\/i><span class=\"mec-social-title\"><\/span><\/a><\/li><li class=\"mec-event-social-icon\"><a class=\"twitter\" href=\"https:\/\/x.com\/intent\/tweet?url=https%3A%2F%2Fwww.nws.edu%2Fevents-tickets%2Fconcerts%2F2025-2026%2Fdeneve-thibaudet-bernstein-gershwin%2F\" onclick=\"javascript:window.open(this.href, &#039;&#039;, &#039;menubar=no,toolbar=no,resizable=yes,scrollbars=yes,height=600,width=500&#039;); return false;\" target=\"_blank\" title=\"X Social Network\" aria-label=\"Share on X\"><svg xmlns=\"http:\/\/www.w3.org\/2000\/svg\" shape-rendering=\"geometricPrecision\" text-rendering=\"geometricPrecision\" image-rendering=\"optimizeQuality\" fill-rule=\"evenodd\" clip-rule=\"evenodd\" viewbox=\"0 0 512 462.799\"><path fill-rule=\"nonzero\" d=\"M403.229 0h78.506L310.219 196.04 512 462.799H354.002L230.261 301.007 88.669 462.799h-78.56l183.455-209.683L0 0h161.999l111.856 147.88L403.229 0zm-27.556 415.805h43.505L138.363 44.527h-46.68l283.99 371.278z\"\/><\/svg><span class=\"mec-social-title\"><\/span><\/a><\/li><li class=\"mec-event-social-icon\"><a class=\"linkedin\" href=\"https:\/\/www.linkedin.com\/shareArticle?mini=true&amp;url=https%3A%2F%2Fwww.nws.edu%2Fevents-tickets%2Fconcerts%2F2025-2026%2Fdeneve-thibaudet-bernstein-gershwin%2F\" onclick=\"javascript:window.open(this.href, &#039;&#039;, &#039;menubar=no,toolbar=no,resizable=yes,scrollbars=yes,height=600,width=500&#039;); return false;\" target=\"_blank\" title=\"Linkedin\" aria-label=\"Share on Linkedin\" rel=\"noopener\"><i class=\"mec-fa-linkedin\"><\/i><span class=\"mec-social-title\"><\/span><\/a><\/li><li class=\"mec-event-social-icon\"><a class=\"email\" href=\"mailto:?subject=Den%C3%A8ve%2C%20Thibaudet%2C%20Bernstein%20%2526%20Gershwin%20-%20New%20World%20Symphony&body=https%3A%2F%2Fwww.nws.edu%2Fevents-tickets%2Fconcerts%2F2025-2026%2Fdeneve-thibaudet-bernstein-gershwin%2F\" title=\"Email\" aria-label=\"Share via Email\"><i class=\"mec-fa-envelope\"><\/i><span class=\"mec-social-title\"><\/span><\/a><\/li>            <\/ul>\r\n        <\/div>\r\n    <\/div>\r\n<\/div>\r\n            <!-- Google Maps Module -->\r\n            <div class=\"mec-events-meta-group mec-events-meta-group-gmap\">\r\n                            <\/div>\r\n\r\n            <!-- Export Module -->\r\n            <div class=\"mec-event-export-module mec-frontbox\">\r\n     <div class=\"mec-event-exporting\">\r\n        <div class=\"mec-export-details\">\r\n            <ul>\r\n                <li><a class=\"mec-events-gcal mec-events-button mec-color mec-bg-color-hover mec-border-color\" href=\"https:\/\/calendar.google.com\/calendar\/render?action=TEMPLATE&amp;text=Den%C3%A8ve%2C+Thibaudet%2C+Bernstein+%2526+Gershwin+-+New+World+Symphony&amp;dates=20260503T173000Z\/20260503T193000Z&amp;details=%0D%0A+%09Bernstein+%3A+Overture+to%C2%A0Candide%0D%0A+%09Bernstein+%3A+Symphony+No.+2%2C+%22The+Age+of+Anxiety%22+%28+https%3A%2F%2Fwww.nws.edu%2Fevents-tickets%2Fconcerts%2F2025-2026%2Fdeneve-thibaudet-bernstein-gershwin%2F%23%2Fprogram%2Fsymphony_no_2_the_age_of_anxiety+%29%0D%0A+%09Gershwin+%2F+Schoenfeld+%3A+I+Got+Rhythm+Variations%0D%0A+%09Gershwin+%3A+An+American+in+Paris%0D%0A&amp;location=\" target=\"_blank\" rel=\"noopener\">+ Add to Google Calendar<\/a><\/li>                <li><a class=\"mec-events-gcal mec-events-button mec-color mec-bg-color-hover mec-border-color\" href=\"https:\/\/eloisefaresharpiste.com\/en\/?method=ical&#038;id=1075\">+ iCal \/ Outlook export<\/a><\/li>            <\/ul>\r\n        <\/div>\r\n    <\/div>\r\n<\/div>\r\n            <!-- Hourly Schedule -->\r\n            \r\n            \t\t\t<!-- Booking Module -->\r\n            \r\n            <!-- Tags -->\r\n            <div class=\"mec-events-meta-group mec-events-meta-group-tags\">\r\n                            <\/div>\r\n\r\n        <\/div>\r\n    <\/article>\r\n<\/div>\r\n<script>\r\n\/\/ Fix modal speaker in some themes\r\njQuery(\"#mec_skin_8821 .mec-speaker-avatar-dialog a\").on('click', function(e)\r\n{\r\n    e.preventDefault();\r\n\r\n    var id = jQuery(this).attr('href');\r\n    lity(id);\r\n\r\n    return false;\r\n});\r\n<\/script>\r\n                                <\/div>\r\n                            <\/div>\r\n                        <\/div><!-- toggle item end -->\r\n                    <\/div><!-- toggles wrap end -->\r\n                            <\/article>\r\n            \t\t\r\n                        <div class=\"mec-month-divider\" data-toggle-divider=\"mec-toggle-202604-mec2\"><h5 style=\"display: inline;\">April 2026<\/h5><i class=\"mec-sl-arrow-down\"><\/i><\/div>\r\n            \r\n                        <article class=\"mec-past-event mec-event-article  mec-clear  mec-divider-toggle mec-toggle-202604-mec2\" itemscope>\r\n                                    <!-- toggles wrap start -->\r\n                    <div class=\"mec-events-toggle\">\r\n                        <!-- toggle item start -->\r\n                        <div class=\"mec-toggle-item\">\r\n                            <div class=\"mec-toggle-item-inner\" tabindex=\"0\">\r\n                                                                <div class=\"mec-toggle-item-col\">\r\n                                                                            <div class=\"mec-event-month\"><span class=\"mec-start-date-label\">19 April<\/span><\/div>\r\n                                                                                                        <\/div>\r\n                                <h3 class=\"mec-toggle-title\">\r\n                                    American Dance Odyssey &#8211; New World Symphony\/Miami city ballet<\/h3>\r\n                                                                <i class=\"mec-sl-arrow-down\"><\/i>\r\n                            <\/div>\r\n                            <div class=\"mec-content-toggle\" aria-hidden=\"true\" style=\"display: none;\">\r\n                                <div class=\"mec-toggle-content\">\r\n                                    <div class=\"mec-wrap colorskin-custom clearfix  mec-modal-wrap\" id=\"mec_skin_4723\" data-unique-id=\"4723\">\r\n    <article class=\"mec-single-event mec-single-modern mec-single-modal\">\r\n        <div class=\"mec-events-event-image\">\r\n            <img loading=\"lazy\" decoding=\"async\" width=\"400\" height=\"400\" src=\"https:\/\/eloisefaresharpiste.com\/wp-content\/uploads\/2025\/08\/Logo-NWS-1.jpeg\" class=\"attachment-full size-full wp-post-image\" alt=\"\" data-mec-postid=\"1070\" \/>        <\/div>\r\n        \r\n        <div class=\"col-md-4\">\r\n\r\n            <div class=\"mec-event-meta mec-color-before mec-frontbox mec-util-hidden\">\r\n                \r\n                <!-- Sponsors Module -->\r\n                \r\n                <!-- Register Booking Button -->\r\n                            <\/div>\r\n\r\n            <!-- Weather Module -->\r\n            \r\n            <!-- QRCode Module -->\r\n            \r\n            <!-- Public Download Module -->\r\n            \r\n            <!-- Local Time Module -->\r\n            \r\n            <div class=\"mec-event-meta mec-color-before mec-frontbox\">\r\n\r\n                                                \r\n                                    <div class=\"mec-single-event-location\">\r\n                        <i class=\"mec-sl-location-pin\"><\/i>                        <h3 class=\"mec-events-single-section-title mec-location\">Location<\/h3>\r\n\r\n                        \r\n                        <dl>\r\n                        <dd class=\"author fn org\">500 17th St, Miami Beach, FL 33139, \u00c9tats-Unis<\/dd>\r\n\r\n                        <dd class=\"location\"><address class=\"mec-events-address\"><span class=\"mec-address\"><\/span><\/address><\/dd>\r\n\r\n                                                <\/dl>\r\n                    <\/div>\r\n                    \r\n                                    <div class=\"mec-single-event-category\">\r\n                        <i class=\"mec-sl-folder\"><\/i>                        <h3 class=\"mec-events-single-section-title mec-category\">Category<\/h3>\r\n                        <dl>\r\n                        <dd class=\"mec-events-event-categories\"><a href=\"https:\/\/eloisefaresharpiste.com\/en\/mec-category\/agenda\/\" class=\"mec-color-hover\" rel=\"tag\"><i class=\"mec-fa-angle-right\"><\/i>agenda<\/a><\/dd>                        <\/dl>\r\n                    <\/div>\r\n                    \r\n                \r\n            <\/div>\r\n\r\n            <!-- Speaker List Module -->\r\n            \r\n            <!-- Attendees List Module -->\r\n            \r\n            <!-- Next Previous Module -->\r\n                    <\/div>\r\n\r\n        <div class=\"col-md-8\">\r\n\r\n            <div class=\"mec-event-content\">\r\n                <div class=\"mec-single-event-description mec-events-content\">\r\n                                                                                                <\/div>\r\n            <\/div>\r\n\r\n            \r\n            <!-- Custom Data Fields -->\r\n            \r\n            <!-- FAQ -->\r\n            \r\n            <!-- Links Module -->\r\n            <div class=\"mec-event-social mec-frontbox\">\r\n     <h3 class=\"mec-social-single mec-frontbox-title\">Share this event<\/h3>\r\n     <div class=\"mec-event-sharing\">\r\n        <div class=\"mec-links-details\">\r\n            <ul>\r\n                <li class=\"mec-event-social-icon\"><a class=\"facebook\" href=\"https:\/\/www.facebook.com\/sharer\/sharer.php?u=https%3A%2F%2Fwww.nws.edu%2Fevents-tickets%2Fconcerts%2F2025-2026%2Famerican-dance-odyssey%2F\" onclick=\"javascript:window.open(this.href, &#039;&#039;, &#039;menubar=no,toolbar=no,resizable=yes,scrollbars=yes,height=500,width=600&#039;); return false;\" target=\"_blank\" title=\"Share on Facebook\" aria-label=\"Share on Facebook\" rel=\"noopener\"><i class=\"mec-fa-facebook\"><\/i><span class=\"mec-social-title\"><\/span><\/a><\/li><li class=\"mec-event-social-icon\"><a class=\"twitter\" href=\"https:\/\/x.com\/intent\/tweet?url=https%3A%2F%2Fwww.nws.edu%2Fevents-tickets%2Fconcerts%2F2025-2026%2Famerican-dance-odyssey%2F\" onclick=\"javascript:window.open(this.href, &#039;&#039;, &#039;menubar=no,toolbar=no,resizable=yes,scrollbars=yes,height=600,width=500&#039;); return false;\" target=\"_blank\" title=\"X Social Network\" aria-label=\"Share on X\"><svg xmlns=\"http:\/\/www.w3.org\/2000\/svg\" shape-rendering=\"geometricPrecision\" text-rendering=\"geometricPrecision\" image-rendering=\"optimizeQuality\" fill-rule=\"evenodd\" clip-rule=\"evenodd\" viewbox=\"0 0 512 462.799\"><path fill-rule=\"nonzero\" d=\"M403.229 0h78.506L310.219 196.04 512 462.799H354.002L230.261 301.007 88.669 462.799h-78.56l183.455-209.683L0 0h161.999l111.856 147.88L403.229 0zm-27.556 415.805h43.505L138.363 44.527h-46.68l283.99 371.278z\"\/><\/svg><span class=\"mec-social-title\"><\/span><\/a><\/li><li class=\"mec-event-social-icon\"><a class=\"linkedin\" href=\"https:\/\/www.linkedin.com\/shareArticle?mini=true&amp;url=https%3A%2F%2Fwww.nws.edu%2Fevents-tickets%2Fconcerts%2F2025-2026%2Famerican-dance-odyssey%2F\" onclick=\"javascript:window.open(this.href, &#039;&#039;, &#039;menubar=no,toolbar=no,resizable=yes,scrollbars=yes,height=600,width=500&#039;); return false;\" target=\"_blank\" title=\"Linkedin\" aria-label=\"Share on Linkedin\" rel=\"noopener\"><i class=\"mec-fa-linkedin\"><\/i><span class=\"mec-social-title\"><\/span><\/a><\/li><li class=\"mec-event-social-icon\"><a class=\"email\" href=\"mailto:?subject=American%20Dance%20Odyssey%20-%20New%20World%20Symphony%2FMiami%20city%20ballet&body=https%3A%2F%2Fwww.nws.edu%2Fevents-tickets%2Fconcerts%2F2025-2026%2Famerican-dance-odyssey%2F\" title=\"Email\" aria-label=\"Share via Email\"><i class=\"mec-fa-envelope\"><\/i><span class=\"mec-social-title\"><\/span><\/a><\/li>            <\/ul>\r\n        <\/div>\r\n    <\/div>\r\n<\/div>\r\n            <!-- Google Maps Module -->\r\n            <div class=\"mec-events-meta-group mec-events-meta-group-gmap\">\r\n                            <\/div>\r\n\r\n            <!-- Export Module -->\r\n            <div class=\"mec-event-export-module mec-frontbox\">\r\n     <div class=\"mec-event-exporting\">\r\n        <div class=\"mec-export-details\">\r\n            <ul>\r\n                <li><a class=\"mec-events-gcal mec-events-button mec-color mec-bg-color-hover mec-border-color\" href=\"https:\/\/calendar.google.com\/calendar\/render?action=TEMPLATE&amp;text=American+Dance+Odyssey+-+New+World+Symphony%2FMiami+city+ballet&amp;dates=20260419T180000Z\/20260419T203000Z&amp;details=American+Dance+Odyssey+-+New+World+Symphony%2FMiami+city+ballet&amp;location=\" target=\"_blank\" rel=\"noopener\">+ Add to Google Calendar<\/a><\/li>                <li><a class=\"mec-events-gcal mec-events-button mec-color mec-bg-color-hover mec-border-color\" href=\"https:\/\/eloisefaresharpiste.com\/en\/?method=ical&#038;id=1070\">+ iCal \/ Outlook export<\/a><\/li>            <\/ul>\r\n        <\/div>\r\n    <\/div>\r\n<\/div>\r\n            <!-- Hourly Schedule -->\r\n            \r\n            \t\t\t<!-- Booking Module -->\r\n            \r\n            <!-- Tags -->\r\n            <div class=\"mec-events-meta-group mec-events-meta-group-tags\">\r\n                            <\/div>\r\n\r\n        <\/div>\r\n    <\/article>\r\n<\/div>\r\n<script>\r\n\/\/ Fix modal speaker in some themes\r\njQuery(\"#mec_skin_4723 .mec-speaker-avatar-dialog a\").on('click', function(e)\r\n{\r\n    e.preventDefault();\r\n\r\n    var id = jQuery(this).attr('href');\r\n    lity(id);\r\n\r\n    return false;\r\n});\r\n<\/script>\r\n                                <\/div>\r\n                            <\/div>\r\n                        <\/div><!-- toggle item end -->\r\n                    <\/div><!-- toggles wrap end -->\r\n                            <\/article>\r\n            \t\t\r\n            \r\n                        <article class=\"mec-past-event mec-event-article  mec-clear  mec-divider-toggle mec-toggle-202604-mec2\" itemscope>\r\n                                    <!-- toggles wrap start -->\r\n                    <div class=\"mec-events-toggle\">\r\n                        <!-- toggle item start -->\r\n                        <div class=\"mec-toggle-item\">\r\n                            <div class=\"mec-toggle-item-inner\" tabindex=\"0\">\r\n                                                                <div class=\"mec-toggle-item-col\">\r\n                                                                            <div class=\"mec-event-month\"><span class=\"mec-start-date-label\">18 April<\/span><\/div>\r\n                                                                                                        <\/div>\r\n                                <h3 class=\"mec-toggle-title\">\r\n                                    American Dance Odyssey &#8211; New World Symphony\/Miami city ballet<\/h3>\r\n                                                                <i class=\"mec-sl-arrow-down\"><\/i>\r\n                            <\/div>\r\n                            <div class=\"mec-content-toggle\" aria-hidden=\"true\" style=\"display: none;\">\r\n                                <div class=\"mec-toggle-content\">\r\n                                    <div class=\"mec-wrap colorskin-custom clearfix  mec-modal-wrap\" id=\"mec_skin_5856\" data-unique-id=\"5856\">\r\n    <article class=\"mec-single-event mec-single-modern mec-single-modal\">\r\n        <div class=\"mec-events-event-image\">\r\n            <img loading=\"lazy\" decoding=\"async\" width=\"400\" height=\"400\" src=\"https:\/\/eloisefaresharpiste.com\/wp-content\/uploads\/2025\/08\/Logo-NWS-1.jpeg\" class=\"attachment-full size-full wp-post-image\" alt=\"\" data-mec-postid=\"1070\" \/>        <\/div>\r\n        \r\n        <div class=\"col-md-4\">\r\n\r\n            <div class=\"mec-event-meta mec-color-before mec-frontbox mec-util-hidden\">\r\n                \r\n                <!-- Sponsors Module -->\r\n                \r\n                <!-- Register Booking Button -->\r\n                            <\/div>\r\n\r\n            <!-- Weather Module -->\r\n            \r\n            <!-- QRCode Module -->\r\n            \r\n            <!-- Public Download Module -->\r\n            \r\n            <!-- Local Time Module -->\r\n            \r\n            <div class=\"mec-event-meta mec-color-before mec-frontbox\">\r\n\r\n                                                \r\n                                    <div class=\"mec-single-event-location\">\r\n                        <i class=\"mec-sl-location-pin\"><\/i>                        <h3 class=\"mec-events-single-section-title mec-location\">Location<\/h3>\r\n\r\n                        \r\n                        <dl>\r\n                        <dd class=\"author fn org\">500 17th St, Miami Beach, FL 33139, \u00c9tats-Unis<\/dd>\r\n\r\n                        <dd class=\"location\"><address class=\"mec-events-address\"><span class=\"mec-address\"><\/span><\/address><\/dd>\r\n\r\n                                                <\/dl>\r\n                    <\/div>\r\n                    \r\n                                    <div class=\"mec-single-event-category\">\r\n                        <i class=\"mec-sl-folder\"><\/i>                        <h3 class=\"mec-events-single-section-title mec-category\">Category<\/h3>\r\n                        <dl>\r\n                        <dd class=\"mec-events-event-categories\"><a href=\"https:\/\/eloisefaresharpiste.com\/en\/mec-category\/agenda\/\" class=\"mec-color-hover\" rel=\"tag\"><i class=\"mec-fa-angle-right\"><\/i>agenda<\/a><\/dd>                        <\/dl>\r\n                    <\/div>\r\n                    \r\n                \r\n            <\/div>\r\n\r\n            <!-- Speaker List Module -->\r\n            \r\n            <!-- Attendees List Module -->\r\n            \r\n            <!-- Next Previous Module -->\r\n                    <\/div>\r\n\r\n        <div class=\"col-md-8\">\r\n\r\n            <div class=\"mec-event-content\">\r\n                <div class=\"mec-single-event-description mec-events-content\">\r\n                                                                                                <\/div>\r\n            <\/div>\r\n\r\n            \r\n            <!-- Custom Data Fields -->\r\n            \r\n            <!-- FAQ -->\r\n            \r\n            <!-- Links Module -->\r\n            <div class=\"mec-event-social mec-frontbox\">\r\n     <h3 class=\"mec-social-single mec-frontbox-title\">Share this event<\/h3>\r\n     <div class=\"mec-event-sharing\">\r\n        <div class=\"mec-links-details\">\r\n            <ul>\r\n                <li class=\"mec-event-social-icon\"><a class=\"facebook\" href=\"https:\/\/www.facebook.com\/sharer\/sharer.php?u=https%3A%2F%2Fwww.nws.edu%2Fevents-tickets%2Fconcerts%2F2025-2026%2Famerican-dance-odyssey%2F\" onclick=\"javascript:window.open(this.href, &#039;&#039;, &#039;menubar=no,toolbar=no,resizable=yes,scrollbars=yes,height=500,width=600&#039;); return false;\" target=\"_blank\" title=\"Share on Facebook\" aria-label=\"Share on Facebook\" rel=\"noopener\"><i class=\"mec-fa-facebook\"><\/i><span class=\"mec-social-title\"><\/span><\/a><\/li><li class=\"mec-event-social-icon\"><a class=\"twitter\" href=\"https:\/\/x.com\/intent\/tweet?url=https%3A%2F%2Fwww.nws.edu%2Fevents-tickets%2Fconcerts%2F2025-2026%2Famerican-dance-odyssey%2F\" onclick=\"javascript:window.open(this.href, &#039;&#039;, &#039;menubar=no,toolbar=no,resizable=yes,scrollbars=yes,height=600,width=500&#039;); return false;\" target=\"_blank\" title=\"X Social Network\" aria-label=\"Share on X\"><svg xmlns=\"http:\/\/www.w3.org\/2000\/svg\" shape-rendering=\"geometricPrecision\" text-rendering=\"geometricPrecision\" image-rendering=\"optimizeQuality\" fill-rule=\"evenodd\" clip-rule=\"evenodd\" viewbox=\"0 0 512 462.799\"><path fill-rule=\"nonzero\" d=\"M403.229 0h78.506L310.219 196.04 512 462.799H354.002L230.261 301.007 88.669 462.799h-78.56l183.455-209.683L0 0h161.999l111.856 147.88L403.229 0zm-27.556 415.805h43.505L138.363 44.527h-46.68l283.99 371.278z\"\/><\/svg><span class=\"mec-social-title\"><\/span><\/a><\/li><li class=\"mec-event-social-icon\"><a class=\"linkedin\" href=\"https:\/\/www.linkedin.com\/shareArticle?mini=true&amp;url=https%3A%2F%2Fwww.nws.edu%2Fevents-tickets%2Fconcerts%2F2025-2026%2Famerican-dance-odyssey%2F\" onclick=\"javascript:window.open(this.href, &#039;&#039;, &#039;menubar=no,toolbar=no,resizable=yes,scrollbars=yes,height=600,width=500&#039;); return false;\" target=\"_blank\" title=\"Linkedin\" aria-label=\"Share on Linkedin\" rel=\"noopener\"><i class=\"mec-fa-linkedin\"><\/i><span class=\"mec-social-title\"><\/span><\/a><\/li><li class=\"mec-event-social-icon\"><a class=\"email\" href=\"mailto:?subject=American%20Dance%20Odyssey%20-%20New%20World%20Symphony%2FMiami%20city%20ballet&body=https%3A%2F%2Fwww.nws.edu%2Fevents-tickets%2Fconcerts%2F2025-2026%2Famerican-dance-odyssey%2F\" title=\"Email\" aria-label=\"Share via Email\"><i class=\"mec-fa-envelope\"><\/i><span class=\"mec-social-title\"><\/span><\/a><\/li>            <\/ul>\r\n        <\/div>\r\n    <\/div>\r\n<\/div>\r\n            <!-- Google Maps Module -->\r\n            <div class=\"mec-events-meta-group mec-events-meta-group-gmap\">\r\n                            <\/div>\r\n\r\n            <!-- Export Module -->\r\n            <div class=\"mec-event-export-module mec-frontbox\">\r\n     <div class=\"mec-event-exporting\">\r\n        <div class=\"mec-export-details\">\r\n            <ul>\r\n                <li><a class=\"mec-events-gcal mec-events-button mec-color mec-bg-color-hover mec-border-color\" href=\"https:\/\/calendar.google.com\/calendar\/render?action=TEMPLATE&amp;text=American+Dance+Odyssey+-+New+World+Symphony%2FMiami+city+ballet&amp;dates=20260419T180000Z\/20260419T203000Z&amp;details=American+Dance+Odyssey+-+New+World+Symphony%2FMiami+city+ballet&amp;location=\" target=\"_blank\" rel=\"noopener\">+ Add to Google Calendar<\/a><\/li>                <li><a class=\"mec-events-gcal mec-events-button mec-color mec-bg-color-hover mec-border-color\" href=\"https:\/\/eloisefaresharpiste.com\/en\/?method=ical&#038;id=1070\">+ iCal \/ Outlook export<\/a><\/li>            <\/ul>\r\n        <\/div>\r\n    <\/div>\r\n<\/div>\r\n            <!-- Hourly Schedule -->\r\n            \r\n            \t\t\t<!-- Booking Module -->\r\n            \r\n            <!-- Tags -->\r\n            <div class=\"mec-events-meta-group mec-events-meta-group-tags\">\r\n                            <\/div>\r\n\r\n        <\/div>\r\n    <\/article>\r\n<\/div>\r\n<script>\r\n\/\/ Fix modal speaker in some themes\r\njQuery(\"#mec_skin_5856 .mec-speaker-avatar-dialog a\").on('click', function(e)\r\n{\r\n    e.preventDefault();\r\n\r\n    var id = jQuery(this).attr('href');\r\n    lity(id);\r\n\r\n    return false;\r\n});\r\n<\/script>\r\n                                <\/div>\r\n                            <\/div>\r\n                        <\/div><!-- toggle item end -->\r\n                    <\/div><!-- toggles wrap end -->\r\n                            <\/article>\r\n            \t\t\r\n            \r\n                        <article class=\"mec-past-event mec-event-article  mec-clear  mec-divider-toggle mec-toggle-202604-mec2\" itemscope>\r\n                                    <!-- toggles wrap start -->\r\n                    <div class=\"mec-events-toggle\">\r\n                        <!-- toggle item start -->\r\n                        <div class=\"mec-toggle-item\">\r\n                            <div class=\"mec-toggle-item-inner\" tabindex=\"0\">\r\n                                                                <div class=\"mec-toggle-item-col\">\r\n                                                                            <div class=\"mec-event-month\"><span class=\"mec-start-date-label\">17 April<\/span><\/div>\r\n                                                                                                        <\/div>\r\n                                <h3 class=\"mec-toggle-title\">\r\n                                    American Dance Odyssey &#8211; New World Symphony\/Miami city ballet<\/h3>\r\n                                                                <i class=\"mec-sl-arrow-down\"><\/i>\r\n                            <\/div>\r\n                            <div class=\"mec-content-toggle\" aria-hidden=\"true\" style=\"display: none;\">\r\n                                <div class=\"mec-toggle-content\">\r\n                                    <div class=\"mec-wrap colorskin-custom clearfix  mec-modal-wrap\" id=\"mec_skin_2039\" data-unique-id=\"2039\">\r\n    <article class=\"mec-single-event mec-single-modern mec-single-modal\">\r\n        <div class=\"mec-events-event-image\">\r\n            <img loading=\"lazy\" decoding=\"async\" width=\"400\" height=\"400\" src=\"https:\/\/eloisefaresharpiste.com\/wp-content\/uploads\/2025\/08\/Logo-NWS-1.jpeg\" class=\"attachment-full size-full wp-post-image\" alt=\"\" data-mec-postid=\"1070\" \/>        <\/div>\r\n        \r\n        <div class=\"col-md-4\">\r\n\r\n            <div class=\"mec-event-meta mec-color-before mec-frontbox mec-util-hidden\">\r\n                \r\n                <!-- Sponsors Module -->\r\n                \r\n                <!-- Register Booking Button -->\r\n                            <\/div>\r\n\r\n            <!-- Weather Module -->\r\n            \r\n            <!-- QRCode Module -->\r\n            \r\n            <!-- Public Download Module -->\r\n            \r\n            <!-- Local Time Module -->\r\n            \r\n            <div class=\"mec-event-meta mec-color-before mec-frontbox\">\r\n\r\n                                                \r\n                                    <div class=\"mec-single-event-location\">\r\n                        <i class=\"mec-sl-location-pin\"><\/i>                        <h3 class=\"mec-events-single-section-title mec-location\">Location<\/h3>\r\n\r\n                        \r\n                        <dl>\r\n                        <dd class=\"author fn org\">500 17th St, Miami Beach, FL 33139, \u00c9tats-Unis<\/dd>\r\n\r\n                        <dd class=\"location\"><address class=\"mec-events-address\"><span class=\"mec-address\"><\/span><\/address><\/dd>\r\n\r\n                                                <\/dl>\r\n                    <\/div>\r\n                    \r\n                                    <div class=\"mec-single-event-category\">\r\n                        <i class=\"mec-sl-folder\"><\/i>                        <h3 class=\"mec-events-single-section-title mec-category\">Category<\/h3>\r\n                        <dl>\r\n                        <dd class=\"mec-events-event-categories\"><a href=\"https:\/\/eloisefaresharpiste.com\/en\/mec-category\/agenda\/\" class=\"mec-color-hover\" rel=\"tag\"><i class=\"mec-fa-angle-right\"><\/i>agenda<\/a><\/dd>                        <\/dl>\r\n                    <\/div>\r\n                    \r\n                \r\n            <\/div>\r\n\r\n            <!-- Speaker List Module -->\r\n            \r\n            <!-- Attendees List Module -->\r\n            \r\n            <!-- Next Previous Module -->\r\n                    <\/div>\r\n\r\n        <div class=\"col-md-8\">\r\n\r\n            <div class=\"mec-event-content\">\r\n                <div class=\"mec-single-event-description mec-events-content\">\r\n                                                                                                <\/div>\r\n            <\/div>\r\n\r\n            \r\n            <!-- Custom Data Fields -->\r\n            \r\n            <!-- FAQ -->\r\n            \r\n            <!-- Links Module -->\r\n            <div class=\"mec-event-social mec-frontbox\">\r\n     <h3 class=\"mec-social-single mec-frontbox-title\">Share this event<\/h3>\r\n     <div class=\"mec-event-sharing\">\r\n        <div class=\"mec-links-details\">\r\n            <ul>\r\n                <li class=\"mec-event-social-icon\"><a class=\"facebook\" href=\"https:\/\/www.facebook.com\/sharer\/sharer.php?u=https%3A%2F%2Fwww.nws.edu%2Fevents-tickets%2Fconcerts%2F2025-2026%2Famerican-dance-odyssey%2F\" onclick=\"javascript:window.open(this.href, &#039;&#039;, &#039;menubar=no,toolbar=no,resizable=yes,scrollbars=yes,height=500,width=600&#039;); return false;\" target=\"_blank\" title=\"Share on Facebook\" aria-label=\"Share on Facebook\" rel=\"noopener\"><i class=\"mec-fa-facebook\"><\/i><span class=\"mec-social-title\"><\/span><\/a><\/li><li class=\"mec-event-social-icon\"><a class=\"twitter\" href=\"https:\/\/x.com\/intent\/tweet?url=https%3A%2F%2Fwww.nws.edu%2Fevents-tickets%2Fconcerts%2F2025-2026%2Famerican-dance-odyssey%2F\" onclick=\"javascript:window.open(this.href, &#039;&#039;, &#039;menubar=no,toolbar=no,resizable=yes,scrollbars=yes,height=600,width=500&#039;); return false;\" target=\"_blank\" title=\"X Social Network\" aria-label=\"Share on X\"><svg xmlns=\"http:\/\/www.w3.org\/2000\/svg\" shape-rendering=\"geometricPrecision\" text-rendering=\"geometricPrecision\" image-rendering=\"optimizeQuality\" fill-rule=\"evenodd\" clip-rule=\"evenodd\" viewbox=\"0 0 512 462.799\"><path fill-rule=\"nonzero\" d=\"M403.229 0h78.506L310.219 196.04 512 462.799H354.002L230.261 301.007 88.669 462.799h-78.56l183.455-209.683L0 0h161.999l111.856 147.88L403.229 0zm-27.556 415.805h43.505L138.363 44.527h-46.68l283.99 371.278z\"\/><\/svg><span class=\"mec-social-title\"><\/span><\/a><\/li><li class=\"mec-event-social-icon\"><a class=\"linkedin\" href=\"https:\/\/www.linkedin.com\/shareArticle?mini=true&amp;url=https%3A%2F%2Fwww.nws.edu%2Fevents-tickets%2Fconcerts%2F2025-2026%2Famerican-dance-odyssey%2F\" onclick=\"javascript:window.open(this.href, &#039;&#039;, &#039;menubar=no,toolbar=no,resizable=yes,scrollbars=yes,height=600,width=500&#039;); return false;\" target=\"_blank\" title=\"Linkedin\" aria-label=\"Share on Linkedin\" rel=\"noopener\"><i class=\"mec-fa-linkedin\"><\/i><span class=\"mec-social-title\"><\/span><\/a><\/li><li class=\"mec-event-social-icon\"><a class=\"email\" href=\"mailto:?subject=American%20Dance%20Odyssey%20-%20New%20World%20Symphony%2FMiami%20city%20ballet&body=https%3A%2F%2Fwww.nws.edu%2Fevents-tickets%2Fconcerts%2F2025-2026%2Famerican-dance-odyssey%2F\" title=\"Email\" aria-label=\"Share via Email\"><i class=\"mec-fa-envelope\"><\/i><span class=\"mec-social-title\"><\/span><\/a><\/li>            <\/ul>\r\n        <\/div>\r\n    <\/div>\r\n<\/div>\r\n            <!-- Google Maps Module -->\r\n            <div class=\"mec-events-meta-group mec-events-meta-group-gmap\">\r\n                            <\/div>\r\n\r\n            <!-- Export Module -->\r\n            <div class=\"mec-event-export-module mec-frontbox\">\r\n     <div class=\"mec-event-exporting\">\r\n        <div class=\"mec-export-details\">\r\n            <ul>\r\n                <li><a class=\"mec-events-gcal mec-events-button mec-color mec-bg-color-hover mec-border-color\" href=\"https:\/\/calendar.google.com\/calendar\/render?action=TEMPLATE&amp;text=American+Dance+Odyssey+-+New+World+Symphony%2FMiami+city+ballet&amp;dates=20260419T180000Z\/20260419T203000Z&amp;details=American+Dance+Odyssey+-+New+World+Symphony%2FMiami+city+ballet&amp;location=\" target=\"_blank\" rel=\"noopener\">+ Add to Google Calendar<\/a><\/li>                <li><a class=\"mec-events-gcal mec-events-button mec-color mec-bg-color-hover mec-border-color\" href=\"https:\/\/eloisefaresharpiste.com\/en\/?method=ical&#038;id=1070\">+ iCal \/ Outlook export<\/a><\/li>            <\/ul>\r\n        <\/div>\r\n    <\/div>\r\n<\/div>\r\n            <!-- Hourly Schedule -->\r\n            \r\n            \t\t\t<!-- Booking Module -->\r\n            \r\n            <!-- Tags -->\r\n            <div class=\"mec-events-meta-group mec-events-meta-group-tags\">\r\n                            <\/div>\r\n\r\n        <\/div>\r\n    <\/article>\r\n<\/div>\r\n<script>\r\n\/\/ Fix modal speaker in some themes\r\njQuery(\"#mec_skin_2039 .mec-speaker-avatar-dialog a\").on('click', function(e)\r\n{\r\n    e.preventDefault();\r\n\r\n    var id = jQuery(this).attr('href');\r\n    lity(id);\r\n\r\n    return false;\r\n});\r\n<\/script>\r\n                                <\/div>\r\n                            <\/div>\r\n                        <\/div><!-- toggle item end -->\r\n                    <\/div><!-- toggles wrap end -->\r\n                            <\/article>\r\n            \t\t\r\n                        <div class=\"mec-month-divider\" data-toggle-divider=\"mec-toggle-202603-mec2\"><h5 style=\"display: inline;\">March 2026<\/h5><i class=\"mec-sl-arrow-down\"><\/i><\/div>\r\n            \r\n                        <article class=\"mec-past-event mec-event-article  mec-clear  mec-divider-toggle mec-toggle-202603-mec2\" itemscope>\r\n                                    <!-- toggles wrap start -->\r\n                    <div class=\"mec-events-toggle\">\r\n                        <!-- toggle item start -->\r\n                        <div class=\"mec-toggle-item\">\r\n                            <div class=\"mec-toggle-item-inner\" tabindex=\"0\">\r\n                                                                <div class=\"mec-toggle-item-col\">\r\n                                                                            <div class=\"mec-event-month\"><span class=\"mec-start-date-label\">29 March<\/span><\/div>\r\n                                                                                                        <\/div>\r\n                                <h3 class=\"mec-toggle-title\">\r\n                                    Chamber music : Percussion : Americans Got Rhythm &#8211; New World Symphony<\/h3>\r\n                                                                <i class=\"mec-sl-arrow-down\"><\/i>\r\n                            <\/div>\r\n                            <div class=\"mec-content-toggle\" aria-hidden=\"true\" style=\"display: none;\">\r\n                                <div class=\"mec-toggle-content\">\r\n                                    <div class=\"mec-wrap colorskin-custom clearfix  mec-modal-wrap\" id=\"mec_skin_5229\" data-unique-id=\"5229\">\r\n    <article class=\"mec-single-event mec-single-modern mec-single-modal\">\r\n        <div class=\"mec-events-event-image\">\r\n            <img loading=\"lazy\" decoding=\"async\" width=\"400\" height=\"400\" src=\"https:\/\/eloisefaresharpiste.com\/wp-content\/uploads\/2025\/08\/Logo-NWS-1.jpeg\" class=\"attachment-full size-full wp-post-image\" alt=\"\" data-mec-postid=\"1072\" \/>        <\/div>\r\n        \r\n        <div class=\"col-md-4\">\r\n\r\n            <div class=\"mec-event-meta mec-color-before mec-frontbox mec-util-hidden\">\r\n                \r\n                <!-- Sponsors Module -->\r\n                \r\n                <!-- Register Booking Button -->\r\n                            <\/div>\r\n\r\n            <!-- Weather Module -->\r\n            \r\n            <!-- QRCode Module -->\r\n            \r\n            <!-- Public Download Module -->\r\n            \r\n            <!-- Local Time Module -->\r\n            \r\n            <div class=\"mec-event-meta mec-color-before mec-frontbox\">\r\n\r\n                                                \r\n                                    <div class=\"mec-single-event-location\">\r\n                        <i class=\"mec-sl-location-pin\"><\/i>                        <h3 class=\"mec-events-single-section-title mec-location\">Location<\/h3>\r\n\r\n                        \r\n                        <dl>\r\n                        <dd class=\"author fn org\">500 17th St, Miami Beach, FL 33139, \u00c9tats-Unis<\/dd>\r\n\r\n                        <dd class=\"location\"><address class=\"mec-events-address\"><span class=\"mec-address\"><\/span><\/address><\/dd>\r\n\r\n                                                <\/dl>\r\n                    <\/div>\r\n                    \r\n                                    <div class=\"mec-single-event-category\">\r\n                        <i class=\"mec-sl-folder\"><\/i>                        <h3 class=\"mec-events-single-section-title mec-category\">Category<\/h3>\r\n                        <dl>\r\n                        <dd class=\"mec-events-event-categories\"><a href=\"https:\/\/eloisefaresharpiste.com\/en\/mec-category\/agenda\/\" class=\"mec-color-hover\" rel=\"tag\"><i class=\"mec-fa-angle-right\"><\/i>agenda<\/a><\/dd>                        <\/dl>\r\n                    <\/div>\r\n                    \r\n                \r\n            <\/div>\r\n\r\n            <!-- Speaker List Module -->\r\n            \r\n            <!-- Attendees List Module -->\r\n            \r\n            <!-- Next Previous Module -->\r\n                    <\/div>\r\n\r\n        <div class=\"col-md-8\">\r\n\r\n            <div class=\"mec-event-content\">\r\n                <div class=\"mec-single-event-description mec-events-content\">\r\n                    <ul class=\"tab-links\">\n<li><a href=\"https:\/\/www.nws.edu\/events-tickets\/concerts\/2025-2026\/percussion-americans-got-rhythm\/#\/program\/pulse\" target=\"_blank\" rel=\"noopener\">Cowell : <em><span class=\"NormalTextRun SCXW440282 BCX0\">Pulse<\/span><\/em><\/a><\/li>\n<li><a href=\"https:\/\/www.nws.edu\/events-tickets\/concerts\/2025-2026\/percussion-americans-got-rhythm\/#\/program\/homunculus_c_f\" target=\"_blank\" rel=\"noopener\">Perry : <em><span class=\"NormalTextRun SCXW199196304 BCX0\">Homunculus C.F. <\/span><\/em><\/a><\/li>\n<li><a href=\"https:\/\/www.nws.edu\/events-tickets\/concerts\/2025-2026\/percussion-americans-got-rhythm\/#\/program\/patterns_and_forms\" target=\"_blank\" rel=\"noopener\">Vi\u00f1ao : <em><span class=\"NormalTextRun SCXW211151261 BCX0\">Patterns and Forms<\/span><\/em><\/a><\/li>\n<li><a href=\"https:\/\/www.nws.edu\/events-tickets\/concerts\/2025-2026\/percussion-americans-got-rhythm\/#\/program\/suite_of_rags\" target=\"_blank\" rel=\"noopener\">Green : Suite of Rags<\/a><\/li>\n<\/ul>\n                                                                            <\/div>\r\n            <\/div>\r\n\r\n            \r\n            <!-- Custom Data Fields -->\r\n            \r\n            <!-- FAQ -->\r\n            \r\n            <!-- Links Module -->\r\n            <div class=\"mec-event-social mec-frontbox\">\r\n     <h3 class=\"mec-social-single mec-frontbox-title\">Share this event<\/h3>\r\n     <div class=\"mec-event-sharing\">\r\n        <div class=\"mec-links-details\">\r\n            <ul>\r\n                <li class=\"mec-event-social-icon\"><a class=\"facebook\" href=\"https:\/\/www.facebook.com\/sharer\/sharer.php?u=https%3A%2F%2Fwww.nws.edu%2Fevents-tickets%2Fconcerts%2F2025-2026%2Fpercussion-americans-got-rhythm%2F\" onclick=\"javascript:window.open(this.href, &#039;&#039;, &#039;menubar=no,toolbar=no,resizable=yes,scrollbars=yes,height=500,width=600&#039;); return false;\" target=\"_blank\" title=\"Share on Facebook\" aria-label=\"Share on Facebook\" rel=\"noopener\"><i class=\"mec-fa-facebook\"><\/i><span class=\"mec-social-title\"><\/span><\/a><\/li><li class=\"mec-event-social-icon\"><a class=\"twitter\" href=\"https:\/\/x.com\/intent\/tweet?url=https%3A%2F%2Fwww.nws.edu%2Fevents-tickets%2Fconcerts%2F2025-2026%2Fpercussion-americans-got-rhythm%2F\" onclick=\"javascript:window.open(this.href, &#039;&#039;, &#039;menubar=no,toolbar=no,resizable=yes,scrollbars=yes,height=600,width=500&#039;); return false;\" target=\"_blank\" title=\"X Social Network\" aria-label=\"Share on X\"><svg xmlns=\"http:\/\/www.w3.org\/2000\/svg\" shape-rendering=\"geometricPrecision\" text-rendering=\"geometricPrecision\" image-rendering=\"optimizeQuality\" fill-rule=\"evenodd\" clip-rule=\"evenodd\" viewbox=\"0 0 512 462.799\"><path fill-rule=\"nonzero\" d=\"M403.229 0h78.506L310.219 196.04 512 462.799H354.002L230.261 301.007 88.669 462.799h-78.56l183.455-209.683L0 0h161.999l111.856 147.88L403.229 0zm-27.556 415.805h43.505L138.363 44.527h-46.68l283.99 371.278z\"\/><\/svg><span class=\"mec-social-title\"><\/span><\/a><\/li><li class=\"mec-event-social-icon\"><a class=\"linkedin\" href=\"https:\/\/www.linkedin.com\/shareArticle?mini=true&amp;url=https%3A%2F%2Fwww.nws.edu%2Fevents-tickets%2Fconcerts%2F2025-2026%2Fpercussion-americans-got-rhythm%2F\" onclick=\"javascript:window.open(this.href, &#039;&#039;, &#039;menubar=no,toolbar=no,resizable=yes,scrollbars=yes,height=600,width=500&#039;); return false;\" target=\"_blank\" title=\"Linkedin\" aria-label=\"Share on Linkedin\" rel=\"noopener\"><i class=\"mec-fa-linkedin\"><\/i><span class=\"mec-social-title\"><\/span><\/a><\/li><li class=\"mec-event-social-icon\"><a class=\"email\" href=\"mailto:?subject=Chamber%20music%20%3A%20Percussion%20%3A%20Americans%20Got%20Rhythm%20-%20New%20World%20Symphony&body=https%3A%2F%2Fwww.nws.edu%2Fevents-tickets%2Fconcerts%2F2025-2026%2Fpercussion-americans-got-rhythm%2F\" title=\"Email\" aria-label=\"Share via Email\"><i class=\"mec-fa-envelope\"><\/i><span class=\"mec-social-title\"><\/span><\/a><\/li>            <\/ul>\r\n        <\/div>\r\n    <\/div>\r\n<\/div>\r\n            <!-- Google Maps Module -->\r\n            <div class=\"mec-events-meta-group mec-events-meta-group-gmap\">\r\n                            <\/div>\r\n\r\n            <!-- Export Module -->\r\n            <div class=\"mec-event-export-module mec-frontbox\">\r\n     <div class=\"mec-event-exporting\">\r\n        <div class=\"mec-export-details\">\r\n            <ul>\r\n                <li><a class=\"mec-events-gcal mec-events-button mec-color mec-bg-color-hover mec-border-color\" href=\"https:\/\/calendar.google.com\/calendar\/render?action=TEMPLATE&amp;text=Chamber+music+%3A+Percussion+%3A+Americans+Got+Rhythm+-+New+World+Symphony&amp;dates=20260329T120000Z\/20260329T143000Z&amp;details=%0D%0A+%09Cowell+%3A+Pulse%0D%0A+%09Perry+%3A+Homunculus+C.F.+%0D%0A+%09Vi%C3%B1ao+%3A+Patterns+and+Forms%0D%0A+%09Green+%3A+Suite+of+Rags+%28+https%3A%2F%2Fwww.nws.edu%2Fevents-tickets%2Fconcerts%2F2025-2026%2Fpercussion-americans-got-rhythm%2F%23%2Fprogram%2Fsuite_of_rags+%29%0D%0A&amp;location=\" target=\"_blank\" rel=\"noopener\">+ Add to Google Calendar<\/a><\/li>                <li><a class=\"mec-events-gcal mec-events-button mec-color mec-bg-color-hover mec-border-color\" href=\"https:\/\/eloisefaresharpiste.com\/en\/?method=ical&#038;id=1072\">+ iCal \/ Outlook export<\/a><\/li>            <\/ul>\r\n        <\/div>\r\n    <\/div>\r\n<\/div>\r\n            <!-- Hourly Schedule -->\r\n            \r\n            \t\t\t<!-- Booking Module -->\r\n            \r\n            <!-- Tags -->\r\n            <div class=\"mec-events-meta-group mec-events-meta-group-tags\">\r\n                            <\/div>\r\n\r\n        <\/div>\r\n    <\/article>\r\n<\/div>\r\n<script>\r\n\/\/ Fix modal speaker in some themes\r\njQuery(\"#mec_skin_5229 .mec-speaker-avatar-dialog a\").on('click', function(e)\r\n{\r\n    e.preventDefault();\r\n\r\n    var id = jQuery(this).attr('href');\r\n    lity(id);\r\n\r\n    return false;\r\n});\r\n<\/script>\r\n                                <\/div>\r\n                            <\/div>\r\n                        <\/div><!-- toggle item end -->\r\n                    <\/div><!-- toggles wrap end -->\r\n                            <\/article>\r\n            \t\t\r\n            \r\n                        <article class=\"mec-past-event mec-event-article  mec-clear  mec-divider-toggle mec-toggle-202603-mec2\" itemscope>\r\n                                    <!-- toggles wrap start -->\r\n                    <div class=\"mec-events-toggle\">\r\n                        <!-- toggle item start -->\r\n                        <div class=\"mec-toggle-item\">\r\n                            <div class=\"mec-toggle-item-inner\" tabindex=\"0\">\r\n                                                                <div class=\"mec-toggle-item-col\">\r\n                                                                            <div class=\"mec-event-month\"><span class=\"mec-start-date-label\">28 March<\/span><\/div>\r\n                                                                                                        <\/div>\r\n                                <h3 class=\"mec-toggle-title\">\r\n                                    Raphael Payare : The Cleveland Orchestra &#8211; New World Symphony<\/h3>\r\n                                                                <i class=\"mec-sl-arrow-down\"><\/i>\r\n                            <\/div>\r\n                            <div class=\"mec-content-toggle\" aria-hidden=\"true\" style=\"display: none;\">\r\n                                <div class=\"mec-toggle-content\">\r\n                                    <div class=\"mec-wrap colorskin-custom clearfix  mec-modal-wrap\" id=\"mec_skin_4770\" data-unique-id=\"4770\">\r\n    <article class=\"mec-single-event mec-single-modern mec-single-modal\">\r\n        <div class=\"mec-events-event-image\">\r\n            <img loading=\"lazy\" decoding=\"async\" width=\"400\" height=\"400\" src=\"https:\/\/eloisefaresharpiste.com\/wp-content\/uploads\/2025\/08\/Logo-NWS-1.jpeg\" class=\"attachment-full size-full wp-post-image\" alt=\"\" data-mec-postid=\"1068\" \/>        <\/div>\r\n        \r\n        <div class=\"col-md-4\">\r\n\r\n            <div class=\"mec-event-meta mec-color-before mec-frontbox mec-util-hidden\">\r\n                \r\n                <!-- Sponsors Module -->\r\n                \r\n                <!-- Register Booking Button -->\r\n                            <\/div>\r\n\r\n            <!-- Weather Module -->\r\n            \r\n            <!-- QRCode Module -->\r\n            \r\n            <!-- Public Download Module -->\r\n            \r\n            <!-- Local Time Module -->\r\n            \r\n            <div class=\"mec-event-meta mec-color-before mec-frontbox\">\r\n\r\n                                                \r\n                                    <div class=\"mec-single-event-location\">\r\n                        <i class=\"mec-sl-location-pin\"><\/i>                        <h3 class=\"mec-events-single-section-title mec-location\">Location<\/h3>\r\n\r\n                        \r\n                        <dl>\r\n                        <dd class=\"author fn org\">Arsht Center, Miami<\/dd>\r\n\r\n                        <dd class=\"location\"><address class=\"mec-events-address\"><span class=\"mec-address\"><\/span><\/address><\/dd>\r\n\r\n                                                <\/dl>\r\n                    <\/div>\r\n                    \r\n                                    <div class=\"mec-single-event-category\">\r\n                        <i class=\"mec-sl-folder\"><\/i>                        <h3 class=\"mec-events-single-section-title mec-category\">Category<\/h3>\r\n                        <dl>\r\n                        <dd class=\"mec-events-event-categories\"><a href=\"https:\/\/eloisefaresharpiste.com\/en\/mec-category\/agenda\/\" class=\"mec-color-hover\" rel=\"tag\"><i class=\"mec-fa-angle-right\"><\/i>agenda<\/a><\/dd>                        <\/dl>\r\n                    <\/div>\r\n                    \r\n                \r\n            <\/div>\r\n\r\n            <!-- Speaker List Module -->\r\n            \r\n            <!-- Attendees List Module -->\r\n            \r\n            <!-- Next Previous Module -->\r\n                    <\/div>\r\n\r\n        <div class=\"col-md-8\">\r\n\r\n            <div class=\"mec-event-content\">\r\n                <div class=\"mec-single-event-description mec-events-content\">\r\n                                                                                                <\/div>\r\n            <\/div>\r\n\r\n            \r\n            <!-- Custom Data Fields -->\r\n            \r\n            <!-- FAQ -->\r\n            \r\n            <!-- Links Module -->\r\n            <div class=\"mec-event-social mec-frontbox\">\r\n     <h3 class=\"mec-social-single mec-frontbox-title\">Share this event<\/h3>\r\n     <div class=\"mec-event-sharing\">\r\n        <div class=\"mec-links-details\">\r\n            <ul>\r\n                <li class=\"mec-event-social-icon\"><a class=\"facebook\" href=\"https:\/\/www.facebook.com\/sharer\/sharer.php?u=https%3A%2F%2Fwww.nws.edu%2Fevents-tickets%2Fconcerts%2F%23%2F%3Fm%3D3%26y%3D2026\" onclick=\"javascript:window.open(this.href, &#039;&#039;, &#039;menubar=no,toolbar=no,resizable=yes,scrollbars=yes,height=500,width=600&#039;); return false;\" target=\"_blank\" title=\"Share on Facebook\" aria-label=\"Share on Facebook\" rel=\"noopener\"><i class=\"mec-fa-facebook\"><\/i><span class=\"mec-social-title\"><\/span><\/a><\/li><li class=\"mec-event-social-icon\"><a class=\"twitter\" href=\"https:\/\/x.com\/intent\/tweet?url=https%3A%2F%2Fwww.nws.edu%2Fevents-tickets%2Fconcerts%2F%23%2F%3Fm%3D3%26y%3D2026\" onclick=\"javascript:window.open(this.href, &#039;&#039;, &#039;menubar=no,toolbar=no,resizable=yes,scrollbars=yes,height=600,width=500&#039;); return false;\" target=\"_blank\" title=\"X Social Network\" aria-label=\"Share on X\"><svg xmlns=\"http:\/\/www.w3.org\/2000\/svg\" shape-rendering=\"geometricPrecision\" text-rendering=\"geometricPrecision\" image-rendering=\"optimizeQuality\" fill-rule=\"evenodd\" clip-rule=\"evenodd\" viewbox=\"0 0 512 462.799\"><path fill-rule=\"nonzero\" d=\"M403.229 0h78.506L310.219 196.04 512 462.799H354.002L230.261 301.007 88.669 462.799h-78.56l183.455-209.683L0 0h161.999l111.856 147.88L403.229 0zm-27.556 415.805h43.505L138.363 44.527h-46.68l283.99 371.278z\"\/><\/svg><span class=\"mec-social-title\"><\/span><\/a><\/li><li class=\"mec-event-social-icon\"><a class=\"linkedin\" href=\"https:\/\/www.linkedin.com\/shareArticle?mini=true&amp;url=https%3A%2F%2Fwww.nws.edu%2Fevents-tickets%2Fconcerts%2F%23%2F%3Fm%3D3%26y%3D2026\" onclick=\"javascript:window.open(this.href, &#039;&#039;, &#039;menubar=no,toolbar=no,resizable=yes,scrollbars=yes,height=600,width=500&#039;); return false;\" target=\"_blank\" title=\"Linkedin\" aria-label=\"Share on Linkedin\" rel=\"noopener\"><i class=\"mec-fa-linkedin\"><\/i><span class=\"mec-social-title\"><\/span><\/a><\/li><li class=\"mec-event-social-icon\"><a class=\"email\" href=\"mailto:?subject=Raphael%20Payare%20%3A%20The%20Cleveland%20Orchestra%20-%20New%20World%20Symphony&body=https%3A%2F%2Fwww.nws.edu%2Fevents-tickets%2Fconcerts%2F%23%2F%3Fm%3D3%26y%3D2026\" title=\"Email\" aria-label=\"Share via Email\"><i class=\"mec-fa-envelope\"><\/i><span class=\"mec-social-title\"><\/span><\/a><\/li>            <\/ul>\r\n        <\/div>\r\n    <\/div>\r\n<\/div>\r\n            <!-- Google Maps Module -->\r\n            <div class=\"mec-events-meta-group mec-events-meta-group-gmap\">\r\n                            <\/div>\r\n\r\n            <!-- Export Module -->\r\n            <div class=\"mec-event-export-module mec-frontbox\">\r\n     <div class=\"mec-event-exporting\">\r\n        <div class=\"mec-export-details\">\r\n            <ul>\r\n                <li><a class=\"mec-events-gcal mec-events-button mec-color mec-bg-color-hover mec-border-color\" href=\"https:\/\/calendar.google.com\/calendar\/render?action=TEMPLATE&amp;text=Raphael+Payare+%3A+The+Cleveland+Orchestra+-+New+World+Symphony&amp;dates=20260328T190000Z\/20260328T210000Z&amp;details=Raphael+Payare+%3A+The+Cleveland+Orchestra+-+New+World+Symphony&amp;location=\" target=\"_blank\" rel=\"noopener\">+ Add to Google Calendar<\/a><\/li>                <li><a class=\"mec-events-gcal mec-events-button mec-color mec-bg-color-hover mec-border-color\" href=\"https:\/\/eloisefaresharpiste.com\/en\/?method=ical&#038;id=1068\">+ iCal \/ Outlook export<\/a><\/li>            <\/ul>\r\n        <\/div>\r\n    <\/div>\r\n<\/div>\r\n            <!-- Hourly Schedule -->\r\n            \r\n            \t\t\t<!-- Booking Module -->\r\n            \r\n            <!-- Tags -->\r\n            <div class=\"mec-events-meta-group mec-events-meta-group-tags\">\r\n                            <\/div>\r\n\r\n        <\/div>\r\n    <\/article>\r\n<\/div>\r\n<script>\r\n\/\/ Fix modal speaker in some themes\r\njQuery(\"#mec_skin_4770 .mec-speaker-avatar-dialog a\").on('click', function(e)\r\n{\r\n    e.preventDefault();\r\n\r\n    var id = jQuery(this).attr('href');\r\n    lity(id);\r\n\r\n    return false;\r\n});\r\n<\/script>\r\n                                <\/div>\r\n                            <\/div>\r\n                        <\/div><!-- toggle item end -->\r\n                    <\/div><!-- toggles wrap end -->\r\n                            <\/article>\r\n            \t\t\r\n            \r\n                        <article class=\"mec-past-event mec-event-article  mec-clear  mec-divider-toggle mec-toggle-202603-mec2\" itemscope>\r\n                                    <!-- toggles wrap start -->\r\n                    <div class=\"mec-events-toggle\">\r\n                        <!-- toggle item start -->\r\n                        <div class=\"mec-toggle-item\">\r\n                            <div class=\"mec-toggle-item-inner\" tabindex=\"0\">\r\n                                                                <div class=\"mec-toggle-item-col\">\r\n                                                                            <div class=\"mec-event-month\"><span class=\"mec-start-date-label\">27 March<\/span><\/div>\r\n                                                                                                        <\/div>\r\n                                <h3 class=\"mec-toggle-title\">\r\n                                    Raphael Payare : The Cleveland Orchestra &#8211; New World Symphony<\/h3>\r\n                                                                <i class=\"mec-sl-arrow-down\"><\/i>\r\n                            <\/div>\r\n                            <div class=\"mec-content-toggle\" aria-hidden=\"true\" style=\"display: none;\">\r\n                                <div class=\"mec-toggle-content\">\r\n                                    <div class=\"mec-wrap colorskin-custom clearfix  mec-modal-wrap\" id=\"mec_skin_9472\" data-unique-id=\"9472\">\r\n    <article class=\"mec-single-event mec-single-modern mec-single-modal\">\r\n        <div class=\"mec-events-event-image\">\r\n            <img loading=\"lazy\" decoding=\"async\" width=\"400\" height=\"400\" src=\"https:\/\/eloisefaresharpiste.com\/wp-content\/uploads\/2025\/08\/Logo-NWS-1.jpeg\" class=\"attachment-full size-full wp-post-image\" alt=\"\" data-mec-postid=\"1068\" \/>        <\/div>\r\n        \r\n        <div class=\"col-md-4\">\r\n\r\n            <div class=\"mec-event-meta mec-color-before mec-frontbox mec-util-hidden\">\r\n                \r\n                <!-- Sponsors Module -->\r\n                \r\n                <!-- Register Booking Button -->\r\n                            <\/div>\r\n\r\n            <!-- Weather Module -->\r\n            \r\n            <!-- QRCode Module -->\r\n            \r\n            <!-- Public Download Module -->\r\n            \r\n            <!-- Local Time Module -->\r\n            \r\n            <div class=\"mec-event-meta mec-color-before mec-frontbox\">\r\n\r\n                                                \r\n                                    <div class=\"mec-single-event-location\">\r\n                        <i class=\"mec-sl-location-pin\"><\/i>                        <h3 class=\"mec-events-single-section-title mec-location\">Location<\/h3>\r\n\r\n                        \r\n                        <dl>\r\n                        <dd class=\"author fn org\">Arsht Center, Miami<\/dd>\r\n\r\n                        <dd class=\"location\"><address class=\"mec-events-address\"><span class=\"mec-address\"><\/span><\/address><\/dd>\r\n\r\n                                                <\/dl>\r\n                    <\/div>\r\n                    \r\n                                    <div class=\"mec-single-event-category\">\r\n                        <i class=\"mec-sl-folder\"><\/i>                        <h3 class=\"mec-events-single-section-title mec-category\">Category<\/h3>\r\n                        <dl>\r\n                        <dd class=\"mec-events-event-categories\"><a href=\"https:\/\/eloisefaresharpiste.com\/en\/mec-category\/agenda\/\" class=\"mec-color-hover\" rel=\"tag\"><i class=\"mec-fa-angle-right\"><\/i>agenda<\/a><\/dd>                        <\/dl>\r\n                    <\/div>\r\n                    \r\n                \r\n            <\/div>\r\n\r\n            <!-- Speaker List Module -->\r\n            \r\n            <!-- Attendees List Module -->\r\n            \r\n            <!-- Next Previous Module -->\r\n                    <\/div>\r\n\r\n        <div class=\"col-md-8\">\r\n\r\n            <div class=\"mec-event-content\">\r\n                <div class=\"mec-single-event-description mec-events-content\">\r\n                                                                                                <\/div>\r\n            <\/div>\r\n\r\n            \r\n            <!-- Custom Data Fields -->\r\n            \r\n            <!-- FAQ -->\r\n            \r\n            <!-- Links Module -->\r\n            <div class=\"mec-event-social mec-frontbox\">\r\n     <h3 class=\"mec-social-single mec-frontbox-title\">Share this event<\/h3>\r\n     <div class=\"mec-event-sharing\">\r\n        <div class=\"mec-links-details\">\r\n            <ul>\r\n                <li class=\"mec-event-social-icon\"><a class=\"facebook\" href=\"https:\/\/www.facebook.com\/sharer\/sharer.php?u=https%3A%2F%2Fwww.nws.edu%2Fevents-tickets%2Fconcerts%2F%23%2F%3Fm%3D3%26y%3D2026\" onclick=\"javascript:window.open(this.href, &#039;&#039;, &#039;menubar=no,toolbar=no,resizable=yes,scrollbars=yes,height=500,width=600&#039;); return false;\" target=\"_blank\" title=\"Share on Facebook\" aria-label=\"Share on Facebook\" rel=\"noopener\"><i class=\"mec-fa-facebook\"><\/i><span class=\"mec-social-title\"><\/span><\/a><\/li><li class=\"mec-event-social-icon\"><a class=\"twitter\" href=\"https:\/\/x.com\/intent\/tweet?url=https%3A%2F%2Fwww.nws.edu%2Fevents-tickets%2Fconcerts%2F%23%2F%3Fm%3D3%26y%3D2026\" onclick=\"javascript:window.open(this.href, &#039;&#039;, &#039;menubar=no,toolbar=no,resizable=yes,scrollbars=yes,height=600,width=500&#039;); return false;\" target=\"_blank\" title=\"X Social Network\" aria-label=\"Share on X\"><svg xmlns=\"http:\/\/www.w3.org\/2000\/svg\" shape-rendering=\"geometricPrecision\" text-rendering=\"geometricPrecision\" image-rendering=\"optimizeQuality\" fill-rule=\"evenodd\" clip-rule=\"evenodd\" viewbox=\"0 0 512 462.799\"><path fill-rule=\"nonzero\" d=\"M403.229 0h78.506L310.219 196.04 512 462.799H354.002L230.261 301.007 88.669 462.799h-78.56l183.455-209.683L0 0h161.999l111.856 147.88L403.229 0zm-27.556 415.805h43.505L138.363 44.527h-46.68l283.99 371.278z\"\/><\/svg><span class=\"mec-social-title\"><\/span><\/a><\/li><li class=\"mec-event-social-icon\"><a class=\"linkedin\" href=\"https:\/\/www.linkedin.com\/shareArticle?mini=true&amp;url=https%3A%2F%2Fwww.nws.edu%2Fevents-tickets%2Fconcerts%2F%23%2F%3Fm%3D3%26y%3D2026\" onclick=\"javascript:window.open(this.href, &#039;&#039;, &#039;menubar=no,toolbar=no,resizable=yes,scrollbars=yes,height=600,width=500&#039;); return false;\" target=\"_blank\" title=\"Linkedin\" aria-label=\"Share on Linkedin\" rel=\"noopener\"><i class=\"mec-fa-linkedin\"><\/i><span class=\"mec-social-title\"><\/span><\/a><\/li><li class=\"mec-event-social-icon\"><a class=\"email\" href=\"mailto:?subject=Raphael%20Payare%20%3A%20The%20Cleveland%20Orchestra%20-%20New%20World%20Symphony&body=https%3A%2F%2Fwww.nws.edu%2Fevents-tickets%2Fconcerts%2F%23%2F%3Fm%3D3%26y%3D2026\" title=\"Email\" aria-label=\"Share via Email\"><i class=\"mec-fa-envelope\"><\/i><span class=\"mec-social-title\"><\/span><\/a><\/li>            <\/ul>\r\n        <\/div>\r\n    <\/div>\r\n<\/div>\r\n            <!-- Google Maps Module -->\r\n            <div class=\"mec-events-meta-group mec-events-meta-group-gmap\">\r\n                            <\/div>\r\n\r\n            <!-- Export Module -->\r\n            <div class=\"mec-event-export-module mec-frontbox\">\r\n     <div class=\"mec-event-exporting\">\r\n        <div class=\"mec-export-details\">\r\n            <ul>\r\n                <li><a class=\"mec-events-gcal mec-events-button mec-color mec-bg-color-hover mec-border-color\" href=\"https:\/\/calendar.google.com\/calendar\/render?action=TEMPLATE&amp;text=Raphael+Payare+%3A+The+Cleveland+Orchestra+-+New+World+Symphony&amp;dates=20260328T190000Z\/20260328T210000Z&amp;details=Raphael+Payare+%3A+The+Cleveland+Orchestra+-+New+World+Symphony&amp;location=\" target=\"_blank\" rel=\"noopener\">+ Add to Google Calendar<\/a><\/li>                <li><a class=\"mec-events-gcal mec-events-button mec-color mec-bg-color-hover mec-border-color\" href=\"https:\/\/eloisefaresharpiste.com\/en\/?method=ical&#038;id=1068\">+ iCal \/ Outlook export<\/a><\/li>            <\/ul>\r\n        <\/div>\r\n    <\/div>\r\n<\/div>\r\n            <!-- Hourly Schedule -->\r\n            \r\n            \t\t\t<!-- Booking Module -->\r\n            \r\n            <!-- Tags -->\r\n            <div class=\"mec-events-meta-group mec-events-meta-group-tags\">\r\n                            <\/div>\r\n\r\n        <\/div>\r\n    <\/article>\r\n<\/div>\r\n<script>\r\n\/\/ Fix modal speaker in some themes\r\njQuery(\"#mec_skin_9472 .mec-speaker-avatar-dialog a\").on('click', function(e)\r\n{\r\n    e.preventDefault();\r\n\r\n    var id = jQuery(this).attr('href');\r\n    lity(id);\r\n\r\n    return false;\r\n});\r\n<\/script>\r\n                                <\/div>\r\n                            <\/div>\r\n                        <\/div><!-- toggle item end -->\r\n                    <\/div><!-- toggles wrap end -->\r\n                            <\/article>\r\n            \t\t\r\n            \r\n                        <article class=\"mec-past-event mec-event-article  mec-clear  mec-divider-toggle mec-toggle-202603-mec2\" itemscope>\r\n                                    <!-- toggles wrap start -->\r\n                    <div class=\"mec-events-toggle\">\r\n                        <!-- toggle item start -->\r\n                        <div class=\"mec-toggle-item\">\r\n                            <div class=\"mec-toggle-item-inner\" tabindex=\"0\">\r\n                                                                <div class=\"mec-toggle-item-col\">\r\n                                                                            <div class=\"mec-event-month\"><span class=\"mec-start-date-label\">15 March<\/span><\/div>\r\n                                                                                                        <\/div>\r\n                                <h3 class=\"mec-toggle-title\">\r\n                                    Den\u00e8ve + Hadelich: The Hollywood Sound &#8211; New World Symphony<\/h3>\r\n                                                                <i class=\"mec-sl-arrow-down\"><\/i>\r\n                            <\/div>\r\n                            <div class=\"mec-content-toggle\" aria-hidden=\"true\" style=\"display: none;\">\r\n                                <div class=\"mec-toggle-content\">\r\n                                    <div class=\"mec-wrap colorskin-custom clearfix  mec-modal-wrap\" id=\"mec_skin_9798\" data-unique-id=\"9798\">\r\n    <article class=\"mec-single-event mec-single-modern mec-single-modal\">\r\n        <div class=\"mec-events-event-image\">\r\n            <img loading=\"lazy\" decoding=\"async\" width=\"400\" height=\"400\" src=\"https:\/\/eloisefaresharpiste.com\/wp-content\/uploads\/2025\/08\/Logo-NWS-1.jpeg\" class=\"attachment-full size-full wp-post-image\" alt=\"\" data-mec-postid=\"1066\" \/>        <\/div>\r\n        \r\n        <div class=\"col-md-4\">\r\n\r\n            <div class=\"mec-event-meta mec-color-before mec-frontbox mec-util-hidden\">\r\n                \r\n                <!-- Sponsors Module -->\r\n                \r\n                <!-- Register Booking Button -->\r\n                            <\/div>\r\n\r\n            <!-- Weather Module -->\r\n            \r\n            <!-- QRCode Module -->\r\n            \r\n            <!-- Public Download Module -->\r\n            \r\n            <!-- Local Time Module -->\r\n            \r\n            <div class=\"mec-event-meta mec-color-before mec-frontbox\">\r\n\r\n                                                \r\n                                    <div class=\"mec-single-event-location\">\r\n                        <i class=\"mec-sl-location-pin\"><\/i>                        <h3 class=\"mec-events-single-section-title mec-location\">Location<\/h3>\r\n\r\n                        \r\n                        <dl>\r\n                        <dd class=\"author fn org\">500 17th St, Miami Beach, FL 33139, \u00c9tats-Unis<\/dd>\r\n\r\n                        <dd class=\"location\"><address class=\"mec-events-address\"><span class=\"mec-address\"><\/span><\/address><\/dd>\r\n\r\n                                                <\/dl>\r\n                    <\/div>\r\n                    \r\n                                    <div class=\"mec-single-event-category\">\r\n                        <i class=\"mec-sl-folder\"><\/i>                        <h3 class=\"mec-events-single-section-title mec-category\">Category<\/h3>\r\n                        <dl>\r\n                        <dd class=\"mec-events-event-categories\"><a href=\"https:\/\/eloisefaresharpiste.com\/en\/mec-category\/agenda\/\" class=\"mec-color-hover\" rel=\"tag\"><i class=\"mec-fa-angle-right\"><\/i>agenda<\/a><\/dd>                        <\/dl>\r\n                    <\/div>\r\n                    \r\n                \r\n            <\/div>\r\n\r\n            <!-- Speaker List Module -->\r\n            \r\n            <!-- Attendees List Module -->\r\n            \r\n            <!-- Next Previous Module -->\r\n                    <\/div>\r\n\r\n        <div class=\"col-md-8\">\r\n\r\n            <div class=\"mec-event-content\">\r\n                <div class=\"mec-single-event-description mec-events-content\">\r\n                    <ul class=\"tab-links\">\n<li><a href=\"https:\/\/www.nws.edu\/events-tickets\/concerts\/2025-2026\/deneve-plus-hadelich-the-hollywood-sound\/#\/program\/main_theme_from_king_kong\" target=\"_blank\" rel=\"noopener\">Steiner : Main Theme from <em>King Kong<\/em><\/a><\/li>\n<li><a href=\"https:\/\/www.nws.edu\/events-tickets\/concerts\/2025-2026\/deneve-plus-hadelich-the-hollywood-sound\/#\/program\/overture_from_a_midsummer_night_s_dream\" target=\"_blank\" rel=\"noopener\">Korngold : Overture from <em>A Midsummer Night&rsquo;s Dream<\/em><\/a><\/li>\n<li><a href=\"https:\/\/www.nws.edu\/events-tickets\/concerts\/2025-2026\/deneve-plus-hadelich-the-hollywood-sound\/#\/program\/overture_from_the_sea_hawk\" target=\"_blank\" rel=\"noopener\">Korngold : Overture from\u00a0<em>The Sea Hawk<\/em><\/a><\/li>\n<li><a href=\"https:\/\/www.nws.edu\/events-tickets\/concerts\/2025-2026\/deneve-plus-hadelich-the-hollywood-sound\/#\/program\/violin_concerto\" target=\"_blank\" rel=\"noopener\">Korngold : Violin Concerto<\/a><\/li>\n<li><a href=\"https:\/\/www.nws.edu\/events-tickets\/concerts\/2025-2026\/deneve-plus-hadelich-the-hollywood-sound\/#\/program\/also_sprach_zarathustra\" target=\"_blank\" rel=\"noopener\">R. Strauss : <em>Also sprach Zarathustra<\/em><\/a><\/li>\n<\/ul>\n                                                                            <\/div>\r\n            <\/div>\r\n\r\n            \r\n            <!-- Custom Data Fields -->\r\n            \r\n            <!-- FAQ -->\r\n            \r\n            <!-- Links Module -->\r\n            <div class=\"mec-event-social mec-frontbox\">\r\n     <h3 class=\"mec-social-single mec-frontbox-title\">Share this event<\/h3>\r\n     <div class=\"mec-event-sharing\">\r\n        <div class=\"mec-links-details\">\r\n            <ul>\r\n                <li class=\"mec-event-social-icon\"><a class=\"facebook\" href=\"https:\/\/www.facebook.com\/sharer\/sharer.php?u=https%3A%2F%2Fwww.nws.edu%2Fevents-tickets%2Fconcerts%2F2025-2026%2Fdeneve-plus-hadelich-the-hollywood-sound%2F\" onclick=\"javascript:window.open(this.href, &#039;&#039;, &#039;menubar=no,toolbar=no,resizable=yes,scrollbars=yes,height=500,width=600&#039;); return false;\" target=\"_blank\" title=\"Share on Facebook\" aria-label=\"Share on Facebook\" rel=\"noopener\"><i class=\"mec-fa-facebook\"><\/i><span class=\"mec-social-title\"><\/span><\/a><\/li><li class=\"mec-event-social-icon\"><a class=\"twitter\" href=\"https:\/\/x.com\/intent\/tweet?url=https%3A%2F%2Fwww.nws.edu%2Fevents-tickets%2Fconcerts%2F2025-2026%2Fdeneve-plus-hadelich-the-hollywood-sound%2F\" onclick=\"javascript:window.open(this.href, &#039;&#039;, &#039;menubar=no,toolbar=no,resizable=yes,scrollbars=yes,height=600,width=500&#039;); return false;\" target=\"_blank\" title=\"X Social Network\" aria-label=\"Share on X\"><svg xmlns=\"http:\/\/www.w3.org\/2000\/svg\" shape-rendering=\"geometricPrecision\" text-rendering=\"geometricPrecision\" image-rendering=\"optimizeQuality\" fill-rule=\"evenodd\" clip-rule=\"evenodd\" viewbox=\"0 0 512 462.799\"><path fill-rule=\"nonzero\" d=\"M403.229 0h78.506L310.219 196.04 512 462.799H354.002L230.261 301.007 88.669 462.799h-78.56l183.455-209.683L0 0h161.999l111.856 147.88L403.229 0zm-27.556 415.805h43.505L138.363 44.527h-46.68l283.99 371.278z\"\/><\/svg><span class=\"mec-social-title\"><\/span><\/a><\/li><li class=\"mec-event-social-icon\"><a class=\"linkedin\" href=\"https:\/\/www.linkedin.com\/shareArticle?mini=true&amp;url=https%3A%2F%2Fwww.nws.edu%2Fevents-tickets%2Fconcerts%2F2025-2026%2Fdeneve-plus-hadelich-the-hollywood-sound%2F\" onclick=\"javascript:window.open(this.href, &#039;&#039;, &#039;menubar=no,toolbar=no,resizable=yes,scrollbars=yes,height=600,width=500&#039;); return false;\" target=\"_blank\" title=\"Linkedin\" aria-label=\"Share on Linkedin\" rel=\"noopener\"><i class=\"mec-fa-linkedin\"><\/i><span class=\"mec-social-title\"><\/span><\/a><\/li><li class=\"mec-event-social-icon\"><a class=\"email\" href=\"mailto:?subject=Den%C3%A8ve%20%2B%20Hadelich%3A%20The%20Hollywood%20Sound%20-%20New%20World%20Symphony&body=https%3A%2F%2Fwww.nws.edu%2Fevents-tickets%2Fconcerts%2F2025-2026%2Fdeneve-plus-hadelich-the-hollywood-sound%2F\" title=\"Email\" aria-label=\"Share via Email\"><i class=\"mec-fa-envelope\"><\/i><span class=\"mec-social-title\"><\/span><\/a><\/li>            <\/ul>\r\n        <\/div>\r\n    <\/div>\r\n<\/div>\r\n            <!-- Google Maps Module -->\r\n            <div class=\"mec-events-meta-group mec-events-meta-group-gmap\">\r\n                            <\/div>\r\n\r\n            <!-- Export Module -->\r\n            <div class=\"mec-event-export-module mec-frontbox\">\r\n     <div class=\"mec-event-exporting\">\r\n        <div class=\"mec-export-details\">\r\n            <ul>\r\n                <li><a class=\"mec-events-gcal mec-events-button mec-color mec-bg-color-hover mec-border-color\" href=\"https:\/\/calendar.google.com\/calendar\/render?action=TEMPLATE&amp;text=Den%C3%A8ve+%2B+Hadelich%3A+The+Hollywood+Sound+-+New+World+Symphony&amp;dates=20260315T183000Z\/20260222T203000Z&amp;details=%0D%0A+%09Steiner+%3A+Main+Theme+from+King+Kong%0D%0A+%09Korngold+%3A+Overture+from+A+Midsummer+Night%27s+Dream%0D%0A+%09Korngold+%3A+Overture+from%C2%A0The+Sea+Hawk%0D%0A+%09Korngold+%3A+Violin+Concerto+%28+https%3A%2F%2Fwww.nws.edu%2Fevents-tickets%2Fconcerts%2F2025-2026%2Fdeneve-plus-hadelich-the-hollywood-sound%2F%23%2Fprogram%2Fviolin_concerto+%29%0D%0A+%09R.+Strauss+%3A+Also+sprach+Zarathustra%0D%0A&amp;location=\" target=\"_blank\" rel=\"noopener\">+ Add to Google Calendar<\/a><\/li>                <li><a class=\"mec-events-gcal mec-events-button mec-color mec-bg-color-hover mec-border-color\" href=\"https:\/\/eloisefaresharpiste.com\/en\/?method=ical&#038;id=1066\">+ iCal \/ Outlook export<\/a><\/li>            <\/ul>\r\n        <\/div>\r\n    <\/div>\r\n<\/div>\r\n            <!-- Hourly Schedule -->\r\n            \r\n            \t\t\t<!-- Booking Module -->\r\n            \r\n            <!-- Tags -->\r\n            <div class=\"mec-events-meta-group mec-events-meta-group-tags\">\r\n                            <\/div>\r\n\r\n        <\/div>\r\n    <\/article>\r\n<\/div>\r\n<script>\r\n\/\/ Fix modal speaker in some themes\r\njQuery(\"#mec_skin_9798 .mec-speaker-avatar-dialog a\").on('click', function(e)\r\n{\r\n    e.preventDefault();\r\n\r\n    var id = jQuery(this).attr('href');\r\n    lity(id);\r\n\r\n    return false;\r\n});\r\n<\/script>\r\n                                <\/div>\r\n                            <\/div>\r\n                        <\/div><!-- toggle item end -->\r\n                    <\/div><!-- toggles wrap end -->\r\n                            <\/article>\r\n            \t\t\r\n            \r\n                        <article class=\"mec-past-event mec-event-article  mec-clear  mec-divider-toggle mec-toggle-202603-mec2\" itemscope>\r\n                                    <!-- toggles wrap start -->\r\n                    <div class=\"mec-events-toggle\">\r\n                        <!-- toggle item start -->\r\n                        <div class=\"mec-toggle-item\">\r\n                            <div class=\"mec-toggle-item-inner\" tabindex=\"0\">\r\n                                                                <div class=\"mec-toggle-item-col\">\r\n                                                                            <div class=\"mec-event-month\"><span class=\"mec-start-date-label\">14 March<\/span><\/div>\r\n                                                                                                        <\/div>\r\n                                <h3 class=\"mec-toggle-title\">\r\n                                    Den\u00e8ve + Hadelich: The Hollywood Sound &#8211; New World Symphony<\/h3>\r\n                                                                <i class=\"mec-sl-arrow-down\"><\/i>\r\n                            <\/div>\r\n                            <div class=\"mec-content-toggle\" aria-hidden=\"true\" style=\"display: none;\">\r\n                                <div class=\"mec-toggle-content\">\r\n                                    <div class=\"mec-wrap colorskin-custom clearfix  mec-modal-wrap\" id=\"mec_skin_7807\" data-unique-id=\"7807\">\r\n    <article class=\"mec-single-event mec-single-modern mec-single-modal\">\r\n        <div class=\"mec-events-event-image\">\r\n            <img loading=\"lazy\" decoding=\"async\" width=\"400\" height=\"400\" src=\"https:\/\/eloisefaresharpiste.com\/wp-content\/uploads\/2025\/08\/Logo-NWS-1.jpeg\" class=\"attachment-full size-full wp-post-image\" alt=\"\" data-mec-postid=\"1066\" \/>        <\/div>\r\n        \r\n        <div class=\"col-md-4\">\r\n\r\n            <div class=\"mec-event-meta mec-color-before mec-frontbox mec-util-hidden\">\r\n                \r\n                <!-- Sponsors Module -->\r\n                \r\n                <!-- Register Booking Button -->\r\n                            <\/div>\r\n\r\n            <!-- Weather Module -->\r\n            \r\n            <!-- QRCode Module -->\r\n            \r\n            <!-- Public Download Module -->\r\n            \r\n            <!-- Local Time Module -->\r\n            \r\n            <div class=\"mec-event-meta mec-color-before mec-frontbox\">\r\n\r\n                                                \r\n                                    <div class=\"mec-single-event-location\">\r\n                        <i class=\"mec-sl-location-pin\"><\/i>                        <h3 class=\"mec-events-single-section-title mec-location\">Location<\/h3>\r\n\r\n                        \r\n                        <dl>\r\n                        <dd class=\"author fn org\">500 17th St, Miami Beach, FL 33139, \u00c9tats-Unis<\/dd>\r\n\r\n                        <dd class=\"location\"><address class=\"mec-events-address\"><span class=\"mec-address\"><\/span><\/address><\/dd>\r\n\r\n                                                <\/dl>\r\n                    <\/div>\r\n                    \r\n                                    <div class=\"mec-single-event-category\">\r\n                        <i class=\"mec-sl-folder\"><\/i>                        <h3 class=\"mec-events-single-section-title mec-category\">Category<\/h3>\r\n                        <dl>\r\n                        <dd class=\"mec-events-event-categories\"><a href=\"https:\/\/eloisefaresharpiste.com\/en\/mec-category\/agenda\/\" class=\"mec-color-hover\" rel=\"tag\"><i class=\"mec-fa-angle-right\"><\/i>agenda<\/a><\/dd>                        <\/dl>\r\n                    <\/div>\r\n                    \r\n                \r\n            <\/div>\r\n\r\n            <!-- Speaker List Module -->\r\n            \r\n            <!-- Attendees List Module -->\r\n            \r\n            <!-- Next Previous Module -->\r\n                    <\/div>\r\n\r\n        <div class=\"col-md-8\">\r\n\r\n            <div class=\"mec-event-content\">\r\n                <div class=\"mec-single-event-description mec-events-content\">\r\n                    <ul class=\"tab-links\">\n<li><a href=\"https:\/\/www.nws.edu\/events-tickets\/concerts\/2025-2026\/deneve-plus-hadelich-the-hollywood-sound\/#\/program\/main_theme_from_king_kong\" target=\"_blank\" rel=\"noopener\">Steiner : Main Theme from <em>King Kong<\/em><\/a><\/li>\n<li><a href=\"https:\/\/www.nws.edu\/events-tickets\/concerts\/2025-2026\/deneve-plus-hadelich-the-hollywood-sound\/#\/program\/overture_from_a_midsummer_night_s_dream\" target=\"_blank\" rel=\"noopener\">Korngold : Overture from <em>A Midsummer Night&rsquo;s Dream<\/em><\/a><\/li>\n<li><a href=\"https:\/\/www.nws.edu\/events-tickets\/concerts\/2025-2026\/deneve-plus-hadelich-the-hollywood-sound\/#\/program\/overture_from_the_sea_hawk\" target=\"_blank\" rel=\"noopener\">Korngold : Overture from\u00a0<em>The Sea Hawk<\/em><\/a><\/li>\n<li><a href=\"https:\/\/www.nws.edu\/events-tickets\/concerts\/2025-2026\/deneve-plus-hadelich-the-hollywood-sound\/#\/program\/violin_concerto\" target=\"_blank\" rel=\"noopener\">Korngold : Violin Concerto<\/a><\/li>\n<li><a href=\"https:\/\/www.nws.edu\/events-tickets\/concerts\/2025-2026\/deneve-plus-hadelich-the-hollywood-sound\/#\/program\/also_sprach_zarathustra\" target=\"_blank\" rel=\"noopener\">R. Strauss : <em>Also sprach Zarathustra<\/em><\/a><\/li>\n<\/ul>\n                                                                            <\/div>\r\n            <\/div>\r\n\r\n            \r\n            <!-- Custom Data Fields -->\r\n            \r\n            <!-- FAQ -->\r\n            \r\n            <!-- Links Module -->\r\n            <div class=\"mec-event-social mec-frontbox\">\r\n     <h3 class=\"mec-social-single mec-frontbox-title\">Share this event<\/h3>\r\n     <div class=\"mec-event-sharing\">\r\n        <div class=\"mec-links-details\">\r\n            <ul>\r\n                <li class=\"mec-event-social-icon\"><a class=\"facebook\" href=\"https:\/\/www.facebook.com\/sharer\/sharer.php?u=https%3A%2F%2Fwww.nws.edu%2Fevents-tickets%2Fconcerts%2F2025-2026%2Fdeneve-plus-hadelich-the-hollywood-sound%2F\" onclick=\"javascript:window.open(this.href, &#039;&#039;, &#039;menubar=no,toolbar=no,resizable=yes,scrollbars=yes,height=500,width=600&#039;); return false;\" target=\"_blank\" title=\"Share on Facebook\" aria-label=\"Share on Facebook\" rel=\"noopener\"><i class=\"mec-fa-facebook\"><\/i><span class=\"mec-social-title\"><\/span><\/a><\/li><li class=\"mec-event-social-icon\"><a class=\"twitter\" href=\"https:\/\/x.com\/intent\/tweet?url=https%3A%2F%2Fwww.nws.edu%2Fevents-tickets%2Fconcerts%2F2025-2026%2Fdeneve-plus-hadelich-the-hollywood-sound%2F\" onclick=\"javascript:window.open(this.href, &#039;&#039;, &#039;menubar=no,toolbar=no,resizable=yes,scrollbars=yes,height=600,width=500&#039;); return false;\" target=\"_blank\" title=\"X Social Network\" aria-label=\"Share on X\"><svg xmlns=\"http:\/\/www.w3.org\/2000\/svg\" shape-rendering=\"geometricPrecision\" text-rendering=\"geometricPrecision\" image-rendering=\"optimizeQuality\" fill-rule=\"evenodd\" clip-rule=\"evenodd\" viewbox=\"0 0 512 462.799\"><path fill-rule=\"nonzero\" d=\"M403.229 0h78.506L310.219 196.04 512 462.799H354.002L230.261 301.007 88.669 462.799h-78.56l183.455-209.683L0 0h161.999l111.856 147.88L403.229 0zm-27.556 415.805h43.505L138.363 44.527h-46.68l283.99 371.278z\"\/><\/svg><span class=\"mec-social-title\"><\/span><\/a><\/li><li class=\"mec-event-social-icon\"><a class=\"linkedin\" href=\"https:\/\/www.linkedin.com\/shareArticle?mini=true&amp;url=https%3A%2F%2Fwww.nws.edu%2Fevents-tickets%2Fconcerts%2F2025-2026%2Fdeneve-plus-hadelich-the-hollywood-sound%2F\" onclick=\"javascript:window.open(this.href, &#039;&#039;, &#039;menubar=no,toolbar=no,resizable=yes,scrollbars=yes,height=600,width=500&#039;); return false;\" target=\"_blank\" title=\"Linkedin\" aria-label=\"Share on Linkedin\" rel=\"noopener\"><i class=\"mec-fa-linkedin\"><\/i><span class=\"mec-social-title\"><\/span><\/a><\/li><li class=\"mec-event-social-icon\"><a class=\"email\" href=\"mailto:?subject=Den%C3%A8ve%20%2B%20Hadelich%3A%20The%20Hollywood%20Sound%20-%20New%20World%20Symphony&body=https%3A%2F%2Fwww.nws.edu%2Fevents-tickets%2Fconcerts%2F2025-2026%2Fdeneve-plus-hadelich-the-hollywood-sound%2F\" title=\"Email\" aria-label=\"Share via Email\"><i class=\"mec-fa-envelope\"><\/i><span class=\"mec-social-title\"><\/span><\/a><\/li>            <\/ul>\r\n        <\/div>\r\n    <\/div>\r\n<\/div>\r\n            <!-- Google Maps Module -->\r\n            <div class=\"mec-events-meta-group mec-events-meta-group-gmap\">\r\n                            <\/div>\r\n\r\n            <!-- Export Module -->\r\n            <div class=\"mec-event-export-module mec-frontbox\">\r\n     <div class=\"mec-event-exporting\">\r\n        <div class=\"mec-export-details\">\r\n            <ul>\r\n                <li><a class=\"mec-events-gcal mec-events-button mec-color mec-bg-color-hover mec-border-color\" href=\"https:\/\/calendar.google.com\/calendar\/render?action=TEMPLATE&amp;text=Den%C3%A8ve+%2B+Hadelich%3A+The+Hollywood+Sound+-+New+World+Symphony&amp;dates=20260315T183000Z\/20260222T203000Z&amp;details=%0D%0A+%09Steiner+%3A+Main+Theme+from+King+Kong%0D%0A+%09Korngold+%3A+Overture+from+A+Midsummer+Night%27s+Dream%0D%0A+%09Korngold+%3A+Overture+from%C2%A0The+Sea+Hawk%0D%0A+%09Korngold+%3A+Violin+Concerto+%28+https%3A%2F%2Fwww.nws.edu%2Fevents-tickets%2Fconcerts%2F2025-2026%2Fdeneve-plus-hadelich-the-hollywood-sound%2F%23%2Fprogram%2Fviolin_concerto+%29%0D%0A+%09R.+Strauss+%3A+Also+sprach+Zarathustra%0D%0A&amp;location=\" target=\"_blank\" rel=\"noopener\">+ Add to Google Calendar<\/a><\/li>                <li><a class=\"mec-events-gcal mec-events-button mec-color mec-bg-color-hover mec-border-color\" href=\"https:\/\/eloisefaresharpiste.com\/en\/?method=ical&#038;id=1066\">+ iCal \/ Outlook export<\/a><\/li>            <\/ul>\r\n        <\/div>\r\n    <\/div>\r\n<\/div>\r\n            <!-- Hourly Schedule -->\r\n            \r\n            \t\t\t<!-- Booking Module -->\r\n            \r\n            <!-- Tags -->\r\n            <div class=\"mec-events-meta-group mec-events-meta-group-tags\">\r\n                            <\/div>\r\n\r\n        <\/div>\r\n    <\/article>\r\n<\/div>\r\n<script>\r\n\/\/ Fix modal speaker in some themes\r\njQuery(\"#mec_skin_7807 .mec-speaker-avatar-dialog a\").on('click', function(e)\r\n{\r\n    e.preventDefault();\r\n\r\n    var id = jQuery(this).attr('href');\r\n    lity(id);\r\n\r\n    return false;\r\n});\r\n<\/script>\r\n                                <\/div>\r\n                            <\/div>\r\n                        <\/div><!-- toggle item end -->\r\n                    <\/div><!-- toggles wrap end -->\r\n                            <\/article>\r\n            \t\t\r\n            \r\n                        <article class=\"mec-past-event mec-event-article  mec-clear  mec-divider-toggle mec-toggle-202603-mec2\" itemscope>\r\n                                    <!-- toggles wrap start -->\r\n                    <div class=\"mec-events-toggle\">\r\n                        <!-- toggle item start -->\r\n                        <div class=\"mec-toggle-item\">\r\n                            <div class=\"mec-toggle-item-inner\" tabindex=\"0\">\r\n                                                                <div class=\"mec-toggle-item-col\">\r\n                                                                            <div class=\"mec-event-month\"><span class=\"mec-start-date-label\">07 March<\/span><\/div>\r\n                                                                                                        <\/div>\r\n                                <h3 class=\"mec-toggle-title\">\r\n                                    Daphnis and Chlo\u00e9 &#8211; New World Symphony<\/h3>\r\n                                                                <i class=\"mec-sl-arrow-down\"><\/i>\r\n                            <\/div>\r\n                            <div class=\"mec-content-toggle\" aria-hidden=\"true\" style=\"display: none;\">\r\n                                <div class=\"mec-toggle-content\">\r\n                                    <div class=\"mec-wrap colorskin-custom clearfix  mec-modal-wrap\" id=\"mec_skin_1102\" data-unique-id=\"1102\">\r\n    <article class=\"mec-single-event mec-single-modern mec-single-modal\">\r\n        <div class=\"mec-events-event-image\">\r\n            <img loading=\"lazy\" decoding=\"async\" width=\"400\" height=\"400\" src=\"https:\/\/eloisefaresharpiste.com\/wp-content\/uploads\/2025\/08\/IMG_4434-1.png\" class=\"attachment-full size-full wp-post-image\" alt=\"\" data-mec-postid=\"1062\" \/>        <\/div>\r\n        \r\n        <div class=\"col-md-4\">\r\n\r\n            <div class=\"mec-event-meta mec-color-before mec-frontbox mec-util-hidden\">\r\n                \r\n                <!-- Sponsors Module -->\r\n                \r\n                <!-- Register Booking Button -->\r\n                            <\/div>\r\n\r\n            <!-- Weather Module -->\r\n            \r\n            <!-- QRCode Module -->\r\n            \r\n            <!-- Public Download Module -->\r\n            \r\n            <!-- Local Time Module -->\r\n            \r\n            <div class=\"mec-event-meta mec-color-before mec-frontbox\">\r\n\r\n                                                \r\n                                    <div class=\"mec-single-event-location\">\r\n                        <i class=\"mec-sl-location-pin\"><\/i>                        <h3 class=\"mec-events-single-section-title mec-location\">Location<\/h3>\r\n\r\n                        \r\n                        <dl>\r\n                        <dd class=\"author fn org\">Arsht Center, Miami<\/dd>\r\n\r\n                        <dd class=\"location\"><address class=\"mec-events-address\"><span class=\"mec-address\"><\/span><\/address><\/dd>\r\n\r\n                                                <\/dl>\r\n                    <\/div>\r\n                    \r\n                                    <div class=\"mec-single-event-category\">\r\n                        <i class=\"mec-sl-folder\"><\/i>                        <h3 class=\"mec-events-single-section-title mec-category\">Category<\/h3>\r\n                        <dl>\r\n                        <dd class=\"mec-events-event-categories\"><a href=\"https:\/\/eloisefaresharpiste.com\/en\/mec-category\/agenda\/\" class=\"mec-color-hover\" rel=\"tag\"><i class=\"mec-fa-angle-right\"><\/i>agenda<\/a><\/dd>                        <\/dl>\r\n                    <\/div>\r\n                    \r\n                \r\n            <\/div>\r\n\r\n            <!-- Speaker List Module -->\r\n            \r\n            <!-- Attendees List Module -->\r\n            \r\n            <!-- Next Previous Module -->\r\n                    <\/div>\r\n\r\n        <div class=\"col-md-8\">\r\n\r\n            <div class=\"mec-event-content\">\r\n                <div class=\"mec-single-event-description mec-events-content\">\r\n                                                                                                <\/div>\r\n            <\/div>\r\n\r\n            \r\n            <!-- Custom Data Fields -->\r\n            \r\n            <!-- FAQ -->\r\n            \r\n            <!-- Links Module -->\r\n            <div class=\"mec-event-social mec-frontbox\">\r\n     <h3 class=\"mec-social-single mec-frontbox-title\">Share this event<\/h3>\r\n     <div class=\"mec-event-sharing\">\r\n        <div class=\"mec-links-details\">\r\n            <ul>\r\n                <li class=\"mec-event-social-icon\"><a class=\"facebook\" href=\"https:\/\/www.facebook.com\/sharer\/sharer.php?u=https%3A%2F%2Fwww.nws.edu%2Fevents-tickets%2Fconcerts%2F2025-2026%2Fdavone-tines-anthem%2F\" onclick=\"javascript:window.open(this.href, &#039;&#039;, &#039;menubar=no,toolbar=no,resizable=yes,scrollbars=yes,height=500,width=600&#039;); return false;\" target=\"_blank\" title=\"Share on Facebook\" aria-label=\"Share on Facebook\" rel=\"noopener\"><i class=\"mec-fa-facebook\"><\/i><span class=\"mec-social-title\"><\/span><\/a><\/li><li class=\"mec-event-social-icon\"><a class=\"twitter\" href=\"https:\/\/x.com\/intent\/tweet?url=https%3A%2F%2Fwww.nws.edu%2Fevents-tickets%2Fconcerts%2F2025-2026%2Fdavone-tines-anthem%2F\" onclick=\"javascript:window.open(this.href, &#039;&#039;, &#039;menubar=no,toolbar=no,resizable=yes,scrollbars=yes,height=600,width=500&#039;); return false;\" target=\"_blank\" title=\"X Social Network\" aria-label=\"Share on X\"><svg xmlns=\"http:\/\/www.w3.org\/2000\/svg\" shape-rendering=\"geometricPrecision\" text-rendering=\"geometricPrecision\" image-rendering=\"optimizeQuality\" fill-rule=\"evenodd\" clip-rule=\"evenodd\" viewbox=\"0 0 512 462.799\"><path fill-rule=\"nonzero\" d=\"M403.229 0h78.506L310.219 196.04 512 462.799H354.002L230.261 301.007 88.669 462.799h-78.56l183.455-209.683L0 0h161.999l111.856 147.88L403.229 0zm-27.556 415.805h43.505L138.363 44.527h-46.68l283.99 371.278z\"\/><\/svg><span class=\"mec-social-title\"><\/span><\/a><\/li><li class=\"mec-event-social-icon\"><a class=\"linkedin\" href=\"https:\/\/www.linkedin.com\/shareArticle?mini=true&amp;url=https%3A%2F%2Fwww.nws.edu%2Fevents-tickets%2Fconcerts%2F2025-2026%2Fdavone-tines-anthem%2F\" onclick=\"javascript:window.open(this.href, &#039;&#039;, &#039;menubar=no,toolbar=no,resizable=yes,scrollbars=yes,height=600,width=500&#039;); return false;\" target=\"_blank\" title=\"Linkedin\" aria-label=\"Share on Linkedin\" rel=\"noopener\"><i class=\"mec-fa-linkedin\"><\/i><span class=\"mec-social-title\"><\/span><\/a><\/li><li class=\"mec-event-social-icon\"><a class=\"email\" href=\"mailto:?subject=Daphnis%20and%20Chlo%C3%A9%20-%20New%20World%20Symphony&body=https%3A%2F%2Fwww.nws.edu%2Fevents-tickets%2Fconcerts%2F2025-2026%2Fdavone-tines-anthem%2F\" title=\"Email\" aria-label=\"Share via Email\"><i class=\"mec-fa-envelope\"><\/i><span class=\"mec-social-title\"><\/span><\/a><\/li>            <\/ul>\r\n        <\/div>\r\n    <\/div>\r\n<\/div>\r\n            <!-- Google Maps Module -->\r\n            <div class=\"mec-events-meta-group mec-events-meta-group-gmap\">\r\n                            <\/div>\r\n\r\n            <!-- Export Module -->\r\n            <div class=\"mec-event-export-module mec-frontbox\">\r\n     <div class=\"mec-event-exporting\">\r\n        <div class=\"mec-export-details\">\r\n            <ul>\r\n                <li><a class=\"mec-events-gcal mec-events-button mec-color mec-bg-color-hover mec-border-color\" href=\"https:\/\/calendar.google.com\/calendar\/render?action=TEMPLATE&amp;text=Daphnis+and+Chlo%C3%A9+-+New+World+Symphony&amp;dates=20260307T190000Z\/20260307T213000Z&amp;details=Daphnis+and+Chlo%C3%A9+-+New+World+Symphony&amp;location=\" target=\"_blank\" rel=\"noopener\">+ Add to Google Calendar<\/a><\/li>                <li><a class=\"mec-events-gcal mec-events-button mec-color mec-bg-color-hover mec-border-color\" href=\"https:\/\/eloisefaresharpiste.com\/en\/?method=ical&#038;id=1062\">+ iCal \/ Outlook export<\/a><\/li>            <\/ul>\r\n        <\/div>\r\n    <\/div>\r\n<\/div>\r\n            <!-- Hourly Schedule -->\r\n            \r\n            \t\t\t<!-- Booking Module -->\r\n            \r\n            <!-- Tags -->\r\n            <div class=\"mec-events-meta-group mec-events-meta-group-tags\">\r\n                            <\/div>\r\n\r\n        <\/div>\r\n    <\/article>\r\n<\/div>\r\n<script>\r\n\/\/ Fix modal speaker in some themes\r\njQuery(\"#mec_skin_1102 .mec-speaker-avatar-dialog a\").on('click', function(e)\r\n{\r\n    e.preventDefault();\r\n\r\n    var id = jQuery(this).attr('href');\r\n    lity(id);\r\n\r\n    return false;\r\n});\r\n<\/script>\r\n                                <\/div>\r\n                            <\/div>\r\n                        <\/div><!-- toggle item end -->\r\n                    <\/div><!-- toggles wrap end -->\r\n                            <\/article>\r\n            \t\t\r\n                        <div class=\"mec-month-divider\" data-toggle-divider=\"mec-toggle-202602-mec2\"><h5 style=\"display: inline;\">February 2026<\/h5><i class=\"mec-sl-arrow-down\"><\/i><\/div>\r\n            \r\n                        <article class=\"mec-past-event mec-event-article  mec-clear  mec-divider-toggle mec-toggle-202602-mec2\" itemscope>\r\n                                    <!-- toggles wrap start -->\r\n                    <div class=\"mec-events-toggle\">\r\n                        <!-- toggle item start -->\r\n                        <div class=\"mec-toggle-item\">\r\n                            <div class=\"mec-toggle-item-inner\" tabindex=\"0\">\r\n                                                                <div class=\"mec-toggle-item-col\">\r\n                                                                            <div class=\"mec-event-month\"><span class=\"mec-start-date-label\">22 February<\/span><\/div>\r\n                                                                                                        <\/div>\r\n                                <h3 class=\"mec-toggle-title\">\r\n                                    Dav\u00f3ne Tines: Anthem &#8211; New World Symphony<\/h3>\r\n                                                                <i class=\"mec-sl-arrow-down\"><\/i>\r\n                            <\/div>\r\n                            <div class=\"mec-content-toggle\" aria-hidden=\"true\" style=\"display: none;\">\r\n                                <div class=\"mec-toggle-content\">\r\n                                    <div class=\"mec-wrap colorskin-custom clearfix  mec-modal-wrap\" id=\"mec_skin_5264\" data-unique-id=\"5264\">\r\n    <article class=\"mec-single-event mec-single-modern mec-single-modal\">\r\n        <div class=\"mec-events-event-image\">\r\n            <img loading=\"lazy\" decoding=\"async\" width=\"400\" height=\"400\" src=\"https:\/\/eloisefaresharpiste.com\/wp-content\/uploads\/2025\/08\/Logo-NWS-1.jpeg\" class=\"attachment-full size-full wp-post-image\" alt=\"\" data-mec-postid=\"1061\" \/>        <\/div>\r\n        \r\n        <div class=\"col-md-4\">\r\n\r\n            <div class=\"mec-event-meta mec-color-before mec-frontbox mec-util-hidden\">\r\n                \r\n                <!-- Sponsors Module -->\r\n                \r\n                <!-- Register Booking Button -->\r\n                            <\/div>\r\n\r\n            <!-- Weather Module -->\r\n            \r\n            <!-- QRCode Module -->\r\n            \r\n            <!-- Public Download Module -->\r\n            \r\n            <!-- Local Time Module -->\r\n            \r\n            <div class=\"mec-event-meta mec-color-before mec-frontbox\">\r\n\r\n                                                \r\n                                    <div class=\"mec-single-event-location\">\r\n                        <i class=\"mec-sl-location-pin\"><\/i>                        <h3 class=\"mec-events-single-section-title mec-location\">Location<\/h3>\r\n\r\n                        \r\n                        <dl>\r\n                        <dd class=\"author fn org\">500 17th St, Miami Beach, FL 33139, \u00c9tats-Unis<\/dd>\r\n\r\n                        <dd class=\"location\"><address class=\"mec-events-address\"><span class=\"mec-address\"><\/span><\/address><\/dd>\r\n\r\n                                                <\/dl>\r\n                    <\/div>\r\n                    \r\n                                    <div class=\"mec-single-event-category\">\r\n                        <i class=\"mec-sl-folder\"><\/i>                        <h3 class=\"mec-events-single-section-title mec-category\">Category<\/h3>\r\n                        <dl>\r\n                        <dd class=\"mec-events-event-categories\"><a href=\"https:\/\/eloisefaresharpiste.com\/en\/mec-category\/agenda\/\" class=\"mec-color-hover\" rel=\"tag\"><i class=\"mec-fa-angle-right\"><\/i>agenda<\/a><\/dd>                        <\/dl>\r\n                    <\/div>\r\n                    \r\n                \r\n            <\/div>\r\n\r\n            <!-- Speaker List Module -->\r\n            \r\n            <!-- Attendees List Module -->\r\n            \r\n            <!-- Next Previous Module -->\r\n                    <\/div>\r\n\r\n        <div class=\"col-md-8\">\r\n\r\n            <div class=\"mec-event-content\">\r\n                <div class=\"mec-single-event-description mec-events-content\">\r\n                                                                                                <\/div>\r\n            <\/div>\r\n\r\n            \r\n            <!-- Custom Data Fields -->\r\n            \r\n            <!-- FAQ -->\r\n            \r\n            <!-- Links Module -->\r\n            <div class=\"mec-event-social mec-frontbox\">\r\n     <h3 class=\"mec-social-single mec-frontbox-title\">Share this event<\/h3>\r\n     <div class=\"mec-event-sharing\">\r\n        <div class=\"mec-links-details\">\r\n            <ul>\r\n                <li class=\"mec-event-social-icon\"><a class=\"facebook\" href=\"https:\/\/www.facebook.com\/sharer\/sharer.php?u=https%3A%2F%2Fwww.nws.edu%2Fevents-tickets%2Fconcerts%2F2025-2026%2Fdavone-tines-anthem%2F\" onclick=\"javascript:window.open(this.href, &#039;&#039;, &#039;menubar=no,toolbar=no,resizable=yes,scrollbars=yes,height=500,width=600&#039;); return false;\" target=\"_blank\" title=\"Share on Facebook\" aria-label=\"Share on Facebook\" rel=\"noopener\"><i class=\"mec-fa-facebook\"><\/i><span class=\"mec-social-title\"><\/span><\/a><\/li><li class=\"mec-event-social-icon\"><a class=\"twitter\" href=\"https:\/\/x.com\/intent\/tweet?url=https%3A%2F%2Fwww.nws.edu%2Fevents-tickets%2Fconcerts%2F2025-2026%2Fdavone-tines-anthem%2F\" onclick=\"javascript:window.open(this.href, &#039;&#039;, &#039;menubar=no,toolbar=no,resizable=yes,scrollbars=yes,height=600,width=500&#039;); return false;\" target=\"_blank\" title=\"X Social Network\" aria-label=\"Share on X\"><svg xmlns=\"http:\/\/www.w3.org\/2000\/svg\" shape-rendering=\"geometricPrecision\" text-rendering=\"geometricPrecision\" image-rendering=\"optimizeQuality\" fill-rule=\"evenodd\" clip-rule=\"evenodd\" viewbox=\"0 0 512 462.799\"><path fill-rule=\"nonzero\" d=\"M403.229 0h78.506L310.219 196.04 512 462.799H354.002L230.261 301.007 88.669 462.799h-78.56l183.455-209.683L0 0h161.999l111.856 147.88L403.229 0zm-27.556 415.805h43.505L138.363 44.527h-46.68l283.99 371.278z\"\/><\/svg><span class=\"mec-social-title\"><\/span><\/a><\/li><li class=\"mec-event-social-icon\"><a class=\"linkedin\" href=\"https:\/\/www.linkedin.com\/shareArticle?mini=true&amp;url=https%3A%2F%2Fwww.nws.edu%2Fevents-tickets%2Fconcerts%2F2025-2026%2Fdavone-tines-anthem%2F\" onclick=\"javascript:window.open(this.href, &#039;&#039;, &#039;menubar=no,toolbar=no,resizable=yes,scrollbars=yes,height=600,width=500&#039;); return false;\" target=\"_blank\" title=\"Linkedin\" aria-label=\"Share on Linkedin\" rel=\"noopener\"><i class=\"mec-fa-linkedin\"><\/i><span class=\"mec-social-title\"><\/span><\/a><\/li><li class=\"mec-event-social-icon\"><a class=\"email\" href=\"mailto:?subject=Dav%C3%B3ne%20Tines%3A%20Anthem%20-%20New%20World%20Symphony&body=https%3A%2F%2Fwww.nws.edu%2Fevents-tickets%2Fconcerts%2F2025-2026%2Fdavone-tines-anthem%2F\" title=\"Email\" aria-label=\"Share via Email\"><i class=\"mec-fa-envelope\"><\/i><span class=\"mec-social-title\"><\/span><\/a><\/li>            <\/ul>\r\n        <\/div>\r\n    <\/div>\r\n<\/div>\r\n            <!-- Google Maps Module -->\r\n            <div class=\"mec-events-meta-group mec-events-meta-group-gmap\">\r\n                            <\/div>\r\n\r\n            <!-- Export Module -->\r\n            <div class=\"mec-event-export-module mec-frontbox\">\r\n     <div class=\"mec-event-exporting\">\r\n        <div class=\"mec-export-details\">\r\n            <ul>\r\n                <li><a class=\"mec-events-gcal mec-events-button mec-color mec-bg-color-hover mec-border-color\" href=\"https:\/\/calendar.google.com\/calendar\/render?action=TEMPLATE&amp;text=Dav%C3%B3ne+Tines%3A+Anthem+-+New+World+Symphony&amp;dates=20260222T183000Z\/20260222T203000Z&amp;details=Dav%C3%B3ne+Tines%3A+Anthem+-+New+World+Symphony&amp;location=\" target=\"_blank\" rel=\"noopener\">+ Add to Google Calendar<\/a><\/li>                <li><a class=\"mec-events-gcal mec-events-button mec-color mec-bg-color-hover mec-border-color\" href=\"https:\/\/eloisefaresharpiste.com\/en\/?method=ical&#038;id=1061\">+ iCal \/ Outlook export<\/a><\/li>            <\/ul>\r\n        <\/div>\r\n    <\/div>\r\n<\/div>\r\n            <!-- Hourly Schedule -->\r\n            \r\n            \t\t\t<!-- Booking Module -->\r\n            \r\n            <!-- Tags -->\r\n            <div class=\"mec-events-meta-group mec-events-meta-group-tags\">\r\n                            <\/div>\r\n\r\n        <\/div>\r\n    <\/article>\r\n<\/div>\r\n<script>\r\n\/\/ Fix modal speaker in some themes\r\njQuery(\"#mec_skin_5264 .mec-speaker-avatar-dialog a\").on('click', function(e)\r\n{\r\n    e.preventDefault();\r\n\r\n    var id = jQuery(this).attr('href');\r\n    lity(id);\r\n\r\n    return false;\r\n});\r\n<\/script>\r\n                                <\/div>\r\n                            <\/div>\r\n                        <\/div><!-- toggle item end -->\r\n                    <\/div><!-- toggles wrap end -->\r\n                            <\/article>\r\n            \t\t\r\n            \r\n                        <article class=\"mec-past-event mec-event-article  mec-clear  mec-divider-toggle mec-toggle-202602-mec2\" itemscope>\r\n                                    <!-- toggles wrap start -->\r\n                    <div class=\"mec-events-toggle\">\r\n                        <!-- toggle item start -->\r\n                        <div class=\"mec-toggle-item\">\r\n                            <div class=\"mec-toggle-item-inner\" tabindex=\"0\">\r\n                                                                <div class=\"mec-toggle-item-col\">\r\n                                                                            <div class=\"mec-event-month\"><span class=\"mec-start-date-label\">21 February<\/span><\/div>\r\n                                                                                                        <\/div>\r\n                                <h3 class=\"mec-toggle-title\">\r\n                                    Dav\u00f3ne Tines: Anthem &#8211; New World Symphony<\/h3>\r\n                                                                <i class=\"mec-sl-arrow-down\"><\/i>\r\n                            <\/div>\r\n                            <div class=\"mec-content-toggle\" aria-hidden=\"true\" style=\"display: none;\">\r\n                                <div class=\"mec-toggle-content\">\r\n                                    <div class=\"mec-wrap colorskin-custom clearfix  mec-modal-wrap\" id=\"mec_skin_8205\" data-unique-id=\"8205\">\r\n    <article class=\"mec-single-event mec-single-modern mec-single-modal\">\r\n        <div class=\"mec-events-event-image\">\r\n            <img loading=\"lazy\" decoding=\"async\" width=\"400\" height=\"400\" src=\"https:\/\/eloisefaresharpiste.com\/wp-content\/uploads\/2025\/08\/Logo-NWS-1.jpeg\" class=\"attachment-full size-full wp-post-image\" alt=\"\" data-mec-postid=\"1061\" \/>        <\/div>\r\n        \r\n        <div class=\"col-md-4\">\r\n\r\n            <div class=\"mec-event-meta mec-color-before mec-frontbox mec-util-hidden\">\r\n                \r\n                <!-- Sponsors Module -->\r\n                \r\n                <!-- Register Booking Button -->\r\n                            <\/div>\r\n\r\n            <!-- Weather Module -->\r\n            \r\n            <!-- QRCode Module -->\r\n            \r\n            <!-- Public Download Module -->\r\n            \r\n            <!-- Local Time Module -->\r\n            \r\n            <div class=\"mec-event-meta mec-color-before mec-frontbox\">\r\n\r\n                                                \r\n                                    <div class=\"mec-single-event-location\">\r\n                        <i class=\"mec-sl-location-pin\"><\/i>                        <h3 class=\"mec-events-single-section-title mec-location\">Location<\/h3>\r\n\r\n                        \r\n                        <dl>\r\n                        <dd class=\"author fn org\">500 17th St, Miami Beach, FL 33139, \u00c9tats-Unis<\/dd>\r\n\r\n                        <dd class=\"location\"><address class=\"mec-events-address\"><span class=\"mec-address\"><\/span><\/address><\/dd>\r\n\r\n                                                <\/dl>\r\n                    <\/div>\r\n                    \r\n                                    <div class=\"mec-single-event-category\">\r\n                        <i class=\"mec-sl-folder\"><\/i>                        <h3 class=\"mec-events-single-section-title mec-category\">Category<\/h3>\r\n                        <dl>\r\n                        <dd class=\"mec-events-event-categories\"><a href=\"https:\/\/eloisefaresharpiste.com\/en\/mec-category\/agenda\/\" class=\"mec-color-hover\" rel=\"tag\"><i class=\"mec-fa-angle-right\"><\/i>agenda<\/a><\/dd>                        <\/dl>\r\n                    <\/div>\r\n                    \r\n                \r\n            <\/div>\r\n\r\n            <!-- Speaker List Module -->\r\n            \r\n            <!-- Attendees List Module -->\r\n            \r\n            <!-- Next Previous Module -->\r\n                    <\/div>\r\n\r\n        <div class=\"col-md-8\">\r\n\r\n            <div class=\"mec-event-content\">\r\n                <div class=\"mec-single-event-description mec-events-content\">\r\n                                                                                                <\/div>\r\n            <\/div>\r\n\r\n            \r\n            <!-- Custom Data Fields -->\r\n            \r\n            <!-- FAQ -->\r\n            \r\n            <!-- Links Module -->\r\n            <div class=\"mec-event-social mec-frontbox\">\r\n     <h3 class=\"mec-social-single mec-frontbox-title\">Share this event<\/h3>\r\n     <div class=\"mec-event-sharing\">\r\n        <div class=\"mec-links-details\">\r\n            <ul>\r\n                <li class=\"mec-event-social-icon\"><a class=\"facebook\" href=\"https:\/\/www.facebook.com\/sharer\/sharer.php?u=https%3A%2F%2Fwww.nws.edu%2Fevents-tickets%2Fconcerts%2F2025-2026%2Fdavone-tines-anthem%2F\" onclick=\"javascript:window.open(this.href, &#039;&#039;, &#039;menubar=no,toolbar=no,resizable=yes,scrollbars=yes,height=500,width=600&#039;); return false;\" target=\"_blank\" title=\"Share on Facebook\" aria-label=\"Share on Facebook\" rel=\"noopener\"><i class=\"mec-fa-facebook\"><\/i><span class=\"mec-social-title\"><\/span><\/a><\/li><li class=\"mec-event-social-icon\"><a class=\"twitter\" href=\"https:\/\/x.com\/intent\/tweet?url=https%3A%2F%2Fwww.nws.edu%2Fevents-tickets%2Fconcerts%2F2025-2026%2Fdavone-tines-anthem%2F\" onclick=\"javascript:window.open(this.href, &#039;&#039;, &#039;menubar=no,toolbar=no,resizable=yes,scrollbars=yes,height=600,width=500&#039;); return false;\" target=\"_blank\" title=\"X Social Network\" aria-label=\"Share on X\"><svg xmlns=\"http:\/\/www.w3.org\/2000\/svg\" shape-rendering=\"geometricPrecision\" text-rendering=\"geometricPrecision\" image-rendering=\"optimizeQuality\" fill-rule=\"evenodd\" clip-rule=\"evenodd\" viewbox=\"0 0 512 462.799\"><path fill-rule=\"nonzero\" d=\"M403.229 0h78.506L310.219 196.04 512 462.799H354.002L230.261 301.007 88.669 462.799h-78.56l183.455-209.683L0 0h161.999l111.856 147.88L403.229 0zm-27.556 415.805h43.505L138.363 44.527h-46.68l283.99 371.278z\"\/><\/svg><span class=\"mec-social-title\"><\/span><\/a><\/li><li class=\"mec-event-social-icon\"><a class=\"linkedin\" href=\"https:\/\/www.linkedin.com\/shareArticle?mini=true&amp;url=https%3A%2F%2Fwww.nws.edu%2Fevents-tickets%2Fconcerts%2F2025-2026%2Fdavone-tines-anthem%2F\" onclick=\"javascript:window.open(this.href, &#039;&#039;, &#039;menubar=no,toolbar=no,resizable=yes,scrollbars=yes,height=600,width=500&#039;); return false;\" target=\"_blank\" title=\"Linkedin\" aria-label=\"Share on Linkedin\" rel=\"noopener\"><i class=\"mec-fa-linkedin\"><\/i><span class=\"mec-social-title\"><\/span><\/a><\/li><li class=\"mec-event-social-icon\"><a class=\"email\" href=\"mailto:?subject=Dav%C3%B3ne%20Tines%3A%20Anthem%20-%20New%20World%20Symphony&body=https%3A%2F%2Fwww.nws.edu%2Fevents-tickets%2Fconcerts%2F2025-2026%2Fdavone-tines-anthem%2F\" title=\"Email\" aria-label=\"Share via Email\"><i class=\"mec-fa-envelope\"><\/i><span class=\"mec-social-title\"><\/span><\/a><\/li>            <\/ul>\r\n        <\/div>\r\n    <\/div>\r\n<\/div>\r\n            <!-- Google Maps Module -->\r\n            <div class=\"mec-events-meta-group mec-events-meta-group-gmap\">\r\n                            <\/div>\r\n\r\n            <!-- Export Module -->\r\n            <div class=\"mec-event-export-module mec-frontbox\">\r\n     <div class=\"mec-event-exporting\">\r\n        <div class=\"mec-export-details\">\r\n            <ul>\r\n                <li><a class=\"mec-events-gcal mec-events-button mec-color mec-bg-color-hover mec-border-color\" href=\"https:\/\/calendar.google.com\/calendar\/render?action=TEMPLATE&amp;text=Dav%C3%B3ne+Tines%3A+Anthem+-+New+World+Symphony&amp;dates=20260222T183000Z\/20260222T203000Z&amp;details=Dav%C3%B3ne+Tines%3A+Anthem+-+New+World+Symphony&amp;location=\" target=\"_blank\" rel=\"noopener\">+ Add to Google Calendar<\/a><\/li>                <li><a class=\"mec-events-gcal mec-events-button mec-color mec-bg-color-hover mec-border-color\" href=\"https:\/\/eloisefaresharpiste.com\/en\/?method=ical&#038;id=1061\">+ iCal \/ Outlook export<\/a><\/li>            <\/ul>\r\n        <\/div>\r\n    <\/div>\r\n<\/div>\r\n            <!-- Hourly Schedule -->\r\n            \r\n            \t\t\t<!-- Booking Module -->\r\n            \r\n            <!-- Tags -->\r\n            <div class=\"mec-events-meta-group mec-events-meta-group-tags\">\r\n                            <\/div>\r\n\r\n        <\/div>\r\n    <\/article>\r\n<\/div>\r\n<script>\r\n\/\/ Fix modal speaker in some themes\r\njQuery(\"#mec_skin_8205 .mec-speaker-avatar-dialog a\").on('click', function(e)\r\n{\r\n    e.preventDefault();\r\n\r\n    var id = jQuery(this).attr('href');\r\n    lity(id);\r\n\r\n    return false;\r\n});\r\n<\/script>\r\n                                <\/div>\r\n                            <\/div>\r\n                        <\/div><!-- toggle item end -->\r\n                    <\/div><!-- toggles wrap end -->\r\n                            <\/article>\r\n            \t\t\r\n            \r\n                        <article class=\"mec-past-event mec-event-article  mec-clear  mec-divider-toggle mec-toggle-202602-mec2\" itemscope>\r\n                                    <!-- toggles wrap start -->\r\n                    <div class=\"mec-events-toggle\">\r\n                        <!-- toggle item start -->\r\n                        <div class=\"mec-toggle-item\">\r\n                            <div class=\"mec-toggle-item-inner\" tabindex=\"0\">\r\n                                                                <div class=\"mec-toggle-item-col\">\r\n                                                                            <div class=\"mec-event-month\"><span class=\"mec-start-date-label\">15 February<\/span><\/div>\r\n                                                                                                        <\/div>\r\n                                <h3 class=\"mec-toggle-title\">\r\n                                    Chamber music : Serenading the Tempest &#8211; Saariaho &#8211; New World Symphony<\/h3>\r\n                                                                <i class=\"mec-sl-arrow-down\"><\/i>\r\n                            <\/div>\r\n                            <div class=\"mec-content-toggle\" aria-hidden=\"true\" style=\"display: none;\">\r\n                                <div class=\"mec-toggle-content\">\r\n                                    <div class=\"mec-wrap colorskin-custom clearfix  mec-modal-wrap\" id=\"mec_skin_6491\" data-unique-id=\"6491\">\r\n    <article class=\"mec-single-event mec-single-modern mec-single-modal\">\r\n        <div class=\"mec-events-event-image\">\r\n            <img loading=\"lazy\" decoding=\"async\" width=\"400\" height=\"400\" src=\"https:\/\/eloisefaresharpiste.com\/wp-content\/uploads\/2025\/08\/Logo-NWS-1.jpeg\" class=\"attachment-full size-full wp-post-image\" alt=\"\" data-mec-postid=\"1059\" \/>        <\/div>\r\n        \r\n        <div class=\"col-md-4\">\r\n\r\n            <div class=\"mec-event-meta mec-color-before mec-frontbox mec-util-hidden\">\r\n                \r\n                <!-- Sponsors Module -->\r\n                \r\n                <!-- Register Booking Button -->\r\n                            <\/div>\r\n\r\n            <!-- Weather Module -->\r\n            \r\n            <!-- QRCode Module -->\r\n            \r\n            <!-- Public Download Module -->\r\n            \r\n            <!-- Local Time Module -->\r\n            \r\n            <div class=\"mec-event-meta mec-color-before mec-frontbox\">\r\n\r\n                                                \r\n                                    <div class=\"mec-single-event-location\">\r\n                        <i class=\"mec-sl-location-pin\"><\/i>                        <h3 class=\"mec-events-single-section-title mec-location\">Location<\/h3>\r\n\r\n                        \r\n                        <dl>\r\n                        <dd class=\"author fn org\">500 17th St, Miami Beach, FL 33139, \u00c9tats-Unis<\/dd>\r\n\r\n                        <dd class=\"location\"><address class=\"mec-events-address\"><span class=\"mec-address\"><\/span><\/address><\/dd>\r\n\r\n                                                <\/dl>\r\n                    <\/div>\r\n                    \r\n                                    <div class=\"mec-single-event-category\">\r\n                        <i class=\"mec-sl-folder\"><\/i>                        <h3 class=\"mec-events-single-section-title mec-category\">Category<\/h3>\r\n                        <dl>\r\n                        <dd class=\"mec-events-event-categories\"><a href=\"https:\/\/eloisefaresharpiste.com\/en\/mec-category\/agenda\/\" class=\"mec-color-hover\" rel=\"tag\"><i class=\"mec-fa-angle-right\"><\/i>agenda<\/a><\/dd>                        <\/dl>\r\n                    <\/div>\r\n                    \r\n                \r\n            <\/div>\r\n\r\n            <!-- Speaker List Module -->\r\n            \r\n            <!-- Attendees List Module -->\r\n            \r\n            <!-- Next Previous Module -->\r\n                    <\/div>\r\n\r\n        <div class=\"col-md-8\">\r\n\r\n            <div class=\"mec-event-content\">\r\n                <div class=\"mec-single-event-description mec-events-content\">\r\n                    <ul class=\"tab-links\">\n<li><a href=\"https:\/\/www.nws.edu\/events-tickets\/concerts\/2025-2026\/chamber-music-serenading-the-tempest\/#\/program\/grand_octet\" target=\"_blank\" rel=\"noopener\">Ries : Grand Octet<\/a><\/li>\n<li><a href=\"https:\/\/www.nws.edu\/events-tickets\/concerts\/2025-2026\/chamber-music-serenading-the-tempest\/#\/program\/three_songs_from_william_shakespeare\" target=\"_blank\" rel=\"noopener\">Stravinsky : <em>Three Songs from William Shakespeare<\/em><\/a><\/li>\n<li><a href=\"https:\/\/www.nws.edu\/events-tickets\/concerts\/2025-2026\/chamber-music-serenading-the-tempest\/#\/program\/selections_from_the_tempest_songbook\" target=\"_blank\" rel=\"noopener\">Saariaho : Selections from\u00a0<em>The Tempest Songbook<\/em><\/a><\/li>\n<li><a href=\"https:\/\/www.nws.edu\/events-tickets\/concerts\/2025-2026\/chamber-music-serenading-the-tempest\/#\/program\/serenade\" target=\"_blank\" rel=\"noopener\">Schoenberg : Serenade<\/a><\/li>\n<li><a href=\"https:\/\/www.nws.edu\/events-tickets\/concerts\/2025-2026\/chamber-music-serenading-the-tempest\/#\/program\/piano_quartet\" target=\"_blank\" rel=\"noopener\">Mendelssohn Hensel : Piano Quartet<\/a><\/li>\n<\/ul>\n<ul class=\"tab-links\">\n<li><a href=\"https:\/\/www.nws.edu\/events-tickets\/concerts\/2025-2026\/chamber-music-serenading-the-tempest\/#\/artists\/thomas-meglioranza\/\" target=\"_blank\" rel=\"noopener\">Thomas Meglioranza, baritone<\/a><\/li>\n<li><a href=\"https:\/\/www.nws.edu\/events-tickets\/concerts\/2025-2026\/chamber-music-serenading-the-tempest\/#\/artists\/fellows-of-the-new-world-symphony\/\" target=\"_blank\" rel=\"noopener\">Fellows of the New World Symphony<\/a><\/li>\n<\/ul>\n                                                                            <\/div>\r\n            <\/div>\r\n\r\n            \r\n            <!-- Custom Data Fields -->\r\n            \r\n            <!-- FAQ -->\r\n            \r\n            <!-- Links Module -->\r\n            <div class=\"mec-event-social mec-frontbox\">\r\n     <h3 class=\"mec-social-single mec-frontbox-title\">Share this event<\/h3>\r\n     <div class=\"mec-event-sharing\">\r\n        <div class=\"mec-links-details\">\r\n            <ul>\r\n                <li class=\"mec-event-social-icon\"><a class=\"facebook\" href=\"https:\/\/www.facebook.com\/sharer\/sharer.php?u=https%3A%2F%2Fwww.nws.edu%2Fevents-tickets%2Fconcerts%2F2025-2026%2Fchamber-music-serenading-the-tempest%2F\" onclick=\"javascript:window.open(this.href, &#039;&#039;, &#039;menubar=no,toolbar=no,resizable=yes,scrollbars=yes,height=500,width=600&#039;); return false;\" target=\"_blank\" title=\"Share on Facebook\" aria-label=\"Share on Facebook\" rel=\"noopener\"><i class=\"mec-fa-facebook\"><\/i><span class=\"mec-social-title\"><\/span><\/a><\/li><li class=\"mec-event-social-icon\"><a class=\"twitter\" href=\"https:\/\/x.com\/intent\/tweet?url=https%3A%2F%2Fwww.nws.edu%2Fevents-tickets%2Fconcerts%2F2025-2026%2Fchamber-music-serenading-the-tempest%2F\" onclick=\"javascript:window.open(this.href, &#039;&#039;, &#039;menubar=no,toolbar=no,resizable=yes,scrollbars=yes,height=600,width=500&#039;); return false;\" target=\"_blank\" title=\"X Social Network\" aria-label=\"Share on X\"><svg xmlns=\"http:\/\/www.w3.org\/2000\/svg\" shape-rendering=\"geometricPrecision\" text-rendering=\"geometricPrecision\" image-rendering=\"optimizeQuality\" fill-rule=\"evenodd\" clip-rule=\"evenodd\" viewbox=\"0 0 512 462.799\"><path fill-rule=\"nonzero\" d=\"M403.229 0h78.506L310.219 196.04 512 462.799H354.002L230.261 301.007 88.669 462.799h-78.56l183.455-209.683L0 0h161.999l111.856 147.88L403.229 0zm-27.556 415.805h43.505L138.363 44.527h-46.68l283.99 371.278z\"\/><\/svg><span class=\"mec-social-title\"><\/span><\/a><\/li><li class=\"mec-event-social-icon\"><a class=\"linkedin\" href=\"https:\/\/www.linkedin.com\/shareArticle?mini=true&amp;url=https%3A%2F%2Fwww.nws.edu%2Fevents-tickets%2Fconcerts%2F2025-2026%2Fchamber-music-serenading-the-tempest%2F\" onclick=\"javascript:window.open(this.href, &#039;&#039;, &#039;menubar=no,toolbar=no,resizable=yes,scrollbars=yes,height=600,width=500&#039;); return false;\" target=\"_blank\" title=\"Linkedin\" aria-label=\"Share on Linkedin\" rel=\"noopener\"><i class=\"mec-fa-linkedin\"><\/i><span class=\"mec-social-title\"><\/span><\/a><\/li><li class=\"mec-event-social-icon\"><a class=\"email\" href=\"mailto:?subject=Chamber%20music%20%3A%20Serenading%20the%20Tempest%20-%20Saariaho%20-%20New%20World%20Symphony&body=https%3A%2F%2Fwww.nws.edu%2Fevents-tickets%2Fconcerts%2F2025-2026%2Fchamber-music-serenading-the-tempest%2F\" title=\"Email\" aria-label=\"Share via Email\"><i class=\"mec-fa-envelope\"><\/i><span class=\"mec-social-title\"><\/span><\/a><\/li>            <\/ul>\r\n        <\/div>\r\n    <\/div>\r\n<\/div>\r\n            <!-- Google Maps Module -->\r\n            <div class=\"mec-events-meta-group mec-events-meta-group-gmap\">\r\n                            <\/div>\r\n\r\n            <!-- Export Module -->\r\n            <div class=\"mec-event-export-module mec-frontbox\">\r\n     <div class=\"mec-event-exporting\">\r\n        <div class=\"mec-export-details\">\r\n            <ul>\r\n                <li><a class=\"mec-events-gcal mec-events-button mec-color mec-bg-color-hover mec-border-color\" href=\"https:\/\/calendar.google.com\/calendar\/render?action=TEMPLATE&amp;text=Chamber+music+%3A+Serenading+the+Tempest+-+Saariaho+-+New+World+Symphony&amp;dates=20260215T130000Z\/20260215T153000Z&amp;details=%0D%0A+%09Ries+%3A+Grand+Octet+%28+https%3A%2F%2Fwww.nws.edu%2Fevents-tickets%2Fconcerts%2F2025-2026%2Fchamber-music-serenading-the-tempest%2F%23%2Fprogram%2Fgrand_octet+%29%0D%0A+%09Stravinsky+%3A+Three+Songs+from+William+Shakespeare%0D%0A+%09Saariaho+%3A+Selections+from%C2%A0The+Tempest+Songbook%0D%0A+%09Schoenberg+%3A+Serenade+%28+https%3A%2F%2Fwww.nws.edu%2Fevents-tickets%2Fconcerts%2F2025-2026%2Fchamber-music-serenading-the-tempest%2F%23%2Fprogram%2Fserenade+%29%0D%0A+%09Mendelssohn+Hensel+%3A+Piano+Quartet+%28+https%3A%2F%2Fwww.nws.edu%2Fevents-tickets%2Fconcerts%2F2025-2026%2Fchamber-music-serenading-the-tempest%2F%23%2Fprogram%2Fpiano_quartet+%29%0D%0A%0D%0A%0D%0A+%09Thomas+Meglioranza%2C+baritone+%28+https%3A%2F%2Fwww.nws.edu%2Fevents-tickets%2Fconcerts%2F2025-2026%2Fchamber-music-serenading-the-tempest%2F%23%2Fartists%2Fthomas-meglioranza%2F+%29%0D%0A+%09Fellows+of+the+New+World+Symphony+%28+https%3A%2F%2Fwww.nws.edu%2Fevents-tickets%2Fconcerts%2F2025-2026%2Fchamber-music-serenading-the-tempest%2F%23%2Fartists%2Ffellows-of-the-new-world-symphony%2F+%29%0D%0A&amp;location=\" target=\"_blank\" rel=\"noopener\">+ Add to Google Calendar<\/a><\/li>                <li><a class=\"mec-events-gcal mec-events-button mec-color mec-bg-color-hover mec-border-color\" href=\"https:\/\/eloisefaresharpiste.com\/en\/?method=ical&#038;id=1059\">+ iCal \/ Outlook export<\/a><\/li>            <\/ul>\r\n        <\/div>\r\n    <\/div>\r\n<\/div>\r\n            <!-- Hourly Schedule -->\r\n            \r\n            \t\t\t<!-- Booking Module -->\r\n            \r\n            <!-- Tags -->\r\n            <div class=\"mec-events-meta-group mec-events-meta-group-tags\">\r\n                            <\/div>\r\n\r\n        <\/div>\r\n    <\/article>\r\n<\/div>\r\n<script>\r\n\/\/ Fix modal speaker in some themes\r\njQuery(\"#mec_skin_6491 .mec-speaker-avatar-dialog a\").on('click', function(e)\r\n{\r\n    e.preventDefault();\r\n\r\n    var id = jQuery(this).attr('href');\r\n    lity(id);\r\n\r\n    return false;\r\n});\r\n<\/script>\r\n                                <\/div>\r\n                            <\/div>\r\n                        <\/div><!-- toggle item end -->\r\n                    <\/div><!-- toggles wrap end -->\r\n                            <\/article>\r\n            \t\t\r\n            \r\n                        <article class=\"mec-past-event mec-event-article  mec-clear  mec-divider-toggle mec-toggle-202602-mec2\" itemscope>\r\n                                    <!-- toggles wrap start -->\r\n                    <div class=\"mec-events-toggle\">\r\n                        <!-- toggle item start -->\r\n                        <div class=\"mec-toggle-item\">\r\n                            <div class=\"mec-toggle-item-inner\" tabindex=\"0\">\r\n                                                                <div class=\"mec-toggle-item-col\">\r\n                                                                            <div class=\"mec-event-month\"><span class=\"mec-start-date-label\">08 February<\/span><\/div>\r\n                                                                                                        <\/div>\r\n                                <h3 class=\"mec-toggle-title\">\r\n                                    Coleman + Copland &#8211; New World Symphony<\/h3>\r\n                                                                <i class=\"mec-sl-arrow-down\"><\/i>\r\n                            <\/div>\r\n                            <div class=\"mec-content-toggle\" aria-hidden=\"true\" style=\"display: none;\">\r\n                                <div class=\"mec-toggle-content\">\r\n                                    <div class=\"mec-wrap colorskin-custom clearfix  mec-modal-wrap\" id=\"mec_skin_6848\" data-unique-id=\"6848\">\r\n    <article class=\"mec-single-event mec-single-modern mec-single-modal\">\r\n        <div class=\"mec-events-event-image\">\r\n            <img loading=\"lazy\" decoding=\"async\" width=\"400\" height=\"400\" src=\"https:\/\/eloisefaresharpiste.com\/wp-content\/uploads\/2025\/08\/Logo-NWS-1.jpeg\" class=\"attachment-full size-full wp-post-image\" alt=\"\" data-mec-postid=\"1057\" \/>        <\/div>\r\n        \r\n        <div class=\"col-md-4\">\r\n\r\n            <div class=\"mec-event-meta mec-color-before mec-frontbox mec-util-hidden\">\r\n                \r\n                <!-- Sponsors Module -->\r\n                \r\n                <!-- Register Booking Button -->\r\n                            <\/div>\r\n\r\n            <!-- Weather Module -->\r\n            \r\n            <!-- QRCode Module -->\r\n            \r\n            <!-- Public Download Module -->\r\n            \r\n            <!-- Local Time Module -->\r\n            \r\n            <div class=\"mec-event-meta mec-color-before mec-frontbox\">\r\n\r\n                                                \r\n                                    <div class=\"mec-single-event-location\">\r\n                        <i class=\"mec-sl-location-pin\"><\/i>                        <h3 class=\"mec-events-single-section-title mec-location\">Location<\/h3>\r\n\r\n                        \r\n                        <dl>\r\n                        <dd class=\"author fn org\">500 17th St, Miami Beach, FL 33139, \u00c9tats-Unis<\/dd>\r\n\r\n                        <dd class=\"location\"><address class=\"mec-events-address\"><span class=\"mec-address\"><\/span><\/address><\/dd>\r\n\r\n                                                <\/dl>\r\n                    <\/div>\r\n                    \r\n                                    <div class=\"mec-single-event-category\">\r\n                        <i class=\"mec-sl-folder\"><\/i>                        <h3 class=\"mec-events-single-section-title mec-category\">Category<\/h3>\r\n                        <dl>\r\n                        <dd class=\"mec-events-event-categories\"><a href=\"https:\/\/eloisefaresharpiste.com\/en\/mec-category\/agenda\/\" class=\"mec-color-hover\" rel=\"tag\"><i class=\"mec-fa-angle-right\"><\/i>agenda<\/a><\/dd>                        <\/dl>\r\n                    <\/div>\r\n                    \r\n                \r\n            <\/div>\r\n\r\n            <!-- Speaker List Module -->\r\n            \r\n            <!-- Attendees List Module -->\r\n            \r\n            <!-- Next Previous Module -->\r\n                    <\/div>\r\n\r\n        <div class=\"col-md-8\">\r\n\r\n            <div class=\"mec-event-content\">\r\n                <div class=\"mec-single-event-description mec-events-content\">\r\n                                                                                                <\/div>\r\n            <\/div>\r\n\r\n            \r\n            <!-- Custom Data Fields -->\r\n            \r\n            <!-- FAQ -->\r\n            \r\n            <!-- Links Module -->\r\n            <div class=\"mec-event-social mec-frontbox\">\r\n     <h3 class=\"mec-social-single mec-frontbox-title\">Share this event<\/h3>\r\n     <div class=\"mec-event-sharing\">\r\n        <div class=\"mec-links-details\">\r\n            <ul>\r\n                <li class=\"mec-event-social-icon\"><a class=\"facebook\" href=\"https:\/\/www.facebook.com\/sharer\/sharer.php?u=https%3A%2F%2Fwww.nws.edu%2Fevents-tickets%2Fconcerts%2F2025-2026%2Fcoleman-plus-copland%2F\" onclick=\"javascript:window.open(this.href, &#039;&#039;, &#039;menubar=no,toolbar=no,resizable=yes,scrollbars=yes,height=500,width=600&#039;); return false;\" target=\"_blank\" title=\"Share on Facebook\" aria-label=\"Share on Facebook\" rel=\"noopener\"><i class=\"mec-fa-facebook\"><\/i><span class=\"mec-social-title\"><\/span><\/a><\/li><li class=\"mec-event-social-icon\"><a class=\"twitter\" href=\"https:\/\/x.com\/intent\/tweet?url=https%3A%2F%2Fwww.nws.edu%2Fevents-tickets%2Fconcerts%2F2025-2026%2Fcoleman-plus-copland%2F\" onclick=\"javascript:window.open(this.href, &#039;&#039;, &#039;menubar=no,toolbar=no,resizable=yes,scrollbars=yes,height=600,width=500&#039;); return false;\" target=\"_blank\" title=\"X Social Network\" aria-label=\"Share on X\"><svg xmlns=\"http:\/\/www.w3.org\/2000\/svg\" shape-rendering=\"geometricPrecision\" text-rendering=\"geometricPrecision\" image-rendering=\"optimizeQuality\" fill-rule=\"evenodd\" clip-rule=\"evenodd\" viewbox=\"0 0 512 462.799\"><path fill-rule=\"nonzero\" d=\"M403.229 0h78.506L310.219 196.04 512 462.799H354.002L230.261 301.007 88.669 462.799h-78.56l183.455-209.683L0 0h161.999l111.856 147.88L403.229 0zm-27.556 415.805h43.505L138.363 44.527h-46.68l283.99 371.278z\"\/><\/svg><span class=\"mec-social-title\"><\/span><\/a><\/li><li class=\"mec-event-social-icon\"><a class=\"linkedin\" href=\"https:\/\/www.linkedin.com\/shareArticle?mini=true&amp;url=https%3A%2F%2Fwww.nws.edu%2Fevents-tickets%2Fconcerts%2F2025-2026%2Fcoleman-plus-copland%2F\" onclick=\"javascript:window.open(this.href, &#039;&#039;, &#039;menubar=no,toolbar=no,resizable=yes,scrollbars=yes,height=600,width=500&#039;); return false;\" target=\"_blank\" title=\"Linkedin\" aria-label=\"Share on Linkedin\" rel=\"noopener\"><i class=\"mec-fa-linkedin\"><\/i><span class=\"mec-social-title\"><\/span><\/a><\/li><li class=\"mec-event-social-icon\"><a class=\"email\" href=\"mailto:?subject=Coleman%20%2B%20Copland%20-%20New%20World%20Symphony&body=https%3A%2F%2Fwww.nws.edu%2Fevents-tickets%2Fconcerts%2F2025-2026%2Fcoleman-plus-copland%2F\" title=\"Email\" aria-label=\"Share via Email\"><i class=\"mec-fa-envelope\"><\/i><span class=\"mec-social-title\"><\/span><\/a><\/li>            <\/ul>\r\n        <\/div>\r\n    <\/div>\r\n<\/div>\r\n            <!-- Google Maps Module -->\r\n            <div class=\"mec-events-meta-group mec-events-meta-group-gmap\">\r\n                            <\/div>\r\n\r\n            <!-- Export Module -->\r\n            <div class=\"mec-event-export-module mec-frontbox\">\r\n     <div class=\"mec-event-exporting\">\r\n        <div class=\"mec-export-details\">\r\n            <ul>\r\n                <li><a class=\"mec-events-gcal mec-events-button mec-color mec-bg-color-hover mec-border-color\" href=\"https:\/\/calendar.google.com\/calendar\/render?action=TEMPLATE&amp;text=Coleman+%2B+Copland+-+New+World+Symphony&amp;dates=20260208T183000Z\/20260208T203000Z&amp;details=Coleman+%2B+Copland+-+New+World+Symphony&amp;location=\" target=\"_blank\" rel=\"noopener\">+ Add to Google Calendar<\/a><\/li>                <li><a class=\"mec-events-gcal mec-events-button mec-color mec-bg-color-hover mec-border-color\" href=\"https:\/\/eloisefaresharpiste.com\/en\/?method=ical&#038;id=1057\">+ iCal \/ Outlook export<\/a><\/li>            <\/ul>\r\n        <\/div>\r\n    <\/div>\r\n<\/div>\r\n            <!-- Hourly Schedule -->\r\n            \r\n            \t\t\t<!-- Booking Module -->\r\n            \r\n            <!-- Tags -->\r\n            <div class=\"mec-events-meta-group mec-events-meta-group-tags\">\r\n                            <\/div>\r\n\r\n        <\/div>\r\n    <\/article>\r\n<\/div>\r\n<script>\r\n\/\/ Fix modal speaker in some themes\r\njQuery(\"#mec_skin_6848 .mec-speaker-avatar-dialog a\").on('click', function(e)\r\n{\r\n    e.preventDefault();\r\n\r\n    var id = jQuery(this).attr('href');\r\n    lity(id);\r\n\r\n    return false;\r\n});\r\n<\/script>\r\n                                <\/div>\r\n                            <\/div>\r\n                        <\/div><!-- toggle item end -->\r\n                    <\/div><!-- toggles wrap end -->\r\n                            <\/article>\r\n            \t\t\r\n            \r\n                        <article class=\"mec-past-event mec-event-article  mec-clear  mec-divider-toggle mec-toggle-202602-mec2\" itemscope>\r\n                                    <!-- toggles wrap start -->\r\n                    <div class=\"mec-events-toggle\">\r\n                        <!-- toggle item start -->\r\n                        <div class=\"mec-toggle-item\">\r\n                            <div class=\"mec-toggle-item-inner\" tabindex=\"0\">\r\n                                                                <div class=\"mec-toggle-item-col\">\r\n                                                                            <div class=\"mec-event-month\"><span class=\"mec-start-date-label\">07 February<\/span><\/div>\r\n                                                                                                        <\/div>\r\n                                <h3 class=\"mec-toggle-title\">\r\n                                    Coleman + Copland &#8211; New World Symphony<\/h3>\r\n                                                                <i class=\"mec-sl-arrow-down\"><\/i>\r\n                            <\/div>\r\n                            <div class=\"mec-content-toggle\" aria-hidden=\"true\" style=\"display: none;\">\r\n                                <div class=\"mec-toggle-content\">\r\n                                    <div class=\"mec-wrap colorskin-custom clearfix  mec-modal-wrap\" id=\"mec_skin_4938\" data-unique-id=\"4938\">\r\n    <article class=\"mec-single-event mec-single-modern mec-single-modal\">\r\n        <div class=\"mec-events-event-image\">\r\n            <img loading=\"lazy\" decoding=\"async\" width=\"400\" height=\"400\" src=\"https:\/\/eloisefaresharpiste.com\/wp-content\/uploads\/2025\/08\/Logo-NWS-1.jpeg\" class=\"attachment-full size-full wp-post-image\" alt=\"\" data-mec-postid=\"1057\" \/>        <\/div>\r\n        \r\n        <div class=\"col-md-4\">\r\n\r\n            <div class=\"mec-event-meta mec-color-before mec-frontbox mec-util-hidden\">\r\n                \r\n                <!-- Sponsors Module -->\r\n                \r\n                <!-- Register Booking Button -->\r\n                            <\/div>\r\n\r\n            <!-- Weather Module -->\r\n            \r\n            <!-- QRCode Module -->\r\n            \r\n            <!-- Public Download Module -->\r\n            \r\n            <!-- Local Time Module -->\r\n            \r\n            <div class=\"mec-event-meta mec-color-before mec-frontbox\">\r\n\r\n                                                \r\n                                    <div class=\"mec-single-event-location\">\r\n                        <i class=\"mec-sl-location-pin\"><\/i>                        <h3 class=\"mec-events-single-section-title mec-location\">Location<\/h3>\r\n\r\n                        \r\n                        <dl>\r\n                        <dd class=\"author fn org\">500 17th St, Miami Beach, FL 33139, \u00c9tats-Unis<\/dd>\r\n\r\n                        <dd class=\"location\"><address class=\"mec-events-address\"><span class=\"mec-address\"><\/span><\/address><\/dd>\r\n\r\n                                                <\/dl>\r\n                    <\/div>\r\n                    \r\n                                    <div class=\"mec-single-event-category\">\r\n                        <i class=\"mec-sl-folder\"><\/i>                        <h3 class=\"mec-events-single-section-title mec-category\">Category<\/h3>\r\n                        <dl>\r\n                        <dd class=\"mec-events-event-categories\"><a href=\"https:\/\/eloisefaresharpiste.com\/en\/mec-category\/agenda\/\" class=\"mec-color-hover\" rel=\"tag\"><i class=\"mec-fa-angle-right\"><\/i>agenda<\/a><\/dd>                        <\/dl>\r\n                    <\/div>\r\n                    \r\n                \r\n            <\/div>\r\n\r\n            <!-- Speaker List Module -->\r\n            \r\n            <!-- Attendees List Module -->\r\n            \r\n            <!-- Next Previous Module -->\r\n                    <\/div>\r\n\r\n        <div class=\"col-md-8\">\r\n\r\n            <div class=\"mec-event-content\">\r\n                <div class=\"mec-single-event-description mec-events-content\">\r\n                                                                                                <\/div>\r\n            <\/div>\r\n\r\n            \r\n            <!-- Custom Data Fields -->\r\n            \r\n            <!-- FAQ -->\r\n            \r\n            <!-- Links Module -->\r\n            <div class=\"mec-event-social mec-frontbox\">\r\n     <h3 class=\"mec-social-single mec-frontbox-title\">Share this event<\/h3>\r\n     <div class=\"mec-event-sharing\">\r\n        <div class=\"mec-links-details\">\r\n            <ul>\r\n                <li class=\"mec-event-social-icon\"><a class=\"facebook\" href=\"https:\/\/www.facebook.com\/sharer\/sharer.php?u=https%3A%2F%2Fwww.nws.edu%2Fevents-tickets%2Fconcerts%2F2025-2026%2Fcoleman-plus-copland%2F\" onclick=\"javascript:window.open(this.href, &#039;&#039;, &#039;menubar=no,toolbar=no,resizable=yes,scrollbars=yes,height=500,width=600&#039;); return false;\" target=\"_blank\" title=\"Share on Facebook\" aria-label=\"Share on Facebook\" rel=\"noopener\"><i class=\"mec-fa-facebook\"><\/i><span class=\"mec-social-title\"><\/span><\/a><\/li><li class=\"mec-event-social-icon\"><a class=\"twitter\" href=\"https:\/\/x.com\/intent\/tweet?url=https%3A%2F%2Fwww.nws.edu%2Fevents-tickets%2Fconcerts%2F2025-2026%2Fcoleman-plus-copland%2F\" onclick=\"javascript:window.open(this.href, &#039;&#039;, &#039;menubar=no,toolbar=no,resizable=yes,scrollbars=yes,height=600,width=500&#039;); return false;\" target=\"_blank\" title=\"X Social Network\" aria-label=\"Share on X\"><svg xmlns=\"http:\/\/www.w3.org\/2000\/svg\" shape-rendering=\"geometricPrecision\" text-rendering=\"geometricPrecision\" image-rendering=\"optimizeQuality\" fill-rule=\"evenodd\" clip-rule=\"evenodd\" viewbox=\"0 0 512 462.799\"><path fill-rule=\"nonzero\" d=\"M403.229 0h78.506L310.219 196.04 512 462.799H354.002L230.261 301.007 88.669 462.799h-78.56l183.455-209.683L0 0h161.999l111.856 147.88L403.229 0zm-27.556 415.805h43.505L138.363 44.527h-46.68l283.99 371.278z\"\/><\/svg><span class=\"mec-social-title\"><\/span><\/a><\/li><li class=\"mec-event-social-icon\"><a class=\"linkedin\" href=\"https:\/\/www.linkedin.com\/shareArticle?mini=true&amp;url=https%3A%2F%2Fwww.nws.edu%2Fevents-tickets%2Fconcerts%2F2025-2026%2Fcoleman-plus-copland%2F\" onclick=\"javascript:window.open(this.href, &#039;&#039;, &#039;menubar=no,toolbar=no,resizable=yes,scrollbars=yes,height=600,width=500&#039;); return false;\" target=\"_blank\" title=\"Linkedin\" aria-label=\"Share on Linkedin\" rel=\"noopener\"><i class=\"mec-fa-linkedin\"><\/i><span class=\"mec-social-title\"><\/span><\/a><\/li><li class=\"mec-event-social-icon\"><a class=\"email\" href=\"mailto:?subject=Coleman%20%2B%20Copland%20-%20New%20World%20Symphony&body=https%3A%2F%2Fwww.nws.edu%2Fevents-tickets%2Fconcerts%2F2025-2026%2Fcoleman-plus-copland%2F\" title=\"Email\" aria-label=\"Share via Email\"><i class=\"mec-fa-envelope\"><\/i><span class=\"mec-social-title\"><\/span><\/a><\/li>            <\/ul>\r\n        <\/div>\r\n    <\/div>\r\n<\/div>\r\n            <!-- Google Maps Module -->\r\n            <div class=\"mec-events-meta-group mec-events-meta-group-gmap\">\r\n                            <\/div>\r\n\r\n            <!-- Export Module -->\r\n            <div class=\"mec-event-export-module mec-frontbox\">\r\n     <div class=\"mec-event-exporting\">\r\n        <div class=\"mec-export-details\">\r\n            <ul>\r\n                <li><a class=\"mec-events-gcal mec-events-button mec-color mec-bg-color-hover mec-border-color\" href=\"https:\/\/calendar.google.com\/calendar\/render?action=TEMPLATE&amp;text=Coleman+%2B+Copland+-+New+World+Symphony&amp;dates=20260208T183000Z\/20260208T203000Z&amp;details=Coleman+%2B+Copland+-+New+World+Symphony&amp;location=\" target=\"_blank\" rel=\"noopener\">+ Add to Google Calendar<\/a><\/li>                <li><a class=\"mec-events-gcal mec-events-button mec-color mec-bg-color-hover mec-border-color\" href=\"https:\/\/eloisefaresharpiste.com\/en\/?method=ical&#038;id=1057\">+ iCal \/ Outlook export<\/a><\/li>            <\/ul>\r\n        <\/div>\r\n    <\/div>\r\n<\/div>\r\n            <!-- Hourly Schedule -->\r\n            \r\n            \t\t\t<!-- Booking Module -->\r\n            \r\n            <!-- Tags -->\r\n            <div class=\"mec-events-meta-group mec-events-meta-group-tags\">\r\n                            <\/div>\r\n\r\n        <\/div>\r\n    <\/article>\r\n<\/div>\r\n<script>\r\n\/\/ Fix modal speaker in some themes\r\njQuery(\"#mec_skin_4938 .mec-speaker-avatar-dialog a\").on('click', function(e)\r\n{\r\n    e.preventDefault();\r\n\r\n    var id = jQuery(this).attr('href');\r\n    lity(id);\r\n\r\n    return false;\r\n});\r\n<\/script>\r\n                                <\/div>\r\n                            <\/div>\r\n                        <\/div><!-- toggle item end -->\r\n                    <\/div><!-- toggles wrap end -->\r\n                            <\/article>\r\n            \t\t\r\n                        <div class=\"mec-month-divider\" data-toggle-divider=\"mec-toggle-202601-mec2\"><h5 style=\"display: inline;\">January 2026<\/h5><i class=\"mec-sl-arrow-down\"><\/i><\/div>\r\n            \r\n                        <article class=\"mec-past-event mec-event-article  mec-clear  mec-divider-toggle mec-toggle-202601-mec2\" itemscope>\r\n                                    <!-- toggles wrap start -->\r\n                    <div class=\"mec-events-toggle\">\r\n                        <!-- toggle item start -->\r\n                        <div class=\"mec-toggle-item\">\r\n                            <div class=\"mec-toggle-item-inner\" tabindex=\"0\">\r\n                                                                <div class=\"mec-toggle-item-col\">\r\n                                                                            <div class=\"mec-event-month\"><span class=\"mec-start-date-label\">30 January<\/span><\/div>\r\n                                                                        <div class=\"mec-time-details\"><span class=\"mec-start-time\">19h00<\/span> - <span class=\"mec-end-time\">22h00<\/span><\/div>                                <\/div>\r\n                                <h3 class=\"mec-toggle-title\">\r\n                                    The Clock strikes 2:32pm &#8211; Recital &#8211; MTT Hall, New World Center<\/h3>\r\n                                                                <i class=\"mec-sl-arrow-down\"><\/i>\r\n                            <\/div>\r\n                            <div class=\"mec-content-toggle\" aria-hidden=\"true\" style=\"display: none;\">\r\n                                <div class=\"mec-toggle-content\">\r\n                                    <div class=\"mec-wrap colorskin-custom clearfix  mec-modal-wrap\" id=\"mec_skin_9359\" data-unique-id=\"9359\">\r\n    <article class=\"mec-single-event mec-single-modern mec-single-modal\">\r\n        <div class=\"mec-events-event-image\">\r\n            <img loading=\"lazy\" decoding=\"async\" width=\"2560\" height=\"1434\" src=\"https:\/\/eloisefaresharpiste.com\/wp-content\/uploads\/2025\/10\/Design-sans-titre-scaled.png\" class=\"attachment-full size-full wp-post-image\" alt=\"\" data-mec-postid=\"1158\" \/>        <\/div>\r\n        \r\n        <div class=\"col-md-4\">\r\n\r\n            <div class=\"mec-event-meta mec-color-before mec-frontbox mec-util-hidden\">\r\n                \r\n                <!-- Sponsors Module -->\r\n                \r\n                <!-- Register Booking Button -->\r\n                            <\/div>\r\n\r\n            <!-- Weather Module -->\r\n            \r\n            <!-- QRCode Module -->\r\n            \r\n            <!-- Public Download Module -->\r\n            \r\n            <!-- Local Time Module -->\r\n            \r\n            <div class=\"mec-event-meta mec-color-before mec-frontbox\">\r\n\r\n                                                \r\n                                    <div class=\"mec-single-event-location\">\r\n                        <i class=\"mec-sl-location-pin\"><\/i>                        <h3 class=\"mec-events-single-section-title mec-location\">Location<\/h3>\r\n\r\n                        \r\n                        <dl>\r\n                        <dd class=\"author fn org\">500 17th St, Miami Beach, FL 33139, \u00c9tats-Unis<\/dd>\r\n\r\n                        <dd class=\"location\"><address class=\"mec-events-address\"><span class=\"mec-address\"><\/span><\/address><\/dd>\r\n\r\n                                                <\/dl>\r\n                    <\/div>\r\n                    \r\n                                    <div class=\"mec-single-event-category\">\r\n                        <i class=\"mec-sl-folder\"><\/i>                        <h3 class=\"mec-events-single-section-title mec-category\">Category<\/h3>\r\n                        <dl>\r\n                        <dd class=\"mec-events-event-categories\"><a href=\"https:\/\/eloisefaresharpiste.com\/en\/mec-category\/agenda\/\" class=\"mec-color-hover\" rel=\"tag\"><i class=\"mec-fa-angle-right\"><\/i>agenda<\/a><\/dd>                        <\/dl>\r\n                    <\/div>\r\n                    \r\n                \r\n            <\/div>\r\n\r\n            <!-- Speaker List Module -->\r\n            \r\n            <!-- Attendees List Module -->\r\n            \r\n            <!-- Next Previous Module -->\r\n                    <\/div>\r\n\r\n        <div class=\"col-md-8\">\r\n\r\n            <div class=\"mec-event-content\">\r\n                <div class=\"mec-single-event-description mec-events-content\">\r\n                    <p class=\"p1\"><strong><span class=\"s1\">Program :<\/span><\/strong><\/p>\n<p class=\"p1\"><span class=\"s1\">Sally Beamish (1956-) \u2013 Ayuwa (harp solo) 9\u201900<\/span><\/p>\n<p class=\"p1\"><span class=\"s1\">Mikhail Glinka (arr. Balakirev) (1804 &#8211; 1857) \u2013 The Lark (harp solo) 6\u201900<\/span><\/p>\n<p class=\"p1\"><span class=\"s1\">Claude Debussy (1862 &#8211; 1918) \u2013 Danses sacr\u00e9e et profane (harp and string quartet) &#8211; 10\u201900<\/span><\/p>\n<p class=\"p1\"><span class=\"s1\">Henriette Reni\u00e9 (1875 &#8211; 1956) \u2013 Pi\u00e8ce symphonique (harp solo) &#8211; 10\u201900<\/span><\/p>\n<p class=\"p1\"><span class=\"s1\">Elena Kats-Chernin (1957 &#8211; ) &#8211; Chamber of Horrors (harp and electronic) &#8211; 7\u201900<\/span><\/p>\n<p class=\"p1\"><span class=\"s1\">Quentin Lauvray (1997 -) &#8211; 2:32pm \u2013 (harp solo commissioned piece) &#8211; 2\u201932 (maybe repeated)<\/span><\/p>\n<p class=\"p1\"><span class=\"s1\">Andr\u00e9 Caplet (1878 &#8211; 1925) \u2013 Conte fantastique (based on Edgar Allan Poe\u2019s story for harp and string quartet) &#8211; 17\u201900<\/span><\/p>\n                                                                            <\/div>\r\n            <\/div>\r\n\r\n            \r\n            <!-- Custom Data Fields -->\r\n            \r\n            <!-- FAQ -->\r\n            \r\n            <!-- Links Module -->\r\n            <div class=\"mec-event-social mec-frontbox\">\r\n     <h3 class=\"mec-social-single mec-frontbox-title\">Share this event<\/h3>\r\n     <div class=\"mec-event-sharing\">\r\n        <div class=\"mec-links-details\">\r\n            <ul>\r\n                <li class=\"mec-event-social-icon\"><a class=\"facebook\" href=\"https:\/\/www.facebook.com\/sharer\/sharer.php?u=https%3A%2F%2Fwww.nws.edu%2Fevents-tickets%2Fconcerts%2F%23%2F%3Fm%3D11%26y%3D2025\" onclick=\"javascript:window.open(this.href, &#039;&#039;, &#039;menubar=no,toolbar=no,resizable=yes,scrollbars=yes,height=500,width=600&#039;); return false;\" target=\"_blank\" title=\"Share on Facebook\" aria-label=\"Share on Facebook\" rel=\"noopener\"><i class=\"mec-fa-facebook\"><\/i><span class=\"mec-social-title\"><\/span><\/a><\/li><li class=\"mec-event-social-icon\"><a class=\"twitter\" href=\"https:\/\/x.com\/intent\/tweet?url=https%3A%2F%2Fwww.nws.edu%2Fevents-tickets%2Fconcerts%2F%23%2F%3Fm%3D11%26y%3D2025\" onclick=\"javascript:window.open(this.href, &#039;&#039;, &#039;menubar=no,toolbar=no,resizable=yes,scrollbars=yes,height=600,width=500&#039;); return false;\" target=\"_blank\" title=\"X Social Network\" aria-label=\"Share on X\"><svg xmlns=\"http:\/\/www.w3.org\/2000\/svg\" shape-rendering=\"geometricPrecision\" text-rendering=\"geometricPrecision\" image-rendering=\"optimizeQuality\" fill-rule=\"evenodd\" clip-rule=\"evenodd\" viewbox=\"0 0 512 462.799\"><path fill-rule=\"nonzero\" d=\"M403.229 0h78.506L310.219 196.04 512 462.799H354.002L230.261 301.007 88.669 462.799h-78.56l183.455-209.683L0 0h161.999l111.856 147.88L403.229 0zm-27.556 415.805h43.505L138.363 44.527h-46.68l283.99 371.278z\"\/><\/svg><span class=\"mec-social-title\"><\/span><\/a><\/li><li class=\"mec-event-social-icon\"><a class=\"linkedin\" href=\"https:\/\/www.linkedin.com\/shareArticle?mini=true&amp;url=https%3A%2F%2Fwww.nws.edu%2Fevents-tickets%2Fconcerts%2F%23%2F%3Fm%3D11%26y%3D2025\" onclick=\"javascript:window.open(this.href, &#039;&#039;, &#039;menubar=no,toolbar=no,resizable=yes,scrollbars=yes,height=600,width=500&#039;); return false;\" target=\"_blank\" title=\"Linkedin\" aria-label=\"Share on Linkedin\" rel=\"noopener\"><i class=\"mec-fa-linkedin\"><\/i><span class=\"mec-social-title\"><\/span><\/a><\/li><li class=\"mec-event-social-icon\"><a class=\"email\" href=\"mailto:?subject=The%20Clock%20strikes%202%3A32pm%20-%20Recital%20-%20MTT%20Hall%2C%20New%20World%20Center&body=https%3A%2F%2Fwww.nws.edu%2Fevents-tickets%2Fconcerts%2F%23%2F%3Fm%3D11%26y%3D2025\" title=\"Email\" aria-label=\"Share via Email\"><i class=\"mec-fa-envelope\"><\/i><span class=\"mec-social-title\"><\/span><\/a><\/li>            <\/ul>\r\n        <\/div>\r\n    <\/div>\r\n<\/div>\r\n            <!-- Google Maps Module -->\r\n            <div class=\"mec-events-meta-group mec-events-meta-group-gmap\">\r\n                            <\/div>\r\n\r\n            <!-- Export Module -->\r\n            <div class=\"mec-event-export-module mec-frontbox\">\r\n     <div class=\"mec-event-exporting\">\r\n        <div class=\"mec-export-details\">\r\n            <ul>\r\n                <li><a class=\"mec-events-gcal mec-events-button mec-color mec-bg-color-hover mec-border-color\" href=\"https:\/\/calendar.google.com\/calendar\/render?action=TEMPLATE&amp;text=The+Clock+strikes+2%3A32pm+-+Recital+-+MTT+Hall%2C+New+World+Center&amp;dates=20260130T180000Z\/20260130T210000Z&amp;details=Program+%3A%0D%0ASally+Beamish+%281956-%29+%E2%80%93+Ayuwa+%28harp+solo%29+9%E2%80%9900%0D%0AMikhail+Glinka+%28arr.+Balakirev%29+%281804+-+1857%29+%E2%80%93+The+Lark+%28harp+solo%29+6%E2%80%9900%0D%0AClaude+Debussy+%281862+-+1918%29+%E2%80%93+Danses+sacr%C3%A9e+et+profane+%28harp+and+string+quartet%29+-+10%E2%80%9900%0D%0AHenriette+Reni%C3%A9+%281875+-+1956%29+%E2%80%93+Pi%C3%A8ce+symphonique+%28harp+solo%29+-+10%E2%80%9900%0D%0AElena+Kats-Chernin+%281957+-+%29+-+Chamber+of+Horrors+%28harp+and+electronic%29+-+7%E2%80%9900%0D%0AQuentin+Lauvray+%281997+-%29+-+2%3A32pm+%E2%80%93+%28harp+solo+commissioned+piece%29+-+2%E2%80%9932+%28maybe+repeated%29%0D%0AAndr%C3%A9+Caplet+%281878+-+1925%29+%E2%80%93+Conte+fantastique+%28based+on+Edgar+Allan+Poe%E2%80%99s+story+for+harp+and+string+quartet%29+-+17%E2%80%9900&amp;location=\" target=\"_blank\" rel=\"noopener\">+ Add to Google Calendar<\/a><\/li>                <li><a class=\"mec-events-gcal mec-events-button mec-color mec-bg-color-hover mec-border-color\" href=\"https:\/\/eloisefaresharpiste.com\/en\/?method=ical&#038;id=1158\">+ iCal \/ Outlook export<\/a><\/li>            <\/ul>\r\n        <\/div>\r\n    <\/div>\r\n<\/div>\r\n            <!-- Hourly Schedule -->\r\n            \r\n            \t\t\t<!-- Booking Module -->\r\n            \r\n            <!-- Tags -->\r\n            <div class=\"mec-events-meta-group mec-events-meta-group-tags\">\r\n                            <\/div>\r\n\r\n        <\/div>\r\n    <\/article>\r\n<\/div>\r\n<script>\r\n\/\/ Fix modal speaker in some themes\r\njQuery(\"#mec_skin_9359 .mec-speaker-avatar-dialog a\").on('click', function(e)\r\n{\r\n    e.preventDefault();\r\n\r\n    var id = jQuery(this).attr('href');\r\n    lity(id);\r\n\r\n    return false;\r\n});\r\n<\/script>\r\n                                <\/div>\r\n                            <\/div>\r\n                        <\/div><!-- toggle item end -->\r\n                    <\/div><!-- toggles wrap end -->\r\n                            <\/article>\r\n            \t\t\r\n            \r\n                        <article class=\"mec-past-event mec-event-article  mec-clear  mec-divider-toggle mec-toggle-202601-mec2\" itemscope>\r\n                                    <!-- toggles wrap start -->\r\n                    <div class=\"mec-events-toggle\">\r\n                        <!-- toggle item start -->\r\n                        <div class=\"mec-toggle-item\">\r\n                            <div class=\"mec-toggle-item-inner\" tabindex=\"0\">\r\n                                                                <div class=\"mec-toggle-item-col\">\r\n                                                                            <div class=\"mec-event-month\"><span class=\"mec-start-date-label\">26 January<\/span><\/div>\r\n                                                                        <div class=\"mec-time-details\"><span class=\"mec-start-time\">20h00<\/span><\/div>                                <\/div>\r\n                                <h3 class=\"mec-toggle-title\">\r\n                                    Geneva Camerata - GECA Season 2025 - 2026<\/h3>\r\n                                                                <i class=\"mec-sl-arrow-down\"><\/i>\r\n                            <\/div>\r\n                            <div class=\"mec-content-toggle\" aria-hidden=\"true\" style=\"display: none;\">\r\n                                <div class=\"mec-toggle-content\">\r\n                                    <div class=\"mec-wrap colorskin-custom clearfix  mec-modal-wrap\" id=\"mec_skin_4420\" data-unique-id=\"4420\">\r\n    <article class=\"mec-single-event mec-single-modern mec-single-modal\">\r\n        <div class=\"mec-events-event-image\">\r\n            <img loading=\"lazy\" decoding=\"async\" width=\"2048\" height=\"2048\" src=\"https:\/\/eloisefaresharpiste.com\/wp-content\/uploads\/2025\/07\/visuel-GECA.jpeg\" class=\"attachment-full size-full wp-post-image\" alt=\"\" data-mec-postid=\"268\" \/>        <\/div>\r\n        \r\n        <div class=\"col-md-4\">\r\n\r\n            <div class=\"mec-event-meta mec-color-before mec-frontbox mec-util-hidden\">\r\n                \r\n                <!-- Sponsors Module -->\r\n                \r\n                <!-- Register Booking Button -->\r\n                            <\/div>\r\n\r\n            <!-- Weather Module -->\r\n            \r\n            <!-- QRCode Module -->\r\n            \r\n            <!-- Public Download Module -->\r\n            \r\n            <!-- Local Time Module -->\r\n            \r\n            <div class=\"mec-event-meta mec-color-before mec-frontbox\">\r\n\r\n                                                \r\n                                    <div class=\"mec-single-event-location\">\r\n                        <i class=\"mec-sl-location-pin\"><\/i>                        <h3 class=\"mec-events-single-section-title mec-location\">Location<\/h3>\r\n\r\n                        \r\n                        <dl>\r\n                        <dd class=\"author fn org\">B\u00e2timent des forces motrices - Geneva - SWITZERLAND<\/dd>\r\n\r\n                        <dd class=\"location\"><address class=\"mec-events-address\"><span class=\"mec-address\"><\/span><\/address><\/dd>\r\n\r\n                                                <\/dl>\r\n                    <\/div>\r\n                    \r\n                                    <div class=\"mec-single-event-category\">\r\n                        <i class=\"mec-sl-folder\"><\/i>                        <h3 class=\"mec-events-single-section-title mec-category\">Category<\/h3>\r\n                        <dl>\r\n                        <dd class=\"mec-events-event-categories\"><a href=\"https:\/\/eloisefaresharpiste.com\/en\/mec-category\/agenda\/\" class=\"mec-color-hover\" rel=\"tag\"><i class=\"mec-fa-angle-right\"><\/i>agenda<\/a><\/dd>                        <\/dl>\r\n                    <\/div>\r\n                    \r\n                \r\n            <\/div>\r\n\r\n            <!-- Speaker List Module -->\r\n            \r\n            <!-- Attendees List Module -->\r\n            \r\n            <!-- Next Previous Module -->\r\n                    <\/div>\r\n\r\n        <div class=\"col-md-8\">\r\n\r\n            <div class=\"mec-event-content\">\r\n                <div class=\"mec-single-event-description mec-events-content\">\r\n                                                                                                <\/div>\r\n            <\/div>\r\n\r\n            \r\n            <!-- Custom Data Fields -->\r\n            \r\n            <!-- FAQ -->\r\n            \r\n            <!-- Links Module -->\r\n            <div class=\"mec-event-social mec-frontbox\">\r\n     <h3 class=\"mec-social-single mec-frontbox-title\">Share this event<\/h3>\r\n     <div class=\"mec-event-sharing\">\r\n        <div class=\"mec-links-details\">\r\n            <ul>\r\n                <li class=\"mec-event-social-icon\"><a class=\"facebook\" href=\"https:\/\/www.facebook.com\/sharer\/sharer.php?u=https%3A%2F%2Fwww.genevacamerata.com%2Ffr\" onclick=\"javascript:window.open(this.href, &#039;&#039;, &#039;menubar=no,toolbar=no,resizable=yes,scrollbars=yes,height=500,width=600&#039;); return false;\" target=\"_blank\" title=\"Share on Facebook\" aria-label=\"Share on Facebook\" rel=\"noopener\"><i class=\"mec-fa-facebook\"><\/i><span class=\"mec-social-title\"><\/span><\/a><\/li><li class=\"mec-event-social-icon\"><a class=\"twitter\" href=\"https:\/\/x.com\/intent\/tweet?url=https%3A%2F%2Fwww.genevacamerata.com%2Ffr\" onclick=\"javascript:window.open(this.href, &#039;&#039;, &#039;menubar=no,toolbar=no,resizable=yes,scrollbars=yes,height=600,width=500&#039;); return false;\" target=\"_blank\" title=\"X Social Network\" aria-label=\"Share on X\"><svg xmlns=\"http:\/\/www.w3.org\/2000\/svg\" shape-rendering=\"geometricPrecision\" text-rendering=\"geometricPrecision\" image-rendering=\"optimizeQuality\" fill-rule=\"evenodd\" clip-rule=\"evenodd\" viewbox=\"0 0 512 462.799\"><path fill-rule=\"nonzero\" d=\"M403.229 0h78.506L310.219 196.04 512 462.799H354.002L230.261 301.007 88.669 462.799h-78.56l183.455-209.683L0 0h161.999l111.856 147.88L403.229 0zm-27.556 415.805h43.505L138.363 44.527h-46.68l283.99 371.278z\"\/><\/svg><span class=\"mec-social-title\"><\/span><\/a><\/li><li class=\"mec-event-social-icon\"><a class=\"linkedin\" href=\"https:\/\/www.linkedin.com\/shareArticle?mini=true&amp;url=https%3A%2F%2Fwww.genevacamerata.com%2Ffr\" onclick=\"javascript:window.open(this.href, &#039;&#039;, &#039;menubar=no,toolbar=no,resizable=yes,scrollbars=yes,height=600,width=500&#039;); return false;\" target=\"_blank\" title=\"Linkedin\" aria-label=\"Share on Linkedin\" rel=\"noopener\"><i class=\"mec-fa-linkedin\"><\/i><span class=\"mec-social-title\"><\/span><\/a><\/li><li class=\"mec-event-social-icon\"><a class=\"email\" href=\"mailto:?subject=Geneva%20Camerata%20%E2%80%93%20GECA%20Saison%202025%20%E2%80%93%202026&body=https%3A%2F%2Fwww.genevacamerata.com%2Ffr\" title=\"Email\" aria-label=\"Share via Email\"><i class=\"mec-fa-envelope\"><\/i><span class=\"mec-social-title\"><\/span><\/a><\/li>            <\/ul>\r\n        <\/div>\r\n    <\/div>\r\n<\/div>\r\n            <!-- Google Maps Module -->\r\n            <div class=\"mec-events-meta-group mec-events-meta-group-gmap\">\r\n                            <\/div>\r\n\r\n            <!-- Export Module -->\r\n            <div class=\"mec-event-export-module mec-frontbox\">\r\n     <div class=\"mec-event-exporting\">\r\n        <div class=\"mec-export-details\">\r\n            <ul>\r\n                <li><a class=\"mec-events-gcal mec-events-button mec-color mec-bg-color-hover mec-border-color\" href=\"https:\/\/calendar.google.com\/calendar\/render?action=TEMPLATE&amp;text=Geneva+Camerata+%E2%80%93+GECA+Saison+2025+%E2%80%93+2026&amp;dates=20260126T190000Z\/20260126T190000Z&amp;details=Geneva+Camerata+%E2%80%93+GECA+Saison+2025+%E2%80%93+2026&amp;location=\" target=\"_blank\" rel=\"noopener\">+ Add to Google Calendar<\/a><\/li>                <li><a class=\"mec-events-gcal mec-events-button mec-color mec-bg-color-hover mec-border-color\" href=\"https:\/\/eloisefaresharpiste.com\/en\/?method=ical&#038;id=268\">+ iCal \/ Outlook export<\/a><\/li>            <\/ul>\r\n        <\/div>\r\n    <\/div>\r\n<\/div>\r\n            <!-- Hourly Schedule -->\r\n            \r\n            \t\t\t<!-- Booking Module -->\r\n            \r\n            <!-- Tags -->\r\n            <div class=\"mec-events-meta-group mec-events-meta-group-tags\">\r\n                            <\/div>\r\n\r\n        <\/div>\r\n    <\/article>\r\n<\/div>\r\n<script>\r\n\/\/ Fix modal speaker in some themes\r\njQuery(\"#mec_skin_4420 .mec-speaker-avatar-dialog a\").on('click', function(e)\r\n{\r\n    e.preventDefault();\r\n\r\n    var id = jQuery(this).attr('href');\r\n    lity(id);\r\n\r\n    return false;\r\n});\r\n<\/script>\r\n                                <\/div>\r\n                            <\/div>\r\n                        <\/div><!-- toggle item end -->\r\n                    <\/div><!-- toggles wrap end -->\r\n                            <\/article>\r\n            \t\t\r\n            \r\n                        <article class=\"mec-past-event mec-event-article  mec-clear  mec-divider-toggle mec-toggle-202601-mec2\" itemscope>\r\n                                    <!-- toggles wrap start -->\r\n                    <div class=\"mec-events-toggle\">\r\n                        <!-- toggle item start -->\r\n                        <div class=\"mec-toggle-item\">\r\n                            <div class=\"mec-toggle-item-inner\" tabindex=\"0\">\r\n                                                                <div class=\"mec-toggle-item-col\">\r\n                                                                            <div class=\"mec-event-month\"><span class=\"mec-start-date-label\">25 January<\/span><\/div>\r\n                                                                                                        <\/div>\r\n                                <h3 class=\"mec-toggle-title\">\r\n                                    Chamber music : Saariaho &#8211; flute, percussion, harp, violin, cello &#8211; New World Symphony<\/h3>\r\n                                                                <i class=\"mec-sl-arrow-down\"><\/i>\r\n                            <\/div>\r\n                            <div class=\"mec-content-toggle\" aria-hidden=\"true\" style=\"display: none;\">\r\n                                <div class=\"mec-toggle-content\">\r\n                                    <div class=\"mec-wrap colorskin-custom clearfix  mec-modal-wrap\" id=\"mec_skin_2456\" data-unique-id=\"2456\">\r\n    <article class=\"mec-single-event mec-single-modern mec-single-modal\">\r\n        <div class=\"mec-events-event-image\">\r\n            <img loading=\"lazy\" decoding=\"async\" width=\"400\" height=\"400\" src=\"https:\/\/eloisefaresharpiste.com\/wp-content\/uploads\/2025\/08\/Logo-NWS-1.jpeg\" class=\"attachment-full size-full wp-post-image\" alt=\"\" data-mec-postid=\"1055\" \/>        <\/div>\r\n        \r\n        <div class=\"col-md-4\">\r\n\r\n            <div class=\"mec-event-meta mec-color-before mec-frontbox mec-util-hidden\">\r\n                \r\n                <!-- Sponsors Module -->\r\n                \r\n                <!-- Register Booking Button -->\r\n                            <\/div>\r\n\r\n            <!-- Weather Module -->\r\n            \r\n            <!-- QRCode Module -->\r\n            \r\n            <!-- Public Download Module -->\r\n            \r\n            <!-- Local Time Module -->\r\n            \r\n            <div class=\"mec-event-meta mec-color-before mec-frontbox\">\r\n\r\n                                                \r\n                                    <div class=\"mec-single-event-location\">\r\n                        <i class=\"mec-sl-location-pin\"><\/i>                        <h3 class=\"mec-events-single-section-title mec-location\">Location<\/h3>\r\n\r\n                        \r\n                        <dl>\r\n                        <dd class=\"author fn org\">500 17th St, Miami Beach, FL 33139, \u00c9tats-Unis<\/dd>\r\n\r\n                        <dd class=\"location\"><address class=\"mec-events-address\"><span class=\"mec-address\"><\/span><\/address><\/dd>\r\n\r\n                                                <\/dl>\r\n                    <\/div>\r\n                    \r\n                                    <div class=\"mec-single-event-category\">\r\n                        <i class=\"mec-sl-folder\"><\/i>                        <h3 class=\"mec-events-single-section-title mec-category\">Category<\/h3>\r\n                        <dl>\r\n                        <dd class=\"mec-events-event-categories\"><a href=\"https:\/\/eloisefaresharpiste.com\/en\/mec-category\/agenda\/\" class=\"mec-color-hover\" rel=\"tag\"><i class=\"mec-fa-angle-right\"><\/i>agenda<\/a><\/dd>                        <\/dl>\r\n                    <\/div>\r\n                    \r\n                \r\n            <\/div>\r\n\r\n            <!-- Speaker List Module -->\r\n            \r\n            <!-- Attendees List Module -->\r\n            \r\n            <!-- Next Previous Module -->\r\n                    <\/div>\r\n\r\n        <div class=\"col-md-8\">\r\n\r\n            <div class=\"mec-event-content\">\r\n                <div class=\"mec-single-event-description mec-events-content\">\r\n                    <ul class=\"tab-links\">\n<li><a href=\"https:\/\/www.nws.edu\/events-tickets\/concerts\/2025-2026\/chamber-music-saariaho-riley-bach\/#\/program\/ballades\" target=\"_blank\" rel=\"noopener\">Machaut \/ Balter : <em>Ballades<\/em><\/a><\/li>\n<li><a href=\"https:\/\/www.nws.edu\/events-tickets\/concerts\/2025-2026\/chamber-music-saariaho-riley-bach\/#\/program\/terrestre\" target=\"_blank\" rel=\"noopener\">Saariaho : <em>Terrestre<\/em><\/a><\/li>\n<li><a href=\"https:\/\/www.nws.edu\/events-tickets\/concerts\/2025-2026\/chamber-music-saariaho-riley-bach\/#\/program\/the_holy_liftoff\" target=\"_blank\" rel=\"noopener\">Riley : <em>The Holy Liftoff<\/em><\/a><\/li>\n<li><a href=\"https:\/\/www.nws.edu\/events-tickets\/concerts\/2025-2026\/chamber-music-saariaho-riley-bach\/#\/program\/triple_concerto\" target=\"_blank\" rel=\"noopener\">J.S. Bach : Triple Concerto<\/a><\/li>\n<li><a href=\"https:\/\/www.nws.edu\/events-tickets\/concerts\/2025-2026\/chamber-music-saariaho-riley-bach\/#\/program\/pan\" target=\"_blank\" rel=\"noopener\">Balter : <em>Pan<\/em><\/a><\/li>\n<li><a href=\"https:\/\/www.nws.edu\/events-tickets\/concerts\/2025-2026\/chamber-music-saariaho-riley-bach\/#\/program\/pulsefield\" target=\"_blank\" rel=\"noopener\">Riley : <em>Pulsefield<\/em><\/a><\/li>\n<\/ul>\n<ul class=\"tab-links\">\n<li><a href=\"https:\/\/www.nws.edu\/events-tickets\/concerts\/2025-2026\/chamber-music-saariaho-riley-bach\/#\/artists\/claire-chase\/\" target=\"_blank\" rel=\"noopener\">Claire Chase, flute<\/a><\/li>\n<li><a href=\"https:\/\/www.nws.edu\/events-tickets\/concerts\/2025-2026\/chamber-music-saariaho-riley-bach\/#\/artists\/fellows-of-the-new-world-symphony\/\" target=\"_blank\" rel=\"noopener\">Fellows of the New World Symphony<\/a><\/li>\n<\/ul>\n                                                                            <\/div>\r\n            <\/div>\r\n\r\n            \r\n            <!-- Custom Data Fields -->\r\n            \r\n            <!-- FAQ -->\r\n            \r\n            <!-- Links Module -->\r\n            <div class=\"mec-event-social mec-frontbox\">\r\n     <h3 class=\"mec-social-single mec-frontbox-title\">Share this event<\/h3>\r\n     <div class=\"mec-event-sharing\">\r\n        <div class=\"mec-links-details\">\r\n            <ul>\r\n                <li class=\"mec-event-social-icon\"><a class=\"facebook\" href=\"https:\/\/www.facebook.com\/sharer\/sharer.php?u=https%3A%2F%2Fwww.nws.edu%2Fevents-tickets%2Fconcerts%2F2025-2026%2Fchamber-music-saariaho-riley-bach%2F\" onclick=\"javascript:window.open(this.href, &#039;&#039;, &#039;menubar=no,toolbar=no,resizable=yes,scrollbars=yes,height=500,width=600&#039;); return false;\" target=\"_blank\" title=\"Share on Facebook\" aria-label=\"Share on Facebook\" rel=\"noopener\"><i class=\"mec-fa-facebook\"><\/i><span class=\"mec-social-title\"><\/span><\/a><\/li><li class=\"mec-event-social-icon\"><a class=\"twitter\" href=\"https:\/\/x.com\/intent\/tweet?url=https%3A%2F%2Fwww.nws.edu%2Fevents-tickets%2Fconcerts%2F2025-2026%2Fchamber-music-saariaho-riley-bach%2F\" onclick=\"javascript:window.open(this.href, &#039;&#039;, &#039;menubar=no,toolbar=no,resizable=yes,scrollbars=yes,height=600,width=500&#039;); return false;\" target=\"_blank\" title=\"X Social Network\" aria-label=\"Share on X\"><svg xmlns=\"http:\/\/www.w3.org\/2000\/svg\" shape-rendering=\"geometricPrecision\" text-rendering=\"geometricPrecision\" image-rendering=\"optimizeQuality\" fill-rule=\"evenodd\" clip-rule=\"evenodd\" viewbox=\"0 0 512 462.799\"><path fill-rule=\"nonzero\" d=\"M403.229 0h78.506L310.219 196.04 512 462.799H354.002L230.261 301.007 88.669 462.799h-78.56l183.455-209.683L0 0h161.999l111.856 147.88L403.229 0zm-27.556 415.805h43.505L138.363 44.527h-46.68l283.99 371.278z\"\/><\/svg><span class=\"mec-social-title\"><\/span><\/a><\/li><li class=\"mec-event-social-icon\"><a class=\"linkedin\" href=\"https:\/\/www.linkedin.com\/shareArticle?mini=true&amp;url=https%3A%2F%2Fwww.nws.edu%2Fevents-tickets%2Fconcerts%2F2025-2026%2Fchamber-music-saariaho-riley-bach%2F\" onclick=\"javascript:window.open(this.href, &#039;&#039;, &#039;menubar=no,toolbar=no,resizable=yes,scrollbars=yes,height=600,width=500&#039;); return false;\" target=\"_blank\" title=\"Linkedin\" aria-label=\"Share on Linkedin\" rel=\"noopener\"><i class=\"mec-fa-linkedin\"><\/i><span class=\"mec-social-title\"><\/span><\/a><\/li><li class=\"mec-event-social-icon\"><a class=\"email\" href=\"mailto:?subject=Chamber%20music%20%3A%20Saariaho%20-%20flute%2C%20percussion%2C%20harp%2C%20violin%2C%20cello%20-%20New%20World%20Symphony&body=https%3A%2F%2Fwww.nws.edu%2Fevents-tickets%2Fconcerts%2F2025-2026%2Fchamber-music-saariaho-riley-bach%2F\" title=\"Email\" aria-label=\"Share via Email\"><i class=\"mec-fa-envelope\"><\/i><span class=\"mec-social-title\"><\/span><\/a><\/li>            <\/ul>\r\n        <\/div>\r\n    <\/div>\r\n<\/div>\r\n            <!-- Google Maps Module -->\r\n            <div class=\"mec-events-meta-group mec-events-meta-group-gmap\">\r\n                            <\/div>\r\n\r\n            <!-- Export Module -->\r\n            <div class=\"mec-event-export-module mec-frontbox\">\r\n     <div class=\"mec-event-exporting\">\r\n        <div class=\"mec-export-details\">\r\n            <ul>\r\n                <li><a class=\"mec-events-gcal mec-events-button mec-color mec-bg-color-hover mec-border-color\" href=\"https:\/\/calendar.google.com\/calendar\/render?action=TEMPLATE&amp;text=Chamber+music+%3A+Saariaho+-+flute%2C+percussion%2C+harp%2C+violin%2C+cello+-+New+World+Symphony&amp;dates=20260125T130000Z\/20260125T153000Z&amp;details=%0D%0A+%09Machaut+%2F+Balter+%3A+Ballades%0D%0A+%09Saariaho+%3A+Terrestre%0D%0A+%09Riley+%3A+The+Holy+Liftoff%0D%0A+%09J.S.+Bach+%3A+Triple+Concerto+%28+https%3A%2F%2Fwww.nws.edu%2Fevents-tickets%2Fconcerts%2F2025-2026%2Fchamber-music-saariaho-riley-bach%2F%23%2Fprogram%2Ftriple_concerto+%29%0D%0A+%09Balter+%3A+Pan%0D%0A+%09Riley+%3A+Pulsefield%0D%0A%0D%0A%0D%0A+%09Claire+Chase%2C+flute+%28+https%3A%2F%2Fwww.nws.edu%2Fevents-tickets%2Fconcerts%2F2025-2026%2Fchamber-music-saariaho-riley-bach%2F%23%2Fartists%2Fclaire-chase%2F+%29%0D%0A+%09Fellows+of+the+New+World+Symphony+%28+https%3A%2F%2Fwww.nws.edu%2Fevents-tickets%2Fconcerts%2F2025-2026%2Fchamber-music-saariaho-riley-bach%2F%23%2Fartists%2Ffellows-of-the-new-world-symphony%2F+%29%0D%0A&amp;location=\" target=\"_blank\" rel=\"noopener\">+ Add to Google Calendar<\/a><\/li>                <li><a class=\"mec-events-gcal mec-events-button mec-color mec-bg-color-hover mec-border-color\" href=\"https:\/\/eloisefaresharpiste.com\/en\/?method=ical&#038;id=1055\">+ iCal \/ Outlook export<\/a><\/li>            <\/ul>\r\n        <\/div>\r\n    <\/div>\r\n<\/div>\r\n            <!-- Hourly Schedule -->\r\n            \r\n            \t\t\t<!-- Booking Module -->\r\n            \r\n            <!-- Tags -->\r\n            <div class=\"mec-events-meta-group mec-events-meta-group-tags\">\r\n                            <\/div>\r\n\r\n        <\/div>\r\n    <\/article>\r\n<\/div>\r\n<script>\r\n\/\/ Fix modal speaker in some themes\r\njQuery(\"#mec_skin_2456 .mec-speaker-avatar-dialog a\").on('click', function(e)\r\n{\r\n    e.preventDefault();\r\n\r\n    var id = jQuery(this).attr('href');\r\n    lity(id);\r\n\r\n    return false;\r\n});\r\n<\/script>\r\n                                <\/div>\r\n                            <\/div>\r\n                        <\/div><!-- toggle item end -->\r\n                    <\/div><!-- toggles wrap end -->\r\n                            <\/article>\r\n            \t\t\r\n            \r\n                        <article class=\"mec-past-event mec-event-article  mec-clear  mec-divider-toggle mec-toggle-202601-mec2\" itemscope>\r\n                                    <!-- toggles wrap start -->\r\n                    <div class=\"mec-events-toggle\">\r\n                        <!-- toggle item start -->\r\n                        <div class=\"mec-toggle-item\">\r\n                            <div class=\"mec-toggle-item-inner\" tabindex=\"0\">\r\n                                                                <div class=\"mec-toggle-item-col\">\r\n                                                                            <div class=\"mec-event-month\"><span class=\"mec-start-date-label\">18 January<\/span><\/div>\r\n                                                                                                        <\/div>\r\n                                <h3 class=\"mec-toggle-title\">\r\n                                    John Adams with Den\u00e8ve &#038; \u00d3lafsson &#8211; New World Symphony<\/h3>\r\n                                                                <i class=\"mec-sl-arrow-down\"><\/i>\r\n                            <\/div>\r\n                            <div class=\"mec-content-toggle\" aria-hidden=\"true\" style=\"display: none;\">\r\n                                <div class=\"mec-toggle-content\">\r\n                                    <div class=\"mec-wrap colorskin-custom clearfix  mec-modal-wrap\" id=\"mec_skin_4194\" data-unique-id=\"4194\">\r\n    <article class=\"mec-single-event mec-single-modern mec-single-modal\">\r\n        <div class=\"mec-events-event-image\">\r\n            <img loading=\"lazy\" decoding=\"async\" width=\"400\" height=\"400\" src=\"https:\/\/eloisefaresharpiste.com\/wp-content\/uploads\/2025\/08\/Logo-NWS-1.jpeg\" class=\"attachment-full size-full wp-post-image\" alt=\"\" data-mec-postid=\"1053\" \/>        <\/div>\r\n        \r\n        <div class=\"col-md-4\">\r\n\r\n            <div class=\"mec-event-meta mec-color-before mec-frontbox mec-util-hidden\">\r\n                \r\n                <!-- Sponsors Module -->\r\n                \r\n                <!-- Register Booking Button -->\r\n                            <\/div>\r\n\r\n            <!-- Weather Module -->\r\n            \r\n            <!-- QRCode Module -->\r\n            \r\n            <!-- Public Download Module -->\r\n            \r\n            <!-- Local Time Module -->\r\n            \r\n            <div class=\"mec-event-meta mec-color-before mec-frontbox\">\r\n\r\n                                                \r\n                                    <div class=\"mec-single-event-location\">\r\n                        <i class=\"mec-sl-location-pin\"><\/i>                        <h3 class=\"mec-events-single-section-title mec-location\">Location<\/h3>\r\n\r\n                        \r\n                        <dl>\r\n                        <dd class=\"author fn org\">500 17th St, Miami Beach, FL 33139, \u00c9tats-Unis<\/dd>\r\n\r\n                        <dd class=\"location\"><address class=\"mec-events-address\"><span class=\"mec-address\"><\/span><\/address><\/dd>\r\n\r\n                                                <\/dl>\r\n                    <\/div>\r\n                    \r\n                                    <div class=\"mec-single-event-category\">\r\n                        <i class=\"mec-sl-folder\"><\/i>                        <h3 class=\"mec-events-single-section-title mec-category\">Category<\/h3>\r\n                        <dl>\r\n                        <dd class=\"mec-events-event-categories\"><a href=\"https:\/\/eloisefaresharpiste.com\/en\/mec-category\/agenda\/\" class=\"mec-color-hover\" rel=\"tag\"><i class=\"mec-fa-angle-right\"><\/i>agenda<\/a><\/dd>                        <\/dl>\r\n                    <\/div>\r\n                    \r\n                \r\n            <\/div>\r\n\r\n            <!-- Speaker List Module -->\r\n            \r\n            <!-- Attendees List Module -->\r\n            \r\n            <!-- Next Previous Module -->\r\n                    <\/div>\r\n\r\n        <div class=\"col-md-8\">\r\n\r\n            <div class=\"mec-event-content\">\r\n                <div class=\"mec-single-event-description mec-events-content\">\r\n                    <section class=\"event\">\n<div class=\"event-desc\">\n<div class=\"event-program\">\n<div>\n<ul class=\"tab-links\">\n<li><a href=\"https:\/\/www.nws.edu\/events-tickets\/concerts\/2025-2026\/john-adams-with-deneve-olafsson\/#\/program\/the_chairman_dances\" target=\"_blank\" rel=\"noopener\">Adams : <em>The Chairman Dances<\/em><\/a><\/li>\n<li><a href=\"https:\/\/www.nws.edu\/events-tickets\/concerts\/2025-2026\/john-adams-with-deneve-olafsson\/#\/program\/after_the_fall\" target=\"_blank\" rel=\"noopener\">Adams : <em>After the Fall<\/em><\/a><\/li>\n<li><a href=\"https:\/\/www.nws.edu\/events-tickets\/concerts\/2025-2026\/john-adams-with-deneve-olafsson\/#\/program\/i_still_dance\" target=\"_blank\" rel=\"noopener\">Adams : <em>I Still Dance<\/em><\/a><\/li>\n<li><a href=\"https:\/\/www.nws.edu\/events-tickets\/concerts\/2025-2026\/john-adams-with-deneve-olafsson\/#\/program\/doctor_atomic_symphony\" target=\"_blank\" rel=\"noopener\">Adams : <em>Doctor Atomic Symphony<\/em><\/a><\/li>\n<\/ul>\n<ul class=\"tab-links\">\n<li><a href=\"https:\/\/www.nws.edu\/events-tickets\/concerts\/2025-2026\/john-adams-with-deneve-olafsson\/#\/artists\/stephane-deneve\/\" target=\"_blank\" rel=\"noopener\">St\u00e9phane Den\u00e8ve, conductor<\/a><\/li>\n<li><a href=\"https:\/\/www.nws.edu\/events-tickets\/concerts\/2025-2026\/john-adams-with-deneve-olafsson\/#\/artists\/john-adams\/\" target=\"_blank\" rel=\"noopener\">John Adams, conductor<\/a><\/li>\n<li><a href=\"https:\/\/www.nws.edu\/events-tickets\/concerts\/2025-2026\/john-adams-with-deneve-olafsson\/#\/artists\/vikingur-olafsson\/\" target=\"_blank\" rel=\"noopener\">V\u00edkingur \u00d3lafsson, piano<\/a><\/li>\n<\/ul>\n<\/div>\n<\/div>\n<\/div>\n<\/section>\n<div class=\"event-program\">\n<div><\/div>\n<\/div>\n                                                                            <\/div>\r\n            <\/div>\r\n\r\n            \r\n            <!-- Custom Data Fields -->\r\n            \r\n            <!-- FAQ -->\r\n            \r\n            <!-- Links Module -->\r\n            <div class=\"mec-event-social mec-frontbox\">\r\n     <h3 class=\"mec-social-single mec-frontbox-title\">Share this event<\/h3>\r\n     <div class=\"mec-event-sharing\">\r\n        <div class=\"mec-links-details\">\r\n            <ul>\r\n                <li class=\"mec-event-social-icon\"><a class=\"facebook\" href=\"https:\/\/www.facebook.com\/sharer\/sharer.php?u=https%3A%2F%2Fwww.nws.edu%2Fevents-tickets%2Fconcerts%2F2025-2026%2Fjohn-adams-with-deneve-olafsson%2F\" onclick=\"javascript:window.open(this.href, &#039;&#039;, &#039;menubar=no,toolbar=no,resizable=yes,scrollbars=yes,height=500,width=600&#039;); return false;\" target=\"_blank\" title=\"Share on Facebook\" aria-label=\"Share on Facebook\" rel=\"noopener\"><i class=\"mec-fa-facebook\"><\/i><span class=\"mec-social-title\"><\/span><\/a><\/li><li class=\"mec-event-social-icon\"><a class=\"twitter\" href=\"https:\/\/x.com\/intent\/tweet?url=https%3A%2F%2Fwww.nws.edu%2Fevents-tickets%2Fconcerts%2F2025-2026%2Fjohn-adams-with-deneve-olafsson%2F\" onclick=\"javascript:window.open(this.href, &#039;&#039;, &#039;menubar=no,toolbar=no,resizable=yes,scrollbars=yes,height=600,width=500&#039;); return false;\" target=\"_blank\" title=\"X Social Network\" aria-label=\"Share on X\"><svg xmlns=\"http:\/\/www.w3.org\/2000\/svg\" shape-rendering=\"geometricPrecision\" text-rendering=\"geometricPrecision\" image-rendering=\"optimizeQuality\" fill-rule=\"evenodd\" clip-rule=\"evenodd\" viewbox=\"0 0 512 462.799\"><path fill-rule=\"nonzero\" d=\"M403.229 0h78.506L310.219 196.04 512 462.799H354.002L230.261 301.007 88.669 462.799h-78.56l183.455-209.683L0 0h161.999l111.856 147.88L403.229 0zm-27.556 415.805h43.505L138.363 44.527h-46.68l283.99 371.278z\"\/><\/svg><span class=\"mec-social-title\"><\/span><\/a><\/li><li class=\"mec-event-social-icon\"><a class=\"linkedin\" href=\"https:\/\/www.linkedin.com\/shareArticle?mini=true&amp;url=https%3A%2F%2Fwww.nws.edu%2Fevents-tickets%2Fconcerts%2F2025-2026%2Fjohn-adams-with-deneve-olafsson%2F\" onclick=\"javascript:window.open(this.href, &#039;&#039;, &#039;menubar=no,toolbar=no,resizable=yes,scrollbars=yes,height=600,width=500&#039;); return false;\" target=\"_blank\" title=\"Linkedin\" aria-label=\"Share on Linkedin\" rel=\"noopener\"><i class=\"mec-fa-linkedin\"><\/i><span class=\"mec-social-title\"><\/span><\/a><\/li><li class=\"mec-event-social-icon\"><a class=\"email\" href=\"mailto:?subject=John%20Adams%20with%20Den%C3%A8ve%20%2526%20%C3%93lafsson%20-%20New%20World%20Symphony&body=https%3A%2F%2Fwww.nws.edu%2Fevents-tickets%2Fconcerts%2F2025-2026%2Fjohn-adams-with-deneve-olafsson%2F\" title=\"Email\" aria-label=\"Share via Email\"><i class=\"mec-fa-envelope\"><\/i><span class=\"mec-social-title\"><\/span><\/a><\/li>            <\/ul>\r\n        <\/div>\r\n    <\/div>\r\n<\/div>\r\n            <!-- Google Maps Module -->\r\n            <div class=\"mec-events-meta-group mec-events-meta-group-gmap\">\r\n                            <\/div>\r\n\r\n            <!-- Export Module -->\r\n            <div class=\"mec-event-export-module mec-frontbox\">\r\n     <div class=\"mec-event-exporting\">\r\n        <div class=\"mec-export-details\">\r\n            <ul>\r\n                <li><a class=\"mec-events-gcal mec-events-button mec-color mec-bg-color-hover mec-border-color\" href=\"https:\/\/calendar.google.com\/calendar\/render?action=TEMPLATE&amp;text=John+Adams+with+Den%C3%A8ve+%2526+%C3%93lafsson+-+New+World+Symphony&amp;dates=20260118T183000Z\/20260118T203000Z&amp;details=%0D%0A%0D%0A%0D%0A%0D%0A%0D%0A+%09Adams+%3A+The+Chairman+Dances%0D%0A+%09Adams+%3A+After+the+Fall%0D%0A+%09Adams+%3A+I+Still+Dance%0D%0A+%09Adams+%3A+Doctor+Atomic+Symphony%0D%0A%0D%0A%0D%0A+%09St%C3%A9phane+Den%C3%A8ve%2C+conductor+%28+https%3A%2F%2Fwww.nws.edu%2Fevents-tickets%2Fconcerts%2F2025-2026%2Fjohn-adams-with-deneve-olafsson%2F%23%2Fartists%2Fstephane-deneve%2F+%29%0D%0A+%09John+Adams%2C+conductor+%28+https%3A%2F%2Fwww.nws.edu%2Fevents-tickets%2Fconcerts%2F2025-2026%2Fjohn-adams-with-deneve-olafsson%2F%23%2Fartists%2Fjohn-adams%2F+%29%0D%0A+%09V%C3%ADkingur+%C3%93lafsson%2C+piano+%28+https%3A%2F%2Fwww.nws.edu%2Fevents-tickets%2Fconcerts%2F2025-2026%2Fjohn-adams-with-deneve-olafsson%2F%23%2Fartists%2Fvikingur-olafsson%2F+%29%0D%0A%0D%0A%0D%0A%0D%0A%0D%0A%0D%0A%0D%0A%0D%0A&amp;location=\" target=\"_blank\" rel=\"noopener\">+ Add to Google Calendar<\/a><\/li>                <li><a class=\"mec-events-gcal mec-events-button mec-color mec-bg-color-hover mec-border-color\" href=\"https:\/\/eloisefaresharpiste.com\/en\/?method=ical&#038;id=1053\">+ iCal \/ Outlook export<\/a><\/li>            <\/ul>\r\n        <\/div>\r\n    <\/div>\r\n<\/div>\r\n            <!-- Hourly Schedule -->\r\n            \r\n            \t\t\t<!-- Booking Module -->\r\n            \r\n            <!-- Tags -->\r\n            <div class=\"mec-events-meta-group mec-events-meta-group-tags\">\r\n                            <\/div>\r\n\r\n        <\/div>\r\n    <\/article>\r\n<\/div>\r\n<script>\r\n\/\/ Fix modal speaker in some themes\r\njQuery(\"#mec_skin_4194 .mec-speaker-avatar-dialog a\").on('click', function(e)\r\n{\r\n    e.preventDefault();\r\n\r\n    var id = jQuery(this).attr('href');\r\n    lity(id);\r\n\r\n    return false;\r\n});\r\n<\/script>\r\n                                <\/div>\r\n                            <\/div>\r\n                        <\/div><!-- toggle item end -->\r\n                    <\/div><!-- toggles wrap end -->\r\n                            <\/article>\r\n            \t\t\r\n            \r\n                        <article class=\"mec-past-event mec-event-article  mec-clear  mec-divider-toggle mec-toggle-202601-mec2\" itemscope>\r\n                                    <!-- toggles wrap start -->\r\n                    <div class=\"mec-events-toggle\">\r\n                        <!-- toggle item start -->\r\n                        <div class=\"mec-toggle-item\">\r\n                            <div class=\"mec-toggle-item-inner\" tabindex=\"0\">\r\n                                                                <div class=\"mec-toggle-item-col\">\r\n                                                                            <div class=\"mec-event-month\"><span class=\"mec-start-date-label\">17 January<\/span><\/div>\r\n                                                                                                        <\/div>\r\n                                <h3 class=\"mec-toggle-title\">\r\n                                    John Adams with Den\u00e8ve &#038; \u00d3lafsson &#8211; New World Symphony<\/h3>\r\n                                                                <i class=\"mec-sl-arrow-down\"><\/i>\r\n                            <\/div>\r\n                            <div class=\"mec-content-toggle\" aria-hidden=\"true\" style=\"display: none;\">\r\n                                <div class=\"mec-toggle-content\">\r\n                                    <div class=\"mec-wrap colorskin-custom clearfix  mec-modal-wrap\" id=\"mec_skin_6406\" data-unique-id=\"6406\">\r\n    <article class=\"mec-single-event mec-single-modern mec-single-modal\">\r\n        <div class=\"mec-events-event-image\">\r\n            <img loading=\"lazy\" decoding=\"async\" width=\"400\" height=\"400\" src=\"https:\/\/eloisefaresharpiste.com\/wp-content\/uploads\/2025\/08\/Logo-NWS-1.jpeg\" class=\"attachment-full size-full wp-post-image\" alt=\"\" data-mec-postid=\"1053\" \/>        <\/div>\r\n        \r\n        <div class=\"col-md-4\">\r\n\r\n            <div class=\"mec-event-meta mec-color-before mec-frontbox mec-util-hidden\">\r\n                \r\n                <!-- Sponsors Module -->\r\n                \r\n                <!-- Register Booking Button -->\r\n                            <\/div>\r\n\r\n            <!-- Weather Module -->\r\n            \r\n            <!-- QRCode Module -->\r\n            \r\n            <!-- Public Download Module -->\r\n            \r\n            <!-- Local Time Module -->\r\n            \r\n            <div class=\"mec-event-meta mec-color-before mec-frontbox\">\r\n\r\n                                                \r\n                                    <div class=\"mec-single-event-location\">\r\n                        <i class=\"mec-sl-location-pin\"><\/i>                        <h3 class=\"mec-events-single-section-title mec-location\">Location<\/h3>\r\n\r\n                        \r\n                        <dl>\r\n                        <dd class=\"author fn org\">500 17th St, Miami Beach, FL 33139, \u00c9tats-Unis<\/dd>\r\n\r\n                        <dd class=\"location\"><address class=\"mec-events-address\"><span class=\"mec-address\"><\/span><\/address><\/dd>\r\n\r\n                                                <\/dl>\r\n                    <\/div>\r\n                    \r\n                                    <div class=\"mec-single-event-category\">\r\n                        <i class=\"mec-sl-folder\"><\/i>                        <h3 class=\"mec-events-single-section-title mec-category\">Category<\/h3>\r\n                        <dl>\r\n                        <dd class=\"mec-events-event-categories\"><a href=\"https:\/\/eloisefaresharpiste.com\/en\/mec-category\/agenda\/\" class=\"mec-color-hover\" rel=\"tag\"><i class=\"mec-fa-angle-right\"><\/i>agenda<\/a><\/dd>                        <\/dl>\r\n                    <\/div>\r\n                    \r\n                \r\n            <\/div>\r\n\r\n            <!-- Speaker List Module -->\r\n            \r\n            <!-- Attendees List Module -->\r\n            \r\n            <!-- Next Previous Module -->\r\n                    <\/div>\r\n\r\n        <div class=\"col-md-8\">\r\n\r\n            <div class=\"mec-event-content\">\r\n                <div class=\"mec-single-event-description mec-events-content\">\r\n                    <section class=\"event\">\n<div class=\"event-desc\">\n<div class=\"event-program\">\n<div>\n<ul class=\"tab-links\">\n<li><a href=\"https:\/\/www.nws.edu\/events-tickets\/concerts\/2025-2026\/john-adams-with-deneve-olafsson\/#\/program\/the_chairman_dances\" target=\"_blank\" rel=\"noopener\">Adams : <em>The Chairman Dances<\/em><\/a><\/li>\n<li><a href=\"https:\/\/www.nws.edu\/events-tickets\/concerts\/2025-2026\/john-adams-with-deneve-olafsson\/#\/program\/after_the_fall\" target=\"_blank\" rel=\"noopener\">Adams : <em>After the Fall<\/em><\/a><\/li>\n<li><a href=\"https:\/\/www.nws.edu\/events-tickets\/concerts\/2025-2026\/john-adams-with-deneve-olafsson\/#\/program\/i_still_dance\" target=\"_blank\" rel=\"noopener\">Adams : <em>I Still Dance<\/em><\/a><\/li>\n<li><a href=\"https:\/\/www.nws.edu\/events-tickets\/concerts\/2025-2026\/john-adams-with-deneve-olafsson\/#\/program\/doctor_atomic_symphony\" target=\"_blank\" rel=\"noopener\">Adams : <em>Doctor Atomic Symphony<\/em><\/a><\/li>\n<\/ul>\n<ul class=\"tab-links\">\n<li><a href=\"https:\/\/www.nws.edu\/events-tickets\/concerts\/2025-2026\/john-adams-with-deneve-olafsson\/#\/artists\/stephane-deneve\/\" target=\"_blank\" rel=\"noopener\">St\u00e9phane Den\u00e8ve, conductor<\/a><\/li>\n<li><a href=\"https:\/\/www.nws.edu\/events-tickets\/concerts\/2025-2026\/john-adams-with-deneve-olafsson\/#\/artists\/john-adams\/\" target=\"_blank\" rel=\"noopener\">John Adams, conductor<\/a><\/li>\n<li><a href=\"https:\/\/www.nws.edu\/events-tickets\/concerts\/2025-2026\/john-adams-with-deneve-olafsson\/#\/artists\/vikingur-olafsson\/\" target=\"_blank\" rel=\"noopener\">V\u00edkingur \u00d3lafsson, piano<\/a><\/li>\n<\/ul>\n<\/div>\n<\/div>\n<\/div>\n<\/section>\n<div class=\"event-program\">\n<div><\/div>\n<\/div>\n                                                                            <\/div>\r\n            <\/div>\r\n\r\n            \r\n            <!-- Custom Data Fields -->\r\n            \r\n            <!-- FAQ -->\r\n            \r\n            <!-- Links Module -->\r\n            <div class=\"mec-event-social mec-frontbox\">\r\n     <h3 class=\"mec-social-single mec-frontbox-title\">Share this event<\/h3>\r\n     <div class=\"mec-event-sharing\">\r\n        <div class=\"mec-links-details\">\r\n            <ul>\r\n                <li class=\"mec-event-social-icon\"><a class=\"facebook\" href=\"https:\/\/www.facebook.com\/sharer\/sharer.php?u=https%3A%2F%2Fwww.nws.edu%2Fevents-tickets%2Fconcerts%2F2025-2026%2Fjohn-adams-with-deneve-olafsson%2F\" onclick=\"javascript:window.open(this.href, &#039;&#039;, &#039;menubar=no,toolbar=no,resizable=yes,scrollbars=yes,height=500,width=600&#039;); return false;\" target=\"_blank\" title=\"Share on Facebook\" aria-label=\"Share on Facebook\" rel=\"noopener\"><i class=\"mec-fa-facebook\"><\/i><span class=\"mec-social-title\"><\/span><\/a><\/li><li class=\"mec-event-social-icon\"><a class=\"twitter\" href=\"https:\/\/x.com\/intent\/tweet?url=https%3A%2F%2Fwww.nws.edu%2Fevents-tickets%2Fconcerts%2F2025-2026%2Fjohn-adams-with-deneve-olafsson%2F\" onclick=\"javascript:window.open(this.href, &#039;&#039;, &#039;menubar=no,toolbar=no,resizable=yes,scrollbars=yes,height=600,width=500&#039;); return false;\" target=\"_blank\" title=\"X Social Network\" aria-label=\"Share on X\"><svg xmlns=\"http:\/\/www.w3.org\/2000\/svg\" shape-rendering=\"geometricPrecision\" text-rendering=\"geometricPrecision\" image-rendering=\"optimizeQuality\" fill-rule=\"evenodd\" clip-rule=\"evenodd\" viewbox=\"0 0 512 462.799\"><path fill-rule=\"nonzero\" d=\"M403.229 0h78.506L310.219 196.04 512 462.799H354.002L230.261 301.007 88.669 462.799h-78.56l183.455-209.683L0 0h161.999l111.856 147.88L403.229 0zm-27.556 415.805h43.505L138.363 44.527h-46.68l283.99 371.278z\"\/><\/svg><span class=\"mec-social-title\"><\/span><\/a><\/li><li class=\"mec-event-social-icon\"><a class=\"linkedin\" href=\"https:\/\/www.linkedin.com\/shareArticle?mini=true&amp;url=https%3A%2F%2Fwww.nws.edu%2Fevents-tickets%2Fconcerts%2F2025-2026%2Fjohn-adams-with-deneve-olafsson%2F\" onclick=\"javascript:window.open(this.href, &#039;&#039;, &#039;menubar=no,toolbar=no,resizable=yes,scrollbars=yes,height=600,width=500&#039;); return false;\" target=\"_blank\" title=\"Linkedin\" aria-label=\"Share on Linkedin\" rel=\"noopener\"><i class=\"mec-fa-linkedin\"><\/i><span class=\"mec-social-title\"><\/span><\/a><\/li><li class=\"mec-event-social-icon\"><a class=\"email\" href=\"mailto:?subject=John%20Adams%20with%20Den%C3%A8ve%20%2526%20%C3%93lafsson%20-%20New%20World%20Symphony&body=https%3A%2F%2Fwww.nws.edu%2Fevents-tickets%2Fconcerts%2F2025-2026%2Fjohn-adams-with-deneve-olafsson%2F\" title=\"Email\" aria-label=\"Share via Email\"><i class=\"mec-fa-envelope\"><\/i><span class=\"mec-social-title\"><\/span><\/a><\/li>            <\/ul>\r\n        <\/div>\r\n    <\/div>\r\n<\/div>\r\n            <!-- Google Maps Module -->\r\n            <div class=\"mec-events-meta-group mec-events-meta-group-gmap\">\r\n                            <\/div>\r\n\r\n            <!-- Export Module -->\r\n            <div class=\"mec-event-export-module mec-frontbox\">\r\n     <div class=\"mec-event-exporting\">\r\n        <div class=\"mec-export-details\">\r\n            <ul>\r\n                <li><a class=\"mec-events-gcal mec-events-button mec-color mec-bg-color-hover mec-border-color\" href=\"https:\/\/calendar.google.com\/calendar\/render?action=TEMPLATE&amp;text=John+Adams+with+Den%C3%A8ve+%2526+%C3%93lafsson+-+New+World+Symphony&amp;dates=20260118T183000Z\/20260118T203000Z&amp;details=%0D%0A%0D%0A%0D%0A%0D%0A%0D%0A+%09Adams+%3A+The+Chairman+Dances%0D%0A+%09Adams+%3A+After+the+Fall%0D%0A+%09Adams+%3A+I+Still+Dance%0D%0A+%09Adams+%3A+Doctor+Atomic+Symphony%0D%0A%0D%0A%0D%0A+%09St%C3%A9phane+Den%C3%A8ve%2C+conductor+%28+https%3A%2F%2Fwww.nws.edu%2Fevents-tickets%2Fconcerts%2F2025-2026%2Fjohn-adams-with-deneve-olafsson%2F%23%2Fartists%2Fstephane-deneve%2F+%29%0D%0A+%09John+Adams%2C+conductor+%28+https%3A%2F%2Fwww.nws.edu%2Fevents-tickets%2Fconcerts%2F2025-2026%2Fjohn-adams-with-deneve-olafsson%2F%23%2Fartists%2Fjohn-adams%2F+%29%0D%0A+%09V%C3%ADkingur+%C3%93lafsson%2C+piano+%28+https%3A%2F%2Fwww.nws.edu%2Fevents-tickets%2Fconcerts%2F2025-2026%2Fjohn-adams-with-deneve-olafsson%2F%23%2Fartists%2Fvikingur-olafsson%2F+%29%0D%0A%0D%0A%0D%0A%0D%0A%0D%0A%0D%0A%0D%0A%0D%0A&amp;location=\" target=\"_blank\" rel=\"noopener\">+ Add to Google Calendar<\/a><\/li>                <li><a class=\"mec-events-gcal mec-events-button mec-color mec-bg-color-hover mec-border-color\" href=\"https:\/\/eloisefaresharpiste.com\/en\/?method=ical&#038;id=1053\">+ iCal \/ Outlook export<\/a><\/li>            <\/ul>\r\n        <\/div>\r\n    <\/div>\r\n<\/div>\r\n            <!-- Hourly Schedule -->\r\n            \r\n            \t\t\t<!-- Booking Module -->\r\n            \r\n            <!-- Tags -->\r\n            <div class=\"mec-events-meta-group mec-events-meta-group-tags\">\r\n                            <\/div>\r\n\r\n        <\/div>\r\n    <\/article>\r\n<\/div>\r\n<script>\r\n\/\/ Fix modal speaker in some themes\r\njQuery(\"#mec_skin_6406 .mec-speaker-avatar-dialog a\").on('click', function(e)\r\n{\r\n    e.preventDefault();\r\n\r\n    var id = jQuery(this).attr('href');\r\n    lity(id);\r\n\r\n    return false;\r\n});\r\n<\/script>\r\n                                <\/div>\r\n                            <\/div>\r\n                        <\/div><!-- toggle item end -->\r\n                    <\/div><!-- toggles wrap end -->\r\n                            <\/article>\r\n            \t\t\r\n            \r\n                        <article class=\"mec-past-event mec-event-article  mec-clear  mec-divider-toggle mec-toggle-202601-mec2\" itemscope>\r\n                                    <!-- toggles wrap start -->\r\n                    <div class=\"mec-events-toggle\">\r\n                        <!-- toggle item start -->\r\n                        <div class=\"mec-toggle-item\">\r\n                            <div class=\"mec-toggle-item-inner\" tabindex=\"0\">\r\n                                                                <div class=\"mec-toggle-item-col\">\r\n                                                                            <div class=\"mec-event-month\"><span class=\"mec-start-date-label\">10 January<\/span><\/div>\r\n                                                                                                        <\/div>\r\n                                <h3 class=\"mec-toggle-title\">\r\n                                    Rhapsody in blue &#8211; New World Symphony<\/h3>\r\n                                                                <i class=\"mec-sl-arrow-down\"><\/i>\r\n                            <\/div>\r\n                            <div class=\"mec-content-toggle\" aria-hidden=\"true\" style=\"display: none;\">\r\n                                <div class=\"mec-toggle-content\">\r\n                                    <div class=\"mec-wrap colorskin-custom clearfix  mec-modal-wrap\" id=\"mec_skin_6229\" data-unique-id=\"6229\">\r\n    <article class=\"mec-single-event mec-single-modern mec-single-modal\">\r\n        <div class=\"mec-events-event-image\">\r\n            <img loading=\"lazy\" decoding=\"async\" width=\"400\" height=\"400\" src=\"https:\/\/eloisefaresharpiste.com\/wp-content\/uploads\/2025\/08\/IMG_4433.png\" class=\"attachment-full size-full wp-post-image\" alt=\"\" data-mec-postid=\"1050\" \/>        <\/div>\r\n        \r\n        <div class=\"col-md-4\">\r\n\r\n            <div class=\"mec-event-meta mec-color-before mec-frontbox mec-util-hidden\">\r\n                \r\n                <!-- Sponsors Module -->\r\n                \r\n                <!-- Register Booking Button -->\r\n                            <\/div>\r\n\r\n            <!-- Weather Module -->\r\n            \r\n            <!-- QRCode Module -->\r\n            \r\n            <!-- Public Download Module -->\r\n            \r\n            <!-- Local Time Module -->\r\n            \r\n            <div class=\"mec-event-meta mec-color-before mec-frontbox\">\r\n\r\n                                                \r\n                                    <div class=\"mec-single-event-location\">\r\n                        <i class=\"mec-sl-location-pin\"><\/i>                        <h3 class=\"mec-events-single-section-title mec-location\">Location<\/h3>\r\n\r\n                        \r\n                        <dl>\r\n                        <dd class=\"author fn org\">Arsht Center, Miami<\/dd>\r\n\r\n                        <dd class=\"location\"><address class=\"mec-events-address\"><span class=\"mec-address\"><\/span><\/address><\/dd>\r\n\r\n                                                <\/dl>\r\n                    <\/div>\r\n                    \r\n                                    <div class=\"mec-single-event-category\">\r\n                        <i class=\"mec-sl-folder\"><\/i>                        <h3 class=\"mec-events-single-section-title mec-category\">Category<\/h3>\r\n                        <dl>\r\n                        <dd class=\"mec-events-event-categories\"><a href=\"https:\/\/eloisefaresharpiste.com\/en\/mec-category\/agenda\/\" class=\"mec-color-hover\" rel=\"tag\"><i class=\"mec-fa-angle-right\"><\/i>agenda<\/a><\/dd>                        <\/dl>\r\n                    <\/div>\r\n                    \r\n                \r\n            <\/div>\r\n\r\n            <!-- Speaker List Module -->\r\n            \r\n            <!-- Attendees List Module -->\r\n            \r\n            <!-- Next Previous Module -->\r\n                    <\/div>\r\n\r\n        <div class=\"col-md-8\">\r\n\r\n            <div class=\"mec-event-content\">\r\n                <div class=\"mec-single-event-description mec-events-content\">\r\n                    <ul class=\"tab-links\">\n<li><a href=\"https:\/\/www.nws.edu\/events-tickets\/concerts\/2025-2026\/rhapsody-in-blue\/#\/program\/suite_from_the_nutcracker\" target=\"_blank\" rel=\"noopener\">Tchaikovsky \/ Ellington : Suite from\u00a0<em>The Nutcracker<\/em><\/a><\/li>\n<li><a href=\"https:\/\/www.nws.edu\/events-tickets\/concerts\/2025-2026\/rhapsody-in-blue\/#\/program\/rhapsody_in_blue\" target=\"_blank\" rel=\"noopener\">Gershwin : <em>Rhapsody in Blue<\/em><\/a><\/li>\n<li><a href=\"https:\/\/www.nws.edu\/events-tickets\/concerts\/2025-2026\/rhapsody-in-blue\/#\/program\/la_cr_ation_du_monde\" target=\"_blank\" rel=\"noopener\">Milhaud : <em>La cr\u00e9ation du monde<\/em><\/a><\/li>\n<li><a href=\"https:\/\/www.nws.edu\/events-tickets\/concerts\/2025-2026\/rhapsody-in-blue\/#\/program\/black_brown_and_beige\" target=\"_blank\" rel=\"noopener\">Ellington : <em>Black, Brown and Beige<\/em><\/a><\/li>\n<\/ul>\n<ul class=\"tab-links\">\n<li><a href=\"https:\/\/www.nws.edu\/events-tickets\/concerts\/2025-2026\/rhapsody-in-blue\/#\/artists\/andrew-grams\/\" target=\"_blank\" rel=\"noopener\">Andrew Grams, conductor<\/a><\/li>\n<li><a href=\"https:\/\/www.nws.edu\/events-tickets\/concerts\/2025-2026\/rhapsody-in-blue\/#\/artists\/marcus-roberts-trio\/\" target=\"_blank\" rel=\"noopener\">Marcus Roberts Trio<\/a><\/li>\n<\/ul>\n                                                                            <\/div>\r\n            <\/div>\r\n\r\n            \r\n            <!-- Custom Data Fields -->\r\n            \r\n            <!-- FAQ -->\r\n            \r\n            <!-- Links Module -->\r\n            <div class=\"mec-event-social mec-frontbox\">\r\n     <h3 class=\"mec-social-single mec-frontbox-title\">Share this event<\/h3>\r\n     <div class=\"mec-event-sharing\">\r\n        <div class=\"mec-links-details\">\r\n            <ul>\r\n                <li class=\"mec-event-social-icon\"><a class=\"facebook\" href=\"https:\/\/www.facebook.com\/sharer\/sharer.php?u=https%3A%2F%2Fwww.nws.edu%2Fevents-tickets%2Fconcerts%2F2025-2026%2Frhapsody-in-blue%2F\" onclick=\"javascript:window.open(this.href, &#039;&#039;, &#039;menubar=no,toolbar=no,resizable=yes,scrollbars=yes,height=500,width=600&#039;); return false;\" target=\"_blank\" title=\"Share on Facebook\" aria-label=\"Share on Facebook\" rel=\"noopener\"><i class=\"mec-fa-facebook\"><\/i><span class=\"mec-social-title\"><\/span><\/a><\/li><li class=\"mec-event-social-icon\"><a class=\"twitter\" href=\"https:\/\/x.com\/intent\/tweet?url=https%3A%2F%2Fwww.nws.edu%2Fevents-tickets%2Fconcerts%2F2025-2026%2Frhapsody-in-blue%2F\" onclick=\"javascript:window.open(this.href, &#039;&#039;, &#039;menubar=no,toolbar=no,resizable=yes,scrollbars=yes,height=600,width=500&#039;); return false;\" target=\"_blank\" title=\"X Social Network\" aria-label=\"Share on X\"><svg xmlns=\"http:\/\/www.w3.org\/2000\/svg\" shape-rendering=\"geometricPrecision\" text-rendering=\"geometricPrecision\" image-rendering=\"optimizeQuality\" fill-rule=\"evenodd\" clip-rule=\"evenodd\" viewbox=\"0 0 512 462.799\"><path fill-rule=\"nonzero\" d=\"M403.229 0h78.506L310.219 196.04 512 462.799H354.002L230.261 301.007 88.669 462.799h-78.56l183.455-209.683L0 0h161.999l111.856 147.88L403.229 0zm-27.556 415.805h43.505L138.363 44.527h-46.68l283.99 371.278z\"\/><\/svg><span class=\"mec-social-title\"><\/span><\/a><\/li><li class=\"mec-event-social-icon\"><a class=\"linkedin\" href=\"https:\/\/www.linkedin.com\/shareArticle?mini=true&amp;url=https%3A%2F%2Fwww.nws.edu%2Fevents-tickets%2Fconcerts%2F2025-2026%2Frhapsody-in-blue%2F\" onclick=\"javascript:window.open(this.href, &#039;&#039;, &#039;menubar=no,toolbar=no,resizable=yes,scrollbars=yes,height=600,width=500&#039;); return false;\" target=\"_blank\" title=\"Linkedin\" aria-label=\"Share on Linkedin\" rel=\"noopener\"><i class=\"mec-fa-linkedin\"><\/i><span class=\"mec-social-title\"><\/span><\/a><\/li><li class=\"mec-event-social-icon\"><a class=\"email\" href=\"mailto:?subject=Rhapsody%20in%20blue%20-%20New%20World%20Symphony&body=https%3A%2F%2Fwww.nws.edu%2Fevents-tickets%2Fconcerts%2F2025-2026%2Frhapsody-in-blue%2F\" title=\"Email\" aria-label=\"Share via Email\"><i class=\"mec-fa-envelope\"><\/i><span class=\"mec-social-title\"><\/span><\/a><\/li>            <\/ul>\r\n        <\/div>\r\n    <\/div>\r\n<\/div>\r\n            <!-- Google Maps Module -->\r\n            <div class=\"mec-events-meta-group mec-events-meta-group-gmap\">\r\n                            <\/div>\r\n\r\n            <!-- Export Module -->\r\n            <div class=\"mec-event-export-module mec-frontbox\">\r\n     <div class=\"mec-event-exporting\">\r\n        <div class=\"mec-export-details\">\r\n            <ul>\r\n                <li><a class=\"mec-events-gcal mec-events-button mec-color mec-bg-color-hover mec-border-color\" href=\"https:\/\/calendar.google.com\/calendar\/render?action=TEMPLATE&amp;text=Rhapsody+in+blue+-+New+World+Symphony&amp;dates=20260110T190000Z\/20260110T213000Z&amp;details=%0D%0A+%09Tchaikovsky+%2F+Ellington+%3A+Suite+from%C2%A0The+Nutcracker%0D%0A+%09Gershwin+%3A+Rhapsody+in+Blue%0D%0A+%09Milhaud+%3A+La+cr%C3%A9ation+du+monde%0D%0A+%09Ellington+%3A+Black%2C+Brown+and+Beige%0D%0A%0D%0A%0D%0A+%09Andrew+Grams%2C+conductor+%28+https%3A%2F%2Fwww.nws.edu%2Fevents-tickets%2Fconcerts%2F2025-2026%2Frhapsody-in-blue%2F%23%2Fartists%2Fandrew-grams%2F+%29%0D%0A+%09Marcus+Roberts+Trio+%28+https%3A%2F%2Fwww.nws.edu%2Fevents-tickets%2Fconcerts%2F2025-2026%2Frhapsody-in-blue%2F%23%2Fartists%2Fmarcus-roberts-trio%2F+%29%0D%0A&amp;location=\" target=\"_blank\" rel=\"noopener\">+ Add to Google Calendar<\/a><\/li>                <li><a class=\"mec-events-gcal mec-events-button mec-color mec-bg-color-hover mec-border-color\" href=\"https:\/\/eloisefaresharpiste.com\/en\/?method=ical&#038;id=1050\">+ iCal \/ Outlook export<\/a><\/li>            <\/ul>\r\n        <\/div>\r\n    <\/div>\r\n<\/div>\r\n            <!-- Hourly Schedule -->\r\n            \r\n            \t\t\t<!-- Booking Module -->\r\n            \r\n            <!-- Tags -->\r\n            <div class=\"mec-events-meta-group mec-events-meta-group-tags\">\r\n                            <\/div>\r\n\r\n        <\/div>\r\n    <\/article>\r\n<\/div>\r\n<script>\r\n\/\/ Fix modal speaker in some themes\r\njQuery(\"#mec_skin_6229 .mec-speaker-avatar-dialog a\").on('click', function(e)\r\n{\r\n    e.preventDefault();\r\n\r\n    var id = jQuery(this).attr('href');\r\n    lity(id);\r\n\r\n    return false;\r\n});\r\n<\/script>\r\n                                <\/div>\r\n                            <\/div>\r\n                        <\/div><!-- toggle item end -->\r\n                    <\/div><!-- toggles wrap end -->\r\n                            <\/article>\r\n            \t\t\r\n                        <div class=\"mec-month-divider\" data-toggle-divider=\"mec-toggle-202512-mec2\"><h5 style=\"display: inline;\">December 2025<\/h5><i class=\"mec-sl-arrow-down\"><\/i><\/div>\r\n            \r\n                        <article class=\"mec-past-event mec-event-article  mec-clear  mec-divider-toggle mec-toggle-202512-mec2\" itemscope>\r\n                                    <!-- toggles wrap start -->\r\n                    <div class=\"mec-events-toggle\">\r\n                        <!-- toggle item start -->\r\n                        <div class=\"mec-toggle-item\">\r\n                            <div class=\"mec-toggle-item-inner\" tabindex=\"0\">\r\n                                                                <div class=\"mec-toggle-item-col\">\r\n                                                                            <div class=\"mec-event-month\"><span class=\"mec-start-date-label\">14 December<\/span><\/div>\r\n                                                                                                        <\/div>\r\n                                <h3 class=\"mec-toggle-title\">\r\n                                    Honeck : Mahler 4 &#8211; New World Symphony<\/h3>\r\n                                                                <i class=\"mec-sl-arrow-down\"><\/i>\r\n                            <\/div>\r\n                            <div class=\"mec-content-toggle\" aria-hidden=\"true\" style=\"display: none;\">\r\n                                <div class=\"mec-toggle-content\">\r\n                                    <div class=\"mec-wrap colorskin-custom clearfix  mec-modal-wrap\" id=\"mec_skin_4781\" data-unique-id=\"4781\">\r\n    <article class=\"mec-single-event mec-single-modern mec-single-modal\">\r\n        <div class=\"mec-events-event-image\">\r\n            <img loading=\"lazy\" decoding=\"async\" width=\"400\" height=\"400\" src=\"https:\/\/eloisefaresharpiste.com\/wp-content\/uploads\/2025\/08\/Logo-NWS-1.jpeg\" class=\"attachment-full size-full wp-post-image\" alt=\"\" data-mec-postid=\"1048\" \/>        <\/div>\r\n        \r\n        <div class=\"col-md-4\">\r\n\r\n            <div class=\"mec-event-meta mec-color-before mec-frontbox mec-util-hidden\">\r\n                \r\n                <!-- Sponsors Module -->\r\n                \r\n                <!-- Register Booking Button -->\r\n                            <\/div>\r\n\r\n            <!-- Weather Module -->\r\n            \r\n            <!-- QRCode Module -->\r\n            \r\n            <!-- Public Download Module -->\r\n            \r\n            <!-- Local Time Module -->\r\n            \r\n            <div class=\"mec-event-meta mec-color-before mec-frontbox\">\r\n\r\n                                                \r\n                                    <div class=\"mec-single-event-location\">\r\n                        <i class=\"mec-sl-location-pin\"><\/i>                        <h3 class=\"mec-events-single-section-title mec-location\">Location<\/h3>\r\n\r\n                        \r\n                        <dl>\r\n                        <dd class=\"author fn org\">500 17th St, Miami Beach, FL 33139, \u00c9tats-Unis<\/dd>\r\n\r\n                        <dd class=\"location\"><address class=\"mec-events-address\"><span class=\"mec-address\"><\/span><\/address><\/dd>\r\n\r\n                                                <\/dl>\r\n                    <\/div>\r\n                    \r\n                                    <div class=\"mec-single-event-category\">\r\n                        <i class=\"mec-sl-folder\"><\/i>                        <h3 class=\"mec-events-single-section-title mec-category\">Category<\/h3>\r\n                        <dl>\r\n                        <dd class=\"mec-events-event-categories\"><a href=\"https:\/\/eloisefaresharpiste.com\/en\/mec-category\/agenda\/\" class=\"mec-color-hover\" rel=\"tag\"><i class=\"mec-fa-angle-right\"><\/i>agenda<\/a><\/dd>                        <\/dl>\r\n                    <\/div>\r\n                    \r\n                \r\n            <\/div>\r\n\r\n            <!-- Speaker List Module -->\r\n            \r\n            <!-- Attendees List Module -->\r\n            \r\n            <!-- Next Previous Module -->\r\n                    <\/div>\r\n\r\n        <div class=\"col-md-8\">\r\n\r\n            <div class=\"mec-event-content\">\r\n                <div class=\"mec-single-event-description mec-events-content\">\r\n                    <ul class=\"tab-links\">\n<li><a href=\"https:\/\/www.nws.edu\/events-tickets\/concerts\/2025-2026\/honeck-mahler-4\/#\/program\/overture_to_die_fledermaus\" target=\"_blank\" rel=\"noopener\">J. Strauss : Overture to\u00a0<em>Die Fledermaus<\/em><\/a><\/li>\n<li><a href=\"https:\/\/www.nws.edu\/events-tickets\/concerts\/2025-2026\/honeck-mahler-4\/#\/program\/symphony_no_93\" target=\"_blank\" rel=\"noopener\">Haydn : Symphony No. 93<\/a><\/li>\n<li><a href=\"https:\/\/www.nws.edu\/events-tickets\/concerts\/2025-2026\/honeck-mahler-4\/#\/program\/symphony_no_4\" target=\"_blank\" rel=\"noopener\">Mahler : Symphony No. 4<\/a><\/li>\n<\/ul>\n<ul class=\"tab-links\">\n<li><a href=\"https:\/\/www.nws.edu\/events-tickets\/concerts\/2025-2026\/honeck-mahler-4\/#\/artists\/manfred-honeck\/\" target=\"_blank\" rel=\"noopener\">Manfred Honeck, conductor<\/a><\/li>\n<\/ul>\n<div class=\"event-program\">\n<div><\/div>\n<\/div>\n                                                                            <\/div>\r\n            <\/div>\r\n\r\n            \r\n            <!-- Custom Data Fields -->\r\n            \r\n            <!-- FAQ -->\r\n            \r\n            <!-- Links Module -->\r\n            <div class=\"mec-event-social mec-frontbox\">\r\n     <h3 class=\"mec-social-single mec-frontbox-title\">Share this event<\/h3>\r\n     <div class=\"mec-event-sharing\">\r\n        <div class=\"mec-links-details\">\r\n            <ul>\r\n                <li class=\"mec-event-social-icon\"><a class=\"facebook\" href=\"https:\/\/www.facebook.com\/sharer\/sharer.php?u=https%3A%2F%2Fwww.nws.edu%2Fevents-tickets%2Fconcerts%2F2025-2026%2Fhoneck-mahler-4%2F\" onclick=\"javascript:window.open(this.href, &#039;&#039;, &#039;menubar=no,toolbar=no,resizable=yes,scrollbars=yes,height=500,width=600&#039;); return false;\" target=\"_blank\" title=\"Share on Facebook\" aria-label=\"Share on Facebook\" rel=\"noopener\"><i class=\"mec-fa-facebook\"><\/i><span class=\"mec-social-title\"><\/span><\/a><\/li><li class=\"mec-event-social-icon\"><a class=\"twitter\" href=\"https:\/\/x.com\/intent\/tweet?url=https%3A%2F%2Fwww.nws.edu%2Fevents-tickets%2Fconcerts%2F2025-2026%2Fhoneck-mahler-4%2F\" onclick=\"javascript:window.open(this.href, &#039;&#039;, &#039;menubar=no,toolbar=no,resizable=yes,scrollbars=yes,height=600,width=500&#039;); return false;\" target=\"_blank\" title=\"X Social Network\" aria-label=\"Share on X\"><svg xmlns=\"http:\/\/www.w3.org\/2000\/svg\" shape-rendering=\"geometricPrecision\" text-rendering=\"geometricPrecision\" image-rendering=\"optimizeQuality\" fill-rule=\"evenodd\" clip-rule=\"evenodd\" viewbox=\"0 0 512 462.799\"><path fill-rule=\"nonzero\" d=\"M403.229 0h78.506L310.219 196.04 512 462.799H354.002L230.261 301.007 88.669 462.799h-78.56l183.455-209.683L0 0h161.999l111.856 147.88L403.229 0zm-27.556 415.805h43.505L138.363 44.527h-46.68l283.99 371.278z\"\/><\/svg><span class=\"mec-social-title\"><\/span><\/a><\/li><li class=\"mec-event-social-icon\"><a class=\"linkedin\" href=\"https:\/\/www.linkedin.com\/shareArticle?mini=true&amp;url=https%3A%2F%2Fwww.nws.edu%2Fevents-tickets%2Fconcerts%2F2025-2026%2Fhoneck-mahler-4%2F\" onclick=\"javascript:window.open(this.href, &#039;&#039;, &#039;menubar=no,toolbar=no,resizable=yes,scrollbars=yes,height=600,width=500&#039;); return false;\" target=\"_blank\" title=\"Linkedin\" aria-label=\"Share on Linkedin\" rel=\"noopener\"><i class=\"mec-fa-linkedin\"><\/i><span class=\"mec-social-title\"><\/span><\/a><\/li><li class=\"mec-event-social-icon\"><a class=\"email\" href=\"mailto:?subject=Honeck%20%3A%20Mahler%204%20-%20New%20World%20Symphony&body=https%3A%2F%2Fwww.nws.edu%2Fevents-tickets%2Fconcerts%2F2025-2026%2Fhoneck-mahler-4%2F\" title=\"Email\" aria-label=\"Share via Email\"><i class=\"mec-fa-envelope\"><\/i><span class=\"mec-social-title\"><\/span><\/a><\/li>            <\/ul>\r\n        <\/div>\r\n    <\/div>\r\n<\/div>\r\n            <!-- Google Maps Module -->\r\n            <div class=\"mec-events-meta-group mec-events-meta-group-gmap\">\r\n                            <\/div>\r\n\r\n            <!-- Export Module -->\r\n            <div class=\"mec-event-export-module mec-frontbox\">\r\n     <div class=\"mec-event-exporting\">\r\n        <div class=\"mec-export-details\">\r\n            <ul>\r\n                <li><a class=\"mec-events-gcal mec-events-button mec-color mec-bg-color-hover mec-border-color\" href=\"https:\/\/calendar.google.com\/calendar\/render?action=TEMPLATE&amp;text=Honeck+%3A+Mahler+4+-+New+World+Symphony&amp;dates=20251214T183000Z\/20251214T203000Z&amp;details=%0D%0A+%09J.+Strauss+%3A+Overture+to%C2%A0Die+Fledermaus%0D%0A+%09Haydn+%3A+Symphony+No.+93+%28+https%3A%2F%2Fwww.nws.edu%2Fevents-tickets%2Fconcerts%2F2025-2026%2Fhoneck-mahler-4%2F%23%2Fprogram%2Fsymphony_no_93+%29%0D%0A+%09Mahler+%3A+Symphony+No.+4+%28+https%3A%2F%2Fwww.nws.edu%2Fevents-tickets%2Fconcerts%2F2025-2026%2Fhoneck-mahler-4%2F%23%2Fprogram%2Fsymphony_no_4+%29%0D%0A%0D%0A%0D%0A+%09Manfred+Honeck%2C+conductor+%28+https%3A%2F%2Fwww.nws.edu%2Fevents-tickets%2Fconcerts%2F2025-2026%2Fhoneck-mahler-4%2F%23%2Fartists%2Fmanfred-honeck%2F+%29%0D%0A%0D%0A%0D%0A%0D%0A&amp;location=\" target=\"_blank\" rel=\"noopener\">+ Add to Google Calendar<\/a><\/li>                <li><a class=\"mec-events-gcal mec-events-button mec-color mec-bg-color-hover mec-border-color\" href=\"https:\/\/eloisefaresharpiste.com\/en\/?method=ical&#038;id=1048\">+ iCal \/ Outlook export<\/a><\/li>            <\/ul>\r\n        <\/div>\r\n    <\/div>\r\n<\/div>\r\n            <!-- Hourly Schedule -->\r\n            \r\n            \t\t\t<!-- Booking Module -->\r\n            \r\n            <!-- Tags -->\r\n            <div class=\"mec-events-meta-group mec-events-meta-group-tags\">\r\n                            <\/div>\r\n\r\n        <\/div>\r\n    <\/article>\r\n<\/div>\r\n<script>\r\n\/\/ Fix modal speaker in some themes\r\njQuery(\"#mec_skin_4781 .mec-speaker-avatar-dialog a\").on('click', function(e)\r\n{\r\n    e.preventDefault();\r\n\r\n    var id = jQuery(this).attr('href');\r\n    lity(id);\r\n\r\n    return false;\r\n});\r\n<\/script>\r\n                                <\/div>\r\n                            <\/div>\r\n                        <\/div><!-- toggle item end -->\r\n                    <\/div><!-- toggles wrap end -->\r\n                            <\/article>\r\n            \t\t\r\n            \r\n                        <article class=\"mec-past-event mec-event-article  mec-clear  mec-divider-toggle mec-toggle-202512-mec2\" itemscope>\r\n                                    <!-- toggles wrap start -->\r\n                    <div class=\"mec-events-toggle\">\r\n                        <!-- toggle item start -->\r\n                        <div class=\"mec-toggle-item\">\r\n                            <div class=\"mec-toggle-item-inner\" tabindex=\"0\">\r\n                                                                <div class=\"mec-toggle-item-col\">\r\n                                                                            <div class=\"mec-event-month\"><span class=\"mec-start-date-label\">13 December<\/span><\/div>\r\n                                                                                                        <\/div>\r\n                                <h3 class=\"mec-toggle-title\">\r\n                                    Honeck : Mahler 4 &#8211; New World Symphony<\/h3>\r\n                                                                <i class=\"mec-sl-arrow-down\"><\/i>\r\n                            <\/div>\r\n                            <div class=\"mec-content-toggle\" aria-hidden=\"true\" style=\"display: none;\">\r\n                                <div class=\"mec-toggle-content\">\r\n                                    <div class=\"mec-wrap colorskin-custom clearfix  mec-modal-wrap\" id=\"mec_skin_2538\" data-unique-id=\"2538\">\r\n    <article class=\"mec-single-event mec-single-modern mec-single-modal\">\r\n        <div class=\"mec-events-event-image\">\r\n            <img loading=\"lazy\" decoding=\"async\" width=\"400\" height=\"400\" src=\"https:\/\/eloisefaresharpiste.com\/wp-content\/uploads\/2025\/08\/Logo-NWS-1.jpeg\" class=\"attachment-full size-full wp-post-image\" alt=\"\" data-mec-postid=\"1048\" \/>        <\/div>\r\n        \r\n        <div class=\"col-md-4\">\r\n\r\n            <div class=\"mec-event-meta mec-color-before mec-frontbox mec-util-hidden\">\r\n                \r\n                <!-- Sponsors Module -->\r\n                \r\n                <!-- Register Booking Button -->\r\n                            <\/div>\r\n\r\n            <!-- Weather Module -->\r\n            \r\n            <!-- QRCode Module -->\r\n            \r\n            <!-- Public Download Module -->\r\n            \r\n            <!-- Local Time Module -->\r\n            \r\n            <div class=\"mec-event-meta mec-color-before mec-frontbox\">\r\n\r\n                                                \r\n                                    <div class=\"mec-single-event-location\">\r\n                        <i class=\"mec-sl-location-pin\"><\/i>                        <h3 class=\"mec-events-single-section-title mec-location\">Location<\/h3>\r\n\r\n                        \r\n                        <dl>\r\n                        <dd class=\"author fn org\">500 17th St, Miami Beach, FL 33139, \u00c9tats-Unis<\/dd>\r\n\r\n                        <dd class=\"location\"><address class=\"mec-events-address\"><span class=\"mec-address\"><\/span><\/address><\/dd>\r\n\r\n                                                <\/dl>\r\n                    <\/div>\r\n                    \r\n                                    <div class=\"mec-single-event-category\">\r\n                        <i class=\"mec-sl-folder\"><\/i>                        <h3 class=\"mec-events-single-section-title mec-category\">Category<\/h3>\r\n                        <dl>\r\n                        <dd class=\"mec-events-event-categories\"><a href=\"https:\/\/eloisefaresharpiste.com\/en\/mec-category\/agenda\/\" class=\"mec-color-hover\" rel=\"tag\"><i class=\"mec-fa-angle-right\"><\/i>agenda<\/a><\/dd>                        <\/dl>\r\n                    <\/div>\r\n                    \r\n                \r\n            <\/div>\r\n\r\n            <!-- Speaker List Module -->\r\n            \r\n            <!-- Attendees List Module -->\r\n            \r\n            <!-- Next Previous Module -->\r\n                    <\/div>\r\n\r\n        <div class=\"col-md-8\">\r\n\r\n            <div class=\"mec-event-content\">\r\n                <div class=\"mec-single-event-description mec-events-content\">\r\n                    <ul class=\"tab-links\">\n<li><a href=\"https:\/\/www.nws.edu\/events-tickets\/concerts\/2025-2026\/honeck-mahler-4\/#\/program\/overture_to_die_fledermaus\" target=\"_blank\" rel=\"noopener\">J. Strauss : Overture to\u00a0<em>Die Fledermaus<\/em><\/a><\/li>\n<li><a href=\"https:\/\/www.nws.edu\/events-tickets\/concerts\/2025-2026\/honeck-mahler-4\/#\/program\/symphony_no_93\" target=\"_blank\" rel=\"noopener\">Haydn : Symphony No. 93<\/a><\/li>\n<li><a href=\"https:\/\/www.nws.edu\/events-tickets\/concerts\/2025-2026\/honeck-mahler-4\/#\/program\/symphony_no_4\" target=\"_blank\" rel=\"noopener\">Mahler : Symphony No. 4<\/a><\/li>\n<\/ul>\n<ul class=\"tab-links\">\n<li><a href=\"https:\/\/www.nws.edu\/events-tickets\/concerts\/2025-2026\/honeck-mahler-4\/#\/artists\/manfred-honeck\/\" target=\"_blank\" rel=\"noopener\">Manfred Honeck, conductor<\/a><\/li>\n<\/ul>\n<div class=\"event-program\">\n<div><\/div>\n<\/div>\n                                                                            <\/div>\r\n            <\/div>\r\n\r\n            \r\n            <!-- Custom Data Fields -->\r\n            \r\n            <!-- FAQ -->\r\n            \r\n            <!-- Links Module -->\r\n            <div class=\"mec-event-social mec-frontbox\">\r\n     <h3 class=\"mec-social-single mec-frontbox-title\">Share this event<\/h3>\r\n     <div class=\"mec-event-sharing\">\r\n        <div class=\"mec-links-details\">\r\n            <ul>\r\n                <li class=\"mec-event-social-icon\"><a class=\"facebook\" href=\"https:\/\/www.facebook.com\/sharer\/sharer.php?u=https%3A%2F%2Fwww.nws.edu%2Fevents-tickets%2Fconcerts%2F2025-2026%2Fhoneck-mahler-4%2F\" onclick=\"javascript:window.open(this.href, &#039;&#039;, &#039;menubar=no,toolbar=no,resizable=yes,scrollbars=yes,height=500,width=600&#039;); return false;\" target=\"_blank\" title=\"Share on Facebook\" aria-label=\"Share on Facebook\" rel=\"noopener\"><i class=\"mec-fa-facebook\"><\/i><span class=\"mec-social-title\"><\/span><\/a><\/li><li class=\"mec-event-social-icon\"><a class=\"twitter\" href=\"https:\/\/x.com\/intent\/tweet?url=https%3A%2F%2Fwww.nws.edu%2Fevents-tickets%2Fconcerts%2F2025-2026%2Fhoneck-mahler-4%2F\" onclick=\"javascript:window.open(this.href, &#039;&#039;, &#039;menubar=no,toolbar=no,resizable=yes,scrollbars=yes,height=600,width=500&#039;); return false;\" target=\"_blank\" title=\"X Social Network\" aria-label=\"Share on X\"><svg xmlns=\"http:\/\/www.w3.org\/2000\/svg\" shape-rendering=\"geometricPrecision\" text-rendering=\"geometricPrecision\" image-rendering=\"optimizeQuality\" fill-rule=\"evenodd\" clip-rule=\"evenodd\" viewbox=\"0 0 512 462.799\"><path fill-rule=\"nonzero\" d=\"M403.229 0h78.506L310.219 196.04 512 462.799H354.002L230.261 301.007 88.669 462.799h-78.56l183.455-209.683L0 0h161.999l111.856 147.88L403.229 0zm-27.556 415.805h43.505L138.363 44.527h-46.68l283.99 371.278z\"\/><\/svg><span class=\"mec-social-title\"><\/span><\/a><\/li><li class=\"mec-event-social-icon\"><a class=\"linkedin\" href=\"https:\/\/www.linkedin.com\/shareArticle?mini=true&amp;url=https%3A%2F%2Fwww.nws.edu%2Fevents-tickets%2Fconcerts%2F2025-2026%2Fhoneck-mahler-4%2F\" onclick=\"javascript:window.open(this.href, &#039;&#039;, &#039;menubar=no,toolbar=no,resizable=yes,scrollbars=yes,height=600,width=500&#039;); return false;\" target=\"_blank\" title=\"Linkedin\" aria-label=\"Share on Linkedin\" rel=\"noopener\"><i class=\"mec-fa-linkedin\"><\/i><span class=\"mec-social-title\"><\/span><\/a><\/li><li class=\"mec-event-social-icon\"><a class=\"email\" href=\"mailto:?subject=Honeck%20%3A%20Mahler%204%20-%20New%20World%20Symphony&body=https%3A%2F%2Fwww.nws.edu%2Fevents-tickets%2Fconcerts%2F2025-2026%2Fhoneck-mahler-4%2F\" title=\"Email\" aria-label=\"Share via Email\"><i class=\"mec-fa-envelope\"><\/i><span class=\"mec-social-title\"><\/span><\/a><\/li>            <\/ul>\r\n        <\/div>\r\n    <\/div>\r\n<\/div>\r\n            <!-- Google Maps Module -->\r\n            <div class=\"mec-events-meta-group mec-events-meta-group-gmap\">\r\n                            <\/div>\r\n\r\n            <!-- Export Module -->\r\n            <div class=\"mec-event-export-module mec-frontbox\">\r\n     <div class=\"mec-event-exporting\">\r\n        <div class=\"mec-export-details\">\r\n            <ul>\r\n                <li><a class=\"mec-events-gcal mec-events-button mec-color mec-bg-color-hover mec-border-color\" href=\"https:\/\/calendar.google.com\/calendar\/render?action=TEMPLATE&amp;text=Honeck+%3A+Mahler+4+-+New+World+Symphony&amp;dates=20251214T183000Z\/20251214T203000Z&amp;details=%0D%0A+%09J.+Strauss+%3A+Overture+to%C2%A0Die+Fledermaus%0D%0A+%09Haydn+%3A+Symphony+No.+93+%28+https%3A%2F%2Fwww.nws.edu%2Fevents-tickets%2Fconcerts%2F2025-2026%2Fhoneck-mahler-4%2F%23%2Fprogram%2Fsymphony_no_93+%29%0D%0A+%09Mahler+%3A+Symphony+No.+4+%28+https%3A%2F%2Fwww.nws.edu%2Fevents-tickets%2Fconcerts%2F2025-2026%2Fhoneck-mahler-4%2F%23%2Fprogram%2Fsymphony_no_4+%29%0D%0A%0D%0A%0D%0A+%09Manfred+Honeck%2C+conductor+%28+https%3A%2F%2Fwww.nws.edu%2Fevents-tickets%2Fconcerts%2F2025-2026%2Fhoneck-mahler-4%2F%23%2Fartists%2Fmanfred-honeck%2F+%29%0D%0A%0D%0A%0D%0A%0D%0A&amp;location=\" target=\"_blank\" rel=\"noopener\">+ Add to Google Calendar<\/a><\/li>                <li><a class=\"mec-events-gcal mec-events-button mec-color mec-bg-color-hover mec-border-color\" href=\"https:\/\/eloisefaresharpiste.com\/en\/?method=ical&#038;id=1048\">+ iCal \/ Outlook export<\/a><\/li>            <\/ul>\r\n        <\/div>\r\n    <\/div>\r\n<\/div>\r\n            <!-- Hourly Schedule -->\r\n            \r\n            \t\t\t<!-- Booking Module -->\r\n            \r\n            <!-- Tags -->\r\n            <div class=\"mec-events-meta-group mec-events-meta-group-tags\">\r\n                            <\/div>\r\n\r\n        <\/div>\r\n    <\/article>\r\n<\/div>\r\n<script>\r\n\/\/ Fix modal speaker in some themes\r\njQuery(\"#mec_skin_2538 .mec-speaker-avatar-dialog a\").on('click', function(e)\r\n{\r\n    e.preventDefault();\r\n\r\n    var id = jQuery(this).attr('href');\r\n    lity(id);\r\n\r\n    return false;\r\n});\r\n<\/script>\r\n                                <\/div>\r\n                            <\/div>\r\n                        <\/div><!-- toggle item end -->\r\n                    <\/div><!-- toggles wrap end -->\r\n                            <\/article>\r\n            \t\t\r\n                        <div class=\"mec-month-divider\" data-toggle-divider=\"mec-toggle-202511-mec2\"><h5 style=\"display: inline;\">November 2025<\/h5><i class=\"mec-sl-arrow-down\"><\/i><\/div>\r\n            \r\n                        <article class=\"mec-past-event mec-event-article  mec-clear  mec-divider-toggle mec-toggle-202511-mec2\" itemscope>\r\n                                    <!-- toggles wrap start -->\r\n                    <div class=\"mec-events-toggle\">\r\n                        <!-- toggle item start -->\r\n                        <div class=\"mec-toggle-item\">\r\n                            <div class=\"mec-toggle-item-inner\" tabindex=\"0\">\r\n                                                                <div class=\"mec-toggle-item-col\">\r\n                                                                            <div class=\"mec-event-month\"><span class=\"mec-start-date-label\">23 November<\/span><\/div>\r\n                                                                                                        <\/div>\r\n                                <h3 class=\"mec-toggle-title\">\r\n                                    Prieto : Music of the Americas &#8211; New World Symphony<\/h3>\r\n                                                                <i class=\"mec-sl-arrow-down\"><\/i>\r\n                            <\/div>\r\n                            <div class=\"mec-content-toggle\" aria-hidden=\"true\" style=\"display: none;\">\r\n                                <div class=\"mec-toggle-content\">\r\n                                    <div class=\"mec-wrap colorskin-custom clearfix  mec-modal-wrap\" id=\"mec_skin_6398\" data-unique-id=\"6398\">\r\n    <article class=\"mec-single-event mec-single-modern mec-single-modal\">\r\n        <div class=\"mec-events-event-image\">\r\n            <img loading=\"lazy\" decoding=\"async\" width=\"400\" height=\"400\" src=\"https:\/\/eloisefaresharpiste.com\/wp-content\/uploads\/2025\/08\/Logo-NWS-1.jpeg\" class=\"attachment-full size-full wp-post-image\" alt=\"\" data-mec-postid=\"1044\" \/>        <\/div>\r\n        \r\n        <div class=\"col-md-4\">\r\n\r\n            <div class=\"mec-event-meta mec-color-before mec-frontbox mec-util-hidden\">\r\n                \r\n                <!-- Sponsors Module -->\r\n                \r\n                <!-- Register Booking Button -->\r\n                            <\/div>\r\n\r\n            <!-- Weather Module -->\r\n            \r\n            <!-- QRCode Module -->\r\n            \r\n            <!-- Public Download Module -->\r\n            \r\n            <!-- Local Time Module -->\r\n            \r\n            <div class=\"mec-event-meta mec-color-before mec-frontbox\">\r\n\r\n                                                \r\n                                    <div class=\"mec-single-event-location\">\r\n                        <i class=\"mec-sl-location-pin\"><\/i>                        <h3 class=\"mec-events-single-section-title mec-location\">Location<\/h3>\r\n\r\n                        \r\n                        <dl>\r\n                        <dd class=\"author fn org\">500 17th St, Miami Beach, FL 33139, \u00c9tats-Unis<\/dd>\r\n\r\n                        <dd class=\"location\"><address class=\"mec-events-address\"><span class=\"mec-address\"><\/span><\/address><\/dd>\r\n\r\n                                                <\/dl>\r\n                    <\/div>\r\n                    \r\n                                    <div class=\"mec-single-event-category\">\r\n                        <i class=\"mec-sl-folder\"><\/i>                        <h3 class=\"mec-events-single-section-title mec-category\">Category<\/h3>\r\n                        <dl>\r\n                        <dd class=\"mec-events-event-categories\"><a href=\"https:\/\/eloisefaresharpiste.com\/en\/mec-category\/agenda\/\" class=\"mec-color-hover\" rel=\"tag\"><i class=\"mec-fa-angle-right\"><\/i>agenda<\/a><\/dd>                        <\/dl>\r\n                    <\/div>\r\n                    \r\n                \r\n            <\/div>\r\n\r\n            <!-- Speaker List Module -->\r\n            \r\n            <!-- Attendees List Module -->\r\n            \r\n            <!-- Next Previous Module -->\r\n                    <\/div>\r\n\r\n        <div class=\"col-md-8\">\r\n\r\n            <div class=\"mec-event-content\">\r\n                <div class=\"mec-single-event-description mec-events-content\">\r\n                    <ul class=\"tab-links\">\n<li><a href=\"https:\/\/www.nws.edu\/events-tickets\/concerts\/2025-2026\/prieto-music-of-the-americas\/#\/program\/variaciones_concertantes\" target=\"_blank\" rel=\"noopener\">Ginastera : <em>Variaciones concertantes<\/em><\/a><\/li>\n<li><a href=\"https:\/\/www.nws.edu\/events-tickets\/concerts\/2025-2026\/prieto-music-of-the-americas\/#\/program\/serenade_after_plato_s_symposium\" target=\"_blank\" rel=\"noopener\">Bernstein : Serenade (After Plato&rsquo;s <em>Symposium)<\/em><\/a><\/li>\n<li><a href=\"https:\/\/www.nws.edu\/events-tickets\/concerts\/2025-2026\/prieto-music-of-the-americas\/#\/program\/santa_cruz_de_pacairigua\" target=\"_blank\" rel=\"noopener\">Castellanos : <em>Santa Cruz de Pacairigua<\/em><\/a><\/li>\n<li><a href=\"https:\/\/www.nws.edu\/events-tickets\/concerts\/2025-2026\/prieto-music-of-the-americas\/#\/program\/mariachitl_n\" target=\"_blank\" rel=\"noopener\">Contreras : <em>Mariachitl\u00e1n<\/em><\/a><\/li>\n<\/ul>\n<ul class=\"tab-links\">\n<li><a href=\"https:\/\/www.nws.edu\/events-tickets\/concerts\/2025-2026\/prieto-music-of-the-americas\/#\/artists\/carlos-miguel-prieto\/\" target=\"_blank\" rel=\"noopener\">Carlos Miguel Prieto, conductor<\/a><\/li>\n<li><a href=\"https:\/\/www.nws.edu\/events-tickets\/concerts\/2025-2026\/prieto-music-of-the-americas\/#\/artists\/karen-gomyo\/\" target=\"_blank\" rel=\"noopener\">Karen Gomyo, violin<\/a><\/li>\n<\/ul>\n<div class=\"event-program\">\n<div><\/div>\n<\/div>\n                                                                            <\/div>\r\n            <\/div>\r\n\r\n            \r\n            <!-- Custom Data Fields -->\r\n            \r\n            <!-- FAQ -->\r\n            \r\n            <!-- Links Module -->\r\n            <div class=\"mec-event-social mec-frontbox\">\r\n     <h3 class=\"mec-social-single mec-frontbox-title\">Share this event<\/h3>\r\n     <div class=\"mec-event-sharing\">\r\n        <div class=\"mec-links-details\">\r\n            <ul>\r\n                <li class=\"mec-event-social-icon\"><a class=\"facebook\" href=\"https:\/\/www.facebook.com\/sharer\/sharer.php?u=https%3A%2F%2Fwww.nws.edu%2Fevents-tickets%2Fconcerts%2F2025-2026%2Fprieto-music-of-the-americas%2F\" onclick=\"javascript:window.open(this.href, &#039;&#039;, &#039;menubar=no,toolbar=no,resizable=yes,scrollbars=yes,height=500,width=600&#039;); return false;\" target=\"_blank\" title=\"Share on Facebook\" aria-label=\"Share on Facebook\" rel=\"noopener\"><i class=\"mec-fa-facebook\"><\/i><span class=\"mec-social-title\"><\/span><\/a><\/li><li class=\"mec-event-social-icon\"><a class=\"twitter\" href=\"https:\/\/x.com\/intent\/tweet?url=https%3A%2F%2Fwww.nws.edu%2Fevents-tickets%2Fconcerts%2F2025-2026%2Fprieto-music-of-the-americas%2F\" onclick=\"javascript:window.open(this.href, &#039;&#039;, &#039;menubar=no,toolbar=no,resizable=yes,scrollbars=yes,height=600,width=500&#039;); return false;\" target=\"_blank\" title=\"X Social Network\" aria-label=\"Share on X\"><svg xmlns=\"http:\/\/www.w3.org\/2000\/svg\" shape-rendering=\"geometricPrecision\" text-rendering=\"geometricPrecision\" image-rendering=\"optimizeQuality\" fill-rule=\"evenodd\" clip-rule=\"evenodd\" viewbox=\"0 0 512 462.799\"><path fill-rule=\"nonzero\" d=\"M403.229 0h78.506L310.219 196.04 512 462.799H354.002L230.261 301.007 88.669 462.799h-78.56l183.455-209.683L0 0h161.999l111.856 147.88L403.229 0zm-27.556 415.805h43.505L138.363 44.527h-46.68l283.99 371.278z\"\/><\/svg><span class=\"mec-social-title\"><\/span><\/a><\/li><li class=\"mec-event-social-icon\"><a class=\"linkedin\" href=\"https:\/\/www.linkedin.com\/shareArticle?mini=true&amp;url=https%3A%2F%2Fwww.nws.edu%2Fevents-tickets%2Fconcerts%2F2025-2026%2Fprieto-music-of-the-americas%2F\" onclick=\"javascript:window.open(this.href, &#039;&#039;, &#039;menubar=no,toolbar=no,resizable=yes,scrollbars=yes,height=600,width=500&#039;); return false;\" target=\"_blank\" title=\"Linkedin\" aria-label=\"Share on Linkedin\" rel=\"noopener\"><i class=\"mec-fa-linkedin\"><\/i><span class=\"mec-social-title\"><\/span><\/a><\/li><li class=\"mec-event-social-icon\"><a class=\"email\" href=\"mailto:?subject=Prieto%20%3A%20Music%20of%20the%20Americas%20-%20New%20World%20Symphony&body=https%3A%2F%2Fwww.nws.edu%2Fevents-tickets%2Fconcerts%2F2025-2026%2Fprieto-music-of-the-americas%2F\" title=\"Email\" aria-label=\"Share via Email\"><i class=\"mec-fa-envelope\"><\/i><span class=\"mec-social-title\"><\/span><\/a><\/li>            <\/ul>\r\n        <\/div>\r\n    <\/div>\r\n<\/div>\r\n            <!-- Google Maps Module -->\r\n            <div class=\"mec-events-meta-group mec-events-meta-group-gmap\">\r\n                            <\/div>\r\n\r\n            <!-- Export Module -->\r\n            <div class=\"mec-event-export-module mec-frontbox\">\r\n     <div class=\"mec-event-exporting\">\r\n        <div class=\"mec-export-details\">\r\n            <ul>\r\n                <li><a class=\"mec-events-gcal mec-events-button mec-color mec-bg-color-hover mec-border-color\" href=\"https:\/\/calendar.google.com\/calendar\/render?action=TEMPLATE&amp;text=Prieto+%3A+Music+of+the+Americas+-+New+World+Symphony&amp;dates=20251123T183000Z\/20251123T203000Z&amp;details=%0D%0A+%09Ginastera+%3A+Variaciones+concertantes%0D%0A+%09Bernstein+%3A+Serenade+%28After+Plato%27s+Symposium%29%0D%0A+%09Castellanos+%3A+Santa+Cruz+de+Pacairigua%0D%0A+%09Contreras+%3A+Mariachitl%C3%A1n%0D%0A%0D%0A%0D%0A+%09Carlos+Miguel+Prieto%2C+conductor+%28+https%3A%2F%2Fwww.nws.edu%2Fevents-tickets%2Fconcerts%2F2025-2026%2Fprieto-music-of-the-americas%2F%23%2Fartists%2Fcarlos-miguel-prieto%2F+%29%0D%0A+%09Karen+Gomyo%2C+violin+%28+https%3A%2F%2Fwww.nws.edu%2Fevents-tickets%2Fconcerts%2F2025-2026%2Fprieto-music-of-the-americas%2F%23%2Fartists%2Fkaren-gomyo%2F+%29%0D%0A%0D%0A%0D%0A%0D%0A&amp;location=\" target=\"_blank\" rel=\"noopener\">+ Add to Google Calendar<\/a><\/li>                <li><a class=\"mec-events-gcal mec-events-button mec-color mec-bg-color-hover mec-border-color\" href=\"https:\/\/eloisefaresharpiste.com\/en\/?method=ical&#038;id=1044\">+ iCal \/ Outlook export<\/a><\/li>            <\/ul>\r\n        <\/div>\r\n    <\/div>\r\n<\/div>\r\n            <!-- Hourly Schedule -->\r\n            \r\n            \t\t\t<!-- Booking Module -->\r\n            \r\n            <!-- Tags -->\r\n            <div class=\"mec-events-meta-group mec-events-meta-group-tags\">\r\n                            <\/div>\r\n\r\n        <\/div>\r\n    <\/article>\r\n<\/div>\r\n<script>\r\n\/\/ Fix modal speaker in some themes\r\njQuery(\"#mec_skin_6398 .mec-speaker-avatar-dialog a\").on('click', function(e)\r\n{\r\n    e.preventDefault();\r\n\r\n    var id = jQuery(this).attr('href');\r\n    lity(id);\r\n\r\n    return false;\r\n});\r\n<\/script>\r\n                                <\/div>\r\n                            <\/div>\r\n                        <\/div><!-- toggle item end -->\r\n                    <\/div><!-- toggles wrap end -->\r\n                            <\/article>\r\n            \t\t\r\n            \r\n                        <article class=\"mec-past-event mec-event-article  mec-clear  mec-divider-toggle mec-toggle-202511-mec2\" itemscope>\r\n                                    <!-- toggles wrap start -->\r\n                    <div class=\"mec-events-toggle\">\r\n                        <!-- toggle item start -->\r\n                        <div class=\"mec-toggle-item\">\r\n                            <div class=\"mec-toggle-item-inner\" tabindex=\"0\">\r\n                                                                <div class=\"mec-toggle-item-col\">\r\n                                                                            <div class=\"mec-event-month\"><span class=\"mec-start-date-label\">22 November<\/span><\/div>\r\n                                                                                                        <\/div>\r\n                                <h3 class=\"mec-toggle-title\">\r\n                                    Prieto : Music of the Americas &#8211; New World Symphony<\/h3>\r\n                                                                <i class=\"mec-sl-arrow-down\"><\/i>\r\n                            <\/div>\r\n                            <div class=\"mec-content-toggle\" aria-hidden=\"true\" style=\"display: none;\">\r\n                                <div class=\"mec-toggle-content\">\r\n                                    <div class=\"mec-wrap colorskin-custom clearfix  mec-modal-wrap\" id=\"mec_skin_4972\" data-unique-id=\"4972\">\r\n    <article class=\"mec-single-event mec-single-modern mec-single-modal\">\r\n        <div class=\"mec-events-event-image\">\r\n            <img loading=\"lazy\" decoding=\"async\" width=\"400\" height=\"400\" src=\"https:\/\/eloisefaresharpiste.com\/wp-content\/uploads\/2025\/08\/Logo-NWS-1.jpeg\" class=\"attachment-full size-full wp-post-image\" alt=\"\" data-mec-postid=\"1044\" \/>        <\/div>\r\n        \r\n        <div class=\"col-md-4\">\r\n\r\n            <div class=\"mec-event-meta mec-color-before mec-frontbox mec-util-hidden\">\r\n                \r\n                <!-- Sponsors Module -->\r\n                \r\n                <!-- Register Booking Button -->\r\n                            <\/div>\r\n\r\n            <!-- Weather Module -->\r\n            \r\n            <!-- QRCode Module -->\r\n            \r\n            <!-- Public Download Module -->\r\n            \r\n            <!-- Local Time Module -->\r\n            \r\n            <div class=\"mec-event-meta mec-color-before mec-frontbox\">\r\n\r\n                                                \r\n                                    <div class=\"mec-single-event-location\">\r\n                        <i class=\"mec-sl-location-pin\"><\/i>                        <h3 class=\"mec-events-single-section-title mec-location\">Location<\/h3>\r\n\r\n                        \r\n                        <dl>\r\n                        <dd class=\"author fn org\">500 17th St, Miami Beach, FL 33139, \u00c9tats-Unis<\/dd>\r\n\r\n                        <dd class=\"location\"><address class=\"mec-events-address\"><span class=\"mec-address\"><\/span><\/address><\/dd>\r\n\r\n                                                <\/dl>\r\n                    <\/div>\r\n                    \r\n                                    <div class=\"mec-single-event-category\">\r\n                        <i class=\"mec-sl-folder\"><\/i>                        <h3 class=\"mec-events-single-section-title mec-category\">Category<\/h3>\r\n                        <dl>\r\n                        <dd class=\"mec-events-event-categories\"><a href=\"https:\/\/eloisefaresharpiste.com\/en\/mec-category\/agenda\/\" class=\"mec-color-hover\" rel=\"tag\"><i class=\"mec-fa-angle-right\"><\/i>agenda<\/a><\/dd>                        <\/dl>\r\n                    <\/div>\r\n                    \r\n                \r\n            <\/div>\r\n\r\n            <!-- Speaker List Module -->\r\n            \r\n            <!-- Attendees List Module -->\r\n            \r\n            <!-- Next Previous Module -->\r\n                    <\/div>\r\n\r\n        <div class=\"col-md-8\">\r\n\r\n            <div class=\"mec-event-content\">\r\n                <div class=\"mec-single-event-description mec-events-content\">\r\n                    <ul class=\"tab-links\">\n<li><a href=\"https:\/\/www.nws.edu\/events-tickets\/concerts\/2025-2026\/prieto-music-of-the-americas\/#\/program\/variaciones_concertantes\" target=\"_blank\" rel=\"noopener\">Ginastera : <em>Variaciones concertantes<\/em><\/a><\/li>\n<li><a href=\"https:\/\/www.nws.edu\/events-tickets\/concerts\/2025-2026\/prieto-music-of-the-americas\/#\/program\/serenade_after_plato_s_symposium\" target=\"_blank\" rel=\"noopener\">Bernstein : Serenade (After Plato&rsquo;s <em>Symposium)<\/em><\/a><\/li>\n<li><a href=\"https:\/\/www.nws.edu\/events-tickets\/concerts\/2025-2026\/prieto-music-of-the-americas\/#\/program\/santa_cruz_de_pacairigua\" target=\"_blank\" rel=\"noopener\">Castellanos : <em>Santa Cruz de Pacairigua<\/em><\/a><\/li>\n<li><a href=\"https:\/\/www.nws.edu\/events-tickets\/concerts\/2025-2026\/prieto-music-of-the-americas\/#\/program\/mariachitl_n\" target=\"_blank\" rel=\"noopener\">Contreras : <em>Mariachitl\u00e1n<\/em><\/a><\/li>\n<\/ul>\n<ul class=\"tab-links\">\n<li><a href=\"https:\/\/www.nws.edu\/events-tickets\/concerts\/2025-2026\/prieto-music-of-the-americas\/#\/artists\/carlos-miguel-prieto\/\" target=\"_blank\" rel=\"noopener\">Carlos Miguel Prieto, conductor<\/a><\/li>\n<li><a href=\"https:\/\/www.nws.edu\/events-tickets\/concerts\/2025-2026\/prieto-music-of-the-americas\/#\/artists\/karen-gomyo\/\" target=\"_blank\" rel=\"noopener\">Karen Gomyo, violin<\/a><\/li>\n<\/ul>\n<div class=\"event-program\">\n<div><\/div>\n<\/div>\n                                                                            <\/div>\r\n            <\/div>\r\n\r\n            \r\n            <!-- Custom Data Fields -->\r\n            \r\n            <!-- FAQ -->\r\n            \r\n            <!-- Links Module -->\r\n            <div class=\"mec-event-social mec-frontbox\">\r\n     <h3 class=\"mec-social-single mec-frontbox-title\">Share this event<\/h3>\r\n     <div class=\"mec-event-sharing\">\r\n        <div class=\"mec-links-details\">\r\n            <ul>\r\n                <li class=\"mec-event-social-icon\"><a class=\"facebook\" href=\"https:\/\/www.facebook.com\/sharer\/sharer.php?u=https%3A%2F%2Fwww.nws.edu%2Fevents-tickets%2Fconcerts%2F2025-2026%2Fprieto-music-of-the-americas%2F\" onclick=\"javascript:window.open(this.href, &#039;&#039;, &#039;menubar=no,toolbar=no,resizable=yes,scrollbars=yes,height=500,width=600&#039;); return false;\" target=\"_blank\" title=\"Share on Facebook\" aria-label=\"Share on Facebook\" rel=\"noopener\"><i class=\"mec-fa-facebook\"><\/i><span class=\"mec-social-title\"><\/span><\/a><\/li><li class=\"mec-event-social-icon\"><a class=\"twitter\" href=\"https:\/\/x.com\/intent\/tweet?url=https%3A%2F%2Fwww.nws.edu%2Fevents-tickets%2Fconcerts%2F2025-2026%2Fprieto-music-of-the-americas%2F\" onclick=\"javascript:window.open(this.href, &#039;&#039;, &#039;menubar=no,toolbar=no,resizable=yes,scrollbars=yes,height=600,width=500&#039;); return false;\" target=\"_blank\" title=\"X Social Network\" aria-label=\"Share on X\"><svg xmlns=\"http:\/\/www.w3.org\/2000\/svg\" shape-rendering=\"geometricPrecision\" text-rendering=\"geometricPrecision\" image-rendering=\"optimizeQuality\" fill-rule=\"evenodd\" clip-rule=\"evenodd\" viewbox=\"0 0 512 462.799\"><path fill-rule=\"nonzero\" d=\"M403.229 0h78.506L310.219 196.04 512 462.799H354.002L230.261 301.007 88.669 462.799h-78.56l183.455-209.683L0 0h161.999l111.856 147.88L403.229 0zm-27.556 415.805h43.505L138.363 44.527h-46.68l283.99 371.278z\"\/><\/svg><span class=\"mec-social-title\"><\/span><\/a><\/li><li class=\"mec-event-social-icon\"><a class=\"linkedin\" href=\"https:\/\/www.linkedin.com\/shareArticle?mini=true&amp;url=https%3A%2F%2Fwww.nws.edu%2Fevents-tickets%2Fconcerts%2F2025-2026%2Fprieto-music-of-the-americas%2F\" onclick=\"javascript:window.open(this.href, &#039;&#039;, &#039;menubar=no,toolbar=no,resizable=yes,scrollbars=yes,height=600,width=500&#039;); return false;\" target=\"_blank\" title=\"Linkedin\" aria-label=\"Share on Linkedin\" rel=\"noopener\"><i class=\"mec-fa-linkedin\"><\/i><span class=\"mec-social-title\"><\/span><\/a><\/li><li class=\"mec-event-social-icon\"><a class=\"email\" href=\"mailto:?subject=Prieto%20%3A%20Music%20of%20the%20Americas%20-%20New%20World%20Symphony&body=https%3A%2F%2Fwww.nws.edu%2Fevents-tickets%2Fconcerts%2F2025-2026%2Fprieto-music-of-the-americas%2F\" title=\"Email\" aria-label=\"Share via Email\"><i class=\"mec-fa-envelope\"><\/i><span class=\"mec-social-title\"><\/span><\/a><\/li>            <\/ul>\r\n        <\/div>\r\n    <\/div>\r\n<\/div>\r\n            <!-- Google Maps Module -->\r\n            <div class=\"mec-events-meta-group mec-events-meta-group-gmap\">\r\n                            <\/div>\r\n\r\n            <!-- Export Module -->\r\n            <div class=\"mec-event-export-module mec-frontbox\">\r\n     <div class=\"mec-event-exporting\">\r\n        <div class=\"mec-export-details\">\r\n            <ul>\r\n                <li><a class=\"mec-events-gcal mec-events-button mec-color mec-bg-color-hover mec-border-color\" href=\"https:\/\/calendar.google.com\/calendar\/render?action=TEMPLATE&amp;text=Prieto+%3A+Music+of+the+Americas+-+New+World+Symphony&amp;dates=20251123T183000Z\/20251123T203000Z&amp;details=%0D%0A+%09Ginastera+%3A+Variaciones+concertantes%0D%0A+%09Bernstein+%3A+Serenade+%28After+Plato%27s+Symposium%29%0D%0A+%09Castellanos+%3A+Santa+Cruz+de+Pacairigua%0D%0A+%09Contreras+%3A+Mariachitl%C3%A1n%0D%0A%0D%0A%0D%0A+%09Carlos+Miguel+Prieto%2C+conductor+%28+https%3A%2F%2Fwww.nws.edu%2Fevents-tickets%2Fconcerts%2F2025-2026%2Fprieto-music-of-the-americas%2F%23%2Fartists%2Fcarlos-miguel-prieto%2F+%29%0D%0A+%09Karen+Gomyo%2C+violin+%28+https%3A%2F%2Fwww.nws.edu%2Fevents-tickets%2Fconcerts%2F2025-2026%2Fprieto-music-of-the-americas%2F%23%2Fartists%2Fkaren-gomyo%2F+%29%0D%0A%0D%0A%0D%0A%0D%0A&amp;location=\" target=\"_blank\" rel=\"noopener\">+ Add to Google Calendar<\/a><\/li>                <li><a class=\"mec-events-gcal mec-events-button mec-color mec-bg-color-hover mec-border-color\" href=\"https:\/\/eloisefaresharpiste.com\/en\/?method=ical&#038;id=1044\">+ iCal \/ Outlook export<\/a><\/li>            <\/ul>\r\n        <\/div>\r\n    <\/div>\r\n<\/div>\r\n            <!-- Hourly Schedule -->\r\n            \r\n            \t\t\t<!-- Booking Module -->\r\n            \r\n            <!-- Tags -->\r\n            <div class=\"mec-events-meta-group mec-events-meta-group-tags\">\r\n                            <\/div>\r\n\r\n        <\/div>\r\n    <\/article>\r\n<\/div>\r\n<script>\r\n\/\/ Fix modal speaker in some themes\r\njQuery(\"#mec_skin_4972 .mec-speaker-avatar-dialog a\").on('click', function(e)\r\n{\r\n    e.preventDefault();\r\n\r\n    var id = jQuery(this).attr('href');\r\n    lity(id);\r\n\r\n    return false;\r\n});\r\n<\/script>\r\n                                <\/div>\r\n                            <\/div>\r\n                        <\/div><!-- toggle item end -->\r\n                    <\/div><!-- toggles wrap end -->\r\n                            <\/article>\r\n            \t\t\r\n            \r\n                        <article class=\"mec-past-event mec-event-article  mec-clear  mec-divider-toggle mec-toggle-202511-mec2\" itemscope>\r\n                                    <!-- toggles wrap start -->\r\n                    <div class=\"mec-events-toggle\">\r\n                        <!-- toggle item start -->\r\n                        <div class=\"mec-toggle-item\">\r\n                            <div class=\"mec-toggle-item-inner\" tabindex=\"0\">\r\n                                                                <div class=\"mec-toggle-item-col\">\r\n                                                                            <div class=\"mec-event-month\"><span class=\"mec-start-date-label\">17 November<\/span><\/div>\r\n                                                                        <div class=\"mec-time-details\"><span class=\"mec-start-time\">20h00<\/span> - <span class=\"mec-end-time\">21h00<\/span><\/div>                                <\/div>\r\n                                <h3 class=\"mec-toggle-title\">\r\n                                    BLUE Concert: November Nachtmusik &#8211; New World Center<\/h3>\r\n                                                                <i class=\"mec-sl-arrow-down\"><\/i>\r\n                            <\/div>\r\n                            <div class=\"mec-content-toggle\" aria-hidden=\"true\" style=\"display: none;\">\r\n                                <div class=\"mec-toggle-content\">\r\n                                    <div class=\"mec-wrap colorskin-custom clearfix  mec-modal-wrap\" id=\"mec_skin_4927\" data-unique-id=\"4927\">\r\n    <article class=\"mec-single-event mec-single-modern mec-single-modal\">\r\n        <div class=\"mec-events-event-image\">\r\n            <img loading=\"lazy\" decoding=\"async\" width=\"500\" height=\"500\" src=\"https:\/\/eloisefaresharpiste.com\/wp-content\/uploads\/2025\/10\/IMG_4519.png\" class=\"attachment-full size-full wp-post-image\" alt=\"\" data-mec-postid=\"1161\" \/>        <\/div>\r\n        \r\n        <div class=\"col-md-4\">\r\n\r\n            <div class=\"mec-event-meta mec-color-before mec-frontbox mec-util-hidden\">\r\n                \r\n                <!-- Sponsors Module -->\r\n                \r\n                <!-- Register Booking Button -->\r\n                            <\/div>\r\n\r\n            <!-- Weather Module -->\r\n            \r\n            <!-- QRCode Module -->\r\n            \r\n            <!-- Public Download Module -->\r\n            \r\n            <!-- Local Time Module -->\r\n            \r\n            <div class=\"mec-event-meta mec-color-before mec-frontbox\">\r\n\r\n                                                \r\n                                    <div class=\"mec-single-event-location\">\r\n                        <i class=\"mec-sl-location-pin\"><\/i>                        <h3 class=\"mec-events-single-section-title mec-location\">Location<\/h3>\r\n\r\n                        \r\n                        <dl>\r\n                        <dd class=\"author fn org\">500 17th St, Miami Beach, FL 33139, \u00c9tats-Unis<\/dd>\r\n\r\n                        <dd class=\"location\"><address class=\"mec-events-address\"><span class=\"mec-address\"><\/span><\/address><\/dd>\r\n\r\n                                                <\/dl>\r\n                    <\/div>\r\n                    \r\n                \r\n                \r\n            <\/div>\r\n\r\n            <!-- Speaker List Module -->\r\n            \r\n            <!-- Attendees List Module -->\r\n            \r\n            <!-- Next Previous Module -->\r\n                    <\/div>\r\n\r\n        <div class=\"col-md-8\">\r\n\r\n            <div class=\"mec-event-content\">\r\n                <div class=\"mec-single-event-description mec-events-content\">\r\n                    <p>Chamber music :<\/p>\n<p>&#8211; Clair de Lune &#8211; C. Debussy (arr. Harp &amp; Vibraphone) &#8211; with Leo Simon<\/p>\n<p>&#8211; Nocturne &#8211; Lili Boulanger (Harp &amp; Violin) &#8211; with Natalie Koh<\/p>\n                                                                            <\/div>\r\n            <\/div>\r\n\r\n            \r\n            <!-- Custom Data Fields -->\r\n            \r\n            <!-- FAQ -->\r\n            \r\n            <!-- Links Module -->\r\n            <div class=\"mec-event-social mec-frontbox\">\r\n     <h3 class=\"mec-social-single mec-frontbox-title\">Share this event<\/h3>\r\n     <div class=\"mec-event-sharing\">\r\n        <div class=\"mec-links-details\">\r\n            <ul>\r\n                <li class=\"mec-event-social-icon\"><a class=\"facebook\" href=\"https:\/\/www.facebook.com\/sharer\/sharer.php?u=https%3A%2F%2Feloisefaresharpiste.com%2Fen%2Fevents%2Fblue-concert-november-nachtmusik-new-world-center%2F\" onclick=\"javascript:window.open(this.href, &#039;&#039;, &#039;menubar=no,toolbar=no,resizable=yes,scrollbars=yes,height=500,width=600&#039;); return false;\" target=\"_blank\" title=\"Share on Facebook\" aria-label=\"Share on Facebook\"><i class=\"mec-fa-facebook\"><\/i><span class=\"mec-social-title\"><\/span><\/a><\/li><li class=\"mec-event-social-icon\"><a class=\"twitter\" href=\"https:\/\/x.com\/intent\/tweet?url=https%3A%2F%2Feloisefaresharpiste.com%2Fen%2Fevents%2Fblue-concert-november-nachtmusik-new-world-center%2F\" onclick=\"javascript:window.open(this.href, &#039;&#039;, &#039;menubar=no,toolbar=no,resizable=yes,scrollbars=yes,height=600,width=500&#039;); return false;\" target=\"_blank\" title=\"X Social Network\" aria-label=\"Share on X\"><svg xmlns=\"http:\/\/www.w3.org\/2000\/svg\" shape-rendering=\"geometricPrecision\" text-rendering=\"geometricPrecision\" image-rendering=\"optimizeQuality\" fill-rule=\"evenodd\" clip-rule=\"evenodd\" viewbox=\"0 0 512 462.799\"><path fill-rule=\"nonzero\" d=\"M403.229 0h78.506L310.219 196.04 512 462.799H354.002L230.261 301.007 88.669 462.799h-78.56l183.455-209.683L0 0h161.999l111.856 147.88L403.229 0zm-27.556 415.805h43.505L138.363 44.527h-46.68l283.99 371.278z\"\/><\/svg><span class=\"mec-social-title\"><\/span><\/a><\/li><li class=\"mec-event-social-icon\"><a class=\"linkedin\" href=\"https:\/\/www.linkedin.com\/shareArticle?mini=true&amp;url=https%3A%2F%2Feloisefaresharpiste.com%2Fen%2Fevents%2Fblue-concert-november-nachtmusik-new-world-center%2F\" onclick=\"javascript:window.open(this.href, &#039;&#039;, &#039;menubar=no,toolbar=no,resizable=yes,scrollbars=yes,height=600,width=500&#039;); return false;\" target=\"_blank\" title=\"Linkedin\" aria-label=\"Share on Linkedin\"><i class=\"mec-fa-linkedin\"><\/i><span class=\"mec-social-title\"><\/span><\/a><\/li><li class=\"mec-event-social-icon\"><a class=\"email\" href=\"mailto:?subject=BLUE%20Concert%3A%20November%20Nachtmusik%20-%20New%20World%20Center&body=https%3A%2F%2Feloisefaresharpiste.com%2Fen%2Fevents%2Fblue-concert-november-nachtmusik-new-world-center%2F\" title=\"Email\" aria-label=\"Share via Email\"><i class=\"mec-fa-envelope\"><\/i><span class=\"mec-social-title\"><\/span><\/a><\/li>            <\/ul>\r\n        <\/div>\r\n    <\/div>\r\n<\/div>\r\n            <!-- Google Maps Module -->\r\n            <div class=\"mec-events-meta-group mec-events-meta-group-gmap\">\r\n                            <\/div>\r\n\r\n            <!-- Export Module -->\r\n            <div class=\"mec-event-export-module mec-frontbox\">\r\n     <div class=\"mec-event-exporting\">\r\n        <div class=\"mec-export-details\">\r\n            <ul>\r\n                <li><a class=\"mec-events-gcal mec-events-button mec-color mec-bg-color-hover mec-border-color\" href=\"https:\/\/calendar.google.com\/calendar\/render?action=TEMPLATE&amp;text=BLUE+Concert%3A+November+Nachtmusik+-+New+World+Center&amp;dates=20251117T190000Z\/20251117T200000Z&amp;details=Chamber+music+%3A%0D%0A%0D%0A-+Clair+de+Lune+-+C.+Debussy+%28arr.+Harp+%26amp%3B+Vibraphone%29+-+with+Leo+Simon%0D%0A%0D%0A-+Nocturne+-+Lili+Boulanger+%28Harp+%26amp%3B+Violin%29+-+with+Natalie+Koh&amp;location=\" target=\"_blank\" rel=\"noopener\">+ Add to Google Calendar<\/a><\/li>                <li><a class=\"mec-events-gcal mec-events-button mec-color mec-bg-color-hover mec-border-color\" href=\"https:\/\/eloisefaresharpiste.com\/en\/?method=ical&#038;id=1161\">+ iCal \/ Outlook export<\/a><\/li>            <\/ul>\r\n        <\/div>\r\n    <\/div>\r\n<\/div>\r\n            <!-- Hourly Schedule -->\r\n            \r\n            \t\t\t<!-- Booking Module -->\r\n            \r\n            <!-- Tags -->\r\n            <div class=\"mec-events-meta-group mec-events-meta-group-tags\">\r\n                            <\/div>\r\n\r\n        <\/div>\r\n    <\/article>\r\n<\/div>\r\n<script>\r\n\/\/ Fix modal speaker in some themes\r\njQuery(\"#mec_skin_4927 .mec-speaker-avatar-dialog a\").on('click', function(e)\r\n{\r\n    e.preventDefault();\r\n\r\n    var id = jQuery(this).attr('href');\r\n    lity(id);\r\n\r\n    return false;\r\n});\r\n<\/script>\r\n                                <\/div>\r\n                            <\/div>\r\n                        <\/div><!-- toggle item end -->\r\n                    <\/div><!-- toggles wrap end -->\r\n                            <\/article>\r\n            \t\t\r\n            \r\n                        <article class=\"mec-past-event mec-event-article  mec-clear  mec-divider-toggle mec-toggle-202511-mec2\" itemscope>\r\n                                    <!-- toggles wrap start -->\r\n                    <div class=\"mec-events-toggle\">\r\n                        <!-- toggle item start -->\r\n                        <div class=\"mec-toggle-item\">\r\n                            <div class=\"mec-toggle-item-inner\" tabindex=\"0\">\r\n                                                                <div class=\"mec-toggle-item-col\">\r\n                                                                            <div class=\"mec-event-month\"><span class=\"mec-start-date-label\">16 November<\/span><\/div>\r\n                                                                                                        <\/div>\r\n                                <h3 class=\"mec-toggle-title\">\r\n                                    Hindoyan : Dvorak\u2019s &#8211; New World Symphony<\/h3>\r\n                                                                <i class=\"mec-sl-arrow-down\"><\/i>\r\n                            <\/div>\r\n                            <div class=\"mec-content-toggle\" aria-hidden=\"true\" style=\"display: none;\">\r\n                                <div class=\"mec-toggle-content\">\r\n                                    <div class=\"mec-wrap colorskin-custom clearfix  mec-modal-wrap\" id=\"mec_skin_3184\" data-unique-id=\"3184\">\r\n    <article class=\"mec-single-event mec-single-modern mec-single-modal\">\r\n        <div class=\"mec-events-event-image\">\r\n            <img loading=\"lazy\" decoding=\"async\" width=\"400\" height=\"400\" src=\"https:\/\/eloisefaresharpiste.com\/wp-content\/uploads\/2025\/08\/Logo-NWS-1.jpeg\" class=\"attachment-full size-full wp-post-image\" alt=\"\" data-mec-postid=\"1042\" \/>        <\/div>\r\n        \r\n        <div class=\"col-md-4\">\r\n\r\n            <div class=\"mec-event-meta mec-color-before mec-frontbox mec-util-hidden\">\r\n                \r\n                <!-- Sponsors Module -->\r\n                \r\n                <!-- Register Booking Button -->\r\n                            <\/div>\r\n\r\n            <!-- Weather Module -->\r\n            \r\n            <!-- QRCode Module -->\r\n            \r\n            <!-- Public Download Module -->\r\n            \r\n            <!-- Local Time Module -->\r\n            \r\n            <div class=\"mec-event-meta mec-color-before mec-frontbox\">\r\n\r\n                                                \r\n                                    <div class=\"mec-single-event-location\">\r\n                        <i class=\"mec-sl-location-pin\"><\/i>                        <h3 class=\"mec-events-single-section-title mec-location\">Location<\/h3>\r\n\r\n                        \r\n                        <dl>\r\n                        <dd class=\"author fn org\">500 17th St, Miami Beach, FL 33139, \u00c9tats-Unis<\/dd>\r\n\r\n                        <dd class=\"location\"><address class=\"mec-events-address\"><span class=\"mec-address\"><\/span><\/address><\/dd>\r\n\r\n                                                <\/dl>\r\n                    <\/div>\r\n                    \r\n                                    <div class=\"mec-single-event-category\">\r\n                        <i class=\"mec-sl-folder\"><\/i>                        <h3 class=\"mec-events-single-section-title mec-category\">Category<\/h3>\r\n                        <dl>\r\n                        <dd class=\"mec-events-event-categories\"><a href=\"https:\/\/eloisefaresharpiste.com\/en\/mec-category\/agenda\/\" class=\"mec-color-hover\" rel=\"tag\"><i class=\"mec-fa-angle-right\"><\/i>agenda<\/a><\/dd>                        <\/dl>\r\n                    <\/div>\r\n                    \r\n                \r\n            <\/div>\r\n\r\n            <!-- Speaker List Module -->\r\n            \r\n            <!-- Attendees List Module -->\r\n            \r\n            <!-- Next Previous Module -->\r\n                    <\/div>\r\n\r\n        <div class=\"col-md-8\">\r\n\r\n            <div class=\"mec-event-content\">\r\n                <div class=\"mec-single-event-description mec-events-content\">\r\n                    <section class=\"event\">\n<div class=\"event-desc\">\n<div class=\"event-program\">\n<div>\n<ul class=\"tab-links\">\n<li><a href=\"https:\/\/www.nws.edu\/events-tickets\/concerts\/2025-2026\/dvoraks-new-world-symphony\/#\/program\/chasing_light\" target=\"_blank\" rel=\"noopener\">Orth : <em>Chasing Light<\/em><\/a><\/li>\n<li><a href=\"https:\/\/www.nws.edu\/events-tickets\/concerts\/2025-2026\/dvoraks-new-world-symphony\/#\/program\/cello_concerto\" target=\"_blank\" rel=\"noopener\">Glanert : Cello Concerto<\/a><\/li>\n<li><a href=\"https:\/\/www.nws.edu\/events-tickets\/concerts\/2025-2026\/dvoraks-new-world-symphony\/#\/program\/symphony_no_9_from_the_new_world\" target=\"_blank\" rel=\"noopener\">Dvo\u0159\u00e1k : Symphony No. 9, \u00ab\u00a0From the New World\u00a0\u00bb<\/a><\/li>\n<\/ul>\n<\/div>\n<\/div>\n<div class=\"link-to-tickets\">\n<ul class=\"tab-links\">\n<li><a href=\"https:\/\/www.nws.edu\/events-tickets\/concerts\/2025-2026\/dvoraks-new-world-symphony\/#\/artists\/domingo-hindoyan\/\" target=\"_blank\" rel=\"noopener\">Domingo Hindoyan, conductor<\/a><\/li>\n<li><a href=\"https:\/\/www.nws.edu\/events-tickets\/concerts\/2025-2026\/dvoraks-new-world-symphony\/#\/artists\/johannes-moser\/\" target=\"_blank\" rel=\"noopener\">Johannes Moser, cello<\/a><\/li>\n<li><a href=\"https:\/\/www.nws.edu\/events-tickets\/concerts\/2025-2026\/dvoraks-new-world-symphony\/#\/artists\/ziwei-ma\/\" target=\"_blank\" rel=\"noopener\">Ziwei Ma, NWS Conducting Fellow<\/a><\/li>\n<\/ul>\n<\/div>\n<\/div>\n<\/section>\n                                                                            <\/div>\r\n            <\/div>\r\n\r\n            \r\n            <!-- Custom Data Fields -->\r\n            \r\n            <!-- FAQ -->\r\n            \r\n            <!-- Links Module -->\r\n            <div class=\"mec-event-social mec-frontbox\">\r\n     <h3 class=\"mec-social-single mec-frontbox-title\">Share this event<\/h3>\r\n     <div class=\"mec-event-sharing\">\r\n        <div class=\"mec-links-details\">\r\n            <ul>\r\n                <li class=\"mec-event-social-icon\"><a class=\"facebook\" href=\"https:\/\/www.facebook.com\/sharer\/sharer.php?u=https%3A%2F%2Fwww.nws.edu%2Fevents-tickets%2Fconcerts%2F2025-2026%2Fdvoraks-new-world-symphony%2F\" onclick=\"javascript:window.open(this.href, &#039;&#039;, &#039;menubar=no,toolbar=no,resizable=yes,scrollbars=yes,height=500,width=600&#039;); return false;\" target=\"_blank\" title=\"Share on Facebook\" aria-label=\"Share on Facebook\" rel=\"noopener\"><i class=\"mec-fa-facebook\"><\/i><span class=\"mec-social-title\"><\/span><\/a><\/li><li class=\"mec-event-social-icon\"><a class=\"twitter\" href=\"https:\/\/x.com\/intent\/tweet?url=https%3A%2F%2Fwww.nws.edu%2Fevents-tickets%2Fconcerts%2F2025-2026%2Fdvoraks-new-world-symphony%2F\" onclick=\"javascript:window.open(this.href, &#039;&#039;, &#039;menubar=no,toolbar=no,resizable=yes,scrollbars=yes,height=600,width=500&#039;); return false;\" target=\"_blank\" title=\"X Social Network\" aria-label=\"Share on X\"><svg xmlns=\"http:\/\/www.w3.org\/2000\/svg\" shape-rendering=\"geometricPrecision\" text-rendering=\"geometricPrecision\" image-rendering=\"optimizeQuality\" fill-rule=\"evenodd\" clip-rule=\"evenodd\" viewbox=\"0 0 512 462.799\"><path fill-rule=\"nonzero\" d=\"M403.229 0h78.506L310.219 196.04 512 462.799H354.002L230.261 301.007 88.669 462.799h-78.56l183.455-209.683L0 0h161.999l111.856 147.88L403.229 0zm-27.556 415.805h43.505L138.363 44.527h-46.68l283.99 371.278z\"\/><\/svg><span class=\"mec-social-title\"><\/span><\/a><\/li><li class=\"mec-event-social-icon\"><a class=\"linkedin\" href=\"https:\/\/www.linkedin.com\/shareArticle?mini=true&amp;url=https%3A%2F%2Fwww.nws.edu%2Fevents-tickets%2Fconcerts%2F2025-2026%2Fdvoraks-new-world-symphony%2F\" onclick=\"javascript:window.open(this.href, &#039;&#039;, &#039;menubar=no,toolbar=no,resizable=yes,scrollbars=yes,height=600,width=500&#039;); return false;\" target=\"_blank\" title=\"Linkedin\" aria-label=\"Share on Linkedin\" rel=\"noopener\"><i class=\"mec-fa-linkedin\"><\/i><span class=\"mec-social-title\"><\/span><\/a><\/li><li class=\"mec-event-social-icon\"><a class=\"email\" href=\"mailto:?subject=Hindoyan%20%3A%20Dvorak%E2%80%99s%20-%20New%20World%20Symphony&body=https%3A%2F%2Fwww.nws.edu%2Fevents-tickets%2Fconcerts%2F2025-2026%2Fdvoraks-new-world-symphony%2F\" title=\"Email\" aria-label=\"Share via Email\"><i class=\"mec-fa-envelope\"><\/i><span class=\"mec-social-title\"><\/span><\/a><\/li>            <\/ul>\r\n        <\/div>\r\n    <\/div>\r\n<\/div>\r\n            <!-- Google Maps Module -->\r\n            <div class=\"mec-events-meta-group mec-events-meta-group-gmap\">\r\n                            <\/div>\r\n\r\n            <!-- Export Module -->\r\n            <div class=\"mec-event-export-module mec-frontbox\">\r\n     <div class=\"mec-event-exporting\">\r\n        <div class=\"mec-export-details\">\r\n            <ul>\r\n                <li><a class=\"mec-events-gcal mec-events-button mec-color mec-bg-color-hover mec-border-color\" href=\"https:\/\/calendar.google.com\/calendar\/render?action=TEMPLATE&amp;text=Hindoyan+%3A+Dvorak%E2%80%99s+-+New+World+Symphony&amp;dates=20251116T183000Z\/20251116T203000Z&amp;details=%0D%0A%0D%0A%0D%0A%0D%0A%0D%0A+%09Orth+%3A+Chasing+Light%0D%0A+%09Glanert+%3A+Cello+Concerto+%28+https%3A%2F%2Fwww.nws.edu%2Fevents-tickets%2Fconcerts%2F2025-2026%2Fdvoraks-new-world-symphony%2F%23%2Fprogram%2Fcello_concerto+%29%0D%0A+%09Dvo%C5%99%C3%A1k+%3A+Symphony+No.+9%2C+%22From+the+New+World%22+%28+https%3A%2F%2Fwww.nws.edu%2Fevents-tickets%2Fconcerts%2F2025-2026%2Fdvoraks-new-world-symphony%2F%23%2Fprogram%2Fsymphony_no_9_from_the_new_world+%29%0D%0A%0D%0A%0D%0A%0D%0A%0D%0A%0D%0A+%09Domingo+Hindoyan%2C+conductor+%28+https%3A%2F%2Fwww.nws.edu%2Fevents-tickets%2Fconcerts%2F2025-2026%2Fdvoraks-new-world-symphony%2F%23%2Fartists%2Fdomingo-hindoyan%2F+%29%0D%0A+%09Johannes+Moser%2C+cello+%28+https%3A%2F%2Fwww.nws.edu%2Fevents-tickets%2Fconcerts%2F2025-2026%2Fdvoraks-new-world-symphony%2F%23%2Fartists%2Fjohannes-moser%2F+%29%0D%0A+%09Ziwei+Ma%2C+NWS+Conducting+Fellow+%28+https%3A%2F%2Fwww.nws.edu%2Fevents-tickets%2Fconcerts%2F2025-2026%2Fdvoraks-new-world-symphony%2F%23%2Fartists%2Fziwei-ma%2F+%29%0D%0A%0D%0A%0D%0A%0D%0A&amp;location=\" target=\"_blank\" rel=\"noopener\">+ Add to Google Calendar<\/a><\/li>                <li><a class=\"mec-events-gcal mec-events-button mec-color mec-bg-color-hover mec-border-color\" href=\"https:\/\/eloisefaresharpiste.com\/en\/?method=ical&#038;id=1042\">+ iCal \/ Outlook export<\/a><\/li>            <\/ul>\r\n        <\/div>\r\n    <\/div>\r\n<\/div>\r\n            <!-- Hourly Schedule -->\r\n            \r\n            \t\t\t<!-- Booking Module -->\r\n            \r\n            <!-- Tags -->\r\n            <div class=\"mec-events-meta-group mec-events-meta-group-tags\">\r\n                            <\/div>\r\n\r\n        <\/div>\r\n    <\/article>\r\n<\/div>\r\n<script>\r\n\/\/ Fix modal speaker in some themes\r\njQuery(\"#mec_skin_3184 .mec-speaker-avatar-dialog a\").on('click', function(e)\r\n{\r\n    e.preventDefault();\r\n\r\n    var id = jQuery(this).attr('href');\r\n    lity(id);\r\n\r\n    return false;\r\n});\r\n<\/script>\r\n                                <\/div>\r\n                            <\/div>\r\n                        <\/div><!-- toggle item end -->\r\n                    <\/div><!-- toggles wrap end -->\r\n                            <\/article>\r\n            \t\t\r\n            \r\n                        <article class=\"mec-past-event mec-event-article  mec-clear  mec-divider-toggle mec-toggle-202511-mec2\" itemscope>\r\n                                    <!-- toggles wrap start -->\r\n                    <div class=\"mec-events-toggle\">\r\n                        <!-- toggle item start -->\r\n                        <div class=\"mec-toggle-item\">\r\n                            <div class=\"mec-toggle-item-inner\" tabindex=\"0\">\r\n                                                                <div class=\"mec-toggle-item-col\">\r\n                                                                            <div class=\"mec-event-month\"><span class=\"mec-start-date-label\">15 November<\/span><\/div>\r\n                                                                                                        <\/div>\r\n                                <h3 class=\"mec-toggle-title\">\r\n                                    Hindoyan : Dvorak\u2019s &#8211; New World Symphony<\/h3>\r\n                                                                <i class=\"mec-sl-arrow-down\"><\/i>\r\n                            <\/div>\r\n                            <div class=\"mec-content-toggle\" aria-hidden=\"true\" style=\"display: none;\">\r\n                                <div class=\"mec-toggle-content\">\r\n                                    <div class=\"mec-wrap colorskin-custom clearfix  mec-modal-wrap\" id=\"mec_skin_7166\" data-unique-id=\"7166\">\r\n    <article class=\"mec-single-event mec-single-modern mec-single-modal\">\r\n        <div class=\"mec-events-event-image\">\r\n            <img loading=\"lazy\" decoding=\"async\" width=\"400\" height=\"400\" src=\"https:\/\/eloisefaresharpiste.com\/wp-content\/uploads\/2025\/08\/Logo-NWS-1.jpeg\" class=\"attachment-full size-full wp-post-image\" alt=\"\" data-mec-postid=\"1042\" \/>        <\/div>\r\n        \r\n        <div class=\"col-md-4\">\r\n\r\n            <div class=\"mec-event-meta mec-color-before mec-frontbox mec-util-hidden\">\r\n                \r\n                <!-- Sponsors Module -->\r\n                \r\n                <!-- Register Booking Button -->\r\n                            <\/div>\r\n\r\n            <!-- Weather Module -->\r\n            \r\n            <!-- QRCode Module -->\r\n            \r\n            <!-- Public Download Module -->\r\n            \r\n            <!-- Local Time Module -->\r\n            \r\n            <div class=\"mec-event-meta mec-color-before mec-frontbox\">\r\n\r\n                                                \r\n                                    <div class=\"mec-single-event-location\">\r\n                        <i class=\"mec-sl-location-pin\"><\/i>                        <h3 class=\"mec-events-single-section-title mec-location\">Location<\/h3>\r\n\r\n                        \r\n                        <dl>\r\n                        <dd class=\"author fn org\">500 17th St, Miami Beach, FL 33139, \u00c9tats-Unis<\/dd>\r\n\r\n                        <dd class=\"location\"><address class=\"mec-events-address\"><span class=\"mec-address\"><\/span><\/address><\/dd>\r\n\r\n                                                <\/dl>\r\n                    <\/div>\r\n                    \r\n                                    <div class=\"mec-single-event-category\">\r\n                        <i class=\"mec-sl-folder\"><\/i>                        <h3 class=\"mec-events-single-section-title mec-category\">Category<\/h3>\r\n                        <dl>\r\n                        <dd class=\"mec-events-event-categories\"><a href=\"https:\/\/eloisefaresharpiste.com\/en\/mec-category\/agenda\/\" class=\"mec-color-hover\" rel=\"tag\"><i class=\"mec-fa-angle-right\"><\/i>agenda<\/a><\/dd>                        <\/dl>\r\n                    <\/div>\r\n                    \r\n                \r\n            <\/div>\r\n\r\n            <!-- Speaker List Module -->\r\n            \r\n            <!-- Attendees List Module -->\r\n            \r\n            <!-- Next Previous Module -->\r\n                    <\/div>\r\n\r\n        <div class=\"col-md-8\">\r\n\r\n            <div class=\"mec-event-content\">\r\n                <div class=\"mec-single-event-description mec-events-content\">\r\n                    <section class=\"event\">\n<div class=\"event-desc\">\n<div class=\"event-program\">\n<div>\n<ul class=\"tab-links\">\n<li><a href=\"https:\/\/www.nws.edu\/events-tickets\/concerts\/2025-2026\/dvoraks-new-world-symphony\/#\/program\/chasing_light\" target=\"_blank\" rel=\"noopener\">Orth : <em>Chasing Light<\/em><\/a><\/li>\n<li><a href=\"https:\/\/www.nws.edu\/events-tickets\/concerts\/2025-2026\/dvoraks-new-world-symphony\/#\/program\/cello_concerto\" target=\"_blank\" rel=\"noopener\">Glanert : Cello Concerto<\/a><\/li>\n<li><a href=\"https:\/\/www.nws.edu\/events-tickets\/concerts\/2025-2026\/dvoraks-new-world-symphony\/#\/program\/symphony_no_9_from_the_new_world\" target=\"_blank\" rel=\"noopener\">Dvo\u0159\u00e1k : Symphony No. 9, \u00ab\u00a0From the New World\u00a0\u00bb<\/a><\/li>\n<\/ul>\n<\/div>\n<\/div>\n<div class=\"link-to-tickets\">\n<ul class=\"tab-links\">\n<li><a href=\"https:\/\/www.nws.edu\/events-tickets\/concerts\/2025-2026\/dvoraks-new-world-symphony\/#\/artists\/domingo-hindoyan\/\" target=\"_blank\" rel=\"noopener\">Domingo Hindoyan, conductor<\/a><\/li>\n<li><a href=\"https:\/\/www.nws.edu\/events-tickets\/concerts\/2025-2026\/dvoraks-new-world-symphony\/#\/artists\/johannes-moser\/\" target=\"_blank\" rel=\"noopener\">Johannes Moser, cello<\/a><\/li>\n<li><a href=\"https:\/\/www.nws.edu\/events-tickets\/concerts\/2025-2026\/dvoraks-new-world-symphony\/#\/artists\/ziwei-ma\/\" target=\"_blank\" rel=\"noopener\">Ziwei Ma, NWS Conducting Fellow<\/a><\/li>\n<\/ul>\n<\/div>\n<\/div>\n<\/section>\n                                                                            <\/div>\r\n            <\/div>\r\n\r\n            \r\n            <!-- Custom Data Fields -->\r\n            \r\n            <!-- FAQ -->\r\n            \r\n            <!-- Links Module -->\r\n            <div class=\"mec-event-social mec-frontbox\">\r\n     <h3 class=\"mec-social-single mec-frontbox-title\">Share this event<\/h3>\r\n     <div class=\"mec-event-sharing\">\r\n        <div class=\"mec-links-details\">\r\n            <ul>\r\n                <li class=\"mec-event-social-icon\"><a class=\"facebook\" href=\"https:\/\/www.facebook.com\/sharer\/sharer.php?u=https%3A%2F%2Fwww.nws.edu%2Fevents-tickets%2Fconcerts%2F2025-2026%2Fdvoraks-new-world-symphony%2F\" onclick=\"javascript:window.open(this.href, &#039;&#039;, &#039;menubar=no,toolbar=no,resizable=yes,scrollbars=yes,height=500,width=600&#039;); return false;\" target=\"_blank\" title=\"Share on Facebook\" aria-label=\"Share on Facebook\" rel=\"noopener\"><i class=\"mec-fa-facebook\"><\/i><span class=\"mec-social-title\"><\/span><\/a><\/li><li class=\"mec-event-social-icon\"><a class=\"twitter\" href=\"https:\/\/x.com\/intent\/tweet?url=https%3A%2F%2Fwww.nws.edu%2Fevents-tickets%2Fconcerts%2F2025-2026%2Fdvoraks-new-world-symphony%2F\" onclick=\"javascript:window.open(this.href, &#039;&#039;, &#039;menubar=no,toolbar=no,resizable=yes,scrollbars=yes,height=600,width=500&#039;); return false;\" target=\"_blank\" title=\"X Social Network\" aria-label=\"Share on X\"><svg xmlns=\"http:\/\/www.w3.org\/2000\/svg\" shape-rendering=\"geometricPrecision\" text-rendering=\"geometricPrecision\" image-rendering=\"optimizeQuality\" fill-rule=\"evenodd\" clip-rule=\"evenodd\" viewbox=\"0 0 512 462.799\"><path fill-rule=\"nonzero\" d=\"M403.229 0h78.506L310.219 196.04 512 462.799H354.002L230.261 301.007 88.669 462.799h-78.56l183.455-209.683L0 0h161.999l111.856 147.88L403.229 0zm-27.556 415.805h43.505L138.363 44.527h-46.68l283.99 371.278z\"\/><\/svg><span class=\"mec-social-title\"><\/span><\/a><\/li><li class=\"mec-event-social-icon\"><a class=\"linkedin\" href=\"https:\/\/www.linkedin.com\/shareArticle?mini=true&amp;url=https%3A%2F%2Fwww.nws.edu%2Fevents-tickets%2Fconcerts%2F2025-2026%2Fdvoraks-new-world-symphony%2F\" onclick=\"javascript:window.open(this.href, &#039;&#039;, &#039;menubar=no,toolbar=no,resizable=yes,scrollbars=yes,height=600,width=500&#039;); return false;\" target=\"_blank\" title=\"Linkedin\" aria-label=\"Share on Linkedin\" rel=\"noopener\"><i class=\"mec-fa-linkedin\"><\/i><span class=\"mec-social-title\"><\/span><\/a><\/li><li class=\"mec-event-social-icon\"><a class=\"email\" href=\"mailto:?subject=Hindoyan%20%3A%20Dvorak%E2%80%99s%20-%20New%20World%20Symphony&body=https%3A%2F%2Fwww.nws.edu%2Fevents-tickets%2Fconcerts%2F2025-2026%2Fdvoraks-new-world-symphony%2F\" title=\"Email\" aria-label=\"Share via Email\"><i class=\"mec-fa-envelope\"><\/i><span class=\"mec-social-title\"><\/span><\/a><\/li>            <\/ul>\r\n        <\/div>\r\n    <\/div>\r\n<\/div>\r\n            <!-- Google Maps Module -->\r\n            <div class=\"mec-events-meta-group mec-events-meta-group-gmap\">\r\n                            <\/div>\r\n\r\n            <!-- Export Module -->\r\n            <div class=\"mec-event-export-module mec-frontbox\">\r\n     <div class=\"mec-event-exporting\">\r\n        <div class=\"mec-export-details\">\r\n            <ul>\r\n                <li><a class=\"mec-events-gcal mec-events-button mec-color mec-bg-color-hover mec-border-color\" href=\"https:\/\/calendar.google.com\/calendar\/render?action=TEMPLATE&amp;text=Hindoyan+%3A+Dvorak%E2%80%99s+-+New+World+Symphony&amp;dates=20251116T183000Z\/20251116T203000Z&amp;details=%0D%0A%0D%0A%0D%0A%0D%0A%0D%0A+%09Orth+%3A+Chasing+Light%0D%0A+%09Glanert+%3A+Cello+Concerto+%28+https%3A%2F%2Fwww.nws.edu%2Fevents-tickets%2Fconcerts%2F2025-2026%2Fdvoraks-new-world-symphony%2F%23%2Fprogram%2Fcello_concerto+%29%0D%0A+%09Dvo%C5%99%C3%A1k+%3A+Symphony+No.+9%2C+%22From+the+New+World%22+%28+https%3A%2F%2Fwww.nws.edu%2Fevents-tickets%2Fconcerts%2F2025-2026%2Fdvoraks-new-world-symphony%2F%23%2Fprogram%2Fsymphony_no_9_from_the_new_world+%29%0D%0A%0D%0A%0D%0A%0D%0A%0D%0A%0D%0A+%09Domingo+Hindoyan%2C+conductor+%28+https%3A%2F%2Fwww.nws.edu%2Fevents-tickets%2Fconcerts%2F2025-2026%2Fdvoraks-new-world-symphony%2F%23%2Fartists%2Fdomingo-hindoyan%2F+%29%0D%0A+%09Johannes+Moser%2C+cello+%28+https%3A%2F%2Fwww.nws.edu%2Fevents-tickets%2Fconcerts%2F2025-2026%2Fdvoraks-new-world-symphony%2F%23%2Fartists%2Fjohannes-moser%2F+%29%0D%0A+%09Ziwei+Ma%2C+NWS+Conducting+Fellow+%28+https%3A%2F%2Fwww.nws.edu%2Fevents-tickets%2Fconcerts%2F2025-2026%2Fdvoraks-new-world-symphony%2F%23%2Fartists%2Fziwei-ma%2F+%29%0D%0A%0D%0A%0D%0A%0D%0A&amp;location=\" target=\"_blank\" rel=\"noopener\">+ Add to Google Calendar<\/a><\/li>                <li><a class=\"mec-events-gcal mec-events-button mec-color mec-bg-color-hover mec-border-color\" href=\"https:\/\/eloisefaresharpiste.com\/en\/?method=ical&#038;id=1042\">+ iCal \/ Outlook export<\/a><\/li>            <\/ul>\r\n        <\/div>\r\n    <\/div>\r\n<\/div>\r\n            <!-- Hourly Schedule -->\r\n            \r\n            \t\t\t<!-- Booking Module -->\r\n            \r\n            <!-- Tags -->\r\n            <div class=\"mec-events-meta-group mec-events-meta-group-tags\">\r\n                            <\/div>\r\n\r\n        <\/div>\r\n    <\/article>\r\n<\/div>\r\n<script>\r\n\/\/ Fix modal speaker in some themes\r\njQuery(\"#mec_skin_7166 .mec-speaker-avatar-dialog a\").on('click', function(e)\r\n{\r\n    e.preventDefault();\r\n\r\n    var id = jQuery(this).attr('href');\r\n    lity(id);\r\n\r\n    return false;\r\n});\r\n<\/script>\r\n                                <\/div>\r\n                            <\/div>\r\n                        <\/div><!-- toggle item end -->\r\n                    <\/div><!-- toggles wrap end -->\r\n                            <\/article>\r\n            \t\t\r\n            \r\n                        <article class=\"mec-past-event mec-event-article  mec-clear  mec-divider-toggle mec-toggle-202511-mec2\" itemscope>\r\n                                    <!-- toggles wrap start -->\r\n                    <div class=\"mec-events-toggle\">\r\n                        <!-- toggle item start -->\r\n                        <div class=\"mec-toggle-item\">\r\n                            <div class=\"mec-toggle-item-inner\" tabindex=\"0\">\r\n                                                                <div class=\"mec-toggle-item-col\">\r\n                                                                            <div class=\"mec-event-month\"><span class=\"mec-start-date-label\">09 November<\/span><\/div>\r\n                                                                                                        <\/div>\r\n                                <h3 class=\"mec-toggle-title\">\r\n                                    Chamber music : Koechlin, Two Nocturnes &#8211; flute, horn &#038; harp &#8211; New World Symphony<\/h3>\r\n                                                                <i class=\"mec-sl-arrow-down\"><\/i>\r\n                            <\/div>\r\n                            <div class=\"mec-content-toggle\" aria-hidden=\"true\" style=\"display: none;\">\r\n                                <div class=\"mec-toggle-content\">\r\n                                    <div class=\"mec-wrap colorskin-custom clearfix  mec-modal-wrap\" id=\"mec_skin_9416\" data-unique-id=\"9416\">\r\n    <article class=\"mec-single-event mec-single-modern mec-single-modal\">\r\n        <div class=\"mec-events-event-image\">\r\n            <img loading=\"lazy\" decoding=\"async\" width=\"400\" height=\"400\" src=\"https:\/\/eloisefaresharpiste.com\/wp-content\/uploads\/2025\/08\/Logo-NWS-1.jpeg\" class=\"attachment-full size-full wp-post-image\" alt=\"\" data-mec-postid=\"1038\" \/>        <\/div>\r\n        \r\n        <div class=\"col-md-4\">\r\n\r\n            <div class=\"mec-event-meta mec-color-before mec-frontbox mec-util-hidden\">\r\n                \r\n                <!-- Sponsors Module -->\r\n                \r\n                <!-- Register Booking Button -->\r\n                            <\/div>\r\n\r\n            <!-- Weather Module -->\r\n            \r\n            <!-- QRCode Module -->\r\n            \r\n            <!-- Public Download Module -->\r\n            \r\n            <!-- Local Time Module -->\r\n            \r\n            <div class=\"mec-event-meta mec-color-before mec-frontbox\">\r\n\r\n                                                \r\n                                    <div class=\"mec-single-event-location\">\r\n                        <i class=\"mec-sl-location-pin\"><\/i>                        <h3 class=\"mec-events-single-section-title mec-location\">Location<\/h3>\r\n\r\n                        \r\n                        <dl>\r\n                        <dd class=\"author fn org\">500 17th St, Miami Beach, FL 33139, \u00c9tats-Unis<\/dd>\r\n\r\n                        <dd class=\"location\"><address class=\"mec-events-address\"><span class=\"mec-address\"><\/span><\/address><\/dd>\r\n\r\n                                                <\/dl>\r\n                    <\/div>\r\n                    \r\n                                    <div class=\"mec-single-event-category\">\r\n                        <i class=\"mec-sl-folder\"><\/i>                        <h3 class=\"mec-events-single-section-title mec-category\">Category<\/h3>\r\n                        <dl>\r\n                        <dd class=\"mec-events-event-categories\"><a href=\"https:\/\/eloisefaresharpiste.com\/en\/mec-category\/agenda\/\" class=\"mec-color-hover\" rel=\"tag\"><i class=\"mec-fa-angle-right\"><\/i>agenda<\/a><\/dd>                        <\/dl>\r\n                    <\/div>\r\n                    \r\n                \r\n            <\/div>\r\n\r\n            <!-- Speaker List Module -->\r\n            \r\n            <!-- Attendees List Module -->\r\n            \r\n            <!-- Next Previous Module -->\r\n                    <\/div>\r\n\r\n        <div class=\"col-md-8\">\r\n\r\n            <div class=\"mec-event-content\">\r\n                <div class=\"mec-single-event-description mec-events-content\">\r\n                    <p><a href=\"https:\/\/www.nws.edu\/events-tickets\/concerts\/2025-2026\/chamber-music-salonen-and-dvorak\/#\/program\/soir_matin\" target=\"_blank\" rel=\"noopener\">Bonis : <em>Soir, Matin<\/em><\/a><\/p>\n<p><a href=\"https:\/\/www.nws.edu\/events-tickets\/concerts\/2025-2026\/chamber-music-salonen-and-dvorak\/#\/program\/two_nocturnes\" target=\"_blank\" rel=\"noopener\">Koechlin : Two Nocturnes<\/a><\/p>\n<section class=\"event\">\n<div class=\"event-desc\">\n<div class=\"event-program\">\n<p><a href=\"https:\/\/www.nws.edu\/events-tickets\/concerts\/2025-2026\/chamber-music-salonen-and-dvorak\/#\/program\/catch_and_release\" target=\"_blank\" rel=\"noopener\">Salonen : <em>Catch and Release<\/em><\/a><\/p>\n<p><a href=\"https:\/\/www.nws.edu\/events-tickets\/concerts\/2025-2026\/chamber-music-salonen-and-dvorak\/#\/program\/piano_quintet_no_1\" target=\"_blank\" rel=\"noopener\">Dvo\u0159\u00e1k : Piano Quintet No. 1<\/a><\/p>\n<\/div>\n<\/div>\n<\/section>\n                                                                            <\/div>\r\n            <\/div>\r\n\r\n            \r\n            <!-- Custom Data Fields -->\r\n            \r\n            <!-- FAQ -->\r\n            \r\n            <!-- Links Module -->\r\n            <div class=\"mec-event-social mec-frontbox\">\r\n     <h3 class=\"mec-social-single mec-frontbox-title\">Share this event<\/h3>\r\n     <div class=\"mec-event-sharing\">\r\n        <div class=\"mec-links-details\">\r\n            <ul>\r\n                <li class=\"mec-event-social-icon\"><a class=\"facebook\" href=\"https:\/\/www.facebook.com\/sharer\/sharer.php?u=https%3A%2F%2Fwww.nws.edu%2Fevents-tickets%2Fconcerts%2F2025-2026%2Fchamber-music-salonen-and-dvorak%2F\" onclick=\"javascript:window.open(this.href, &#039;&#039;, &#039;menubar=no,toolbar=no,resizable=yes,scrollbars=yes,height=500,width=600&#039;); return false;\" target=\"_blank\" title=\"Share on Facebook\" aria-label=\"Share on Facebook\" rel=\"noopener\"><i class=\"mec-fa-facebook\"><\/i><span class=\"mec-social-title\"><\/span><\/a><\/li><li class=\"mec-event-social-icon\"><a class=\"twitter\" href=\"https:\/\/x.com\/intent\/tweet?url=https%3A%2F%2Fwww.nws.edu%2Fevents-tickets%2Fconcerts%2F2025-2026%2Fchamber-music-salonen-and-dvorak%2F\" onclick=\"javascript:window.open(this.href, &#039;&#039;, &#039;menubar=no,toolbar=no,resizable=yes,scrollbars=yes,height=600,width=500&#039;); return false;\" target=\"_blank\" title=\"X Social Network\" aria-label=\"Share on X\"><svg xmlns=\"http:\/\/www.w3.org\/2000\/svg\" shape-rendering=\"geometricPrecision\" text-rendering=\"geometricPrecision\" image-rendering=\"optimizeQuality\" fill-rule=\"evenodd\" clip-rule=\"evenodd\" viewbox=\"0 0 512 462.799\"><path fill-rule=\"nonzero\" d=\"M403.229 0h78.506L310.219 196.04 512 462.799H354.002L230.261 301.007 88.669 462.799h-78.56l183.455-209.683L0 0h161.999l111.856 147.88L403.229 0zm-27.556 415.805h43.505L138.363 44.527h-46.68l283.99 371.278z\"\/><\/svg><span class=\"mec-social-title\"><\/span><\/a><\/li><li class=\"mec-event-social-icon\"><a class=\"linkedin\" href=\"https:\/\/www.linkedin.com\/shareArticle?mini=true&amp;url=https%3A%2F%2Fwww.nws.edu%2Fevents-tickets%2Fconcerts%2F2025-2026%2Fchamber-music-salonen-and-dvorak%2F\" onclick=\"javascript:window.open(this.href, &#039;&#039;, &#039;menubar=no,toolbar=no,resizable=yes,scrollbars=yes,height=600,width=500&#039;); return false;\" target=\"_blank\" title=\"Linkedin\" aria-label=\"Share on Linkedin\" rel=\"noopener\"><i class=\"mec-fa-linkedin\"><\/i><span class=\"mec-social-title\"><\/span><\/a><\/li><li class=\"mec-event-social-icon\"><a class=\"email\" href=\"mailto:?subject=Chamber%20music%20%3A%20Koechlin%2C%20Two%20Nocturnes%20-%20flute%2C%20horn%20%2526%20harp%20-%20New%20World%20Symphony&body=https%3A%2F%2Fwww.nws.edu%2Fevents-tickets%2Fconcerts%2F2025-2026%2Fchamber-music-salonen-and-dvorak%2F\" title=\"Email\" aria-label=\"Share via Email\"><i class=\"mec-fa-envelope\"><\/i><span class=\"mec-social-title\"><\/span><\/a><\/li>            <\/ul>\r\n        <\/div>\r\n    <\/div>\r\n<\/div>\r\n            <!-- Google Maps Module -->\r\n            <div class=\"mec-events-meta-group mec-events-meta-group-gmap\">\r\n                            <\/div>\r\n\r\n            <!-- Export Module -->\r\n            <div class=\"mec-event-export-module mec-frontbox\">\r\n     <div class=\"mec-event-exporting\">\r\n        <div class=\"mec-export-details\">\r\n            <ul>\r\n                <li><a class=\"mec-events-gcal mec-events-button mec-color mec-bg-color-hover mec-border-color\" href=\"https:\/\/calendar.google.com\/calendar\/render?action=TEMPLATE&amp;text=Chamber+music+%3A+Koechlin%2C+Two+Nocturnes+-+flute%2C+horn+%2526+harp+-+New+World+Symphony&amp;dates=20251109T130000Z\/20251109T153000Z&amp;details=Bonis+%3A+Soir%2C+Matin%0D%0A%0D%0AKoechlin+%3A+Two+Nocturnes+%28+https%3A%2F%2Fwww.nws.edu%2Fevents-tickets%2Fconcerts%2F2025-2026%2Fchamber-music-salonen-and-dvorak%2F%23%2Fprogram%2Ftwo_nocturnes+%29%0D%0A%0D%0A%0D%0A%0D%0A%0D%0A%0D%0ASalonen+%3A+Catch+and+Release%0D%0A%0D%0ADvo%C5%99%C3%A1k+%3A+Piano+Quintet+No.+1+%28+https%3A%2F%2Fwww.nws.edu%2Fevents-tickets%2Fconcerts%2F2025-2026%2Fchamber-music-salonen-and-dvorak%2F%23%2Fprogram%2Fpiano_quintet_no_1+%29%0D%0A%0D%0A%0D%0A%0D%0A&amp;location=\" target=\"_blank\" rel=\"noopener\">+ Add to Google Calendar<\/a><\/li>                <li><a class=\"mec-events-gcal mec-events-button mec-color mec-bg-color-hover mec-border-color\" href=\"https:\/\/eloisefaresharpiste.com\/en\/?method=ical&#038;id=1038\">+ iCal \/ Outlook export<\/a><\/li>            <\/ul>\r\n        <\/div>\r\n    <\/div>\r\n<\/div>\r\n            <!-- Hourly Schedule -->\r\n            \r\n            \t\t\t<!-- Booking Module -->\r\n            \r\n            <!-- Tags -->\r\n            <div class=\"mec-events-meta-group mec-events-meta-group-tags\">\r\n                            <\/div>\r\n\r\n        <\/div>\r\n    <\/article>\r\n<\/div>\r\n<script>\r\n\/\/ Fix modal speaker in some themes\r\njQuery(\"#mec_skin_9416 .mec-speaker-avatar-dialog a\").on('click', function(e)\r\n{\r\n    e.preventDefault();\r\n\r\n    var id = jQuery(this).attr('href');\r\n    lity(id);\r\n\r\n    return false;\r\n});\r\n<\/script>\r\n                                <\/div>\r\n                            <\/div>\r\n                        <\/div><!-- toggle item end -->\r\n                    <\/div><!-- toggles wrap end -->\r\n                            <\/article>\r\n            \t\t\r\n            \r\n                        <article class=\"mec-past-event mec-event-article  mec-clear  mec-divider-toggle mec-toggle-202511-mec2\" itemscope>\r\n                                    <!-- toggles wrap start -->\r\n                    <div class=\"mec-events-toggle\">\r\n                        <!-- toggle item start -->\r\n                        <div class=\"mec-toggle-item\">\r\n                            <div class=\"mec-toggle-item-inner\" tabindex=\"0\">\r\n                                                                <div class=\"mec-toggle-item-col\">\r\n                                                                            <div class=\"mec-event-month\"><span class=\"mec-start-date-label\">02 November<\/span><\/div>\r\n                                                                        <div class=\"mec-time-details\"><span class=\"mec-start-time\">11h30<\/span> - <span class=\"mec-end-time\">12h30<\/span><\/div>                                <\/div>\r\n                                <h3 class=\"mec-toggle-title\">\r\n                                    Concert for Kids: D\u00eda de Muertos &#8211; NWS<\/h3>\r\n                                                                <i class=\"mec-sl-arrow-down\"><\/i>\r\n                            <\/div>\r\n                            <div class=\"mec-content-toggle\" aria-hidden=\"true\" style=\"display: none;\">\r\n                                <div class=\"mec-toggle-content\">\r\n                                    <div class=\"mec-wrap colorskin-custom clearfix  mec-modal-wrap\" id=\"mec_skin_6373\" data-unique-id=\"6373\">\r\n    <article class=\"mec-single-event mec-single-modern mec-single-modal\">\r\n        <div class=\"mec-events-event-image\">\r\n            <img loading=\"lazy\" decoding=\"async\" width=\"420\" height=\"420\" src=\"https:\/\/eloisefaresharpiste.com\/wp-content\/uploads\/2025\/10\/IMG_4518.png\" class=\"attachment-full size-full wp-post-image\" alt=\"\" data-mec-postid=\"1160\" \/>        <\/div>\r\n        \r\n        <div class=\"col-md-4\">\r\n\r\n            <div class=\"mec-event-meta mec-color-before mec-frontbox mec-util-hidden\">\r\n                \r\n                <!-- Sponsors Module -->\r\n                \r\n                <!-- Register Booking Button -->\r\n                            <\/div>\r\n\r\n            <!-- Weather Module -->\r\n            \r\n            <!-- QRCode Module -->\r\n            \r\n            <!-- Public Download Module -->\r\n            \r\n            <!-- Local Time Module -->\r\n            \r\n            <div class=\"mec-event-meta mec-color-before mec-frontbox\">\r\n\r\n                                                \r\n                                    <div class=\"mec-single-event-location\">\r\n                        <i class=\"mec-sl-location-pin\"><\/i>                        <h3 class=\"mec-events-single-section-title mec-location\">Location<\/h3>\r\n\r\n                        \r\n                        <dl>\r\n                        <dd class=\"author fn org\">500 17th St, Miami Beach, FL 33139, \u00c9tats-Unis<\/dd>\r\n\r\n                        <dd class=\"location\"><address class=\"mec-events-address\"><span class=\"mec-address\"><\/span><\/address><\/dd>\r\n\r\n                                                <\/dl>\r\n                    <\/div>\r\n                    \r\n                                    <div class=\"mec-single-event-category\">\r\n                        <i class=\"mec-sl-folder\"><\/i>                        <h3 class=\"mec-events-single-section-title mec-category\">Category<\/h3>\r\n                        <dl>\r\n                        <dd class=\"mec-events-event-categories\"><a href=\"https:\/\/eloisefaresharpiste.com\/en\/mec-category\/agenda\/\" class=\"mec-color-hover\" rel=\"tag\"><i class=\"mec-fa-angle-right\"><\/i>agenda<\/a><\/dd>                        <\/dl>\r\n                    <\/div>\r\n                    \r\n                \r\n            <\/div>\r\n\r\n            <!-- Speaker List Module -->\r\n            \r\n            <!-- Attendees List Module -->\r\n            \r\n            <!-- Next Previous Module -->\r\n                    <\/div>\r\n\r\n        <div class=\"col-md-8\">\r\n\r\n            <div class=\"mec-event-content\">\r\n                <div class=\"mec-single-event-description mec-events-content\">\r\n                    <ul class=\"tab-links\">\n<li><a href=\"https:\/\/www.nws.edu\/events-tickets\/concerts\/2025-2026\/concert-for-kids-dia-de-muertos\/#\/program\/pelea_de_gallos\" target=\"_blank\" rel=\"noopener\">Garrido : \u00ab\u00a0Pelea de Gallos\u00a0\u00bb<\/a><\/li>\n<li><a href=\"https:\/\/www.nws.edu\/events-tickets\/concerts\/2025-2026\/concert-for-kids-dia-de-muertos\/#\/program\/funeral_march_for_a_marionette\" target=\"_blank\" rel=\"noopener\">Gounod : <em>Funeral March for a Marionette<\/em><\/a><\/li>\n<li><a href=\"https:\/\/www.nws.edu\/events-tickets\/concerts\/2025-2026\/concert-for-kids-dia-de-muertos\/#\/program\/waltz_no_2\" target=\"_blank\" rel=\"noopener\">Shostakovich : Waltz No. 2<\/a><\/li>\n<li><a href=\"https:\/\/www.nws.edu\/events-tickets\/concerts\/2025-2026\/concert-for-kids-dia-de-muertos\/#\/program\/the_mestizo_waltz\" target=\"_blank\" rel=\"noopener\">Frank : The Mestizo Waltz<\/a><\/li>\n<li><a href=\"https:\/\/www.nws.edu\/events-tickets\/concerts\/2025-2026\/concert-for-kids-dia-de-muertos\/#\/program\/nimbus_2000_from_harry_potter\" target=\"_blank\" rel=\"noopener\">Williams : Nimbus 2000 from\u00a0<em>Harry Potter<\/em><\/a><\/li>\n<li><a href=\"https:\/\/www.nws.edu\/events-tickets\/concerts\/2025-2026\/concert-for-kids-dia-de-muertos\/#\/program\/witch_s_ride_from_h_nsel_and_gretel\" target=\"_blank\" rel=\"noopener\">Humperdinck : Witch&rsquo;s Ride from <em>H\u00e4nsel and Gretel<\/em><\/a><\/li>\n<li><a href=\"https:\/\/www.nws.edu\/events-tickets\/concerts\/2025-2026\/concert-for-kids-dia-de-muertos\/#\/program\/the_haunted_carousel\" target=\"_blank\" rel=\"noopener\">Newbold : <em>The Haunted Carousel<\/em><\/a><\/li>\n<li><a href=\"https:\/\/www.nws.edu\/events-tickets\/concerts\/2025-2026\/concert-for-kids-dia-de-muertos\/#\/program\/excerpt_from_night_on_bald_mountain\" target=\"_blank\" rel=\"noopener\">Mussorgsky : Excerpt from\u00a0<em>Night on Bald Mountain<\/em><\/a><\/li>\n<li><a href=\"https:\/\/www.nws.edu\/events-tickets\/concerts\/2025-2026\/concert-for-kids-dia-de-muertos\/#\/program\/in_the_hall_of_the_mountain_king\" target=\"_blank\" rel=\"noopener\">Grieg : In the Hall of the Mountain King\u00a0<\/a><\/li>\n<li><a href=\"https:\/\/www.nws.edu\/events-tickets\/concerts\/2025-2026\/concert-for-kids-dia-de-muertos\/#\/program\/huapango\" target=\"_blank\" rel=\"noopener\">Moncayo : <em>Huapango<\/em><\/a><\/li>\n<li><a href=\"https:\/\/www.nws.edu\/events-tickets\/concerts\/2025-2026\/concert-for-kids-dia-de-muertos\/#\/program\/remember_me_from_coco\" target=\"_blank\" rel=\"noopener\">Lopez \/ Lopez : \u201cRemember Me\u201d from <em>Coco<\/em><\/a><\/li>\n<\/ul>\n<p>Conductor: Ziwei Ma<\/p>\n<p>Featuring<\/p>\n<ul class=\"tab-links\">\n<li><a href=\"https:\/\/www.nws.edu\/events-tickets\/concerts\/2025-2026\/concert-for-kids-dia-de-muertos\/#\/artists\/mariachi-sol-de-oro\/\" target=\"_blank\" rel=\"noopener\">Mariachi Sol de Oro<\/a><\/li>\n<\/ul>\n                                                                            <\/div>\r\n            <\/div>\r\n\r\n            \r\n            <!-- Custom Data Fields -->\r\n            \r\n            <!-- FAQ -->\r\n            \r\n            <!-- Links Module -->\r\n            <div class=\"mec-event-social mec-frontbox\">\r\n     <h3 class=\"mec-social-single mec-frontbox-title\">Share this event<\/h3>\r\n     <div class=\"mec-event-sharing\">\r\n        <div class=\"mec-links-details\">\r\n            <ul>\r\n                <li class=\"mec-event-social-icon\"><a class=\"facebook\" href=\"https:\/\/www.facebook.com\/sharer\/sharer.php?u=https%3A%2F%2Fwww.nws.edu%2Fevents-tickets%2Fconcerts%2F2025-2026%2Fconcert-for-kids-dia-de-muertos%2F\" onclick=\"javascript:window.open(this.href, &#039;&#039;, &#039;menubar=no,toolbar=no,resizable=yes,scrollbars=yes,height=500,width=600&#039;); return false;\" target=\"_blank\" title=\"Share on Facebook\" aria-label=\"Share on Facebook\" rel=\"noopener\"><i class=\"mec-fa-facebook\"><\/i><span class=\"mec-social-title\"><\/span><\/a><\/li><li class=\"mec-event-social-icon\"><a class=\"twitter\" href=\"https:\/\/x.com\/intent\/tweet?url=https%3A%2F%2Fwww.nws.edu%2Fevents-tickets%2Fconcerts%2F2025-2026%2Fconcert-for-kids-dia-de-muertos%2F\" onclick=\"javascript:window.open(this.href, &#039;&#039;, &#039;menubar=no,toolbar=no,resizable=yes,scrollbars=yes,height=600,width=500&#039;); return false;\" target=\"_blank\" title=\"X Social Network\" aria-label=\"Share on X\"><svg xmlns=\"http:\/\/www.w3.org\/2000\/svg\" shape-rendering=\"geometricPrecision\" text-rendering=\"geometricPrecision\" image-rendering=\"optimizeQuality\" fill-rule=\"evenodd\" clip-rule=\"evenodd\" viewbox=\"0 0 512 462.799\"><path fill-rule=\"nonzero\" d=\"M403.229 0h78.506L310.219 196.04 512 462.799H354.002L230.261 301.007 88.669 462.799h-78.56l183.455-209.683L0 0h161.999l111.856 147.88L403.229 0zm-27.556 415.805h43.505L138.363 44.527h-46.68l283.99 371.278z\"\/><\/svg><span class=\"mec-social-title\"><\/span><\/a><\/li><li class=\"mec-event-social-icon\"><a class=\"linkedin\" href=\"https:\/\/www.linkedin.com\/shareArticle?mini=true&amp;url=https%3A%2F%2Fwww.nws.edu%2Fevents-tickets%2Fconcerts%2F2025-2026%2Fconcert-for-kids-dia-de-muertos%2F\" onclick=\"javascript:window.open(this.href, &#039;&#039;, &#039;menubar=no,toolbar=no,resizable=yes,scrollbars=yes,height=600,width=500&#039;); return false;\" target=\"_blank\" title=\"Linkedin\" aria-label=\"Share on Linkedin\" rel=\"noopener\"><i class=\"mec-fa-linkedin\"><\/i><span class=\"mec-social-title\"><\/span><\/a><\/li><li class=\"mec-event-social-icon\"><a class=\"email\" href=\"mailto:?subject=Concert%20for%20Kids%3A%20D%C3%ADa%20de%20Muertos%20-%20NWS&body=https%3A%2F%2Fwww.nws.edu%2Fevents-tickets%2Fconcerts%2F2025-2026%2Fconcert-for-kids-dia-de-muertos%2F\" title=\"Email\" aria-label=\"Share via Email\"><i class=\"mec-fa-envelope\"><\/i><span class=\"mec-social-title\"><\/span><\/a><\/li>            <\/ul>\r\n        <\/div>\r\n    <\/div>\r\n<\/div>\r\n            <!-- Google Maps Module -->\r\n            <div class=\"mec-events-meta-group mec-events-meta-group-gmap\">\r\n                            <\/div>\r\n\r\n            <!-- Export Module -->\r\n            <div class=\"mec-event-export-module mec-frontbox\">\r\n     <div class=\"mec-event-exporting\">\r\n        <div class=\"mec-export-details\">\r\n            <ul>\r\n                <li><a class=\"mec-events-gcal mec-events-button mec-color mec-bg-color-hover mec-border-color\" href=\"https:\/\/calendar.google.com\/calendar\/render?action=TEMPLATE&amp;text=Concert+for+Kids%3A+D%C3%ADa+de+Muertos+-+NWS&amp;dates=20251102T103000Z\/20251102T113000Z&amp;details=%0D%0A+%09Garrido+%3A+%22Pelea+de+Gallos%22+%28+https%3A%2F%2Fwww.nws.edu%2Fevents-tickets%2Fconcerts%2F2025-2026%2Fconcert-for-kids-dia-de-muertos%2F%23%2Fprogram%2Fpelea_de_gallos+%29%0D%0A+%09Gounod+%3A+Funeral+March+for+a+Marionette%0D%0A+%09Shostakovich+%3A+Waltz+No.+2+%28+https%3A%2F%2Fwww.nws.edu%2Fevents-tickets%2Fconcerts%2F2025-2026%2Fconcert-for-kids-dia-de-muertos%2F%23%2Fprogram%2Fwaltz_no_2+%29%0D%0A+%09Frank+%3A+The+Mestizo+Waltz+%28+https%3A%2F%2Fwww.nws.edu%2Fevents-tickets%2Fconcerts%2F2025-2026%2Fconcert-for-kids-dia-de-muertos%2F%23%2Fprogram%2Fthe_mestizo_waltz+%29%0D%0A+%09Williams+%3A+Nimbus+2000+from%C2%A0Harry+Potter%0D%0A+%09Humperdinck+%3A+Witch%27s+Ride+from+H%C3%A4nsel+and+Gretel%0D%0A+%09Newbold+%3A+The+Haunted+Carousel%0D%0A+%09Mussorgsky+%3A+Excerpt+from%C2%A0Night+on+Bald+Mountain%0D%0A+%09Grieg+%3A+In+the+Hall+of+the+Mountain+King%C2%A0+%28+https%3A%2F%2Fwww.nws.edu%2Fevents-tickets%2Fconcerts%2F2025-2026%2Fconcert-for-kids-dia-de-muertos%2F%23%2Fprogram%2Fin_the_hall_of_the_mountain_king+%29%0D%0A+%09Moncayo+%3A+Huapango%0D%0A+%09Lopez+%2F+Lopez+%3A+%E2%80%9CRemember+Me%E2%80%9D+from+Coco%0D%0A%0D%0AConductor%3A+Ziwei+Ma%0D%0A%0D%0AFeaturing%0D%0A%0D%0A+%09Mariachi+Sol+de+Oro+%28+https%3A%2F%2Fwww.nws.edu%2Fevents-tickets%2Fconcerts%2F2025-2026%2Fconcert-for-kids-dia-de-muertos%2F%23%2Fartists%2Fmariachi-sol-de-oro%2F+%29%0D%0A&amp;location=\" target=\"_blank\" rel=\"noopener\">+ Add to Google Calendar<\/a><\/li>                <li><a class=\"mec-events-gcal mec-events-button mec-color mec-bg-color-hover mec-border-color\" href=\"https:\/\/eloisefaresharpiste.com\/en\/?method=ical&#038;id=1160\">+ iCal \/ Outlook export<\/a><\/li>            <\/ul>\r\n        <\/div>\r\n    <\/div>\r\n<\/div>\r\n            <!-- Hourly Schedule -->\r\n            \r\n            \t\t\t<!-- Booking Module -->\r\n            \r\n            <!-- Tags -->\r\n            <div class=\"mec-events-meta-group mec-events-meta-group-tags\">\r\n                            <\/div>\r\n\r\n        <\/div>\r\n    <\/article>\r\n<\/div>\r\n<script>\r\n\/\/ Fix modal speaker in some themes\r\njQuery(\"#mec_skin_6373 .mec-speaker-avatar-dialog a\").on('click', function(e)\r\n{\r\n    e.preventDefault();\r\n\r\n    var id = jQuery(this).attr('href');\r\n    lity(id);\r\n\r\n    return false;\r\n});\r\n<\/script>\r\n                                <\/div>\r\n                            <\/div>\r\n                        <\/div><!-- toggle item end -->\r\n                    <\/div><!-- toggles wrap end -->\r\n                            <\/article>\r\n            \t\t\r\n                        <div class=\"mec-month-divider\" data-toggle-divider=\"mec-toggle-202510-mec2\"><h5 style=\"display: inline;\">October 2025<\/h5><i class=\"mec-sl-arrow-down\"><\/i><\/div>\r\n            \r\n                        <article class=\"mec-past-event mec-event-article  mec-clear  mec-divider-toggle mec-toggle-202510-mec2\" itemscope>\r\n                                    <!-- toggles wrap start -->\r\n                    <div class=\"mec-events-toggle\">\r\n                        <!-- toggle item start -->\r\n                        <div class=\"mec-toggle-item\">\r\n                            <div class=\"mec-toggle-item-inner\" tabindex=\"0\">\r\n                                                                <div class=\"mec-toggle-item-col\">\r\n                                                                            <div class=\"mec-event-month\"><span class=\"mec-start-date-label\">26 October<\/span><\/div>\r\n                                                                                                        <\/div>\r\n                                <h3 class=\"mec-toggle-title\">\r\n                                    Den\u00e8ve: Price and Tchaikovsky &#8211; New World Symphony<\/h3>\r\n                                                                <i class=\"mec-sl-arrow-down\"><\/i>\r\n                            <\/div>\r\n                            <div class=\"mec-content-toggle\" aria-hidden=\"true\" style=\"display: none;\">\r\n                                <div class=\"mec-toggle-content\">\r\n                                    <div class=\"mec-wrap colorskin-custom clearfix  mec-modal-wrap\" id=\"mec_skin_2058\" data-unique-id=\"2058\">\r\n    <article class=\"mec-single-event mec-single-modern mec-single-modal\">\r\n        <div class=\"mec-events-event-image\">\r\n            <img loading=\"lazy\" decoding=\"async\" width=\"400\" height=\"400\" src=\"https:\/\/eloisefaresharpiste.com\/wp-content\/uploads\/2025\/08\/Logo-NWS-1.jpeg\" class=\"attachment-full size-full wp-post-image\" alt=\"\" data-mec-postid=\"1040\" \/>        <\/div>\r\n        \r\n        <div class=\"col-md-4\">\r\n\r\n            <div class=\"mec-event-meta mec-color-before mec-frontbox mec-util-hidden\">\r\n                \r\n                <!-- Sponsors Module -->\r\n                \r\n                <!-- Register Booking Button -->\r\n                            <\/div>\r\n\r\n            <!-- Weather Module -->\r\n            \r\n            <!-- QRCode Module -->\r\n            \r\n            <!-- Public Download Module -->\r\n            \r\n            <!-- Local Time Module -->\r\n            \r\n            <div class=\"mec-event-meta mec-color-before mec-frontbox\">\r\n\r\n                                                \r\n                                    <div class=\"mec-single-event-location\">\r\n                        <i class=\"mec-sl-location-pin\"><\/i>                        <h3 class=\"mec-events-single-section-title mec-location\">Location<\/h3>\r\n\r\n                        \r\n                        <dl>\r\n                        <dd class=\"author fn org\">500 17th St, Miami Beach, FL 33139, \u00c9tats-Unis<\/dd>\r\n\r\n                        <dd class=\"location\"><address class=\"mec-events-address\"><span class=\"mec-address\"><\/span><\/address><\/dd>\r\n\r\n                                                <\/dl>\r\n                    <\/div>\r\n                    \r\n                                    <div class=\"mec-single-event-category\">\r\n                        <i class=\"mec-sl-folder\"><\/i>                        <h3 class=\"mec-events-single-section-title mec-category\">Category<\/h3>\r\n                        <dl>\r\n                        <dd class=\"mec-events-event-categories\"><a href=\"https:\/\/eloisefaresharpiste.com\/en\/mec-category\/agenda\/\" class=\"mec-color-hover\" rel=\"tag\"><i class=\"mec-fa-angle-right\"><\/i>agenda<\/a><\/dd>                        <\/dl>\r\n                    <\/div>\r\n                    \r\n                \r\n            <\/div>\r\n\r\n            <!-- Speaker List Module -->\r\n            \r\n            <!-- Attendees List Module -->\r\n            \r\n            <!-- Next Previous Module -->\r\n                    <\/div>\r\n\r\n        <div class=\"col-md-8\">\r\n\r\n            <div class=\"mec-event-content\">\r\n                <div class=\"mec-single-event-description mec-events-content\">\r\n                    <section class=\"event\">\n<div class=\"event-desc\">\n<div class=\"event-program\">\n<div>\n<ul class=\"tab-links\">\n<li><a href=\"https:\/\/www.nws.edu\/events-tickets\/concerts\/2025-2026\/deneve-price-and-tchaikovsky\/#\/program\/maslenitsa\" target=\"_blank\" rel=\"noopener\">Connesson : <em>Maslenitsa<\/em><\/a><\/li>\n<li><a href=\"https:\/\/www.nws.edu\/events-tickets\/concerts\/2025-2026\/deneve-price-and-tchaikovsky\/#\/program\/violin_concerto\" target=\"_blank\" rel=\"noopener\">Tchaikovsky : Violin Concerto<\/a><\/li>\n<li><a href=\"https:\/\/www.nws.edu\/events-tickets\/concerts\/2025-2026\/deneve-price-and-tchaikovsky\/#\/program\/symphony_no_3\" target=\"_blank\" rel=\"noopener\">Price : Symphony No. 3<\/a><\/li>\n<\/ul>\n<ul class=\"tab-links\">\n<li><a href=\"https:\/\/www.nws.edu\/events-tickets\/concerts\/2025-2026\/deneve-price-and-tchaikovsky\/#\/program\/maslenitsa\" target=\"_blank\" rel=\"noopener\">Connesson : <em>Maslenitsa<\/em><\/a><\/li>\n<li><a href=\"https:\/\/www.nws.edu\/events-tickets\/concerts\/2025-2026\/deneve-price-and-tchaikovsky\/#\/program\/violin_concerto\" target=\"_blank\" rel=\"noopener\">Tchaikovsky : Violin Concerto<\/a><\/li>\n<li><a href=\"https:\/\/www.nws.edu\/events-tickets\/concerts\/2025-2026\/deneve-price-and-tchaikovsky\/#\/program\/symphony_no_3\" target=\"_blank\" rel=\"noopener\">Price : Symphony No. 3<\/a><\/li>\n<\/ul>\n<p>&nbsp;<\/p>\n<p>&nbsp;<\/p>\n<\/div>\n<\/div>\n<\/div>\n<\/section>\n                                                                            <\/div>\r\n            <\/div>\r\n\r\n            \r\n            <!-- Custom Data Fields -->\r\n            \r\n            <!-- FAQ -->\r\n            \r\n            <!-- Links Module -->\r\n            <div class=\"mec-event-social mec-frontbox\">\r\n     <h3 class=\"mec-social-single mec-frontbox-title\">Share this event<\/h3>\r\n     <div class=\"mec-event-sharing\">\r\n        <div class=\"mec-links-details\">\r\n            <ul>\r\n                <li class=\"mec-event-social-icon\"><a class=\"facebook\" href=\"https:\/\/www.facebook.com\/sharer\/sharer.php?u=https%3A%2F%2Fwww.nws.edu%2Fevents-tickets%2Fconcerts%2F2025-2026%2Fdeneve-price-and-tchaikovsky%2F\" onclick=\"javascript:window.open(this.href, &#039;&#039;, &#039;menubar=no,toolbar=no,resizable=yes,scrollbars=yes,height=500,width=600&#039;); return false;\" target=\"_blank\" title=\"Share on Facebook\" aria-label=\"Share on Facebook\" rel=\"noopener\"><i class=\"mec-fa-facebook\"><\/i><span class=\"mec-social-title\"><\/span><\/a><\/li><li class=\"mec-event-social-icon\"><a class=\"twitter\" href=\"https:\/\/x.com\/intent\/tweet?url=https%3A%2F%2Fwww.nws.edu%2Fevents-tickets%2Fconcerts%2F2025-2026%2Fdeneve-price-and-tchaikovsky%2F\" onclick=\"javascript:window.open(this.href, &#039;&#039;, &#039;menubar=no,toolbar=no,resizable=yes,scrollbars=yes,height=600,width=500&#039;); return false;\" target=\"_blank\" title=\"X Social Network\" aria-label=\"Share on X\"><svg xmlns=\"http:\/\/www.w3.org\/2000\/svg\" shape-rendering=\"geometricPrecision\" text-rendering=\"geometricPrecision\" image-rendering=\"optimizeQuality\" fill-rule=\"evenodd\" clip-rule=\"evenodd\" viewbox=\"0 0 512 462.799\"><path fill-rule=\"nonzero\" d=\"M403.229 0h78.506L310.219 196.04 512 462.799H354.002L230.261 301.007 88.669 462.799h-78.56l183.455-209.683L0 0h161.999l111.856 147.88L403.229 0zm-27.556 415.805h43.505L138.363 44.527h-46.68l283.99 371.278z\"\/><\/svg><span class=\"mec-social-title\"><\/span><\/a><\/li><li class=\"mec-event-social-icon\"><a class=\"linkedin\" href=\"https:\/\/www.linkedin.com\/shareArticle?mini=true&amp;url=https%3A%2F%2Fwww.nws.edu%2Fevents-tickets%2Fconcerts%2F2025-2026%2Fdeneve-price-and-tchaikovsky%2F\" onclick=\"javascript:window.open(this.href, &#039;&#039;, &#039;menubar=no,toolbar=no,resizable=yes,scrollbars=yes,height=600,width=500&#039;); return false;\" target=\"_blank\" title=\"Linkedin\" aria-label=\"Share on Linkedin\" rel=\"noopener\"><i class=\"mec-fa-linkedin\"><\/i><span class=\"mec-social-title\"><\/span><\/a><\/li><li class=\"mec-event-social-icon\"><a class=\"email\" href=\"mailto:?subject=Den%C3%A8ve%3A%20Price%20and%20Tchaikovsky%20-%20New%20World%20Symphony&body=https%3A%2F%2Fwww.nws.edu%2Fevents-tickets%2Fconcerts%2F2025-2026%2Fdeneve-price-and-tchaikovsky%2F\" title=\"Email\" aria-label=\"Share via Email\"><i class=\"mec-fa-envelope\"><\/i><span class=\"mec-social-title\"><\/span><\/a><\/li>            <\/ul>\r\n        <\/div>\r\n    <\/div>\r\n<\/div>\r\n            <!-- Google Maps Module -->\r\n            <div class=\"mec-events-meta-group mec-events-meta-group-gmap\">\r\n                            <\/div>\r\n\r\n            <!-- Export Module -->\r\n            <div class=\"mec-event-export-module mec-frontbox\">\r\n     <div class=\"mec-event-exporting\">\r\n        <div class=\"mec-export-details\">\r\n            <ul>\r\n                <li><a class=\"mec-events-gcal mec-events-button mec-color mec-bg-color-hover mec-border-color\" href=\"https:\/\/calendar.google.com\/calendar\/render?action=TEMPLATE&amp;text=Den%C3%A8ve%3A+Price+and+Tchaikovsky+-+New+World+Symphony&amp;dates=20251026T183000Z\/20251026T203000Z&amp;details=%0D%0A%0D%0A%0D%0A%0D%0A%0D%0A+%09Connesson+%3A+Maslenitsa%0D%0A+%09Tchaikovsky+%3A+Violin+Concerto+%28+https%3A%2F%2Fwww.nws.edu%2Fevents-tickets%2Fconcerts%2F2025-2026%2Fdeneve-price-and-tchaikovsky%2F%23%2Fprogram%2Fviolin_concerto+%29%0D%0A+%09Price+%3A+Symphony+No.+3+%28+https%3A%2F%2Fwww.nws.edu%2Fevents-tickets%2Fconcerts%2F2025-2026%2Fdeneve-price-and-tchaikovsky%2F%23%2Fprogram%2Fsymphony_no_3+%29%0D%0A%0D%0A%0D%0A+%09Connesson+%3A+Maslenitsa%0D%0A+%09Tchaikovsky+%3A+Violin+Concerto+%28+https%3A%2F%2Fwww.nws.edu%2Fevents-tickets%2Fconcerts%2F2025-2026%2Fdeneve-price-and-tchaikovsky%2F%23%2Fprogram%2Fviolin_concerto+%29%0D%0A+%09Price+%3A+Symphony+No.+3+%28+https%3A%2F%2Fwww.nws.edu%2Fevents-tickets%2Fconcerts%2F2025-2026%2Fdeneve-price-and-tchaikovsky%2F%23%2Fprogram%2Fsymphony_no_3+%29%0D%0A%0D%0A%26nbsp%3B%0D%0A%0D%0A%26nbsp%3B%0D%0A%0D%0A%0D%0A%0D%0A%0D%0A&amp;location=\" target=\"_blank\" rel=\"noopener\">+ Add to Google Calendar<\/a><\/li>                <li><a class=\"mec-events-gcal mec-events-button mec-color mec-bg-color-hover mec-border-color\" href=\"https:\/\/eloisefaresharpiste.com\/en\/?method=ical&#038;id=1040\">+ iCal \/ Outlook export<\/a><\/li>            <\/ul>\r\n        <\/div>\r\n    <\/div>\r\n<\/div>\r\n            <!-- Hourly Schedule -->\r\n            \r\n            \t\t\t<!-- Booking Module -->\r\n            \r\n            <!-- Tags -->\r\n            <div class=\"mec-events-meta-group mec-events-meta-group-tags\">\r\n                            <\/div>\r\n\r\n        <\/div>\r\n    <\/article>\r\n<\/div>\r\n<script>\r\n\/\/ Fix modal speaker in some themes\r\njQuery(\"#mec_skin_2058 .mec-speaker-avatar-dialog a\").on('click', function(e)\r\n{\r\n    e.preventDefault();\r\n\r\n    var id = jQuery(this).attr('href');\r\n    lity(id);\r\n\r\n    return false;\r\n});\r\n<\/script>\r\n                                <\/div>\r\n                            <\/div>\r\n                        <\/div><!-- toggle item end -->\r\n                    <\/div><!-- toggles wrap end -->\r\n                            <\/article>\r\n            \t\t\r\n            \r\n                        <article class=\"mec-past-event mec-event-article  mec-clear  mec-divider-toggle mec-toggle-202510-mec2\" itemscope>\r\n                                    <!-- toggles wrap start -->\r\n                    <div class=\"mec-events-toggle\">\r\n                        <!-- toggle item start -->\r\n                        <div class=\"mec-toggle-item\">\r\n                            <div class=\"mec-toggle-item-inner\" tabindex=\"0\">\r\n                                                                <div class=\"mec-toggle-item-col\">\r\n                                                                            <div class=\"mec-event-month\"><span class=\"mec-start-date-label\">25 October<\/span><\/div>\r\n                                                                                                        <\/div>\r\n                                <h3 class=\"mec-toggle-title\">\r\n                                    Den\u00e8ve: Price and Tchaikovsky &#8211; New World Symphony<\/h3>\r\n                                                                <i class=\"mec-sl-arrow-down\"><\/i>\r\n                            <\/div>\r\n                            <div class=\"mec-content-toggle\" aria-hidden=\"true\" style=\"display: none;\">\r\n                                <div class=\"mec-toggle-content\">\r\n                                    <div class=\"mec-wrap colorskin-custom clearfix  mec-modal-wrap\" id=\"mec_skin_6605\" data-unique-id=\"6605\">\r\n    <article class=\"mec-single-event mec-single-modern mec-single-modal\">\r\n        <div class=\"mec-events-event-image\">\r\n            <img loading=\"lazy\" decoding=\"async\" width=\"400\" height=\"400\" src=\"https:\/\/eloisefaresharpiste.com\/wp-content\/uploads\/2025\/08\/Logo-NWS-1.jpeg\" class=\"attachment-full size-full wp-post-image\" alt=\"\" data-mec-postid=\"1040\" \/>        <\/div>\r\n        \r\n        <div class=\"col-md-4\">\r\n\r\n            <div class=\"mec-event-meta mec-color-before mec-frontbox mec-util-hidden\">\r\n                \r\n                <!-- Sponsors Module -->\r\n                \r\n                <!-- Register Booking Button -->\r\n                            <\/div>\r\n\r\n            <!-- Weather Module -->\r\n            \r\n            <!-- QRCode Module -->\r\n            \r\n            <!-- Public Download Module -->\r\n            \r\n            <!-- Local Time Module -->\r\n            \r\n            <div class=\"mec-event-meta mec-color-before mec-frontbox\">\r\n\r\n                                                \r\n                                    <div class=\"mec-single-event-location\">\r\n                        <i class=\"mec-sl-location-pin\"><\/i>                        <h3 class=\"mec-events-single-section-title mec-location\">Location<\/h3>\r\n\r\n                        \r\n                        <dl>\r\n                        <dd class=\"author fn org\">500 17th St, Miami Beach, FL 33139, \u00c9tats-Unis<\/dd>\r\n\r\n                        <dd class=\"location\"><address class=\"mec-events-address\"><span class=\"mec-address\"><\/span><\/address><\/dd>\r\n\r\n                                                <\/dl>\r\n                    <\/div>\r\n                    \r\n                                    <div class=\"mec-single-event-category\">\r\n                        <i class=\"mec-sl-folder\"><\/i>                        <h3 class=\"mec-events-single-section-title mec-category\">Category<\/h3>\r\n                        <dl>\r\n                        <dd class=\"mec-events-event-categories\"><a href=\"https:\/\/eloisefaresharpiste.com\/en\/mec-category\/agenda\/\" class=\"mec-color-hover\" rel=\"tag\"><i class=\"mec-fa-angle-right\"><\/i>agenda<\/a><\/dd>                        <\/dl>\r\n                    <\/div>\r\n                    \r\n                \r\n            <\/div>\r\n\r\n            <!-- Speaker List Module -->\r\n            \r\n            <!-- Attendees List Module -->\r\n            \r\n            <!-- Next Previous Module -->\r\n                    <\/div>\r\n\r\n        <div class=\"col-md-8\">\r\n\r\n            <div class=\"mec-event-content\">\r\n                <div class=\"mec-single-event-description mec-events-content\">\r\n                    <section class=\"event\">\n<div class=\"event-desc\">\n<div class=\"event-program\">\n<div>\n<ul class=\"tab-links\">\n<li><a href=\"https:\/\/www.nws.edu\/events-tickets\/concerts\/2025-2026\/deneve-price-and-tchaikovsky\/#\/program\/maslenitsa\" target=\"_blank\" rel=\"noopener\">Connesson : <em>Maslenitsa<\/em><\/a><\/li>\n<li><a href=\"https:\/\/www.nws.edu\/events-tickets\/concerts\/2025-2026\/deneve-price-and-tchaikovsky\/#\/program\/violin_concerto\" target=\"_blank\" rel=\"noopener\">Tchaikovsky : Violin Concerto<\/a><\/li>\n<li><a href=\"https:\/\/www.nws.edu\/events-tickets\/concerts\/2025-2026\/deneve-price-and-tchaikovsky\/#\/program\/symphony_no_3\" target=\"_blank\" rel=\"noopener\">Price : Symphony No. 3<\/a><\/li>\n<\/ul>\n<ul class=\"tab-links\">\n<li><a href=\"https:\/\/www.nws.edu\/events-tickets\/concerts\/2025-2026\/deneve-price-and-tchaikovsky\/#\/program\/maslenitsa\" target=\"_blank\" rel=\"noopener\">Connesson : <em>Maslenitsa<\/em><\/a><\/li>\n<li><a href=\"https:\/\/www.nws.edu\/events-tickets\/concerts\/2025-2026\/deneve-price-and-tchaikovsky\/#\/program\/violin_concerto\" target=\"_blank\" rel=\"noopener\">Tchaikovsky : Violin Concerto<\/a><\/li>\n<li><a href=\"https:\/\/www.nws.edu\/events-tickets\/concerts\/2025-2026\/deneve-price-and-tchaikovsky\/#\/program\/symphony_no_3\" target=\"_blank\" rel=\"noopener\">Price : Symphony No. 3<\/a><\/li>\n<\/ul>\n<p>&nbsp;<\/p>\n<p>&nbsp;<\/p>\n<\/div>\n<\/div>\n<\/div>\n<\/section>\n                                                                            <\/div>\r\n            <\/div>\r\n\r\n            \r\n            <!-- Custom Data Fields -->\r\n            \r\n            <!-- FAQ -->\r\n            \r\n            <!-- Links Module -->\r\n            <div class=\"mec-event-social mec-frontbox\">\r\n     <h3 class=\"mec-social-single mec-frontbox-title\">Share this event<\/h3>\r\n     <div class=\"mec-event-sharing\">\r\n        <div class=\"mec-links-details\">\r\n            <ul>\r\n                <li class=\"mec-event-social-icon\"><a class=\"facebook\" href=\"https:\/\/www.facebook.com\/sharer\/sharer.php?u=https%3A%2F%2Fwww.nws.edu%2Fevents-tickets%2Fconcerts%2F2025-2026%2Fdeneve-price-and-tchaikovsky%2F\" onclick=\"javascript:window.open(this.href, &#039;&#039;, &#039;menubar=no,toolbar=no,resizable=yes,scrollbars=yes,height=500,width=600&#039;); return false;\" target=\"_blank\" title=\"Share on Facebook\" aria-label=\"Share on Facebook\" rel=\"noopener\"><i class=\"mec-fa-facebook\"><\/i><span class=\"mec-social-title\"><\/span><\/a><\/li><li class=\"mec-event-social-icon\"><a class=\"twitter\" href=\"https:\/\/x.com\/intent\/tweet?url=https%3A%2F%2Fwww.nws.edu%2Fevents-tickets%2Fconcerts%2F2025-2026%2Fdeneve-price-and-tchaikovsky%2F\" onclick=\"javascript:window.open(this.href, &#039;&#039;, &#039;menubar=no,toolbar=no,resizable=yes,scrollbars=yes,height=600,width=500&#039;); return false;\" target=\"_blank\" title=\"X Social Network\" aria-label=\"Share on X\"><svg xmlns=\"http:\/\/www.w3.org\/2000\/svg\" shape-rendering=\"geometricPrecision\" text-rendering=\"geometricPrecision\" image-rendering=\"optimizeQuality\" fill-rule=\"evenodd\" clip-rule=\"evenodd\" viewbox=\"0 0 512 462.799\"><path fill-rule=\"nonzero\" d=\"M403.229 0h78.506L310.219 196.04 512 462.799H354.002L230.261 301.007 88.669 462.799h-78.56l183.455-209.683L0 0h161.999l111.856 147.88L403.229 0zm-27.556 415.805h43.505L138.363 44.527h-46.68l283.99 371.278z\"\/><\/svg><span class=\"mec-social-title\"><\/span><\/a><\/li><li class=\"mec-event-social-icon\"><a class=\"linkedin\" href=\"https:\/\/www.linkedin.com\/shareArticle?mini=true&amp;url=https%3A%2F%2Fwww.nws.edu%2Fevents-tickets%2Fconcerts%2F2025-2026%2Fdeneve-price-and-tchaikovsky%2F\" onclick=\"javascript:window.open(this.href, &#039;&#039;, &#039;menubar=no,toolbar=no,resizable=yes,scrollbars=yes,height=600,width=500&#039;); return false;\" target=\"_blank\" title=\"Linkedin\" aria-label=\"Share on Linkedin\" rel=\"noopener\"><i class=\"mec-fa-linkedin\"><\/i><span class=\"mec-social-title\"><\/span><\/a><\/li><li class=\"mec-event-social-icon\"><a class=\"email\" href=\"mailto:?subject=Den%C3%A8ve%3A%20Price%20and%20Tchaikovsky%20-%20New%20World%20Symphony&body=https%3A%2F%2Fwww.nws.edu%2Fevents-tickets%2Fconcerts%2F2025-2026%2Fdeneve-price-and-tchaikovsky%2F\" title=\"Email\" aria-label=\"Share via Email\"><i class=\"mec-fa-envelope\"><\/i><span class=\"mec-social-title\"><\/span><\/a><\/li>            <\/ul>\r\n        <\/div>\r\n    <\/div>\r\n<\/div>\r\n            <!-- Google Maps Module -->\r\n            <div class=\"mec-events-meta-group mec-events-meta-group-gmap\">\r\n                            <\/div>\r\n\r\n            <!-- Export Module -->\r\n            <div class=\"mec-event-export-module mec-frontbox\">\r\n     <div class=\"mec-event-exporting\">\r\n        <div class=\"mec-export-details\">\r\n            <ul>\r\n                <li><a class=\"mec-events-gcal mec-events-button mec-color mec-bg-color-hover mec-border-color\" href=\"https:\/\/calendar.google.com\/calendar\/render?action=TEMPLATE&amp;text=Den%C3%A8ve%3A+Price+and+Tchaikovsky+-+New+World+Symphony&amp;dates=20251026T183000Z\/20251026T203000Z&amp;details=%0D%0A%0D%0A%0D%0A%0D%0A%0D%0A+%09Connesson+%3A+Maslenitsa%0D%0A+%09Tchaikovsky+%3A+Violin+Concerto+%28+https%3A%2F%2Fwww.nws.edu%2Fevents-tickets%2Fconcerts%2F2025-2026%2Fdeneve-price-and-tchaikovsky%2F%23%2Fprogram%2Fviolin_concerto+%29%0D%0A+%09Price+%3A+Symphony+No.+3+%28+https%3A%2F%2Fwww.nws.edu%2Fevents-tickets%2Fconcerts%2F2025-2026%2Fdeneve-price-and-tchaikovsky%2F%23%2Fprogram%2Fsymphony_no_3+%29%0D%0A%0D%0A%0D%0A+%09Connesson+%3A+Maslenitsa%0D%0A+%09Tchaikovsky+%3A+Violin+Concerto+%28+https%3A%2F%2Fwww.nws.edu%2Fevents-tickets%2Fconcerts%2F2025-2026%2Fdeneve-price-and-tchaikovsky%2F%23%2Fprogram%2Fviolin_concerto+%29%0D%0A+%09Price+%3A+Symphony+No.+3+%28+https%3A%2F%2Fwww.nws.edu%2Fevents-tickets%2Fconcerts%2F2025-2026%2Fdeneve-price-and-tchaikovsky%2F%23%2Fprogram%2Fsymphony_no_3+%29%0D%0A%0D%0A%26nbsp%3B%0D%0A%0D%0A%26nbsp%3B%0D%0A%0D%0A%0D%0A%0D%0A%0D%0A&amp;location=\" target=\"_blank\" rel=\"noopener\">+ Add to Google Calendar<\/a><\/li>                <li><a class=\"mec-events-gcal mec-events-button mec-color mec-bg-color-hover mec-border-color\" href=\"https:\/\/eloisefaresharpiste.com\/en\/?method=ical&#038;id=1040\">+ iCal \/ Outlook export<\/a><\/li>            <\/ul>\r\n        <\/div>\r\n    <\/div>\r\n<\/div>\r\n            <!-- Hourly Schedule -->\r\n            \r\n            \t\t\t<!-- Booking Module -->\r\n            \r\n            <!-- Tags -->\r\n            <div class=\"mec-events-meta-group mec-events-meta-group-tags\">\r\n                            <\/div>\r\n\r\n        <\/div>\r\n    <\/article>\r\n<\/div>\r\n<script>\r\n\/\/ Fix modal speaker in some themes\r\njQuery(\"#mec_skin_6605 .mec-speaker-avatar-dialog a\").on('click', function(e)\r\n{\r\n    e.preventDefault();\r\n\r\n    var id = jQuery(this).attr('href');\r\n    lity(id);\r\n\r\n    return false;\r\n});\r\n<\/script>\r\n                                <\/div>\r\n                            <\/div>\r\n                        <\/div><!-- toggle item end -->\r\n                    <\/div><!-- toggles wrap end -->\r\n                            <\/article>\r\n            \t\t\r\n            \r\n                        <article class=\"mec-past-event mec-event-article  mec-clear  mec-divider-toggle mec-toggle-202510-mec2\" itemscope>\r\n                                    <!-- toggles wrap start -->\r\n                    <div class=\"mec-events-toggle\">\r\n                        <!-- toggle item start -->\r\n                        <div class=\"mec-toggle-item\">\r\n                            <div class=\"mec-toggle-item-inner\" tabindex=\"0\">\r\n                                                                <div class=\"mec-toggle-item-col\">\r\n                                                                            <div class=\"mec-event-month\"><span class=\"mec-start-date-label\">18 October<\/span><\/div>\r\n                                                                                                        <\/div>\r\n                                <h3 class=\"mec-toggle-title\">\r\n                                    The best of John Williams &#8211;  New World Symphony<\/h3>\r\n                                                                <i class=\"mec-sl-arrow-down\"><\/i>\r\n                            <\/div>\r\n                            <div class=\"mec-content-toggle\" aria-hidden=\"true\" style=\"display: none;\">\r\n                                <div class=\"mec-toggle-content\">\r\n                                    <div class=\"mec-wrap colorskin-custom clearfix  mec-modal-wrap\" id=\"mec_skin_8327\" data-unique-id=\"8327\">\r\n    <article class=\"mec-single-event mec-single-modern mec-single-modal\">\r\n        <div class=\"mec-events-event-image\">\r\n            <img loading=\"lazy\" decoding=\"async\" width=\"400\" height=\"400\" src=\"https:\/\/eloisefaresharpiste.com\/wp-content\/uploads\/2025\/07\/IMG_4430.png\" class=\"attachment-full size-full wp-post-image\" alt=\"\" data-mec-postid=\"628\" \/>        <\/div>\r\n        \r\n        <div class=\"col-md-4\">\r\n\r\n            <div class=\"mec-event-meta mec-color-before mec-frontbox mec-util-hidden\">\r\n                \r\n                <!-- Sponsors Module -->\r\n                \r\n                <!-- Register Booking Button -->\r\n                            <\/div>\r\n\r\n            <!-- Weather Module -->\r\n            \r\n            <!-- QRCode Module -->\r\n            \r\n            <!-- Public Download Module -->\r\n            \r\n            <!-- Local Time Module -->\r\n            \r\n            <div class=\"mec-event-meta mec-color-before mec-frontbox\">\r\n\r\n                                                \r\n                                    <div class=\"mec-single-event-location\">\r\n                        <i class=\"mec-sl-location-pin\"><\/i>                        <h3 class=\"mec-events-single-section-title mec-location\">Location<\/h3>\r\n\r\n                        \r\n                        <dl>\r\n                        <dd class=\"author fn org\">Arsht Center, Miami<\/dd>\r\n\r\n                        <dd class=\"location\"><address class=\"mec-events-address\"><span class=\"mec-address\"><\/span><\/address><\/dd>\r\n\r\n                                                <\/dl>\r\n                    <\/div>\r\n                    \r\n                                    <div class=\"mec-single-event-category\">\r\n                        <i class=\"mec-sl-folder\"><\/i>                        <h3 class=\"mec-events-single-section-title mec-category\">Category<\/h3>\r\n                        <dl>\r\n                        <dd class=\"mec-events-event-categories\"><a href=\"https:\/\/eloisefaresharpiste.com\/en\/mec-category\/agenda\/\" class=\"mec-color-hover\" rel=\"tag\"><i class=\"mec-fa-angle-right\"><\/i>agenda<\/a><\/dd>                        <\/dl>\r\n                    <\/div>\r\n                    \r\n                \r\n            <\/div>\r\n\r\n            <!-- Speaker List Module -->\r\n            \r\n            <!-- Attendees List Module -->\r\n            \r\n            <!-- Next Previous Module -->\r\n                    <\/div>\r\n\r\n        <div class=\"col-md-8\">\r\n\r\n            <div class=\"mec-event-content\">\r\n                <div class=\"mec-single-event-description mec-events-content\">\r\n                    <p>Music of John Williams:<br \/>\n<em>Sound The Bells!<\/em><br \/>\n<em>Harry Potter\u00a0<\/em>Suite<br \/>\nTuba Concerto<br \/>\n<em>Olympic Fanfare and Theme<\/em><br \/>\nTheme from <em>Jurassic Park<\/em><br \/>\nHelena&rsquo;s Theme from <em>Indiana Jones and the Dial of Destiny<\/em><br \/>\nRaiders March from <em>Indiana Jones and Raiders of the Lost Ark<\/em><br \/>\nExcerpts from <em>Close Encounters of the Third Kind<\/em><br \/>\nFlying Theme from <em>E.T. the Extra-Terrestrial<\/em><br \/>\nMarch of the Resistance from <em>Star Wars: The Force Awakens<\/em><br \/>\nYoda&rsquo;s Theme from <em>Star Wars: A New Hope<\/em><br \/>\nMain Title from <em>Star Wars: A New Hope<\/em><\/p>\n<ul class=\"tab-links\">\n<li><a href=\"https:\/\/www.nws.edu\/events-tickets\/concerts\/2025-2026\/the-best-of-john-williams\/#\/artists\/stephane-deneve\/\" target=\"_blank\" rel=\"noopener\">St\u00e9phane Den\u00e8ve, conductor<\/a><\/li>\n<li><a href=\"https:\/\/www.nws.edu\/events-tickets\/concerts\/2025-2026\/the-best-of-john-williams\/#\/artists\/yasuhito-sugiyama\/\" target=\"_blank\" rel=\"noopener\">Yasuhito Sugiyama, tuba<\/a><\/li>\n<\/ul>\n                                                                            <\/div>\r\n            <\/div>\r\n\r\n            \r\n            <!-- Custom Data Fields -->\r\n            \r\n            <!-- FAQ -->\r\n            \r\n            <!-- Links Module -->\r\n            <div class=\"mec-event-social mec-frontbox\">\r\n     <h3 class=\"mec-social-single mec-frontbox-title\">Share this event<\/h3>\r\n     <div class=\"mec-event-sharing\">\r\n        <div class=\"mec-links-details\">\r\n            <ul>\r\n                <li class=\"mec-event-social-icon\"><a class=\"facebook\" href=\"https:\/\/www.facebook.com\/sharer\/sharer.php?u=https%3A%2F%2Fwww.nws.edu%2Fevents-tickets%2Fconcerts%2F2025-2026%2Fthe-best-of-john-williams%2F%23%2Fprogram\" onclick=\"javascript:window.open(this.href, &#039;&#039;, &#039;menubar=no,toolbar=no,resizable=yes,scrollbars=yes,height=500,width=600&#039;); return false;\" target=\"_blank\" title=\"Share on Facebook\" aria-label=\"Share on Facebook\" rel=\"noopener\"><i class=\"mec-fa-facebook\"><\/i><span class=\"mec-social-title\"><\/span><\/a><\/li><li class=\"mec-event-social-icon\"><a class=\"twitter\" href=\"https:\/\/x.com\/intent\/tweet?url=https%3A%2F%2Fwww.nws.edu%2Fevents-tickets%2Fconcerts%2F2025-2026%2Fthe-best-of-john-williams%2F%23%2Fprogram\" onclick=\"javascript:window.open(this.href, &#039;&#039;, &#039;menubar=no,toolbar=no,resizable=yes,scrollbars=yes,height=600,width=500&#039;); return false;\" target=\"_blank\" title=\"X Social Network\" aria-label=\"Share on X\"><svg xmlns=\"http:\/\/www.w3.org\/2000\/svg\" shape-rendering=\"geometricPrecision\" text-rendering=\"geometricPrecision\" image-rendering=\"optimizeQuality\" fill-rule=\"evenodd\" clip-rule=\"evenodd\" viewbox=\"0 0 512 462.799\"><path fill-rule=\"nonzero\" d=\"M403.229 0h78.506L310.219 196.04 512 462.799H354.002L230.261 301.007 88.669 462.799h-78.56l183.455-209.683L0 0h161.999l111.856 147.88L403.229 0zm-27.556 415.805h43.505L138.363 44.527h-46.68l283.99 371.278z\"\/><\/svg><span class=\"mec-social-title\"><\/span><\/a><\/li><li class=\"mec-event-social-icon\"><a class=\"linkedin\" href=\"https:\/\/www.linkedin.com\/shareArticle?mini=true&amp;url=https%3A%2F%2Fwww.nws.edu%2Fevents-tickets%2Fconcerts%2F2025-2026%2Fthe-best-of-john-williams%2F%23%2Fprogram\" onclick=\"javascript:window.open(this.href, &#039;&#039;, &#039;menubar=no,toolbar=no,resizable=yes,scrollbars=yes,height=600,width=500&#039;); return false;\" target=\"_blank\" title=\"Linkedin\" aria-label=\"Share on Linkedin\" rel=\"noopener\"><i class=\"mec-fa-linkedin\"><\/i><span class=\"mec-social-title\"><\/span><\/a><\/li><li class=\"mec-event-social-icon\"><a class=\"email\" href=\"mailto:?subject=The%20best%20of%20John%20Williams%20-%20%20New%20World%20Symphony&body=https%3A%2F%2Fwww.nws.edu%2Fevents-tickets%2Fconcerts%2F2025-2026%2Fthe-best-of-john-williams%2F%23%2Fprogram\" title=\"Email\" aria-label=\"Share via Email\"><i class=\"mec-fa-envelope\"><\/i><span class=\"mec-social-title\"><\/span><\/a><\/li>            <\/ul>\r\n        <\/div>\r\n    <\/div>\r\n<\/div>\r\n            <!-- Google Maps Module -->\r\n            <div class=\"mec-events-meta-group mec-events-meta-group-gmap\">\r\n                            <\/div>\r\n\r\n            <!-- Export Module -->\r\n            <div class=\"mec-event-export-module mec-frontbox\">\r\n     <div class=\"mec-event-exporting\">\r\n        <div class=\"mec-export-details\">\r\n            <ul>\r\n                <li><a class=\"mec-events-gcal mec-events-button mec-color mec-bg-color-hover mec-border-color\" href=\"https:\/\/calendar.google.com\/calendar\/render?action=TEMPLATE&amp;text=The+best+of+John+Williams+-++New+World+Symphony&amp;dates=20251018T180000Z\/20251018T200000Z&amp;details=Music+of+John+Williams%3A%0D%0ASound+The+Bells%21%0D%0AHarry+Potter%C2%A0Suite%0D%0ATuba+Concerto%0D%0AOlympic+Fanfare+and+Theme%0D%0ATheme+from+Jurassic+Park%0D%0AHelena%27s+Theme+from+Indiana+Jones+and+the+Dial+of+Destiny%0D%0ARaiders+March+from+Indiana+Jones+and+Raiders+of+the+Lost+Ark%0D%0AExcerpts+from+Close+Encounters+of+the+Third+Kind%0D%0AFlying+Theme+from+E.T.+the+Extra-Terrestrial%0D%0AMarch+of+the+Resistance+from+Star+Wars%3A+The+Force+Awakens%0D%0AYoda%27s+Theme+from+Star+Wars%3A+A+New+Hope%0D%0AMain+Title+from+Star+Wars%3A+A+New+Hope%0D%0A%0D%0A+%09St%C3%A9phane+Den%C3%A8ve%2C+conductor+%28+https%3A%2F%2Fwww.nws.edu%2Fevents-tickets%2Fconcerts%2F2025-2026%2Fthe-best-of-john-williams%2F%23%2Fartists%2Fstephane-deneve%2F+%29%0D%0A+%09Yasuhito+Sugiyama%2C+tuba+%28+https%3A%2F%2Fwww.nws.edu%2Fevents-tickets%2Fconcerts%2F2025-2026%2Fthe-best-of-john-williams%2F%23%2Fartists%2Fyasuhito-sugiyama%2F+%29%0D%0A&amp;location=\" target=\"_blank\" rel=\"noopener\">+ Add to Google Calendar<\/a><\/li>                <li><a class=\"mec-events-gcal mec-events-button mec-color mec-bg-color-hover mec-border-color\" href=\"https:\/\/eloisefaresharpiste.com\/en\/?method=ical&#038;id=628\">+ iCal \/ Outlook export<\/a><\/li>            <\/ul>\r\n        <\/div>\r\n    <\/div>\r\n<\/div>\r\n            <!-- Hourly Schedule -->\r\n            \r\n            \t\t\t<!-- Booking Module -->\r\n            \r\n            <!-- Tags -->\r\n            <div class=\"mec-events-meta-group mec-events-meta-group-tags\">\r\n                            <\/div>\r\n\r\n        <\/div>\r\n    <\/article>\r\n<\/div>\r\n<script>\r\n\/\/ Fix modal speaker in some themes\r\njQuery(\"#mec_skin_8327 .mec-speaker-avatar-dialog a\").on('click', function(e)\r\n{\r\n    e.preventDefault();\r\n\r\n    var id = jQuery(this).attr('href');\r\n    lity(id);\r\n\r\n    return false;\r\n});\r\n<\/script>\r\n                                <\/div>\r\n                            <\/div>\r\n                        <\/div><!-- toggle item end -->\r\n                    <\/div><!-- toggles wrap end -->\r\n                            <\/article>\r\n            \t\t\r\n                        <div class=\"mec-month-divider\" data-toggle-divider=\"mec-toggle-202507-mec2\"><h5 style=\"display: inline;\">July 2025<\/h5><i class=\"mec-sl-arrow-down\"><\/i><\/div>\r\n            \r\n                        <article class=\"mec-past-event mec-event-article  mec-clear  mec-divider-toggle mec-toggle-202507-mec2\" itemscope>\r\n                                    <!-- toggles wrap start -->\r\n                    <div class=\"mec-events-toggle\">\r\n                        <!-- toggle item start -->\r\n                        <div class=\"mec-toggle-item\">\r\n                            <div class=\"mec-toggle-item-inner\" tabindex=\"0\">\r\n                                                                <div class=\"mec-toggle-item-col\">\r\n                                                                            <div class=\"mec-event-month\"><span class=\"mec-start-date-label\">19 July<\/span><\/div>\r\n                                                                        <div class=\"mec-time-details\"><span class=\"mec-start-time\">15h00<\/span><\/div>                                <\/div>\r\n                                <h3 class=\"mec-toggle-title\">\r\n                                    Verbier Festival \u2013 \u00e9t\u00e9 2025<\/h3>\r\n                                                                <i class=\"mec-sl-arrow-down\"><\/i>\r\n                            <\/div>\r\n                            <div class=\"mec-content-toggle\" aria-hidden=\"true\" style=\"display: none;\">\r\n                                <div class=\"mec-toggle-content\">\r\n                                    <div class=\"mec-wrap colorskin-custom clearfix  mec-modal-wrap\" id=\"mec_skin_9841\" data-unique-id=\"9841\">\r\n    <article class=\"mec-single-event mec-single-modern mec-single-modal\">\r\n        <div class=\"mec-events-event-image\">\r\n            <img loading=\"lazy\" decoding=\"async\" width=\"816\" height=\"638\" src=\"https:\/\/eloisefaresharpiste.com\/wp-content\/uploads\/2025\/07\/visuel-verbier-festival.jpeg\" class=\"attachment-full size-full wp-post-image\" alt=\"\" data-mec-postid=\"272\" \/>        <\/div>\r\n        \r\n        <div class=\"col-md-4\">\r\n\r\n            <div class=\"mec-event-meta mec-color-before mec-frontbox mec-util-hidden\">\r\n                \r\n                <!-- Sponsors Module -->\r\n                \r\n                <!-- Register Booking Button -->\r\n                            <\/div>\r\n\r\n            <!-- Weather Module -->\r\n            \r\n            <!-- QRCode Module -->\r\n            \r\n            <!-- Public Download Module -->\r\n            \r\n            <!-- Local Time Module -->\r\n            \r\n            <div class=\"mec-event-meta mec-color-before mec-frontbox\">\r\n\r\n                                                \r\n                                    <div class=\"mec-single-event-location\">\r\n                        <i class=\"mec-sl-location-pin\"><\/i>                        <h3 class=\"mec-events-single-section-title mec-location\">Location<\/h3>\r\n\r\n                        \r\n                        <dl>\r\n                        <dd class=\"author fn org\">salle des Combins Korngold\u2019s<\/dd>\r\n\r\n                        <dd class=\"location\"><address class=\"mec-events-address\"><span class=\"mec-address\"><\/span><\/address><\/dd>\r\n\r\n                                                <\/dl>\r\n                    <\/div>\r\n                    \r\n                                    <div class=\"mec-single-event-category\">\r\n                        <i class=\"mec-sl-folder\"><\/i>                        <h3 class=\"mec-events-single-section-title mec-category\">Category<\/h3>\r\n                        <dl>\r\n                        <dd class=\"mec-events-event-categories\"><a href=\"https:\/\/eloisefaresharpiste.com\/en\/mec-category\/agenda\/\" class=\"mec-color-hover\" rel=\"tag\"><i class=\"mec-fa-angle-right\"><\/i>agenda<\/a><\/dd>                        <\/dl>\r\n                    <\/div>\r\n                    \r\n                \r\n            <\/div>\r\n\r\n            <!-- Speaker List Module -->\r\n            \r\n            <!-- Attendees List Module -->\r\n            \r\n            <!-- Next Previous Module -->\r\n                    <\/div>\r\n\r\n        <div class=\"col-md-8\">\r\n\r\n            <div class=\"mec-event-content\">\r\n                <div class=\"mec-single-event-description mec-events-content\">\r\n                    <p>variations, Ravel piano concerto<\/p>\n                                                                            <\/div>\r\n            <\/div>\r\n\r\n            \r\n            <!-- Custom Data Fields -->\r\n            \r\n            <!-- FAQ -->\r\n            \r\n            <!-- Links Module -->\r\n            <div class=\"mec-event-social mec-frontbox\">\r\n     <h3 class=\"mec-social-single mec-frontbox-title\">Share this event<\/h3>\r\n     <div class=\"mec-event-sharing\">\r\n        <div class=\"mec-links-details\">\r\n            <ul>\r\n                <li class=\"mec-event-social-icon\"><a class=\"facebook\" href=\"https:\/\/www.facebook.com\/sharer\/sharer.php?u=https%3A%2F%2Fwww.vfco.com%2F\" onclick=\"javascript:window.open(this.href, &#039;&#039;, &#039;menubar=no,toolbar=no,resizable=yes,scrollbars=yes,height=500,width=600&#039;); return false;\" target=\"_blank\" title=\"Share on Facebook\" aria-label=\"Share on Facebook\" rel=\"noopener\"><i class=\"mec-fa-facebook\"><\/i><span class=\"mec-social-title\"><\/span><\/a><\/li><li class=\"mec-event-social-icon\"><a class=\"twitter\" href=\"https:\/\/x.com\/intent\/tweet?url=https%3A%2F%2Fwww.vfco.com%2F\" onclick=\"javascript:window.open(this.href, &#039;&#039;, &#039;menubar=no,toolbar=no,resizable=yes,scrollbars=yes,height=600,width=500&#039;); return false;\" target=\"_blank\" title=\"X Social Network\" aria-label=\"Share on X\"><svg xmlns=\"http:\/\/www.w3.org\/2000\/svg\" shape-rendering=\"geometricPrecision\" text-rendering=\"geometricPrecision\" image-rendering=\"optimizeQuality\" fill-rule=\"evenodd\" clip-rule=\"evenodd\" viewbox=\"0 0 512 462.799\"><path fill-rule=\"nonzero\" d=\"M403.229 0h78.506L310.219 196.04 512 462.799H354.002L230.261 301.007 88.669 462.799h-78.56l183.455-209.683L0 0h161.999l111.856 147.88L403.229 0zm-27.556 415.805h43.505L138.363 44.527h-46.68l283.99 371.278z\"\/><\/svg><span class=\"mec-social-title\"><\/span><\/a><\/li><li class=\"mec-event-social-icon\"><a class=\"linkedin\" href=\"https:\/\/www.linkedin.com\/shareArticle?mini=true&amp;url=https%3A%2F%2Fwww.vfco.com%2F\" onclick=\"javascript:window.open(this.href, &#039;&#039;, &#039;menubar=no,toolbar=no,resizable=yes,scrollbars=yes,height=600,width=500&#039;); return false;\" target=\"_blank\" title=\"Linkedin\" aria-label=\"Share on Linkedin\" rel=\"noopener\"><i class=\"mec-fa-linkedin\"><\/i><span class=\"mec-social-title\"><\/span><\/a><\/li><li class=\"mec-event-social-icon\"><a class=\"email\" href=\"mailto:?subject=Verbier%20Festival%20%E2%80%93%20%C3%A9t%C3%A9%202025&body=https%3A%2F%2Fwww.vfco.com%2F\" title=\"Email\" aria-label=\"Share via Email\"><i class=\"mec-fa-envelope\"><\/i><span class=\"mec-social-title\"><\/span><\/a><\/li>            <\/ul>\r\n        <\/div>\r\n    <\/div>\r\n<\/div>\r\n            <!-- Google Maps Module -->\r\n            <div class=\"mec-events-meta-group mec-events-meta-group-gmap\">\r\n                            <\/div>\r\n\r\n            <!-- Export Module -->\r\n            <div class=\"mec-event-export-module mec-frontbox\">\r\n     <div class=\"mec-event-exporting\">\r\n        <div class=\"mec-export-details\">\r\n            <ul>\r\n                <li><a class=\"mec-events-gcal mec-events-button mec-color mec-bg-color-hover mec-border-color\" href=\"https:\/\/calendar.google.com\/calendar\/render?action=TEMPLATE&amp;text=Verbier+Festival+%E2%80%93+%C3%A9t%C3%A9+2025&amp;dates=20250719T130000Z\/20250719T160000Z&amp;details=variations%2C+Ravel+piano+concerto&amp;location=\" target=\"_blank\" rel=\"noopener\">+ Add to Google Calendar<\/a><\/li>                <li><a class=\"mec-events-gcal mec-events-button mec-color mec-bg-color-hover mec-border-color\" href=\"https:\/\/eloisefaresharpiste.com\/en\/?method=ical&#038;id=272\">+ iCal \/ Outlook export<\/a><\/li>            <\/ul>\r\n        <\/div>\r\n    <\/div>\r\n<\/div>\r\n            <!-- Hourly Schedule -->\r\n            \r\n            \t\t\t<!-- Booking Module -->\r\n            \r\n            <!-- Tags -->\r\n            <div class=\"mec-events-meta-group mec-events-meta-group-tags\">\r\n                            <\/div>\r\n\r\n        <\/div>\r\n    <\/article>\r\n<\/div>\r\n<script>\r\n\/\/ Fix modal speaker in some themes\r\njQuery(\"#mec_skin_9841 .mec-speaker-avatar-dialog a\").on('click', function(e)\r\n{\r\n    e.preventDefault();\r\n\r\n    var id = jQuery(this).attr('href');\r\n    lity(id);\r\n\r\n    return false;\r\n});\r\n<\/script>\r\n                                <\/div>\r\n                            <\/div>\r\n                        <\/div><!-- toggle item end -->\r\n                    <\/div><!-- toggles wrap end -->\r\n                            <\/article>\r\n            \t\t\r\n            \r\n                        <article class=\"mec-past-event mec-event-article  mec-clear  mec-divider-toggle mec-toggle-202507-mec2\" itemscope>\r\n                                    <!-- toggles wrap start -->\r\n                    <div class=\"mec-events-toggle\">\r\n                        <!-- toggle item start -->\r\n                        <div class=\"mec-toggle-item\">\r\n                            <div class=\"mec-toggle-item-inner\" tabindex=\"0\">\r\n                                                                <div class=\"mec-toggle-item-col\">\r\n                                                                            <div class=\"mec-event-month\"><span class=\"mec-start-date-label\">12 July<\/span><\/div>\r\n                                                                        <div class=\"mec-time-details\"><span class=\"mec-start-time\">20h00<\/span><\/div>                                <\/div>\r\n                                <h3 class=\"mec-toggle-title\">\r\n                                    Concert harpe \u2013 Abbatiale de Payerne (Suisse)<\/h3>\r\n                                                                <i class=\"mec-sl-arrow-down\"><\/i>\r\n                            <\/div>\r\n                            <div class=\"mec-content-toggle\" aria-hidden=\"true\" style=\"display: none;\">\r\n                                <div class=\"mec-toggle-content\">\r\n                                    <div class=\"mec-wrap colorskin-custom clearfix  mec-modal-wrap\" id=\"mec_skin_7837\" data-unique-id=\"7837\">\r\n    <article class=\"mec-single-event mec-single-modern mec-single-modal\">\r\n        <div class=\"mec-events-event-image\">\r\n            <img loading=\"lazy\" decoding=\"async\" width=\"1920\" height=\"493\" src=\"https:\/\/eloisefaresharpiste.com\/wp-content\/uploads\/2025\/07\/visueul-cie-la-rennaissance.jpeg\" class=\"attachment-full size-full wp-post-image\" alt=\"\" data-mec-postid=\"275\" \/>        <\/div>\r\n        \r\n        <div class=\"col-md-4\">\r\n\r\n            <div class=\"mec-event-meta mec-color-before mec-frontbox mec-util-hidden\">\r\n                \r\n                <!-- Sponsors Module -->\r\n                \r\n                <!-- Register Booking Button -->\r\n                            <\/div>\r\n\r\n            <!-- Weather Module -->\r\n            \r\n            <!-- QRCode Module -->\r\n            \r\n            <!-- Public Download Module -->\r\n            \r\n            <!-- Local Time Module -->\r\n            \r\n            <div class=\"mec-event-meta mec-color-before mec-frontbox\">\r\n\r\n                                                \r\n                                    <div class=\"mec-single-event-location\">\r\n                        <i class=\"mec-sl-location-pin\"><\/i>                        <h3 class=\"mec-events-single-section-title mec-location\">Location<\/h3>\r\n\r\n                        \r\n                        <dl>\r\n                        <dd class=\"author fn org\">Abbatiale de Payerne (Suisse)<\/dd>\r\n\r\n                        <dd class=\"location\"><address class=\"mec-events-address\"><span class=\"mec-address\"><\/span><\/address><\/dd>\r\n\r\n                                                <\/dl>\r\n                    <\/div>\r\n                    \r\n                                    <div class=\"mec-single-event-category\">\r\n                        <i class=\"mec-sl-folder\"><\/i>                        <h3 class=\"mec-events-single-section-title mec-category\">Category<\/h3>\r\n                        <dl>\r\n                        <dd class=\"mec-events-event-categories\"><a href=\"https:\/\/eloisefaresharpiste.com\/en\/mec-category\/agenda\/\" class=\"mec-color-hover\" rel=\"tag\"><i class=\"mec-fa-angle-right\"><\/i>agenda<\/a><\/dd>                        <\/dl>\r\n                    <\/div>\r\n                    \r\n                \r\n            <\/div>\r\n\r\n            <!-- Speaker List Module -->\r\n            \r\n            <!-- Attendees List Module -->\r\n            \r\n            <!-- Next Previous Module -->\r\n                    <\/div>\r\n\r\n        <div class=\"col-md-8\">\r\n\r\n            <div class=\"mec-event-content\">\r\n                <div class=\"mec-single-event-description mec-events-content\">\r\n                    <p>R\u00e9cital harpe et lectures &#8211; avec Lydia Weyrich<\/p>\n                                                                            <\/div>\r\n            <\/div>\r\n\r\n            \r\n            <!-- Custom Data Fields -->\r\n            \r\n            <!-- FAQ -->\r\n            \r\n            <!-- Links Module -->\r\n            <div class=\"mec-event-social mec-frontbox\">\r\n     <h3 class=\"mec-social-single mec-frontbox-title\">Share this event<\/h3>\r\n     <div class=\"mec-event-sharing\">\r\n        <div class=\"mec-links-details\">\r\n            <ul>\r\n                <li class=\"mec-event-social-icon\"><a class=\"facebook\" href=\"https:\/\/www.facebook.com\/sharer\/sharer.php?u=https%3A%2F%2Fwww.compagnielarenaissance.ch%2F\" onclick=\"javascript:window.open(this.href, &#039;&#039;, &#039;menubar=no,toolbar=no,resizable=yes,scrollbars=yes,height=500,width=600&#039;); return false;\" target=\"_blank\" title=\"Share on Facebook\" aria-label=\"Share on Facebook\" rel=\"noopener\"><i class=\"mec-fa-facebook\"><\/i><span class=\"mec-social-title\"><\/span><\/a><\/li><li class=\"mec-event-social-icon\"><a class=\"twitter\" href=\"https:\/\/x.com\/intent\/tweet?url=https%3A%2F%2Fwww.compagnielarenaissance.ch%2F\" onclick=\"javascript:window.open(this.href, &#039;&#039;, &#039;menubar=no,toolbar=no,resizable=yes,scrollbars=yes,height=600,width=500&#039;); return false;\" target=\"_blank\" title=\"X Social Network\" aria-label=\"Share on X\"><svg xmlns=\"http:\/\/www.w3.org\/2000\/svg\" shape-rendering=\"geometricPrecision\" text-rendering=\"geometricPrecision\" image-rendering=\"optimizeQuality\" fill-rule=\"evenodd\" clip-rule=\"evenodd\" viewbox=\"0 0 512 462.799\"><path fill-rule=\"nonzero\" d=\"M403.229 0h78.506L310.219 196.04 512 462.799H354.002L230.261 301.007 88.669 462.799h-78.56l183.455-209.683L0 0h161.999l111.856 147.88L403.229 0zm-27.556 415.805h43.505L138.363 44.527h-46.68l283.99 371.278z\"\/><\/svg><span class=\"mec-social-title\"><\/span><\/a><\/li><li class=\"mec-event-social-icon\"><a class=\"linkedin\" href=\"https:\/\/www.linkedin.com\/shareArticle?mini=true&amp;url=https%3A%2F%2Fwww.compagnielarenaissance.ch%2F\" onclick=\"javascript:window.open(this.href, &#039;&#039;, &#039;menubar=no,toolbar=no,resizable=yes,scrollbars=yes,height=600,width=500&#039;); return false;\" target=\"_blank\" title=\"Linkedin\" aria-label=\"Share on Linkedin\" rel=\"noopener\"><i class=\"mec-fa-linkedin\"><\/i><span class=\"mec-social-title\"><\/span><\/a><\/li><li class=\"mec-event-social-icon\"><a class=\"email\" href=\"mailto:?subject=Concert%20harpe%20%E2%80%93%20Abbatiale%20de%20Payerne%20%28Suisse%29&body=https%3A%2F%2Fwww.compagnielarenaissance.ch%2F\" title=\"Email\" aria-label=\"Share via Email\"><i class=\"mec-fa-envelope\"><\/i><span class=\"mec-social-title\"><\/span><\/a><\/li>            <\/ul>\r\n        <\/div>\r\n    <\/div>\r\n<\/div>\r\n            <!-- Google Maps Module -->\r\n            <div class=\"mec-events-meta-group mec-events-meta-group-gmap\">\r\n                            <\/div>\r\n\r\n            <!-- Export Module -->\r\n            <div class=\"mec-event-export-module mec-frontbox\">\r\n     <div class=\"mec-event-exporting\">\r\n        <div class=\"mec-export-details\">\r\n            <ul>\r\n                <li><a class=\"mec-events-gcal mec-events-button mec-color mec-bg-color-hover mec-border-color\" href=\"https:\/\/calendar.google.com\/calendar\/render?action=TEMPLATE&amp;text=Concert+harpe+%E2%80%93+Abbatiale+de+Payerne+%28Suisse%29&amp;dates=20250712T180000Z\/20250712T180000Z&amp;details=R%C3%A9cital+harpe+et+lectures+-+avec+Lydia+Weyrich&amp;location=\" target=\"_blank\" rel=\"noopener\">+ Add to Google Calendar<\/a><\/li>                <li><a class=\"mec-events-gcal mec-events-button mec-color mec-bg-color-hover mec-border-color\" href=\"https:\/\/eloisefaresharpiste.com\/en\/?method=ical&#038;id=275\">+ iCal \/ Outlook export<\/a><\/li>            <\/ul>\r\n        <\/div>\r\n    <\/div>\r\n<\/div>\r\n            <!-- Hourly Schedule -->\r\n            \r\n            \t\t\t<!-- Booking Module -->\r\n            \r\n            <!-- Tags -->\r\n            <div class=\"mec-events-meta-group mec-events-meta-group-tags\">\r\n                            <\/div>\r\n\r\n        <\/div>\r\n    <\/article>\r\n<\/div>\r\n<script>\r\n\/\/ Fix modal speaker in some themes\r\njQuery(\"#mec_skin_7837 .mec-speaker-avatar-dialog a\").on('click', function(e)\r\n{\r\n    e.preventDefault();\r\n\r\n    var id = jQuery(this).attr('href');\r\n    lity(id);\r\n\r\n    return false;\r\n});\r\n<\/script>\r\n                                <\/div>\r\n                            <\/div>\r\n                        <\/div><!-- toggle item end -->\r\n                    <\/div><!-- toggles wrap end -->\r\n                            <\/article>\r\n            \t\t\r\n                        <div class=\"mec-month-divider\" data-toggle-divider=\"mec-toggle-202506-mec2\"><h5 style=\"display: inline;\">June 2025<\/h5><i class=\"mec-sl-arrow-down\"><\/i><\/div>\r\n            \r\n                        <article class=\"mec-past-event mec-event-article  mec-clear  mec-divider-toggle mec-toggle-202506-mec2\" itemscope>\r\n                                    <!-- toggles wrap start -->\r\n                    <div class=\"mec-events-toggle\">\r\n                        <!-- toggle item start -->\r\n                        <div class=\"mec-toggle-item\">\r\n                            <div class=\"mec-toggle-item-inner\" tabindex=\"0\">\r\n                                                                <div class=\"mec-toggle-item-col\">\r\n                                                                            <div class=\"mec-event-month\"><span class=\"mec-start-date-label\">22 June<\/span><\/div>\r\n                                                                                                        <\/div>\r\n                                <h3 class=\"mec-toggle-title\">\r\n                                    F\u00eate de la Musique &#8211;  Conservatoire Populaire de Gen\u00e8ve<\/h3>\r\n                                                                <i class=\"mec-sl-arrow-down\"><\/i>\r\n                            <\/div>\r\n                            <div class=\"mec-content-toggle\" aria-hidden=\"true\" style=\"display: none;\">\r\n                                <div class=\"mec-toggle-content\">\r\n                                    <div class=\"mec-wrap colorskin-custom clearfix  mec-modal-wrap\" id=\"mec_skin_9384\" data-unique-id=\"9384\">\r\n    <article class=\"mec-single-event mec-single-modern mec-single-modal\">\r\n        <div class=\"mec-events-event-image\">\r\n            <img loading=\"lazy\" decoding=\"async\" width=\"292\" height=\"172\" src=\"https:\/\/eloisefaresharpiste.com\/wp-content\/uploads\/2025\/07\/visuel-ville_de_geneve.png\" class=\"attachment-full size-full wp-post-image\" alt=\"\" data-mec-postid=\"277\" \/>        <\/div>\r\n        \r\n        <div class=\"col-md-4\">\r\n\r\n            <div class=\"mec-event-meta mec-color-before mec-frontbox mec-util-hidden\">\r\n                \r\n                <!-- Sponsors Module -->\r\n                \r\n                <!-- Register Booking Button -->\r\n                            <\/div>\r\n\r\n            <!-- Weather Module -->\r\n            \r\n            <!-- QRCode Module -->\r\n            \r\n            <!-- Public Download Module -->\r\n            \r\n            <!-- Local Time Module -->\r\n            \r\n            <div class=\"mec-event-meta mec-color-before mec-frontbox\">\r\n\r\n                                                \r\n                                    <div class=\"mec-single-event-location\">\r\n                        <i class=\"mec-sl-location-pin\"><\/i>                        <h3 class=\"mec-events-single-section-title mec-location\">Location<\/h3>\r\n\r\n                        \r\n                        <dl>\r\n                        <dd class=\"author fn org\">Conservatoire Populaire de Gen\u00e8ve \u2013 Salle Vuataz<\/dd>\r\n\r\n                        <dd class=\"location\"><address class=\"mec-events-address\"><span class=\"mec-address\"><\/span><\/address><\/dd>\r\n\r\n                                                <\/dl>\r\n                    <\/div>\r\n                    \r\n                                    <div class=\"mec-single-event-category\">\r\n                        <i class=\"mec-sl-folder\"><\/i>                        <h3 class=\"mec-events-single-section-title mec-category\">Category<\/h3>\r\n                        <dl>\r\n                        <dd class=\"mec-events-event-categories\"><a href=\"https:\/\/eloisefaresharpiste.com\/en\/mec-category\/agenda\/\" class=\"mec-color-hover\" rel=\"tag\"><i class=\"mec-fa-angle-right\"><\/i>agenda<\/a><\/dd>                        <\/dl>\r\n                    <\/div>\r\n                    \r\n                \r\n            <\/div>\r\n\r\n            <!-- Speaker List Module -->\r\n            \r\n            <!-- Attendees List Module -->\r\n            \r\n            <!-- Next Previous Module -->\r\n                    <\/div>\r\n\r\n        <div class=\"col-md-8\">\r\n\r\n            <div class=\"mec-event-content\">\r\n                <div class=\"mec-single-event-description mec-events-content\">\r\n                    <p>Concert &#8211; mediation \u00ab Un dragon qui n\u2019aimait pas le feu \u00bb avec la participation de la classe de harpe du Conservatoire populaire de Gen\u00e8ve<\/p>\n                                                                            <\/div>\r\n            <\/div>\r\n\r\n            \r\n            <!-- Custom Data Fields -->\r\n            \r\n            <!-- FAQ -->\r\n            \r\n            <!-- Links Module -->\r\n            <div class=\"mec-event-social mec-frontbox\">\r\n     <h3 class=\"mec-social-single mec-frontbox-title\">Share this event<\/h3>\r\n     <div class=\"mec-event-sharing\">\r\n        <div class=\"mec-links-details\">\r\n            <ul>\r\n                <li class=\"mec-event-social-icon\"><a class=\"facebook\" href=\"https:\/\/www.facebook.com\/sharer\/sharer.php?u=https%3A%2F%2Fwww.geneve.ch%2Fagenda\" onclick=\"javascript:window.open(this.href, &#039;&#039;, &#039;menubar=no,toolbar=no,resizable=yes,scrollbars=yes,height=500,width=600&#039;); return false;\" target=\"_blank\" title=\"Share on Facebook\" aria-label=\"Share on Facebook\" rel=\"noopener\"><i class=\"mec-fa-facebook\"><\/i><span class=\"mec-social-title\"><\/span><\/a><\/li><li class=\"mec-event-social-icon\"><a class=\"twitter\" href=\"https:\/\/x.com\/intent\/tweet?url=https%3A%2F%2Fwww.geneve.ch%2Fagenda\" onclick=\"javascript:window.open(this.href, &#039;&#039;, &#039;menubar=no,toolbar=no,resizable=yes,scrollbars=yes,height=600,width=500&#039;); return false;\" target=\"_blank\" title=\"X Social Network\" aria-label=\"Share on X\"><svg xmlns=\"http:\/\/www.w3.org\/2000\/svg\" shape-rendering=\"geometricPrecision\" text-rendering=\"geometricPrecision\" image-rendering=\"optimizeQuality\" fill-rule=\"evenodd\" clip-rule=\"evenodd\" viewbox=\"0 0 512 462.799\"><path fill-rule=\"nonzero\" d=\"M403.229 0h78.506L310.219 196.04 512 462.799H354.002L230.261 301.007 88.669 462.799h-78.56l183.455-209.683L0 0h161.999l111.856 147.88L403.229 0zm-27.556 415.805h43.505L138.363 44.527h-46.68l283.99 371.278z\"\/><\/svg><span class=\"mec-social-title\"><\/span><\/a><\/li><li class=\"mec-event-social-icon\"><a class=\"linkedin\" href=\"https:\/\/www.linkedin.com\/shareArticle?mini=true&amp;url=https%3A%2F%2Fwww.geneve.ch%2Fagenda\" onclick=\"javascript:window.open(this.href, &#039;&#039;, &#039;menubar=no,toolbar=no,resizable=yes,scrollbars=yes,height=600,width=500&#039;); return false;\" target=\"_blank\" title=\"Linkedin\" aria-label=\"Share on Linkedin\" rel=\"noopener\"><i class=\"mec-fa-linkedin\"><\/i><span class=\"mec-social-title\"><\/span><\/a><\/li><li class=\"mec-event-social-icon\"><a class=\"email\" href=\"mailto:?subject=F%C3%AAte%20de%20la%20Musique%20-%20%20Conservatoire%20Populaire%20de%20Gen%C3%A8ve&body=https%3A%2F%2Fwww.geneve.ch%2Fagenda\" title=\"Email\" aria-label=\"Share via Email\"><i class=\"mec-fa-envelope\"><\/i><span class=\"mec-social-title\"><\/span><\/a><\/li>            <\/ul>\r\n        <\/div>\r\n    <\/div>\r\n<\/div>\r\n            <!-- Google Maps Module -->\r\n            <div class=\"mec-events-meta-group mec-events-meta-group-gmap\">\r\n                            <\/div>\r\n\r\n            <!-- Export Module -->\r\n            <div class=\"mec-event-export-module mec-frontbox\">\r\n     <div class=\"mec-event-exporting\">\r\n        <div class=\"mec-export-details\">\r\n            <ul>\r\n                <li><a class=\"mec-events-gcal mec-events-button mec-color mec-bg-color-hover mec-border-color\" href=\"https:\/\/calendar.google.com\/calendar\/render?action=TEMPLATE&amp;text=F%C3%AAte+de+la+Musique+-++Conservatoire+Populaire+de+Gen%C3%A8ve&amp;dates=20250622T060000Z\/20250622T160000Z&amp;details=Concert+-+mediation+%C2%AB+Un+dragon+qui+n%E2%80%99aimait+pas+le+feu+%C2%BB+avec+la+participation+de+la+classe+de+harpe+du+Conservatoire+populaire+de+Gen%C3%A8ve&amp;location=\" target=\"_blank\" rel=\"noopener\">+ Add to Google Calendar<\/a><\/li>                <li><a class=\"mec-events-gcal mec-events-button mec-color mec-bg-color-hover mec-border-color\" href=\"https:\/\/eloisefaresharpiste.com\/en\/?method=ical&#038;id=277\">+ iCal \/ Outlook export<\/a><\/li>            <\/ul>\r\n        <\/div>\r\n    <\/div>\r\n<\/div>\r\n            <!-- Hourly Schedule -->\r\n            \r\n            \t\t\t<!-- Booking Module -->\r\n            \r\n            <!-- Tags -->\r\n            <div class=\"mec-events-meta-group mec-events-meta-group-tags\">\r\n                            <\/div>\r\n\r\n        <\/div>\r\n    <\/article>\r\n<\/div>\r\n<script>\r\n\/\/ Fix modal speaker in some themes\r\njQuery(\"#mec_skin_9384 .mec-speaker-avatar-dialog a\").on('click', function(e)\r\n{\r\n    e.preventDefault();\r\n\r\n    var id = jQuery(this).attr('href');\r\n    lity(id);\r\n\r\n    return false;\r\n});\r\n<\/script>\r\n                                <\/div>\r\n                            <\/div>\r\n                        <\/div><!-- toggle item end -->\r\n                    <\/div><!-- toggles wrap end -->\r\n                            <\/article>\r\n            \t\t\r\n            \r\n                        <article class=\"mec-past-event mec-event-article  mec-clear  mec-divider-toggle mec-toggle-202506-mec2\" itemscope>\r\n                                    <!-- toggles wrap start -->\r\n                    <div class=\"mec-events-toggle\">\r\n                        <!-- toggle item start -->\r\n                        <div class=\"mec-toggle-item\">\r\n                            <div class=\"mec-toggle-item-inner\" tabindex=\"0\">\r\n                                                                <div class=\"mec-toggle-item-col\">\r\n                                                                            <div class=\"mec-event-month\"><span class=\"mec-start-date-label\">17 June<\/span><\/div>\r\n                                                                        <div class=\"mec-time-details\"><span class=\"mec-start-time\">20h30<\/span><\/div>                                <\/div>\r\n                                <h3 class=\"mec-toggle-title\">\r\n                                    Orchestre des Trois Ch\u00eanes \u2013 direction Arturo Corrales<\/h3>\r\n                                                                <i class=\"mec-sl-arrow-down\"><\/i>\r\n                            <\/div>\r\n                            <div class=\"mec-content-toggle\" aria-hidden=\"true\" style=\"display: none;\">\r\n                                <div class=\"mec-toggle-content\">\r\n                                    <div class=\"mec-wrap colorskin-custom clearfix  mec-modal-wrap\" id=\"mec_skin_5534\" data-unique-id=\"5534\">\r\n    <article class=\"mec-single-event mec-single-modern mec-single-modal\">\r\n        <div class=\"mec-events-event-image\">\r\n            <img loading=\"lazy\" decoding=\"async\" width=\"498\" height=\"358\" src=\"https:\/\/eloisefaresharpiste.com\/wp-content\/uploads\/2025\/07\/visuel-orchestre-les-3-chenes.jpg\" class=\"attachment-full size-full wp-post-image\" alt=\"\" data-mec-postid=\"279\" \/>        <\/div>\r\n        \r\n        <div class=\"col-md-4\">\r\n\r\n            <div class=\"mec-event-meta mec-color-before mec-frontbox mec-util-hidden\">\r\n                \r\n                <!-- Sponsors Module -->\r\n                \r\n                <!-- Register Booking Button -->\r\n                            <\/div>\r\n\r\n            <!-- Weather Module -->\r\n            \r\n            <!-- QRCode Module -->\r\n            \r\n            <!-- Public Download Module -->\r\n            \r\n            <!-- Local Time Module -->\r\n            \r\n            <div class=\"mec-event-meta mec-color-before mec-frontbox\">\r\n\r\n                                                \r\n                                    <div class=\"mec-single-event-location\">\r\n                        <i class=\"mec-sl-location-pin\"><\/i>                        <h3 class=\"mec-events-single-section-title mec-location\">Location<\/h3>\r\n\r\n                        \r\n                        <dl>\r\n                        <dd class=\"author fn org\">Salle de Thonex - Geneve<\/dd>\r\n\r\n                        <dd class=\"location\"><address class=\"mec-events-address\"><span class=\"mec-address\"><\/span><\/address><\/dd>\r\n\r\n                                                <\/dl>\r\n                    <\/div>\r\n                    \r\n                                    <div class=\"mec-single-event-category\">\r\n                        <i class=\"mec-sl-folder\"><\/i>                        <h3 class=\"mec-events-single-section-title mec-category\">Category<\/h3>\r\n                        <dl>\r\n                        <dd class=\"mec-events-event-categories\"><a href=\"https:\/\/eloisefaresharpiste.com\/en\/mec-category\/agenda\/\" class=\"mec-color-hover\" rel=\"tag\"><i class=\"mec-fa-angle-right\"><\/i>agenda<\/a><\/dd>                        <\/dl>\r\n                    <\/div>\r\n                    \r\n                \r\n            <\/div>\r\n\r\n            <!-- Speaker List Module -->\r\n            \r\n            <!-- Attendees List Module -->\r\n            \r\n            <!-- Next Previous Module -->\r\n                    <\/div>\r\n\r\n        <div class=\"col-md-8\">\r\n\r\n            <div class=\"mec-event-content\">\r\n                <div class=\"mec-single-event-description mec-events-content\">\r\n                    <p>Britten &#8211; The young person\u2018s guide to the orchestra etc&#8230;<\/p>\n                                                                            <\/div>\r\n            <\/div>\r\n\r\n            \r\n            <!-- Custom Data Fields -->\r\n            \r\n            <!-- FAQ -->\r\n            \r\n            <!-- Links Module -->\r\n            <div class=\"mec-event-social mec-frontbox\">\r\n     <h3 class=\"mec-social-single mec-frontbox-title\">Share this event<\/h3>\r\n     <div class=\"mec-event-sharing\">\r\n        <div class=\"mec-links-details\">\r\n            <ul>\r\n                <li class=\"mec-event-social-icon\"><a class=\"facebook\" href=\"https:\/\/www.facebook.com\/sharer\/sharer.php?u=https%3A%2F%2Fwww.orchestre-des-trois-chene.ch%2Florchestre%2F\" onclick=\"javascript:window.open(this.href, &#039;&#039;, &#039;menubar=no,toolbar=no,resizable=yes,scrollbars=yes,height=500,width=600&#039;); return false;\" target=\"_blank\" title=\"Share on Facebook\" aria-label=\"Share on Facebook\" rel=\"noopener\"><i class=\"mec-fa-facebook\"><\/i><span class=\"mec-social-title\"><\/span><\/a><\/li><li class=\"mec-event-social-icon\"><a class=\"twitter\" href=\"https:\/\/x.com\/intent\/tweet?url=https%3A%2F%2Fwww.orchestre-des-trois-chene.ch%2Florchestre%2F\" onclick=\"javascript:window.open(this.href, &#039;&#039;, &#039;menubar=no,toolbar=no,resizable=yes,scrollbars=yes,height=600,width=500&#039;); return false;\" target=\"_blank\" title=\"X Social Network\" aria-label=\"Share on X\"><svg xmlns=\"http:\/\/www.w3.org\/2000\/svg\" shape-rendering=\"geometricPrecision\" text-rendering=\"geometricPrecision\" image-rendering=\"optimizeQuality\" fill-rule=\"evenodd\" clip-rule=\"evenodd\" viewbox=\"0 0 512 462.799\"><path fill-rule=\"nonzero\" d=\"M403.229 0h78.506L310.219 196.04 512 462.799H354.002L230.261 301.007 88.669 462.799h-78.56l183.455-209.683L0 0h161.999l111.856 147.88L403.229 0zm-27.556 415.805h43.505L138.363 44.527h-46.68l283.99 371.278z\"\/><\/svg><span class=\"mec-social-title\"><\/span><\/a><\/li><li class=\"mec-event-social-icon\"><a class=\"linkedin\" href=\"https:\/\/www.linkedin.com\/shareArticle?mini=true&amp;url=https%3A%2F%2Fwww.orchestre-des-trois-chene.ch%2Florchestre%2F\" onclick=\"javascript:window.open(this.href, &#039;&#039;, &#039;menubar=no,toolbar=no,resizable=yes,scrollbars=yes,height=600,width=500&#039;); return false;\" target=\"_blank\" title=\"Linkedin\" aria-label=\"Share on Linkedin\" rel=\"noopener\"><i class=\"mec-fa-linkedin\"><\/i><span class=\"mec-social-title\"><\/span><\/a><\/li><li class=\"mec-event-social-icon\"><a class=\"email\" href=\"mailto:?subject=Orchestre%20des%20Trois%20Ch%C3%AAnes%20%E2%80%93%20direction%20Arturo%20Corrales&body=https%3A%2F%2Fwww.orchestre-des-trois-chene.ch%2Florchestre%2F\" title=\"Email\" aria-label=\"Share via Email\"><i class=\"mec-fa-envelope\"><\/i><span class=\"mec-social-title\"><\/span><\/a><\/li>            <\/ul>\r\n        <\/div>\r\n    <\/div>\r\n<\/div>\r\n            <!-- Google Maps Module -->\r\n            <div class=\"mec-events-meta-group mec-events-meta-group-gmap\">\r\n                            <\/div>\r\n\r\n            <!-- Export Module -->\r\n            <div class=\"mec-event-export-module mec-frontbox\">\r\n     <div class=\"mec-event-exporting\">\r\n        <div class=\"mec-export-details\">\r\n            <ul>\r\n                <li><a class=\"mec-events-gcal mec-events-button mec-color mec-bg-color-hover mec-border-color\" href=\"https:\/\/calendar.google.com\/calendar\/render?action=TEMPLATE&amp;text=Orchestre+des+Trois+Ch%C3%AAnes+%E2%80%93+direction+Arturo+Corrales&amp;dates=20250617T183000Z\/20250617T183000Z&amp;details=Britten+-+The+young+person%E2%80%98s+guide+to+the+orchestra+etc...&amp;location=\" target=\"_blank\" rel=\"noopener\">+ Add to Google Calendar<\/a><\/li>                <li><a class=\"mec-events-gcal mec-events-button mec-color mec-bg-color-hover mec-border-color\" href=\"https:\/\/eloisefaresharpiste.com\/en\/?method=ical&#038;id=279\">+ iCal \/ Outlook export<\/a><\/li>            <\/ul>\r\n        <\/div>\r\n    <\/div>\r\n<\/div>\r\n            <!-- Hourly Schedule -->\r\n            \r\n            \t\t\t<!-- Booking Module -->\r\n            \r\n            <!-- Tags -->\r\n            <div class=\"mec-events-meta-group mec-events-meta-group-tags\">\r\n                            <\/div>\r\n\r\n        <\/div>\r\n    <\/article>\r\n<\/div>\r\n<script>\r\n\/\/ Fix modal speaker in some themes\r\njQuery(\"#mec_skin_5534 .mec-speaker-avatar-dialog a\").on('click', function(e)\r\n{\r\n    e.preventDefault();\r\n\r\n    var id = jQuery(this).attr('href');\r\n    lity(id);\r\n\r\n    return false;\r\n});\r\n<\/script>\r\n                                <\/div>\r\n                            <\/div>\r\n                        <\/div><!-- toggle item end -->\r\n                    <\/div><!-- toggles wrap end -->\r\n                            <\/article>\r\n            \t\t\r\n                        <div class=\"mec-month-divider\" data-toggle-divider=\"mec-toggle-202505-mec2\"><h5 style=\"display: inline;\">May 2025<\/h5><i class=\"mec-sl-arrow-down\"><\/i><\/div>\r\n            \r\n                        <article class=\"mec-past-event mec-event-article  mec-clear  mec-divider-toggle mec-toggle-202505-mec2\" itemscope>\r\n                                    <!-- toggles wrap start -->\r\n                    <div class=\"mec-events-toggle\">\r\n                        <!-- toggle item start -->\r\n                        <div class=\"mec-toggle-item\">\r\n                            <div class=\"mec-toggle-item-inner\" tabindex=\"0\">\r\n                                                                <div class=\"mec-toggle-item-col\">\r\n                                                                            <div class=\"mec-event-month\"><span class=\"mec-start-date-label\">20 May<\/span><\/div>\r\n                                                                        <div class=\"mec-time-details\"><span class=\"mec-start-time\">20h00<\/span><\/div>                                <\/div>\r\n                                <h3 class=\"mec-toggle-title\">\r\n                                    Geneva Camerata \u2013 GECA Saison 2024 \u2013 2025<\/h3>\r\n                                                                <i class=\"mec-sl-arrow-down\"><\/i>\r\n                            <\/div>\r\n                            <div class=\"mec-content-toggle\" aria-hidden=\"true\" style=\"display: none;\">\r\n                                <div class=\"mec-toggle-content\">\r\n                                    <div class=\"mec-wrap colorskin-custom clearfix  mec-modal-wrap\" id=\"mec_skin_6351\" data-unique-id=\"6351\">\r\n    <article class=\"mec-single-event mec-single-modern mec-single-modal\">\r\n        <div class=\"mec-events-event-image\">\r\n            <img loading=\"lazy\" decoding=\"async\" width=\"2048\" height=\"2048\" src=\"https:\/\/eloisefaresharpiste.com\/wp-content\/uploads\/2025\/07\/visuel-GECA.jpeg\" class=\"attachment-full size-full wp-post-image\" alt=\"\" data-mec-postid=\"630\" \/>        <\/div>\r\n        \r\n        <div class=\"col-md-4\">\r\n\r\n            <div class=\"mec-event-meta mec-color-before mec-frontbox mec-util-hidden\">\r\n                \r\n                <!-- Sponsors Module -->\r\n                \r\n                <!-- Register Booking Button -->\r\n                            <\/div>\r\n\r\n            <!-- Weather Module -->\r\n            \r\n            <!-- QRCode Module -->\r\n            \r\n            <!-- Public Download Module -->\r\n            \r\n            <!-- Local Time Module -->\r\n            \r\n            <div class=\"mec-event-meta mec-color-before mec-frontbox\">\r\n\r\n                                                \r\n                                    <div class=\"mec-single-event-location\">\r\n                        <i class=\"mec-sl-location-pin\"><\/i>                        <h3 class=\"mec-events-single-section-title mec-location\">Location<\/h3>\r\n\r\n                        \r\n                        <dl>\r\n                        <dd class=\"author fn org\">B\u00e2timent des forces motrices - Geneva - SWITZERLAND<\/dd>\r\n\r\n                        <dd class=\"location\"><address class=\"mec-events-address\"><span class=\"mec-address\"><\/span><\/address><\/dd>\r\n\r\n                                                <\/dl>\r\n                    <\/div>\r\n                    \r\n                                    <div class=\"mec-single-event-category\">\r\n                        <i class=\"mec-sl-folder\"><\/i>                        <h3 class=\"mec-events-single-section-title mec-category\">Category<\/h3>\r\n                        <dl>\r\n                        <dd class=\"mec-events-event-categories\"><a href=\"https:\/\/eloisefaresharpiste.com\/en\/mec-category\/agenda\/\" class=\"mec-color-hover\" rel=\"tag\"><i class=\"mec-fa-angle-right\"><\/i>agenda<\/a><\/dd>                        <\/dl>\r\n                    <\/div>\r\n                    \r\n                \r\n            <\/div>\r\n\r\n            <!-- Speaker List Module -->\r\n            \r\n            <!-- Attendees List Module -->\r\n            \r\n            <!-- Next Previous Module -->\r\n                    <\/div>\r\n\r\n        <div class=\"col-md-8\">\r\n\r\n            <div class=\"mec-event-content\">\r\n                <div class=\"mec-single-event-description mec-events-content\">\r\n                                                                                                <\/div>\r\n            <\/div>\r\n\r\n            \r\n            <!-- Custom Data Fields -->\r\n            \r\n            <!-- FAQ -->\r\n            \r\n            <!-- Links Module -->\r\n            <div class=\"mec-event-social mec-frontbox\">\r\n     <h3 class=\"mec-social-single mec-frontbox-title\">Share this event<\/h3>\r\n     <div class=\"mec-event-sharing\">\r\n        <div class=\"mec-links-details\">\r\n            <ul>\r\n                <li class=\"mec-event-social-icon\"><a class=\"facebook\" href=\"https:\/\/www.facebook.com\/sharer\/sharer.php?u=https%3A%2F%2Fwww.genevacamerata.com%2Ffr\" onclick=\"javascript:window.open(this.href, &#039;&#039;, &#039;menubar=no,toolbar=no,resizable=yes,scrollbars=yes,height=500,width=600&#039;); return false;\" target=\"_blank\" title=\"Share on Facebook\" aria-label=\"Share on Facebook\" rel=\"noopener\"><i class=\"mec-fa-facebook\"><\/i><span class=\"mec-social-title\"><\/span><\/a><\/li><li class=\"mec-event-social-icon\"><a class=\"twitter\" href=\"https:\/\/x.com\/intent\/tweet?url=https%3A%2F%2Fwww.genevacamerata.com%2Ffr\" onclick=\"javascript:window.open(this.href, &#039;&#039;, &#039;menubar=no,toolbar=no,resizable=yes,scrollbars=yes,height=600,width=500&#039;); return false;\" target=\"_blank\" title=\"X Social Network\" aria-label=\"Share on X\"><svg xmlns=\"http:\/\/www.w3.org\/2000\/svg\" shape-rendering=\"geometricPrecision\" text-rendering=\"geometricPrecision\" image-rendering=\"optimizeQuality\" fill-rule=\"evenodd\" clip-rule=\"evenodd\" viewbox=\"0 0 512 462.799\"><path fill-rule=\"nonzero\" d=\"M403.229 0h78.506L310.219 196.04 512 462.799H354.002L230.261 301.007 88.669 462.799h-78.56l183.455-209.683L0 0h161.999l111.856 147.88L403.229 0zm-27.556 415.805h43.505L138.363 44.527h-46.68l283.99 371.278z\"\/><\/svg><span class=\"mec-social-title\"><\/span><\/a><\/li><li class=\"mec-event-social-icon\"><a class=\"linkedin\" href=\"https:\/\/www.linkedin.com\/shareArticle?mini=true&amp;url=https%3A%2F%2Fwww.genevacamerata.com%2Ffr\" onclick=\"javascript:window.open(this.href, &#039;&#039;, &#039;menubar=no,toolbar=no,resizable=yes,scrollbars=yes,height=600,width=500&#039;); return false;\" target=\"_blank\" title=\"Linkedin\" aria-label=\"Share on Linkedin\" rel=\"noopener\"><i class=\"mec-fa-linkedin\"><\/i><span class=\"mec-social-title\"><\/span><\/a><\/li><li class=\"mec-event-social-icon\"><a class=\"email\" href=\"mailto:?subject=Geneva%20Camerata%20%E2%80%93%20GECA%20Saison%202024%20%E2%80%93%202025&body=https%3A%2F%2Fwww.genevacamerata.com%2Ffr\" title=\"Email\" aria-label=\"Share via Email\"><i class=\"mec-fa-envelope\"><\/i><span class=\"mec-social-title\"><\/span><\/a><\/li>            <\/ul>\r\n        <\/div>\r\n    <\/div>\r\n<\/div>\r\n            <!-- Google Maps Module -->\r\n            <div class=\"mec-events-meta-group mec-events-meta-group-gmap\">\r\n                            <\/div>\r\n\r\n            <!-- Export Module -->\r\n            <div class=\"mec-event-export-module mec-frontbox\">\r\n     <div class=\"mec-event-exporting\">\r\n        <div class=\"mec-export-details\">\r\n            <ul>\r\n                <li><a class=\"mec-events-gcal mec-events-button mec-color mec-bg-color-hover mec-border-color\" href=\"https:\/\/calendar.google.com\/calendar\/render?action=TEMPLATE&amp;text=Geneva+Camerata+%E2%80%93+GECA+Saison+2024+%E2%80%93+2025&amp;dates=20250520T180000Z\/20250520T180000Z&amp;details=Geneva+Camerata+%E2%80%93+GECA+Saison+2024+%E2%80%93+2025&amp;location=\" target=\"_blank\" rel=\"noopener\">+ Add to Google Calendar<\/a><\/li>                <li><a class=\"mec-events-gcal mec-events-button mec-color mec-bg-color-hover mec-border-color\" href=\"https:\/\/eloisefaresharpiste.com\/en\/?method=ical&#038;id=630\">+ iCal \/ Outlook export<\/a><\/li>            <\/ul>\r\n        <\/div>\r\n    <\/div>\r\n<\/div>\r\n            <!-- Hourly Schedule -->\r\n            \r\n            \t\t\t<!-- Booking Module -->\r\n            \r\n            <!-- Tags -->\r\n            <div class=\"mec-events-meta-group mec-events-meta-group-tags\">\r\n                            <\/div>\r\n\r\n        <\/div>\r\n    <\/article>\r\n<\/div>\r\n<script>\r\n\/\/ Fix modal speaker in some themes\r\njQuery(\"#mec_skin_6351 .mec-speaker-avatar-dialog a\").on('click', function(e)\r\n{\r\n    e.preventDefault();\r\n\r\n    var id = jQuery(this).attr('href');\r\n    lity(id);\r\n\r\n    return false;\r\n});\r\n<\/script>\r\n                                <\/div>\r\n                            <\/div>\r\n                        <\/div><!-- toggle item end -->\r\n                    <\/div><!-- toggles wrap end -->\r\n                            <\/article>\r\n            \t\t\r\n            \r\n                        <article class=\"mec-past-event mec-event-article  mec-clear  mec-divider-toggle mec-toggle-202505-mec2\" itemscope>\r\n                                    <!-- toggles wrap start -->\r\n                    <div class=\"mec-events-toggle\">\r\n                        <!-- toggle item start -->\r\n                        <div class=\"mec-toggle-item\">\r\n                            <div class=\"mec-toggle-item-inner\" tabindex=\"0\">\r\n                                                                <div class=\"mec-toggle-item-col\">\r\n                                                                            <div class=\"mec-event-month\"><span class=\"mec-start-date-label\">15 May<\/span><\/div>\r\n                                                                        <div class=\"mec-time-details\"><span class=\"mec-start-time\">15h00<\/span><\/div>                                <\/div>\r\n                                <h3 class=\"mec-toggle-title\">\r\n                                    Recital de harpe &#8211;  Compagnie \u00ab La renaissance \u00bb<\/h3>\r\n                                                                <i class=\"mec-sl-arrow-down\"><\/i>\r\n                            <\/div>\r\n                            <div class=\"mec-content-toggle\" aria-hidden=\"true\" style=\"display: none;\">\r\n                                <div class=\"mec-toggle-content\">\r\n                                    <div class=\"mec-wrap colorskin-custom clearfix  mec-modal-wrap\" id=\"mec_skin_7950\" data-unique-id=\"7950\">\r\n    <article class=\"mec-single-event mec-single-modern mec-single-modal\">\r\n        <div class=\"mec-events-event-image\">\r\n            <img loading=\"lazy\" decoding=\"async\" width=\"1920\" height=\"493\" src=\"https:\/\/eloisefaresharpiste.com\/wp-content\/uploads\/2025\/07\/visueul-cie-la-rennaissance.jpeg\" class=\"attachment-full size-full wp-post-image\" alt=\"\" data-mec-postid=\"631\" \/>        <\/div>\r\n        \r\n        <div class=\"col-md-4\">\r\n\r\n            <div class=\"mec-event-meta mec-color-before mec-frontbox mec-util-hidden\">\r\n                \r\n                <!-- Sponsors Module -->\r\n                \r\n                <!-- Register Booking Button -->\r\n                            <\/div>\r\n\r\n            <!-- Weather Module -->\r\n            \r\n            <!-- QRCode Module -->\r\n            \r\n            <!-- Public Download Module -->\r\n            \r\n            <!-- Local Time Module -->\r\n            \r\n            <div class=\"mec-event-meta mec-color-before mec-frontbox\">\r\n\r\n                                                \r\n                                    <div class=\"mec-single-event-location\">\r\n                        <i class=\"mec-sl-location-pin\"><\/i>                        <h3 class=\"mec-events-single-section-title mec-location\">Location<\/h3>\r\n\r\n                        \r\n                        <dl>\r\n                        <dd class=\"author fn org\">Theatre de Morges - Suisse Avec Lydia Weyrich<\/dd>\r\n\r\n                        <dd class=\"location\"><address class=\"mec-events-address\"><span class=\"mec-address\"><\/span><\/address><\/dd>\r\n\r\n                                                <\/dl>\r\n                    <\/div>\r\n                    \r\n                                    <div class=\"mec-single-event-category\">\r\n                        <i class=\"mec-sl-folder\"><\/i>                        <h3 class=\"mec-events-single-section-title mec-category\">Category<\/h3>\r\n                        <dl>\r\n                        <dd class=\"mec-events-event-categories\"><a href=\"https:\/\/eloisefaresharpiste.com\/en\/mec-category\/agenda\/\" class=\"mec-color-hover\" rel=\"tag\"><i class=\"mec-fa-angle-right\"><\/i>agenda<\/a><\/dd>                        <\/dl>\r\n                    <\/div>\r\n                    \r\n                \r\n            <\/div>\r\n\r\n            <!-- Speaker List Module -->\r\n            \r\n            <!-- Attendees List Module -->\r\n            \r\n            <!-- Next Previous Module -->\r\n                    <\/div>\r\n\r\n        <div class=\"col-md-8\">\r\n\r\n            <div class=\"mec-event-content\">\r\n                <div class=\"mec-single-event-description mec-events-content\">\r\n                    <p>Recital de harpe, texte interpr\u00e9t\u00e9 \u00ab Isadora Duncan, danseuse de g\u00e9nie \u00bb<\/p>\n                                                                            <\/div>\r\n            <\/div>\r\n\r\n            \r\n            <!-- Custom Data Fields -->\r\n            \r\n            <!-- FAQ -->\r\n            \r\n            <!-- Links Module -->\r\n            <div class=\"mec-event-social mec-frontbox\">\r\n     <h3 class=\"mec-social-single mec-frontbox-title\">Share this event<\/h3>\r\n     <div class=\"mec-event-sharing\">\r\n        <div class=\"mec-links-details\">\r\n            <ul>\r\n                <li class=\"mec-event-social-icon\"><a class=\"facebook\" href=\"https:\/\/www.facebook.com\/sharer\/sharer.php?u=https%3A%2F%2Fwww.compagnielarenaissance.ch%2F\" onclick=\"javascript:window.open(this.href, &#039;&#039;, &#039;menubar=no,toolbar=no,resizable=yes,scrollbars=yes,height=500,width=600&#039;); return false;\" target=\"_blank\" title=\"Share on Facebook\" aria-label=\"Share on Facebook\" rel=\"noopener\"><i class=\"mec-fa-facebook\"><\/i><span class=\"mec-social-title\"><\/span><\/a><\/li><li class=\"mec-event-social-icon\"><a class=\"twitter\" href=\"https:\/\/x.com\/intent\/tweet?url=https%3A%2F%2Fwww.compagnielarenaissance.ch%2F\" onclick=\"javascript:window.open(this.href, &#039;&#039;, &#039;menubar=no,toolbar=no,resizable=yes,scrollbars=yes,height=600,width=500&#039;); return false;\" target=\"_blank\" title=\"X Social Network\" aria-label=\"Share on X\"><svg xmlns=\"http:\/\/www.w3.org\/2000\/svg\" shape-rendering=\"geometricPrecision\" text-rendering=\"geometricPrecision\" image-rendering=\"optimizeQuality\" fill-rule=\"evenodd\" clip-rule=\"evenodd\" viewbox=\"0 0 512 462.799\"><path fill-rule=\"nonzero\" d=\"M403.229 0h78.506L310.219 196.04 512 462.799H354.002L230.261 301.007 88.669 462.799h-78.56l183.455-209.683L0 0h161.999l111.856 147.88L403.229 0zm-27.556 415.805h43.505L138.363 44.527h-46.68l283.99 371.278z\"\/><\/svg><span class=\"mec-social-title\"><\/span><\/a><\/li><li class=\"mec-event-social-icon\"><a class=\"linkedin\" href=\"https:\/\/www.linkedin.com\/shareArticle?mini=true&amp;url=https%3A%2F%2Fwww.compagnielarenaissance.ch%2F\" onclick=\"javascript:window.open(this.href, &#039;&#039;, &#039;menubar=no,toolbar=no,resizable=yes,scrollbars=yes,height=600,width=500&#039;); return false;\" target=\"_blank\" title=\"Linkedin\" aria-label=\"Share on Linkedin\" rel=\"noopener\"><i class=\"mec-fa-linkedin\"><\/i><span class=\"mec-social-title\"><\/span><\/a><\/li><li class=\"mec-event-social-icon\"><a class=\"email\" href=\"mailto:?subject=Recital%20de%20harpe%20-%20%20Compagnie%20%C2%AB%20La%20renaissance%20%C2%BB&body=https%3A%2F%2Fwww.compagnielarenaissance.ch%2F\" title=\"Email\" aria-label=\"Share via Email\"><i class=\"mec-fa-envelope\"><\/i><span class=\"mec-social-title\"><\/span><\/a><\/li>            <\/ul>\r\n        <\/div>\r\n    <\/div>\r\n<\/div>\r\n            <!-- Google Maps Module -->\r\n            <div class=\"mec-events-meta-group mec-events-meta-group-gmap\">\r\n                            <\/div>\r\n\r\n            <!-- Export Module -->\r\n            <div class=\"mec-event-export-module mec-frontbox\">\r\n     <div class=\"mec-event-exporting\">\r\n        <div class=\"mec-export-details\">\r\n            <ul>\r\n                <li><a class=\"mec-events-gcal mec-events-button mec-color mec-bg-color-hover mec-border-color\" href=\"https:\/\/calendar.google.com\/calendar\/render?action=TEMPLATE&amp;text=Recital+de+harpe+-++Compagnie+%C2%AB+La+renaissance+%C2%BB&amp;dates=20250515T130000Z\/20250515T183000Z&amp;details=Recital+de+harpe%2C+texte+interpr%C3%A9t%C3%A9+%C2%AB+Isadora+Duncan%2C+danseuse+de+g%C3%A9nie+%C2%BB&amp;location=\" target=\"_blank\" rel=\"noopener\">+ Add to Google Calendar<\/a><\/li>                <li><a class=\"mec-events-gcal mec-events-button mec-color mec-bg-color-hover mec-border-color\" href=\"https:\/\/eloisefaresharpiste.com\/en\/?method=ical&#038;id=631\">+ iCal \/ Outlook export<\/a><\/li>            <\/ul>\r\n        <\/div>\r\n    <\/div>\r\n<\/div>\r\n            <!-- Hourly Schedule -->\r\n            \r\n            \t\t\t<!-- Booking Module -->\r\n            \r\n            <!-- Tags -->\r\n            <div class=\"mec-events-meta-group mec-events-meta-group-tags\">\r\n                            <\/div>\r\n\r\n        <\/div>\r\n    <\/article>\r\n<\/div>\r\n<script>\r\n\/\/ Fix modal speaker in some themes\r\njQuery(\"#mec_skin_7950 .mec-speaker-avatar-dialog a\").on('click', function(e)\r\n{\r\n    e.preventDefault();\r\n\r\n    var id = jQuery(this).attr('href');\r\n    lity(id);\r\n\r\n    return false;\r\n});\r\n<\/script>\r\n                                <\/div>\r\n                            <\/div>\r\n                        <\/div><!-- toggle item end -->\r\n                    <\/div><!-- toggles wrap end -->\r\n                            <\/article>\r\n            \t\t\r\n                        <div class=\"mec-month-divider\" data-toggle-divider=\"mec-toggle-202504-mec2\"><h5 style=\"display: inline;\">April 2025<\/h5><i class=\"mec-sl-arrow-down\"><\/i><\/div>\r\n            \r\n                        <article class=\"mec-past-event mec-event-article  mec-clear  mec-divider-toggle mec-toggle-202504-mec2\" itemscope>\r\n                                    <!-- toggles wrap start -->\r\n                    <div class=\"mec-events-toggle\">\r\n                        <!-- toggle item start -->\r\n                        <div class=\"mec-toggle-item\">\r\n                            <div class=\"mec-toggle-item-inner\" tabindex=\"0\">\r\n                                                                <div class=\"mec-toggle-item-col\">\r\n                                                                            <div class=\"mec-event-month\"><span class=\"mec-start-date-label\">10 April<\/span><\/div>\r\n                                                                        <div class=\"mec-time-details\"><span class=\"mec-start-time\">17h30<\/span><\/div>                                <\/div>\r\n                                <h3 class=\"mec-toggle-title\">\r\n                                    Festival Archipel \u2013 Concert Majuscule<\/h3>\r\n                                                                <i class=\"mec-sl-arrow-down\"><\/i>\r\n                            <\/div>\r\n                            <div class=\"mec-content-toggle\" aria-hidden=\"true\" style=\"display: none;\">\r\n                                <div class=\"mec-toggle-content\">\r\n                                    <div class=\"mec-wrap colorskin-custom clearfix  mec-modal-wrap\" id=\"mec_skin_3883\" data-unique-id=\"3883\">\r\n    <article class=\"mec-single-event mec-single-modern mec-single-modal\">\r\n        <div class=\"mec-events-event-image\">\r\n            <img loading=\"lazy\" decoding=\"async\" width=\"1080\" height=\"1080\" src=\"https:\/\/eloisefaresharpiste.com\/wp-content\/uploads\/2025\/07\/visuel-archipel.jpeg\" class=\"attachment-full size-full wp-post-image\" alt=\"\" data-mec-postid=\"632\" \/>        <\/div>\r\n        \r\n        <div class=\"col-md-4\">\r\n\r\n            <div class=\"mec-event-meta mec-color-before mec-frontbox mec-util-hidden\">\r\n                \r\n                <!-- Sponsors Module -->\r\n                \r\n                <!-- Register Booking Button -->\r\n                            <\/div>\r\n\r\n            <!-- Weather Module -->\r\n            \r\n            <!-- QRCode Module -->\r\n            \r\n            <!-- Public Download Module -->\r\n            \r\n            <!-- Local Time Module -->\r\n            \r\n            <div class=\"mec-event-meta mec-color-before mec-frontbox\">\r\n\r\n                                                \r\n                                    <div class=\"mec-single-event-location\">\r\n                        <i class=\"mec-sl-location-pin\"><\/i>                        <h3 class=\"mec-events-single-section-title mec-location\">Location<\/h3>\r\n\r\n                        \r\n                        <dl>\r\n                        <dd class=\"author fn org\">Concert - mediation \u00ab Un dragon qui n\u2019aimait pas le feu \u00bb<\/dd>\r\n\r\n                        <dd class=\"location\"><address class=\"mec-events-address\"><span class=\"mec-address\"><\/span><\/address><\/dd>\r\n\r\n                                                <\/dl>\r\n                    <\/div>\r\n                    \r\n                                    <div class=\"mec-single-event-category\">\r\n                        <i class=\"mec-sl-folder\"><\/i>                        <h3 class=\"mec-events-single-section-title mec-category\">Category<\/h3>\r\n                        <dl>\r\n                        <dd class=\"mec-events-event-categories\"><a href=\"https:\/\/eloisefaresharpiste.com\/en\/mec-category\/agenda\/\" class=\"mec-color-hover\" rel=\"tag\"><i class=\"mec-fa-angle-right\"><\/i>agenda<\/a><\/dd>                        <\/dl>\r\n                    <\/div>\r\n                    \r\n                \r\n            <\/div>\r\n\r\n            <!-- Speaker List Module -->\r\n            \r\n            <!-- Attendees List Module -->\r\n            \r\n            <!-- Next Previous Module -->\r\n                    <\/div>\r\n\r\n        <div class=\"col-md-8\">\r\n\r\n            <div class=\"mec-event-content\">\r\n                <div class=\"mec-single-event-description mec-events-content\">\r\n                    <p>Concert &#8211; mediation \u00ab Un dragon qui n\u2019aimait pas le feu \u00bb avec la participation de la classe de harpe du Conservatoire populaire de Gen\u00e8ve<\/p>\n                                                                            <\/div>\r\n            <\/div>\r\n\r\n            \r\n            <!-- Custom Data Fields -->\r\n            \r\n            <!-- FAQ -->\r\n            \r\n            <!-- Links Module -->\r\n            <div class=\"mec-event-social mec-frontbox\">\r\n     <h3 class=\"mec-social-single mec-frontbox-title\">Share this event<\/h3>\r\n     <div class=\"mec-event-sharing\">\r\n        <div class=\"mec-links-details\">\r\n            <ul>\r\n                <li class=\"mec-event-social-icon\"><a class=\"facebook\" href=\"https:\/\/www.facebook.com\/sharer\/sharer.php?u=https%3A%2F%2Farchipel.org%2Ffr\" onclick=\"javascript:window.open(this.href, &#039;&#039;, &#039;menubar=no,toolbar=no,resizable=yes,scrollbars=yes,height=500,width=600&#039;); return false;\" target=\"_blank\" title=\"Share on Facebook\" aria-label=\"Share on Facebook\" rel=\"noopener\"><i class=\"mec-fa-facebook\"><\/i><span class=\"mec-social-title\"><\/span><\/a><\/li><li class=\"mec-event-social-icon\"><a class=\"twitter\" href=\"https:\/\/x.com\/intent\/tweet?url=https%3A%2F%2Farchipel.org%2Ffr\" onclick=\"javascript:window.open(this.href, &#039;&#039;, &#039;menubar=no,toolbar=no,resizable=yes,scrollbars=yes,height=600,width=500&#039;); return false;\" target=\"_blank\" title=\"X Social Network\" aria-label=\"Share on X\"><svg xmlns=\"http:\/\/www.w3.org\/2000\/svg\" shape-rendering=\"geometricPrecision\" text-rendering=\"geometricPrecision\" image-rendering=\"optimizeQuality\" fill-rule=\"evenodd\" clip-rule=\"evenodd\" viewbox=\"0 0 512 462.799\"><path fill-rule=\"nonzero\" d=\"M403.229 0h78.506L310.219 196.04 512 462.799H354.002L230.261 301.007 88.669 462.799h-78.56l183.455-209.683L0 0h161.999l111.856 147.88L403.229 0zm-27.556 415.805h43.505L138.363 44.527h-46.68l283.99 371.278z\"\/><\/svg><span class=\"mec-social-title\"><\/span><\/a><\/li><li class=\"mec-event-social-icon\"><a class=\"linkedin\" href=\"https:\/\/www.linkedin.com\/shareArticle?mini=true&amp;url=https%3A%2F%2Farchipel.org%2Ffr\" onclick=\"javascript:window.open(this.href, &#039;&#039;, &#039;menubar=no,toolbar=no,resizable=yes,scrollbars=yes,height=600,width=500&#039;); return false;\" target=\"_blank\" title=\"Linkedin\" aria-label=\"Share on Linkedin\" rel=\"noopener\"><i class=\"mec-fa-linkedin\"><\/i><span class=\"mec-social-title\"><\/span><\/a><\/li><li class=\"mec-event-social-icon\"><a class=\"email\" href=\"mailto:?subject=Festival%20Archipel%20%E2%80%93%20Concert%20Majuscule&body=https%3A%2F%2Farchipel.org%2Ffr\" title=\"Email\" aria-label=\"Share via Email\"><i class=\"mec-fa-envelope\"><\/i><span class=\"mec-social-title\"><\/span><\/a><\/li>            <\/ul>\r\n        <\/div>\r\n    <\/div>\r\n<\/div>\r\n            <!-- Google Maps Module -->\r\n            <div class=\"mec-events-meta-group mec-events-meta-group-gmap\">\r\n                            <\/div>\r\n\r\n            <!-- Export Module -->\r\n            <div class=\"mec-event-export-module mec-frontbox\">\r\n     <div class=\"mec-event-exporting\">\r\n        <div class=\"mec-export-details\">\r\n            <ul>\r\n                <li><a class=\"mec-events-gcal mec-events-button mec-color mec-bg-color-hover mec-border-color\" href=\"https:\/\/calendar.google.com\/calendar\/render?action=TEMPLATE&amp;text=Festival+Archipel+%E2%80%93+Concert+Majuscule&amp;dates=20250410T153000Z\/20250410T183000Z&amp;details=Concert+-+mediation+%C2%AB+Un+dragon+qui+n%E2%80%99aimait+pas+le+feu+%C2%BB+avec+la+participation+de+la+classe+de+harpe+du+Conservatoire+populaire+de+Gen%C3%A8ve&amp;location=\" target=\"_blank\" rel=\"noopener\">+ Add to Google Calendar<\/a><\/li>                <li><a class=\"mec-events-gcal mec-events-button mec-color mec-bg-color-hover mec-border-color\" href=\"https:\/\/eloisefaresharpiste.com\/en\/?method=ical&#038;id=632\">+ iCal \/ Outlook export<\/a><\/li>            <\/ul>\r\n        <\/div>\r\n    <\/div>\r\n<\/div>\r\n            <!-- Hourly Schedule -->\r\n            \r\n            \t\t\t<!-- Booking Module -->\r\n            \r\n            <!-- Tags -->\r\n            <div class=\"mec-events-meta-group mec-events-meta-group-tags\">\r\n                            <\/div>\r\n\r\n        <\/div>\r\n    <\/article>\r\n<\/div>\r\n<script>\r\n\/\/ Fix modal speaker in some themes\r\njQuery(\"#mec_skin_3883 .mec-speaker-avatar-dialog a\").on('click', function(e)\r\n{\r\n    e.preventDefault();\r\n\r\n    var id = jQuery(this).attr('href');\r\n    lity(id);\r\n\r\n    return false;\r\n});\r\n<\/script>\r\n                                <\/div>\r\n                            <\/div>\r\n                        <\/div><!-- toggle item end -->\r\n                    <\/div><!-- toggles wrap end -->\r\n                            <\/article>\r\n            \t\t\r\n                        <div class=\"mec-month-divider\" data-toggle-divider=\"mec-toggle-202503-mec2\"><h5 style=\"display: inline;\">March 2025<\/h5><i class=\"mec-sl-arrow-down\"><\/i><\/div>\r\n            \r\n                        <article class=\"mec-past-event mec-event-article  mec-clear  mec-divider-toggle mec-toggle-202503-mec2\" itemscope>\r\n                                    <!-- toggles wrap start -->\r\n                    <div class=\"mec-events-toggle\">\r\n                        <!-- toggle item start -->\r\n                        <div class=\"mec-toggle-item\">\r\n                            <div class=\"mec-toggle-item-inner\" tabindex=\"0\">\r\n                                                                <div class=\"mec-toggle-item-col\">\r\n                                                                            <div class=\"mec-event-month\"><span class=\"mec-start-date-label\">22 March<\/span><span class=\"mec-end-date-label\" itemprop=\"endDate\"> - 07 April<\/span><\/div>\r\n                                                                        <div class=\"mec-time-details\"><span class=\"mec-start-time\">17h30<\/span> - <span class=\"mec-end-time\">20h30<\/span><\/div>                                <\/div>\r\n                                <h3 class=\"mec-toggle-title\">\r\n                                    Verbier Festival Chamber Orchestra<\/h3>\r\n                                                                <i class=\"mec-sl-arrow-down\"><\/i>\r\n                            <\/div>\r\n                            <div class=\"mec-content-toggle\" aria-hidden=\"true\" style=\"display: none;\">\r\n                                <div class=\"mec-toggle-content\">\r\n                                    <div class=\"mec-wrap colorskin-custom clearfix  mec-modal-wrap\" id=\"mec_skin_2615\" data-unique-id=\"2615\">\r\n    <article class=\"mec-single-event mec-single-modern mec-single-modal\">\r\n        <div class=\"mec-events-event-image\">\r\n            <img loading=\"lazy\" decoding=\"async\" width=\"816\" height=\"638\" src=\"https:\/\/eloisefaresharpiste.com\/wp-content\/uploads\/2025\/07\/visuel-verbier-festival.jpeg\" class=\"attachment-full size-full wp-post-image\" alt=\"\" data-mec-postid=\"634\" \/>        <\/div>\r\n        \r\n        <div class=\"col-md-4\">\r\n\r\n            <div class=\"mec-event-meta mec-color-before mec-frontbox mec-util-hidden\">\r\n                \r\n                <!-- Sponsors Module -->\r\n                \r\n                <!-- Register Booking Button -->\r\n                            <\/div>\r\n\r\n            <!-- Weather Module -->\r\n            \r\n            <!-- QRCode Module -->\r\n            \r\n            <!-- Public Download Module -->\r\n            \r\n            <!-- Local Time Module -->\r\n            \r\n            <div class=\"mec-event-meta mec-color-before mec-frontbox\">\r\n\r\n                                                \r\n                                    <div class=\"mec-single-event-location\">\r\n                        <i class=\"mec-sl-location-pin\"><\/i>                        <h3 class=\"mec-events-single-section-title mec-location\">Location<\/h3>\r\n\r\n                        \r\n                        <dl>\r\n                        <dd class=\"author fn org\">Tourn\u00e9e internationale<\/dd>\r\n\r\n                        <dd class=\"location\"><address class=\"mec-events-address\"><span class=\"mec-address\"><\/span><\/address><\/dd>\r\n\r\n                                                <\/dl>\r\n                    <\/div>\r\n                    \r\n                                    <div class=\"mec-single-event-category\">\r\n                        <i class=\"mec-sl-folder\"><\/i>                        <h3 class=\"mec-events-single-section-title mec-category\">Category<\/h3>\r\n                        <dl>\r\n                        <dd class=\"mec-events-event-categories\"><a href=\"https:\/\/eloisefaresharpiste.com\/en\/mec-category\/agenda\/\" class=\"mec-color-hover\" rel=\"tag\"><i class=\"mec-fa-angle-right\"><\/i>agenda<\/a><\/dd>                        <\/dl>\r\n                    <\/div>\r\n                    \r\n                \r\n            <\/div>\r\n\r\n            <!-- Speaker List Module -->\r\n            \r\n            <!-- Attendees List Module -->\r\n            \r\n            <!-- Next Previous Module -->\r\n                    <\/div>\r\n\r\n        <div class=\"col-md-8\">\r\n\r\n            <div class=\"mec-event-content\">\r\n                <div class=\"mec-single-event-description mec-events-content\">\r\n                    <p>Tongyeong Festival &#8211; Conductors Fabien Gabel, Shiyeon Sung &#8211; Tongyeong Festival Orchestra &amp; VFCO<\/p>\n                                                                            <\/div>\r\n            <\/div>\r\n\r\n            \r\n            <!-- Custom Data Fields -->\r\n            \r\n            <!-- FAQ -->\r\n            \r\n            <!-- Links Module -->\r\n            <div class=\"mec-event-social mec-frontbox\">\r\n     <h3 class=\"mec-social-single mec-frontbox-title\">Share this event<\/h3>\r\n     <div class=\"mec-event-sharing\">\r\n        <div class=\"mec-links-details\">\r\n            <ul>\r\n                <li class=\"mec-event-social-icon\"><a class=\"facebook\" href=\"https:\/\/www.facebook.com\/sharer\/sharer.php?u=https%3A%2F%2Fwww.vfco.com%2F\" onclick=\"javascript:window.open(this.href, &#039;&#039;, &#039;menubar=no,toolbar=no,resizable=yes,scrollbars=yes,height=500,width=600&#039;); return false;\" target=\"_blank\" title=\"Share on Facebook\" aria-label=\"Share on Facebook\" rel=\"noopener\"><i class=\"mec-fa-facebook\"><\/i><span class=\"mec-social-title\"><\/span><\/a><\/li><li class=\"mec-event-social-icon\"><a class=\"twitter\" href=\"https:\/\/x.com\/intent\/tweet?url=https%3A%2F%2Fwww.vfco.com%2F\" onclick=\"javascript:window.open(this.href, &#039;&#039;, &#039;menubar=no,toolbar=no,resizable=yes,scrollbars=yes,height=600,width=500&#039;); return false;\" target=\"_blank\" title=\"X Social Network\" aria-label=\"Share on X\"><svg xmlns=\"http:\/\/www.w3.org\/2000\/svg\" shape-rendering=\"geometricPrecision\" text-rendering=\"geometricPrecision\" image-rendering=\"optimizeQuality\" fill-rule=\"evenodd\" clip-rule=\"evenodd\" viewbox=\"0 0 512 462.799\"><path fill-rule=\"nonzero\" d=\"M403.229 0h78.506L310.219 196.04 512 462.799H354.002L230.261 301.007 88.669 462.799h-78.56l183.455-209.683L0 0h161.999l111.856 147.88L403.229 0zm-27.556 415.805h43.505L138.363 44.527h-46.68l283.99 371.278z\"\/><\/svg><span class=\"mec-social-title\"><\/span><\/a><\/li><li class=\"mec-event-social-icon\"><a class=\"linkedin\" href=\"https:\/\/www.linkedin.com\/shareArticle?mini=true&amp;url=https%3A%2F%2Fwww.vfco.com%2F\" onclick=\"javascript:window.open(this.href, &#039;&#039;, &#039;menubar=no,toolbar=no,resizable=yes,scrollbars=yes,height=600,width=500&#039;); return false;\" target=\"_blank\" title=\"Linkedin\" aria-label=\"Share on Linkedin\" rel=\"noopener\"><i class=\"mec-fa-linkedin\"><\/i><span class=\"mec-social-title\"><\/span><\/a><\/li><li class=\"mec-event-social-icon\"><a class=\"email\" href=\"mailto:?subject=Verbier%20Festival%20Chamber%20Orchestra&body=https%3A%2F%2Fwww.vfco.com%2F\" title=\"Email\" aria-label=\"Share via Email\"><i class=\"mec-fa-envelope\"><\/i><span class=\"mec-social-title\"><\/span><\/a><\/li>            <\/ul>\r\n        <\/div>\r\n    <\/div>\r\n<\/div>\r\n            <!-- Google Maps Module -->\r\n            <div class=\"mec-events-meta-group mec-events-meta-group-gmap\">\r\n                            <\/div>\r\n\r\n            <!-- Export Module -->\r\n            <div class=\"mec-event-export-module mec-frontbox\">\r\n     <div class=\"mec-event-exporting\">\r\n        <div class=\"mec-export-details\">\r\n            <ul>\r\n                <li><a class=\"mec-events-gcal mec-events-button mec-color mec-bg-color-hover mec-border-color\" href=\"https:\/\/calendar.google.com\/calendar\/render?action=TEMPLATE&amp;text=Verbier+Festival+Chamber+Orchestra&amp;dates=20250322T163000Z\/20250407T193000Z&amp;details=Tongyeong+Festival+-+Conductors+Fabien+Gabel%2C+Shiyeon+Sung+-+Tongyeong+Festival+Orchestra+%26amp%3B+VFCO&amp;location=\" target=\"_blank\" rel=\"noopener\">+ Add to Google Calendar<\/a><\/li>                <li><a class=\"mec-events-gcal mec-events-button mec-color mec-bg-color-hover mec-border-color\" href=\"https:\/\/eloisefaresharpiste.com\/en\/?method=ical&#038;id=634\">+ iCal \/ Outlook export<\/a><\/li>            <\/ul>\r\n        <\/div>\r\n    <\/div>\r\n<\/div>\r\n            <!-- Hourly Schedule -->\r\n            \r\n            \t\t\t<!-- Booking Module -->\r\n            \r\n            <!-- Tags -->\r\n            <div class=\"mec-events-meta-group mec-events-meta-group-tags\">\r\n                            <\/div>\r\n\r\n        <\/div>\r\n    <\/article>\r\n<\/div>\r\n<script>\r\n\/\/ Fix modal speaker in some themes\r\njQuery(\"#mec_skin_2615 .mec-speaker-avatar-dialog a\").on('click', function(e)\r\n{\r\n    e.preventDefault();\r\n\r\n    var id = jQuery(this).attr('href');\r\n    lity(id);\r\n\r\n    return false;\r\n});\r\n<\/script>\r\n                                <\/div>\r\n                            <\/div>\r\n                        <\/div><!-- toggle item end -->\r\n                    <\/div><!-- toggles wrap end -->\r\n                            <\/article>\r\n            \t\t\r\n            \r\n                        <article class=\"mec-past-event mec-event-article  mec-clear  mec-divider-toggle mec-toggle-202503-mec2\" itemscope>\r\n                                    <!-- toggles wrap start -->\r\n                    <div class=\"mec-events-toggle\">\r\n                        <!-- toggle item start -->\r\n                        <div class=\"mec-toggle-item\">\r\n                            <div class=\"mec-toggle-item-inner\" tabindex=\"0\">\r\n                                                                <div class=\"mec-toggle-item-col\">\r\n                                                                            <div class=\"mec-event-month\"><span class=\"mec-start-date-label\">04 - 08 March<\/span><\/div>\r\n                                                                        <div class=\"mec-time-details\"><span class=\"mec-start-time\">8h00<\/span> - <span class=\"mec-end-time\">18h00<\/span><\/div>                                <\/div>\r\n                                <h3 class=\"mec-toggle-title\">\r\n                                    Festival Bilbao &#8211; Symphonie Fantastique avec Iv\u00e1n Bragado Poveda<\/h3>\r\n                                                                <i class=\"mec-sl-arrow-down\"><\/i>\r\n                            <\/div>\r\n                            <div class=\"mec-content-toggle\" aria-hidden=\"true\" style=\"display: none;\">\r\n                                <div class=\"mec-toggle-content\">\r\n                                    <div class=\"mec-wrap colorskin-custom clearfix  mec-modal-wrap\" id=\"mec_skin_4123\" data-unique-id=\"4123\">\r\n    <article class=\"mec-single-event mec-single-modern mec-single-modal\">\r\n        <div class=\"mec-events-event-image\">\r\n            <img loading=\"lazy\" decoding=\"async\" width=\"227\" height=\"159\" src=\"https:\/\/eloisefaresharpiste.com\/wp-content\/uploads\/2025\/07\/visuel-euskadiko-orkestra-1.gif\" class=\"attachment-full size-full wp-post-image\" alt=\"\" data-mec-postid=\"897\" \/>        <\/div>\r\n        \r\n        <div class=\"col-md-4\">\r\n\r\n            <div class=\"mec-event-meta mec-color-before mec-frontbox mec-util-hidden\">\r\n                \r\n                <!-- Sponsors Module -->\r\n                \r\n                <!-- Register Booking Button -->\r\n                            <\/div>\r\n\r\n            <!-- Weather Module -->\r\n            \r\n            <!-- QRCode Module -->\r\n            \r\n            <!-- Public Download Module -->\r\n            \r\n            <!-- Local Time Module -->\r\n            \r\n            <div class=\"mec-event-meta mec-color-before mec-frontbox\">\r\n\r\n                                                \r\n                                    <div class=\"mec-single-event-location\">\r\n                        <i class=\"mec-sl-location-pin\"><\/i>                        <h3 class=\"mec-events-single-section-title mec-location\">Location<\/h3>\r\n\r\n                        \r\n                        <dl>\r\n                        <dd class=\"author fn org\">Euskadiko orkestra \u2013 direction Robert Trevi\u00f1o<\/dd>\r\n\r\n                        <dd class=\"location\"><address class=\"mec-events-address\"><span class=\"mec-address\"><\/span><\/address><\/dd>\r\n\r\n                                                <\/dl>\r\n                    <\/div>\r\n                    \r\n                                    <div class=\"mec-single-event-category\">\r\n                        <i class=\"mec-sl-folder\"><\/i>                        <h3 class=\"mec-events-single-section-title mec-category\">Category<\/h3>\r\n                        <dl>\r\n                        <dd class=\"mec-events-event-categories\"><a href=\"https:\/\/eloisefaresharpiste.com\/en\/mec-category\/agenda\/\" class=\"mec-color-hover\" rel=\"tag\"><i class=\"mec-fa-angle-right\"><\/i>agenda<\/a><\/dd>                        <\/dl>\r\n                    <\/div>\r\n                    \r\n                \r\n            <\/div>\r\n\r\n            <!-- Speaker List Module -->\r\n            \r\n            <!-- Attendees List Module -->\r\n            \r\n            <!-- Next Previous Module -->\r\n                    <\/div>\r\n\r\n        <div class=\"col-md-8\">\r\n\r\n            <div class=\"mec-event-content\">\r\n                <div class=\"mec-single-event-description mec-events-content\">\r\n                                                                                                <\/div>\r\n            <\/div>\r\n\r\n            \r\n            <!-- Custom Data Fields -->\r\n            \r\n            <!-- FAQ -->\r\n            \r\n            <!-- Links Module -->\r\n            <div class=\"mec-event-social mec-frontbox\">\r\n     <h3 class=\"mec-social-single mec-frontbox-title\">Share this event<\/h3>\r\n     <div class=\"mec-event-sharing\">\r\n        <div class=\"mec-links-details\">\r\n            <ul>\r\n                <li class=\"mec-event-social-icon\"><a class=\"facebook\" href=\"https:\/\/www.facebook.com\/sharer\/sharer.php?u=https%3A%2F%2Ffr.euskadikoorkestra.eus%2F\" onclick=\"javascript:window.open(this.href, &#039;&#039;, &#039;menubar=no,toolbar=no,resizable=yes,scrollbars=yes,height=500,width=600&#039;); return false;\" target=\"_blank\" title=\"Share on Facebook\" aria-label=\"Share on Facebook\" rel=\"noopener\"><i class=\"mec-fa-facebook\"><\/i><span class=\"mec-social-title\"><\/span><\/a><\/li><li class=\"mec-event-social-icon\"><a class=\"twitter\" href=\"https:\/\/x.com\/intent\/tweet?url=https%3A%2F%2Ffr.euskadikoorkestra.eus%2F\" onclick=\"javascript:window.open(this.href, &#039;&#039;, &#039;menubar=no,toolbar=no,resizable=yes,scrollbars=yes,height=600,width=500&#039;); return false;\" target=\"_blank\" title=\"X Social Network\" aria-label=\"Share on X\"><svg xmlns=\"http:\/\/www.w3.org\/2000\/svg\" shape-rendering=\"geometricPrecision\" text-rendering=\"geometricPrecision\" image-rendering=\"optimizeQuality\" fill-rule=\"evenodd\" clip-rule=\"evenodd\" viewbox=\"0 0 512 462.799\"><path fill-rule=\"nonzero\" d=\"M403.229 0h78.506L310.219 196.04 512 462.799H354.002L230.261 301.007 88.669 462.799h-78.56l183.455-209.683L0 0h161.999l111.856 147.88L403.229 0zm-27.556 415.805h43.505L138.363 44.527h-46.68l283.99 371.278z\"\/><\/svg><span class=\"mec-social-title\"><\/span><\/a><\/li><li class=\"mec-event-social-icon\"><a class=\"linkedin\" href=\"https:\/\/www.linkedin.com\/shareArticle?mini=true&amp;url=https%3A%2F%2Ffr.euskadikoorkestra.eus%2F\" onclick=\"javascript:window.open(this.href, &#039;&#039;, &#039;menubar=no,toolbar=no,resizable=yes,scrollbars=yes,height=600,width=500&#039;); return false;\" target=\"_blank\" title=\"Linkedin\" aria-label=\"Share on Linkedin\" rel=\"noopener\"><i class=\"mec-fa-linkedin\"><\/i><span class=\"mec-social-title\"><\/span><\/a><\/li><li class=\"mec-event-social-icon\"><a class=\"email\" href=\"mailto:?subject=Festival%20Bilbao%20-%20Symphonie%20Fantastique%20avec%20Iv%C3%A1n%20Bragado%20Poveda&body=https%3A%2F%2Ffr.euskadikoorkestra.eus%2F\" title=\"Email\" aria-label=\"Share via Email\"><i class=\"mec-fa-envelope\"><\/i><span class=\"mec-social-title\"><\/span><\/a><\/li>            <\/ul>\r\n        <\/div>\r\n    <\/div>\r\n<\/div>\r\n            <!-- Google Maps Module -->\r\n            <div class=\"mec-events-meta-group mec-events-meta-group-gmap\">\r\n                            <\/div>\r\n\r\n            <!-- Export Module -->\r\n            <div class=\"mec-event-export-module mec-frontbox\">\r\n     <div class=\"mec-event-exporting\">\r\n        <div class=\"mec-export-details\">\r\n            <ul>\r\n                <li><a class=\"mec-events-gcal mec-events-button mec-color mec-bg-color-hover mec-border-color\" href=\"https:\/\/calendar.google.com\/calendar\/render?action=TEMPLATE&amp;text=Festival+Bilbao+-+Symphonie+Fantastique+avec+Iv%C3%A1n+Bragado+Poveda&amp;dates=20250304T070000Z\/20250308T170000Z&amp;details=Festival+Bilbao+-+Symphonie+Fantastique+avec+Iv%C3%A1n+Bragado+Poveda&amp;location=\" target=\"_blank\" rel=\"noopener\">+ Add to Google Calendar<\/a><\/li>                <li><a class=\"mec-events-gcal mec-events-button mec-color mec-bg-color-hover mec-border-color\" href=\"https:\/\/eloisefaresharpiste.com\/en\/?method=ical&#038;id=897\">+ iCal \/ Outlook export<\/a><\/li>            <\/ul>\r\n        <\/div>\r\n    <\/div>\r\n<\/div>\r\n            <!-- Hourly Schedule -->\r\n            \r\n            \t\t\t<!-- Booking Module -->\r\n            \r\n            <!-- Tags -->\r\n            <div class=\"mec-events-meta-group mec-events-meta-group-tags\">\r\n                            <\/div>\r\n\r\n        <\/div>\r\n    <\/article>\r\n<\/div>\r\n<script>\r\n\/\/ Fix modal speaker in some themes\r\njQuery(\"#mec_skin_4123 .mec-speaker-avatar-dialog a\").on('click', function(e)\r\n{\r\n    e.preventDefault();\r\n\r\n    var id = jQuery(this).attr('href');\r\n    lity(id);\r\n\r\n    return false;\r\n});\r\n<\/script>\r\n                                <\/div>\r\n                            <\/div>\r\n                        <\/div><!-- toggle item end -->\r\n                    <\/div><!-- toggles wrap end -->\r\n                            <\/article>\r\n            \t\t\r\n                        <div class=\"mec-month-divider\" data-toggle-divider=\"mec-toggle-202412-mec2\"><h5 style=\"display: inline;\">December 2024<\/h5><i class=\"mec-sl-arrow-down\"><\/i><\/div>\r\n            \r\n                        <article class=\"mec-past-event mec-event-article  mec-clear  mec-divider-toggle mec-toggle-202412-mec2\" itemscope>\r\n                                    <!-- toggles wrap start -->\r\n                    <div class=\"mec-events-toggle\">\r\n                        <!-- toggle item start -->\r\n                        <div class=\"mec-toggle-item\">\r\n                            <div class=\"mec-toggle-item-inner\" tabindex=\"0\">\r\n                                                                <div class=\"mec-toggle-item-col\">\r\n                                                                            <div class=\"mec-event-month\"><span class=\"mec-start-date-label\">20 - 31 December<\/span><\/div>\r\n                                                                        <div class=\"mec-time-details\"><span class=\"mec-start-time\">8h00<\/span> - <span class=\"mec-end-time\">18h00<\/span><\/div>                                <\/div>\r\n                                <h3 class=\"mec-toggle-title\">\r\n                                    Orchestre National du Capitole de Toulouse &#8211; Ballet by Georges Balanchine<\/h3>\r\n                                                                <i class=\"mec-sl-arrow-down\"><\/i>\r\n                            <\/div>\r\n                            <div class=\"mec-content-toggle\" aria-hidden=\"true\" style=\"display: none;\">\r\n                                <div class=\"mec-toggle-content\">\r\n                                    <div class=\"mec-wrap colorskin-custom clearfix  mec-modal-wrap\" id=\"mec_skin_3964\" data-unique-id=\"3964\">\r\n    <article class=\"mec-single-event mec-single-modern mec-single-modal\">\r\n        <div class=\"mec-events-event-image\">\r\n            <img loading=\"lazy\" decoding=\"async\" width=\"800\" height=\"450\" src=\"https:\/\/eloisefaresharpiste.com\/wp-content\/uploads\/2025\/07\/Opera-national-capitole-Tououse.png\" class=\"attachment-full size-full wp-post-image\" alt=\"\" data-mec-postid=\"899\" \/>        <\/div>\r\n        \r\n        <div class=\"col-md-4\">\r\n\r\n            <div class=\"mec-event-meta mec-color-before mec-frontbox mec-util-hidden\">\r\n                \r\n                <!-- Sponsors Module -->\r\n                \r\n                <!-- Register Booking Button -->\r\n                            <\/div>\r\n\r\n            <!-- Weather Module -->\r\n            \r\n            <!-- QRCode Module -->\r\n            \r\n            <!-- Public Download Module -->\r\n            \r\n            <!-- Local Time Module -->\r\n            \r\n            <div class=\"mec-event-meta mec-color-before mec-frontbox\">\r\n\r\n                                                \r\n                                    <div class=\"mec-single-event-location\">\r\n                        <i class=\"mec-sl-location-pin\"><\/i>                        <h3 class=\"mec-events-single-section-title mec-location\">Location<\/h3>\r\n\r\n                        \r\n                        <dl>\r\n                        <dd class=\"author fn org\">Gershwin Th\u00e9\u00e2tre du Capitole de Toulouse<\/dd>\r\n\r\n                        <dd class=\"location\"><address class=\"mec-events-address\"><span class=\"mec-address\"><\/span><\/address><\/dd>\r\n\r\n                                                <\/dl>\r\n                    <\/div>\r\n                    \r\n                                    <div class=\"mec-single-event-category\">\r\n                        <i class=\"mec-sl-folder\"><\/i>                        <h3 class=\"mec-events-single-section-title mec-category\">Category<\/h3>\r\n                        <dl>\r\n                        <dd class=\"mec-events-event-categories\"><a href=\"https:\/\/eloisefaresharpiste.com\/en\/mec-category\/agenda\/\" class=\"mec-color-hover\" rel=\"tag\"><i class=\"mec-fa-angle-right\"><\/i>agenda<\/a><\/dd>                        <\/dl>\r\n                    <\/div>\r\n                    \r\n                \r\n            <\/div>\r\n\r\n            <!-- Speaker List Module -->\r\n            \r\n            <!-- Attendees List Module -->\r\n            \r\n            <!-- Next Previous Module -->\r\n                    <\/div>\r\n\r\n        <div class=\"col-md-8\">\r\n\r\n            <div class=\"mec-event-content\">\r\n                <div class=\"mec-single-event-description mec-events-content\">\r\n                                                                                                <\/div>\r\n            <\/div>\r\n\r\n            \r\n            <!-- Custom Data Fields -->\r\n            \r\n            <!-- FAQ -->\r\n            \r\n            <!-- Links Module -->\r\n            <div class=\"mec-event-social mec-frontbox\">\r\n     <h3 class=\"mec-social-single mec-frontbox-title\">Share this event<\/h3>\r\n     <div class=\"mec-event-sharing\">\r\n        <div class=\"mec-links-details\">\r\n            <ul>\r\n                <li class=\"mec-event-social-icon\"><a class=\"facebook\" href=\"https:\/\/www.facebook.com\/sharer\/sharer.php?u=https%3A%2F%2Fopera.toulouse.fr%2F\" onclick=\"javascript:window.open(this.href, &#039;&#039;, &#039;menubar=no,toolbar=no,resizable=yes,scrollbars=yes,height=500,width=600&#039;); return false;\" target=\"_blank\" title=\"Share on Facebook\" aria-label=\"Share on Facebook\" rel=\"noopener\"><i class=\"mec-fa-facebook\"><\/i><span class=\"mec-social-title\"><\/span><\/a><\/li><li class=\"mec-event-social-icon\"><a class=\"twitter\" href=\"https:\/\/x.com\/intent\/tweet?url=https%3A%2F%2Fopera.toulouse.fr%2F\" onclick=\"javascript:window.open(this.href, &#039;&#039;, &#039;menubar=no,toolbar=no,resizable=yes,scrollbars=yes,height=600,width=500&#039;); return false;\" target=\"_blank\" title=\"X Social Network\" aria-label=\"Share on X\"><svg xmlns=\"http:\/\/www.w3.org\/2000\/svg\" shape-rendering=\"geometricPrecision\" text-rendering=\"geometricPrecision\" image-rendering=\"optimizeQuality\" fill-rule=\"evenodd\" clip-rule=\"evenodd\" viewbox=\"0 0 512 462.799\"><path fill-rule=\"nonzero\" d=\"M403.229 0h78.506L310.219 196.04 512 462.799H354.002L230.261 301.007 88.669 462.799h-78.56l183.455-209.683L0 0h161.999l111.856 147.88L403.229 0zm-27.556 415.805h43.505L138.363 44.527h-46.68l283.99 371.278z\"\/><\/svg><span class=\"mec-social-title\"><\/span><\/a><\/li><li class=\"mec-event-social-icon\"><a class=\"linkedin\" href=\"https:\/\/www.linkedin.com\/shareArticle?mini=true&amp;url=https%3A%2F%2Fopera.toulouse.fr%2F\" onclick=\"javascript:window.open(this.href, &#039;&#039;, &#039;menubar=no,toolbar=no,resizable=yes,scrollbars=yes,height=600,width=500&#039;); return false;\" target=\"_blank\" title=\"Linkedin\" aria-label=\"Share on Linkedin\" rel=\"noopener\"><i class=\"mec-fa-linkedin\"><\/i><span class=\"mec-social-title\"><\/span><\/a><\/li><li class=\"mec-event-social-icon\"><a class=\"email\" href=\"mailto:?subject=Orchestre%20National%20du%20Capitole%20de%20Toulouse%20-%20Ballet%20by%20Georges%20Balanchine&body=https%3A%2F%2Fopera.toulouse.fr%2F\" title=\"Email\" aria-label=\"Share via Email\"><i class=\"mec-fa-envelope\"><\/i><span class=\"mec-social-title\"><\/span><\/a><\/li>            <\/ul>\r\n        <\/div>\r\n    <\/div>\r\n<\/div>\r\n            <!-- Google Maps Module -->\r\n            <div class=\"mec-events-meta-group mec-events-meta-group-gmap\">\r\n                            <\/div>\r\n\r\n            <!-- Export Module -->\r\n            <div class=\"mec-event-export-module mec-frontbox\">\r\n     <div class=\"mec-event-exporting\">\r\n        <div class=\"mec-export-details\">\r\n            <ul>\r\n                <li><a class=\"mec-events-gcal mec-events-button mec-color mec-bg-color-hover mec-border-color\" href=\"https:\/\/calendar.google.com\/calendar\/render?action=TEMPLATE&amp;text=Orchestre+National+du+Capitole+de+Toulouse+-+Ballet+by+Georges+Balanchine&amp;dates=20241220T070000Z\/20241231T170000Z&amp;details=Orchestre+National+du+Capitole+de+Toulouse+-+Ballet+by+Georges+Balanchine&amp;location=\" target=\"_blank\" rel=\"noopener\">+ Add to Google Calendar<\/a><\/li>                <li><a class=\"mec-events-gcal mec-events-button mec-color mec-bg-color-hover mec-border-color\" href=\"https:\/\/eloisefaresharpiste.com\/en\/?method=ical&#038;id=899\">+ iCal \/ Outlook export<\/a><\/li>            <\/ul>\r\n        <\/div>\r\n    <\/div>\r\n<\/div>\r\n            <!-- Hourly Schedule -->\r\n            \r\n            \t\t\t<!-- Booking Module -->\r\n            \r\n            <!-- Tags -->\r\n            <div class=\"mec-events-meta-group mec-events-meta-group-tags\">\r\n                            <\/div>\r\n\r\n        <\/div>\r\n    <\/article>\r\n<\/div>\r\n<script>\r\n\/\/ Fix modal speaker in some themes\r\njQuery(\"#mec_skin_3964 .mec-speaker-avatar-dialog a\").on('click', function(e)\r\n{\r\n    e.preventDefault();\r\n\r\n    var id = jQuery(this).attr('href');\r\n    lity(id);\r\n\r\n    return false;\r\n});\r\n<\/script>\r\n                                <\/div>\r\n                            <\/div>\r\n                        <\/div><!-- toggle item end -->\r\n                    <\/div><!-- toggles wrap end -->\r\n                            <\/article>\r\n            \t\t\r\n                        <div class=\"mec-month-divider\" data-toggle-divider=\"mec-toggle-202411-mec2\"><h5 style=\"display: inline;\">November 2024<\/h5><i class=\"mec-sl-arrow-down\"><\/i><\/div>\r\n            \r\n                        <article class=\"mec-past-event mec-event-article  mec-clear  mec-divider-toggle mec-toggle-202411-mec2\" itemscope>\r\n                                    <!-- toggles wrap start -->\r\n                    <div class=\"mec-events-toggle\">\r\n                        <!-- toggle item start -->\r\n                        <div class=\"mec-toggle-item\">\r\n                            <div class=\"mec-toggle-item-inner\" tabindex=\"0\">\r\n                                                                <div class=\"mec-toggle-item-col\">\r\n                                                                            <div class=\"mec-event-month\"><span class=\"mec-start-date-label\">30 November<\/span><\/div>\r\n                                                                        <div class=\"mec-time-details\"><span class=\"mec-start-time\">8h00<\/span><\/div>                                <\/div>\r\n                                <h3 class=\"mec-toggle-title\">\r\n                                    Geneva Camerata \u2013 GECA Saison 2024 \u2013 2025<\/h3>\r\n                                                                <i class=\"mec-sl-arrow-down\"><\/i>\r\n                            <\/div>\r\n                            <div class=\"mec-content-toggle\" aria-hidden=\"true\" style=\"display: none;\">\r\n                                <div class=\"mec-toggle-content\">\r\n                                    <div class=\"mec-wrap colorskin-custom clearfix  mec-modal-wrap\" id=\"mec_skin_6594\" data-unique-id=\"6594\">\r\n    <article class=\"mec-single-event mec-single-modern mec-single-modal\">\r\n        <div class=\"mec-events-event-image\">\r\n            <img loading=\"lazy\" decoding=\"async\" width=\"2048\" height=\"2048\" src=\"https:\/\/eloisefaresharpiste.com\/wp-content\/uploads\/2025\/07\/visuel-GECA.jpeg\" class=\"attachment-full size-full wp-post-image\" alt=\"\" data-mec-postid=\"903\" \/>        <\/div>\r\n        \r\n        <div class=\"col-md-4\">\r\n\r\n            <div class=\"mec-event-meta mec-color-before mec-frontbox mec-util-hidden\">\r\n                \r\n                <!-- Sponsors Module -->\r\n                \r\n                <!-- Register Booking Button -->\r\n                            <\/div>\r\n\r\n            <!-- Weather Module -->\r\n            \r\n            <!-- QRCode Module -->\r\n            \r\n            <!-- Public Download Module -->\r\n            \r\n            <!-- Local Time Module -->\r\n            \r\n            <div class=\"mec-event-meta mec-color-before mec-frontbox\">\r\n\r\n                                                \r\n                                    <div class=\"mec-single-event-location\">\r\n                        <i class=\"mec-sl-location-pin\"><\/i>                        <h3 class=\"mec-events-single-section-title mec-location\">Location<\/h3>\r\n\r\n                        \r\n                        <dl>\r\n                        <dd class=\"author fn org\">B\u00e2timent des forces motrices - Geneva - SWITZERLAND<\/dd>\r\n\r\n                        <dd class=\"location\"><address class=\"mec-events-address\"><span class=\"mec-address\"><\/span><\/address><\/dd>\r\n\r\n                                                <\/dl>\r\n                    <\/div>\r\n                    \r\n                                    <div class=\"mec-single-event-category\">\r\n                        <i class=\"mec-sl-folder\"><\/i>                        <h3 class=\"mec-events-single-section-title mec-category\">Category<\/h3>\r\n                        <dl>\r\n                        <dd class=\"mec-events-event-categories\"><a href=\"https:\/\/eloisefaresharpiste.com\/en\/mec-category\/agenda\/\" class=\"mec-color-hover\" rel=\"tag\"><i class=\"mec-fa-angle-right\"><\/i>agenda<\/a><\/dd>                        <\/dl>\r\n                    <\/div>\r\n                    \r\n                \r\n            <\/div>\r\n\r\n            <!-- Speaker List Module -->\r\n            \r\n            <!-- Attendees List Module -->\r\n            \r\n            <!-- Next Previous Module -->\r\n                    <\/div>\r\n\r\n        <div class=\"col-md-8\">\r\n\r\n            <div class=\"mec-event-content\">\r\n                <div class=\"mec-single-event-description mec-events-content\">\r\n                                                                                                <\/div>\r\n            <\/div>\r\n\r\n            \r\n            <!-- Custom Data Fields -->\r\n            \r\n            <!-- FAQ -->\r\n            \r\n            <!-- Links Module -->\r\n            <div class=\"mec-event-social mec-frontbox\">\r\n     <h3 class=\"mec-social-single mec-frontbox-title\">Share this event<\/h3>\r\n     <div class=\"mec-event-sharing\">\r\n        <div class=\"mec-links-details\">\r\n            <ul>\r\n                <li class=\"mec-event-social-icon\"><a class=\"facebook\" href=\"https:\/\/www.facebook.com\/sharer\/sharer.php?u=https%3A%2F%2Fwww.genevacamerata.com%2Ffr\" onclick=\"javascript:window.open(this.href, &#039;&#039;, &#039;menubar=no,toolbar=no,resizable=yes,scrollbars=yes,height=500,width=600&#039;); return false;\" target=\"_blank\" title=\"Share on Facebook\" aria-label=\"Share on Facebook\" rel=\"noopener\"><i class=\"mec-fa-facebook\"><\/i><span class=\"mec-social-title\"><\/span><\/a><\/li><li class=\"mec-event-social-icon\"><a class=\"twitter\" href=\"https:\/\/x.com\/intent\/tweet?url=https%3A%2F%2Fwww.genevacamerata.com%2Ffr\" onclick=\"javascript:window.open(this.href, &#039;&#039;, &#039;menubar=no,toolbar=no,resizable=yes,scrollbars=yes,height=600,width=500&#039;); return false;\" target=\"_blank\" title=\"X Social Network\" aria-label=\"Share on X\"><svg xmlns=\"http:\/\/www.w3.org\/2000\/svg\" shape-rendering=\"geometricPrecision\" text-rendering=\"geometricPrecision\" image-rendering=\"optimizeQuality\" fill-rule=\"evenodd\" clip-rule=\"evenodd\" viewbox=\"0 0 512 462.799\"><path fill-rule=\"nonzero\" d=\"M403.229 0h78.506L310.219 196.04 512 462.799H354.002L230.261 301.007 88.669 462.799h-78.56l183.455-209.683L0 0h161.999l111.856 147.88L403.229 0zm-27.556 415.805h43.505L138.363 44.527h-46.68l283.99 371.278z\"\/><\/svg><span class=\"mec-social-title\"><\/span><\/a><\/li><li class=\"mec-event-social-icon\"><a class=\"linkedin\" href=\"https:\/\/www.linkedin.com\/shareArticle?mini=true&amp;url=https%3A%2F%2Fwww.genevacamerata.com%2Ffr\" onclick=\"javascript:window.open(this.href, &#039;&#039;, &#039;menubar=no,toolbar=no,resizable=yes,scrollbars=yes,height=600,width=500&#039;); return false;\" target=\"_blank\" title=\"Linkedin\" aria-label=\"Share on Linkedin\" rel=\"noopener\"><i class=\"mec-fa-linkedin\"><\/i><span class=\"mec-social-title\"><\/span><\/a><\/li><li class=\"mec-event-social-icon\"><a class=\"email\" href=\"mailto:?subject=Geneva%20Camerata%20%E2%80%93%20GECA%20Saison%202024%20%E2%80%93%202025&body=https%3A%2F%2Fwww.genevacamerata.com%2Ffr\" title=\"Email\" aria-label=\"Share via Email\"><i class=\"mec-fa-envelope\"><\/i><span class=\"mec-social-title\"><\/span><\/a><\/li>            <\/ul>\r\n        <\/div>\r\n    <\/div>\r\n<\/div>\r\n            <!-- Google Maps Module -->\r\n            <div class=\"mec-events-meta-group mec-events-meta-group-gmap\">\r\n                            <\/div>\r\n\r\n            <!-- Export Module -->\r\n            <div class=\"mec-event-export-module mec-frontbox\">\r\n     <div class=\"mec-event-exporting\">\r\n        <div class=\"mec-export-details\">\r\n            <ul>\r\n                <li><a class=\"mec-events-gcal mec-events-button mec-color mec-bg-color-hover mec-border-color\" href=\"https:\/\/calendar.google.com\/calendar\/render?action=TEMPLATE&amp;text=Geneva+Camerata+%E2%80%93+GECA+Saison+2024+%E2%80%93+2025&amp;dates=20241130T070000Z\/20241130T170000Z&amp;details=Geneva+Camerata+%E2%80%93+GECA+Saison+2024+%E2%80%93+2025&amp;location=\" target=\"_blank\" rel=\"noopener\">+ Add to Google Calendar<\/a><\/li>                <li><a class=\"mec-events-gcal mec-events-button mec-color mec-bg-color-hover mec-border-color\" href=\"https:\/\/eloisefaresharpiste.com\/en\/?method=ical&#038;id=903\">+ iCal \/ Outlook export<\/a><\/li>            <\/ul>\r\n        <\/div>\r\n    <\/div>\r\n<\/div>\r\n            <!-- Hourly Schedule -->\r\n            \r\n            \t\t\t<!-- Booking Module -->\r\n            \r\n            <!-- Tags -->\r\n            <div class=\"mec-events-meta-group mec-events-meta-group-tags\">\r\n                            <\/div>\r\n\r\n        <\/div>\r\n    <\/article>\r\n<\/div>\r\n<script>\r\n\/\/ Fix modal speaker in some themes\r\njQuery(\"#mec_skin_6594 .mec-speaker-avatar-dialog a\").on('click', function(e)\r\n{\r\n    e.preventDefault();\r\n\r\n    var id = jQuery(this).attr('href');\r\n    lity(id);\r\n\r\n    return false;\r\n});\r\n<\/script>\r\n                                <\/div>\r\n                            <\/div>\r\n                        <\/div><!-- toggle item end -->\r\n                    <\/div><!-- toggles wrap end -->\r\n                            <\/article>\r\n            \t\t\r\n            \r\n                        <article class=\"mec-past-event mec-event-article  mec-clear  mec-divider-toggle mec-toggle-202411-mec2\" itemscope>\r\n                                    <!-- toggles wrap start -->\r\n                    <div class=\"mec-events-toggle\">\r\n                        <!-- toggle item start -->\r\n                        <div class=\"mec-toggle-item\">\r\n                            <div class=\"mec-toggle-item-inner\" tabindex=\"0\">\r\n                                                                <div class=\"mec-toggle-item-col\">\r\n                                                                            <div class=\"mec-event-month\"><span class=\"mec-start-date-label\">28 November<\/span><\/div>\r\n                                                                                                        <\/div>\r\n                                <h3 class=\"mec-toggle-title\">\r\n                                    Orchestre de la suisse romande \u2013 direction Jonathan Nott<\/h3>\r\n                                                                <i class=\"mec-sl-arrow-down\"><\/i>\r\n                            <\/div>\r\n                            <div class=\"mec-content-toggle\" aria-hidden=\"true\" style=\"display: none;\">\r\n                                <div class=\"mec-toggle-content\">\r\n                                    <div class=\"mec-wrap colorskin-custom clearfix  mec-modal-wrap\" id=\"mec_skin_4401\" data-unique-id=\"4401\">\r\n    <article class=\"mec-single-event mec-single-modern mec-single-modal\">\r\n        <div class=\"mec-events-event-image\">\r\n            <img loading=\"lazy\" decoding=\"async\" width=\"196\" height=\"258\" src=\"https:\/\/eloisefaresharpiste.com\/wp-content\/uploads\/2025\/07\/visuel-orchestre-suisse-romande.png\" class=\"attachment-full size-full wp-post-image\" alt=\"\" data-mec-postid=\"968\" \/>        <\/div>\r\n        \r\n        <div class=\"col-md-4\">\r\n\r\n            <div class=\"mec-event-meta mec-color-before mec-frontbox mec-util-hidden\">\r\n                \r\n                <!-- Sponsors Module -->\r\n                \r\n                <!-- Register Booking Button -->\r\n                            <\/div>\r\n\r\n            <!-- Weather Module -->\r\n            \r\n            <!-- QRCode Module -->\r\n            \r\n            <!-- Public Download Module -->\r\n            \r\n            <!-- Local Time Module -->\r\n            \r\n            <div class=\"mec-event-meta mec-color-before mec-frontbox\">\r\n\r\n                                                \r\n                                    <div class=\"mec-single-event-location\">\r\n                        <i class=\"mec-sl-location-pin\"><\/i>                        <h3 class=\"mec-events-single-section-title mec-location\">Location<\/h3>\r\n\r\n                        \r\n                        <dl>\r\n                        <dd class=\"author fn org\">Th\u00e9\u00e2tre Beaulieu - Lausanne - Suisse<\/dd>\r\n\r\n                        <dd class=\"location\"><address class=\"mec-events-address\"><span class=\"mec-address\"><\/span><\/address><\/dd>\r\n\r\n                                                <\/dl>\r\n                    <\/div>\r\n                    \r\n                                    <div class=\"mec-single-event-category\">\r\n                        <i class=\"mec-sl-folder\"><\/i>                        <h3 class=\"mec-events-single-section-title mec-category\">Category<\/h3>\r\n                        <dl>\r\n                        <dd class=\"mec-events-event-categories\"><a href=\"https:\/\/eloisefaresharpiste.com\/en\/mec-category\/agenda\/\" class=\"mec-color-hover\" rel=\"tag\"><i class=\"mec-fa-angle-right\"><\/i>agenda<\/a><\/dd>                        <\/dl>\r\n                    <\/div>\r\n                    \r\n                \r\n            <\/div>\r\n\r\n            <!-- Speaker List Module -->\r\n            \r\n            <!-- Attendees List Module -->\r\n            \r\n            <!-- Next Previous Module -->\r\n                    <\/div>\r\n\r\n        <div class=\"col-md-8\">\r\n\r\n            <div class=\"mec-event-content\">\r\n                <div class=\"mec-single-event-description mec-events-content\">\r\n                                                                                                <\/div>\r\n            <\/div>\r\n\r\n            \r\n            <!-- Custom Data Fields -->\r\n            \r\n            <!-- FAQ -->\r\n            \r\n            <!-- Links Module -->\r\n            <div class=\"mec-event-social mec-frontbox\">\r\n     <h3 class=\"mec-social-single mec-frontbox-title\">Share this event<\/h3>\r\n     <div class=\"mec-event-sharing\">\r\n        <div class=\"mec-links-details\">\r\n            <ul>\r\n                <li class=\"mec-event-social-icon\"><a class=\"facebook\" href=\"https:\/\/www.facebook.com\/sharer\/sharer.php?u=https%3A%2F%2Fwww.osr.ch%2Ffr%2Fconcerts-billets%2Fconcerts%2Fevenement%2Fconcert%2Fla-symphonie-du-fatum\" onclick=\"javascript:window.open(this.href, &#039;&#039;, &#039;menubar=no,toolbar=no,resizable=yes,scrollbars=yes,height=500,width=600&#039;); return false;\" target=\"_blank\" title=\"Share on Facebook\" aria-label=\"Share on Facebook\" rel=\"noopener\"><i class=\"mec-fa-facebook\"><\/i><span class=\"mec-social-title\"><\/span><\/a><\/li><li class=\"mec-event-social-icon\"><a class=\"twitter\" href=\"https:\/\/x.com\/intent\/tweet?url=https%3A%2F%2Fwww.osr.ch%2Ffr%2Fconcerts-billets%2Fconcerts%2Fevenement%2Fconcert%2Fla-symphonie-du-fatum\" onclick=\"javascript:window.open(this.href, &#039;&#039;, &#039;menubar=no,toolbar=no,resizable=yes,scrollbars=yes,height=600,width=500&#039;); return false;\" target=\"_blank\" title=\"X Social Network\" aria-label=\"Share on X\"><svg xmlns=\"http:\/\/www.w3.org\/2000\/svg\" shape-rendering=\"geometricPrecision\" text-rendering=\"geometricPrecision\" image-rendering=\"optimizeQuality\" fill-rule=\"evenodd\" clip-rule=\"evenodd\" viewbox=\"0 0 512 462.799\"><path fill-rule=\"nonzero\" d=\"M403.229 0h78.506L310.219 196.04 512 462.799H354.002L230.261 301.007 88.669 462.799h-78.56l183.455-209.683L0 0h161.999l111.856 147.88L403.229 0zm-27.556 415.805h43.505L138.363 44.527h-46.68l283.99 371.278z\"\/><\/svg><span class=\"mec-social-title\"><\/span><\/a><\/li><li class=\"mec-event-social-icon\"><a class=\"linkedin\" href=\"https:\/\/www.linkedin.com\/shareArticle?mini=true&amp;url=https%3A%2F%2Fwww.osr.ch%2Ffr%2Fconcerts-billets%2Fconcerts%2Fevenement%2Fconcert%2Fla-symphonie-du-fatum\" onclick=\"javascript:window.open(this.href, &#039;&#039;, &#039;menubar=no,toolbar=no,resizable=yes,scrollbars=yes,height=600,width=500&#039;); return false;\" target=\"_blank\" title=\"Linkedin\" aria-label=\"Share on Linkedin\" rel=\"noopener\"><i class=\"mec-fa-linkedin\"><\/i><span class=\"mec-social-title\"><\/span><\/a><\/li><li class=\"mec-event-social-icon\"><a class=\"email\" href=\"mailto:?subject=Orchestre%20de%20la%20suisse%20romande%20%E2%80%93%20direction%20Jonathan%20Nott&body=https%3A%2F%2Fwww.osr.ch%2Ffr%2Fconcerts-billets%2Fconcerts%2Fevenement%2Fconcert%2Fla-symphonie-du-fatum\" title=\"Email\" aria-label=\"Share via Email\"><i class=\"mec-fa-envelope\"><\/i><span class=\"mec-social-title\"><\/span><\/a><\/li>            <\/ul>\r\n        <\/div>\r\n    <\/div>\r\n<\/div>\r\n            <!-- Google Maps Module -->\r\n            <div class=\"mec-events-meta-group mec-events-meta-group-gmap\">\r\n                            <\/div>\r\n\r\n            <!-- Export Module -->\r\n            <div class=\"mec-event-export-module mec-frontbox\">\r\n     <div class=\"mec-event-exporting\">\r\n        <div class=\"mec-export-details\">\r\n            <ul>\r\n                <li><a class=\"mec-events-gcal mec-events-button mec-color mec-bg-color-hover mec-border-color\" href=\"https:\/\/calendar.google.com\/calendar\/render?action=TEMPLATE&amp;text=Orchestre+de+la+suisse+romande+%E2%80%93+direction+Jonathan+Nott&amp;dates=20241128T070000Z\/20241128T170000Z&amp;details=Orchestre+de+la+suisse+romande+%E2%80%93+direction+Jonathan+Nott&amp;location=\" target=\"_blank\" rel=\"noopener\">+ Add to Google Calendar<\/a><\/li>                <li><a class=\"mec-events-gcal mec-events-button mec-color mec-bg-color-hover mec-border-color\" href=\"https:\/\/eloisefaresharpiste.com\/en\/?method=ical&#038;id=968\">+ iCal \/ Outlook export<\/a><\/li>            <\/ul>\r\n        <\/div>\r\n    <\/div>\r\n<\/div>\r\n            <!-- Hourly Schedule -->\r\n            \r\n            \t\t\t<!-- Booking Module -->\r\n            \r\n            <!-- Tags -->\r\n            <div class=\"mec-events-meta-group mec-events-meta-group-tags\">\r\n                            <\/div>\r\n\r\n        <\/div>\r\n    <\/article>\r\n<\/div>\r\n<script>\r\n\/\/ Fix modal speaker in some themes\r\njQuery(\"#mec_skin_4401 .mec-speaker-avatar-dialog a\").on('click', function(e)\r\n{\r\n    e.preventDefault();\r\n\r\n    var id = jQuery(this).attr('href');\r\n    lity(id);\r\n\r\n    return false;\r\n});\r\n<\/script>\r\n                                <\/div>\r\n                            <\/div>\r\n                        <\/div><!-- toggle item end -->\r\n                    <\/div><!-- toggles wrap end -->\r\n                            <\/article>\r\n            \t\t\r\n            \r\n                        <article class=\"mec-past-event mec-event-article  mec-clear  mec-divider-toggle mec-toggle-202411-mec2\" itemscope>\r\n                                    <!-- toggles wrap start -->\r\n                    <div class=\"mec-events-toggle\">\r\n                        <!-- toggle item start -->\r\n                        <div class=\"mec-toggle-item\">\r\n                            <div class=\"mec-toggle-item-inner\" tabindex=\"0\">\r\n                                                                <div class=\"mec-toggle-item-col\">\r\n                                                                            <div class=\"mec-event-month\"><span class=\"mec-start-date-label\">20 - 21 November<\/span><\/div>\r\n                                                                                                        <\/div>\r\n                                <h3 class=\"mec-toggle-title\">\r\n                                    Orchestre de la suisse romande \u2013 direction Jonathan Nott<\/h3>\r\n                                                                <i class=\"mec-sl-arrow-down\"><\/i>\r\n                            <\/div>\r\n                            <div class=\"mec-content-toggle\" aria-hidden=\"true\" style=\"display: none;\">\r\n                                <div class=\"mec-toggle-content\">\r\n                                    <div class=\"mec-wrap colorskin-custom clearfix  mec-modal-wrap\" id=\"mec_skin_9014\" data-unique-id=\"9014\">\r\n    <article class=\"mec-single-event mec-single-modern mec-single-modal\">\r\n        <div class=\"mec-events-event-image\">\r\n            <img loading=\"lazy\" decoding=\"async\" width=\"196\" height=\"258\" src=\"https:\/\/eloisefaresharpiste.com\/wp-content\/uploads\/2025\/07\/visuel-orchestre-suisse-romande.png\" class=\"attachment-full size-full wp-post-image\" alt=\"\" data-mec-postid=\"967\" \/>        <\/div>\r\n        \r\n        <div class=\"col-md-4\">\r\n\r\n            <div class=\"mec-event-meta mec-color-before mec-frontbox mec-util-hidden\">\r\n                \r\n                <!-- Sponsors Module -->\r\n                \r\n                <!-- Register Booking Button -->\r\n                            <\/div>\r\n\r\n            <!-- Weather Module -->\r\n            \r\n            <!-- QRCode Module -->\r\n            \r\n            <!-- Public Download Module -->\r\n            \r\n            <!-- Local Time Module -->\r\n            \r\n            <div class=\"mec-event-meta mec-color-before mec-frontbox\">\r\n\r\n                                                \r\n                \r\n                                    <div class=\"mec-single-event-category\">\r\n                        <i class=\"mec-sl-folder\"><\/i>                        <h3 class=\"mec-events-single-section-title mec-category\">Category<\/h3>\r\n                        <dl>\r\n                        <dd class=\"mec-events-event-categories\"><a href=\"https:\/\/eloisefaresharpiste.com\/en\/mec-category\/agenda\/\" class=\"mec-color-hover\" rel=\"tag\"><i class=\"mec-fa-angle-right\"><\/i>agenda<\/a><\/dd>                        <\/dl>\r\n                    <\/div>\r\n                    \r\n                \r\n            <\/div>\r\n\r\n            <!-- Speaker List Module -->\r\n            \r\n            <!-- Attendees List Module -->\r\n            \r\n            <!-- Next Previous Module -->\r\n                    <\/div>\r\n\r\n        <div class=\"col-md-8\">\r\n\r\n            <div class=\"mec-event-content\">\r\n                <div class=\"mec-single-event-description mec-events-content\">\r\n                                                                                                <\/div>\r\n            <\/div>\r\n\r\n            \r\n            <!-- Custom Data Fields -->\r\n            \r\n            <!-- FAQ -->\r\n            \r\n            <!-- Links Module -->\r\n            <div class=\"mec-event-social mec-frontbox\">\r\n     <h3 class=\"mec-social-single mec-frontbox-title\">Share this event<\/h3>\r\n     <div class=\"mec-event-sharing\">\r\n        <div class=\"mec-links-details\">\r\n            <ul>\r\n                <li class=\"mec-event-social-icon\"><a class=\"facebook\" href=\"https:\/\/www.facebook.com\/sharer\/sharer.php?u=https%3A%2F%2Fwww.osr.ch%2Ffr%2Fconcerts-billets%2Fconcerts%2Fevenement%2Fconcert%2Fla-symphonie-du-fatum\" onclick=\"javascript:window.open(this.href, &#039;&#039;, &#039;menubar=no,toolbar=no,resizable=yes,scrollbars=yes,height=500,width=600&#039;); return false;\" target=\"_blank\" title=\"Share on Facebook\" aria-label=\"Share on Facebook\" rel=\"noopener\"><i class=\"mec-fa-facebook\"><\/i><span class=\"mec-social-title\"><\/span><\/a><\/li><li class=\"mec-event-social-icon\"><a class=\"twitter\" href=\"https:\/\/x.com\/intent\/tweet?url=https%3A%2F%2Fwww.osr.ch%2Ffr%2Fconcerts-billets%2Fconcerts%2Fevenement%2Fconcert%2Fla-symphonie-du-fatum\" onclick=\"javascript:window.open(this.href, &#039;&#039;, &#039;menubar=no,toolbar=no,resizable=yes,scrollbars=yes,height=600,width=500&#039;); return false;\" target=\"_blank\" title=\"X Social Network\" aria-label=\"Share on X\"><svg xmlns=\"http:\/\/www.w3.org\/2000\/svg\" shape-rendering=\"geometricPrecision\" text-rendering=\"geometricPrecision\" image-rendering=\"optimizeQuality\" fill-rule=\"evenodd\" clip-rule=\"evenodd\" viewbox=\"0 0 512 462.799\"><path fill-rule=\"nonzero\" d=\"M403.229 0h78.506L310.219 196.04 512 462.799H354.002L230.261 301.007 88.669 462.799h-78.56l183.455-209.683L0 0h161.999l111.856 147.88L403.229 0zm-27.556 415.805h43.505L138.363 44.527h-46.68l283.99 371.278z\"\/><\/svg><span class=\"mec-social-title\"><\/span><\/a><\/li><li class=\"mec-event-social-icon\"><a class=\"linkedin\" href=\"https:\/\/www.linkedin.com\/shareArticle?mini=true&amp;url=https%3A%2F%2Fwww.osr.ch%2Ffr%2Fconcerts-billets%2Fconcerts%2Fevenement%2Fconcert%2Fla-symphonie-du-fatum\" onclick=\"javascript:window.open(this.href, &#039;&#039;, &#039;menubar=no,toolbar=no,resizable=yes,scrollbars=yes,height=600,width=500&#039;); return false;\" target=\"_blank\" title=\"Linkedin\" aria-label=\"Share on Linkedin\" rel=\"noopener\"><i class=\"mec-fa-linkedin\"><\/i><span class=\"mec-social-title\"><\/span><\/a><\/li><li class=\"mec-event-social-icon\"><a class=\"email\" href=\"mailto:?subject=Orchestre%20de%20la%20suisse%20romande%20%E2%80%93%20direction%20Jonathan%20Nott&body=https%3A%2F%2Fwww.osr.ch%2Ffr%2Fconcerts-billets%2Fconcerts%2Fevenement%2Fconcert%2Fla-symphonie-du-fatum\" title=\"Email\" aria-label=\"Share via Email\"><i class=\"mec-fa-envelope\"><\/i><span class=\"mec-social-title\"><\/span><\/a><\/li>            <\/ul>\r\n        <\/div>\r\n    <\/div>\r\n<\/div>\r\n            <!-- Google Maps Module -->\r\n            <div class=\"mec-events-meta-group mec-events-meta-group-gmap\">\r\n                            <\/div>\r\n\r\n            <!-- Export Module -->\r\n            <div class=\"mec-event-export-module mec-frontbox\">\r\n     <div class=\"mec-event-exporting\">\r\n        <div class=\"mec-export-details\">\r\n            <ul>\r\n                <li><a class=\"mec-events-gcal mec-events-button mec-color mec-bg-color-hover mec-border-color\" href=\"https:\/\/calendar.google.com\/calendar\/render?action=TEMPLATE&amp;text=Orchestre+de+la+suisse+romande+%E2%80%93+direction+Jonathan+Nott&amp;dates=20241120T070000Z\/20241121T170000Z&amp;details=Orchestre+de+la+suisse+romande+%E2%80%93+direction+Jonathan+Nott\" target=\"_blank\" rel=\"noopener\">+ Add to Google Calendar<\/a><\/li>                <li><a class=\"mec-events-gcal mec-events-button mec-color mec-bg-color-hover mec-border-color\" href=\"https:\/\/eloisefaresharpiste.com\/en\/?method=ical&#038;id=967\">+ iCal \/ Outlook export<\/a><\/li>            <\/ul>\r\n        <\/div>\r\n    <\/div>\r\n<\/div>\r\n            <!-- Hourly Schedule -->\r\n            \r\n            \t\t\t<!-- Booking Module -->\r\n            \r\n            <!-- Tags -->\r\n            <div class=\"mec-events-meta-group mec-events-meta-group-tags\">\r\n                            <\/div>\r\n\r\n        <\/div>\r\n    <\/article>\r\n<\/div>\r\n<script>\r\n\/\/ Fix modal speaker in some themes\r\njQuery(\"#mec_skin_9014 .mec-speaker-avatar-dialog a\").on('click', function(e)\r\n{\r\n    e.preventDefault();\r\n\r\n    var id = jQuery(this).attr('href');\r\n    lity(id);\r\n\r\n    return false;\r\n});\r\n<\/script>\r\n                                <\/div>\r\n                            <\/div>\r\n                        <\/div><!-- toggle item end -->\r\n                    <\/div><!-- toggles wrap end -->\r\n                            <\/article>\r\n            \t\t\r\n                        <div class=\"mec-month-divider\" data-toggle-divider=\"mec-toggle-202410-mec2\"><h5 style=\"display: inline;\">October 2024<\/h5><i class=\"mec-sl-arrow-down\"><\/i><\/div>\r\n            \r\n                        <article class=\"mec-past-event mec-event-article  mec-clear  mec-divider-toggle mec-toggle-202410-mec2\" itemscope>\r\n                                    <!-- toggles wrap start -->\r\n                    <div class=\"mec-events-toggle\">\r\n                        <!-- toggle item start -->\r\n                        <div class=\"mec-toggle-item\">\r\n                            <div class=\"mec-toggle-item-inner\" tabindex=\"0\">\r\n                                                                <div class=\"mec-toggle-item-col\">\r\n                                                                            <div class=\"mec-event-month\"><span class=\"mec-start-date-label\">24 October<\/span><\/div>\r\n                                                                        <div class=\"mec-time-details\"><span class=\"mec-start-time\">20h00<\/span><\/div>                                <\/div>\r\n                                <h3 class=\"mec-toggle-title\">\r\n                                    Concert priv\u00e9 &#8211; Harpe solo<\/h3>\r\n                                                                <i class=\"mec-sl-arrow-down\"><\/i>\r\n                            <\/div>\r\n                            <div class=\"mec-content-toggle\" aria-hidden=\"true\" style=\"display: none;\">\r\n                                <div class=\"mec-toggle-content\">\r\n                                    <div class=\"mec-wrap colorskin-custom clearfix  mec-modal-wrap\" id=\"mec_skin_4973\" data-unique-id=\"4973\">\r\n    <article class=\"mec-single-event mec-single-modern mec-single-modal\">\r\n        <div class=\"mec-events-event-image\">\r\n            <img loading=\"lazy\" decoding=\"async\" width=\"500\" height=\"500\" src=\"https:\/\/eloisefaresharpiste.com\/wp-content\/uploads\/2025\/07\/Eloise-Fares_202303\u00a9CaroleParodi_HD-6391-1-1.jpg\" class=\"attachment-full size-full wp-post-image\" alt=\"\" data-mec-postid=\"969\" \/>        <\/div>\r\n        \r\n        <div class=\"col-md-4\">\r\n\r\n            <div class=\"mec-event-meta mec-color-before mec-frontbox mec-util-hidden\">\r\n                \r\n                <!-- Sponsors Module -->\r\n                \r\n                <!-- Register Booking Button -->\r\n                            <\/div>\r\n\r\n            <!-- Weather Module -->\r\n            \r\n            <!-- QRCode Module -->\r\n            \r\n            <!-- Public Download Module -->\r\n            \r\n            <!-- Local Time Module -->\r\n            \r\n            <div class=\"mec-event-meta mec-color-before mec-frontbox\">\r\n\r\n                                                \r\n                                    <div class=\"mec-single-event-location\">\r\n                        <i class=\"mec-sl-location-pin\"><\/i>                        <h3 class=\"mec-events-single-section-title mec-location\">Location<\/h3>\r\n\r\n                        \r\n                        <dl>\r\n                        <dd class=\"author fn org\">Gen\u00e8ve - Suisse<\/dd>\r\n\r\n                        <dd class=\"location\"><address class=\"mec-events-address\"><span class=\"mec-address\"><\/span><\/address><\/dd>\r\n\r\n                                                <\/dl>\r\n                    <\/div>\r\n                    \r\n                                    <div class=\"mec-single-event-category\">\r\n                        <i class=\"mec-sl-folder\"><\/i>                        <h3 class=\"mec-events-single-section-title mec-category\">Category<\/h3>\r\n                        <dl>\r\n                        <dd class=\"mec-events-event-categories\"><a href=\"https:\/\/eloisefaresharpiste.com\/en\/mec-category\/agenda\/\" class=\"mec-color-hover\" rel=\"tag\"><i class=\"mec-fa-angle-right\"><\/i>agenda<\/a><\/dd>                        <\/dl>\r\n                    <\/div>\r\n                    \r\n                \r\n            <\/div>\r\n\r\n            <!-- Speaker List Module -->\r\n            \r\n            <!-- Attendees List Module -->\r\n            \r\n            <!-- Next Previous Module -->\r\n                    <\/div>\r\n\r\n        <div class=\"col-md-8\">\r\n\r\n            <div class=\"mec-event-content\">\r\n                <div class=\"mec-single-event-description mec-events-content\">\r\n                                                                                                <\/div>\r\n            <\/div>\r\n\r\n            \r\n            <!-- Custom Data Fields -->\r\n            \r\n            <!-- FAQ -->\r\n            \r\n            <!-- Links Module -->\r\n            <div class=\"mec-event-social mec-frontbox\">\r\n     <h3 class=\"mec-social-single mec-frontbox-title\">Share this event<\/h3>\r\n     <div class=\"mec-event-sharing\">\r\n        <div class=\"mec-links-details\">\r\n            <ul>\r\n                <li class=\"mec-event-social-icon\"><a class=\"facebook\" href=\"https:\/\/www.facebook.com\/sharer\/sharer.php?u=https%3A%2F%2Feloisefaresharpiste.com%2Fen%2Fevents%2Fconcert-prive-harpe-solo%2F\" onclick=\"javascript:window.open(this.href, &#039;&#039;, &#039;menubar=no,toolbar=no,resizable=yes,scrollbars=yes,height=500,width=600&#039;); return false;\" target=\"_blank\" title=\"Share on Facebook\" aria-label=\"Share on Facebook\"><i class=\"mec-fa-facebook\"><\/i><span class=\"mec-social-title\"><\/span><\/a><\/li><li class=\"mec-event-social-icon\"><a class=\"twitter\" href=\"https:\/\/x.com\/intent\/tweet?url=https%3A%2F%2Feloisefaresharpiste.com%2Fen%2Fevents%2Fconcert-prive-harpe-solo%2F\" onclick=\"javascript:window.open(this.href, &#039;&#039;, &#039;menubar=no,toolbar=no,resizable=yes,scrollbars=yes,height=600,width=500&#039;); return false;\" target=\"_blank\" title=\"X Social Network\" aria-label=\"Share on X\"><svg xmlns=\"http:\/\/www.w3.org\/2000\/svg\" shape-rendering=\"geometricPrecision\" text-rendering=\"geometricPrecision\" image-rendering=\"optimizeQuality\" fill-rule=\"evenodd\" clip-rule=\"evenodd\" viewbox=\"0 0 512 462.799\"><path fill-rule=\"nonzero\" d=\"M403.229 0h78.506L310.219 196.04 512 462.799H354.002L230.261 301.007 88.669 462.799h-78.56l183.455-209.683L0 0h161.999l111.856 147.88L403.229 0zm-27.556 415.805h43.505L138.363 44.527h-46.68l283.99 371.278z\"\/><\/svg><span class=\"mec-social-title\"><\/span><\/a><\/li><li class=\"mec-event-social-icon\"><a class=\"linkedin\" href=\"https:\/\/www.linkedin.com\/shareArticle?mini=true&amp;url=https%3A%2F%2Feloisefaresharpiste.com%2Fen%2Fevents%2Fconcert-prive-harpe-solo%2F\" onclick=\"javascript:window.open(this.href, &#039;&#039;, &#039;menubar=no,toolbar=no,resizable=yes,scrollbars=yes,height=600,width=500&#039;); return false;\" target=\"_blank\" title=\"Linkedin\" aria-label=\"Share on Linkedin\"><i class=\"mec-fa-linkedin\"><\/i><span class=\"mec-social-title\"><\/span><\/a><\/li><li class=\"mec-event-social-icon\"><a class=\"email\" href=\"mailto:?subject=Concert%20priv%C3%A9%20-%20Harpe%20solo&body=https%3A%2F%2Feloisefaresharpiste.com%2Fen%2Fevents%2Fconcert-prive-harpe-solo%2F\" title=\"Email\" aria-label=\"Share via Email\"><i class=\"mec-fa-envelope\"><\/i><span class=\"mec-social-title\"><\/span><\/a><\/li>            <\/ul>\r\n        <\/div>\r\n    <\/div>\r\n<\/div>\r\n            <!-- Google Maps Module -->\r\n            <div class=\"mec-events-meta-group mec-events-meta-group-gmap\">\r\n                            <\/div>\r\n\r\n            <!-- Export Module -->\r\n            <div class=\"mec-event-export-module mec-frontbox\">\r\n     <div class=\"mec-event-exporting\">\r\n        <div class=\"mec-export-details\">\r\n            <ul>\r\n                <li><a class=\"mec-events-gcal mec-events-button mec-color mec-bg-color-hover mec-border-color\" href=\"https:\/\/calendar.google.com\/calendar\/render?action=TEMPLATE&amp;text=Concert+priv%C3%A9+-+Harpe+solo&amp;dates=20241024T180000Z\/20241024T180000Z&amp;details=Concert+priv%C3%A9+-+Harpe+solo&amp;location=\" target=\"_blank\" rel=\"noopener\">+ Add to Google Calendar<\/a><\/li>                <li><a class=\"mec-events-gcal mec-events-button mec-color mec-bg-color-hover mec-border-color\" href=\"https:\/\/eloisefaresharpiste.com\/en\/?method=ical&#038;id=969\">+ iCal \/ Outlook export<\/a><\/li>            <\/ul>\r\n        <\/div>\r\n    <\/div>\r\n<\/div>\r\n            <!-- Hourly Schedule -->\r\n            \r\n            \t\t\t<!-- Booking Module -->\r\n            \r\n            <!-- Tags -->\r\n            <div class=\"mec-events-meta-group mec-events-meta-group-tags\">\r\n                            <\/div>\r\n\r\n        <\/div>\r\n    <\/article>\r\n<\/div>\r\n<script>\r\n\/\/ Fix modal speaker in some themes\r\njQuery(\"#mec_skin_4973 .mec-speaker-avatar-dialog a\").on('click', function(e)\r\n{\r\n    e.preventDefault();\r\n\r\n    var id = jQuery(this).attr('href');\r\n    lity(id);\r\n\r\n    return false;\r\n});\r\n<\/script>\r\n                                <\/div>\r\n                            <\/div>\r\n                        <\/div><!-- toggle item end -->\r\n                    <\/div><!-- toggles wrap end -->\r\n                            <\/article>\r\n            \t\t\r\n            \r\n                        <article class=\"mec-past-event mec-event-article  mec-clear  mec-divider-toggle mec-toggle-202410-mec2\" itemscope>\r\n                                    <!-- toggles wrap start -->\r\n                    <div class=\"mec-events-toggle\">\r\n                        <!-- toggle item start -->\r\n                        <div class=\"mec-toggle-item\">\r\n                            <div class=\"mec-toggle-item-inner\" tabindex=\"0\">\r\n                                                                <div class=\"mec-toggle-item-col\">\r\n                                                                            <div class=\"mec-event-month\"><span class=\"mec-start-date-label\">21 - 26 October<\/span><\/div>\r\n                                                                                                        <\/div>\r\n                                <h3 class=\"mec-toggle-title\">\r\n                                    R\u00e9sidence artistique, suite \u2013 Projet \u00ab Le corps de Zo\u00ef \u00bb \u2013 par la Compagnie de l\u2019Araignee mordue<\/h3>\r\n                                                                <i class=\"mec-sl-arrow-down\"><\/i>\r\n                            <\/div>\r\n                            <div class=\"mec-content-toggle\" aria-hidden=\"true\" style=\"display: none;\">\r\n                                <div class=\"mec-toggle-content\">\r\n                                    <div class=\"mec-wrap colorskin-custom clearfix  mec-modal-wrap\" id=\"mec_skin_9823\" data-unique-id=\"9823\">\r\n    <article class=\"mec-single-event mec-single-modern mec-single-modal\">\r\n        <div class=\"mec-events-event-image\">\r\n            <img loading=\"lazy\" decoding=\"async\" width=\"500\" height=\"333\" src=\"https:\/\/eloisefaresharpiste.com\/wp-content\/uploads\/2025\/07\/residence-artistique-e1753693072604.jpg\" class=\"attachment-full size-full wp-post-image\" alt=\"\" data-mec-postid=\"971\" \/>        <\/div>\r\n        \r\n        <div class=\"col-md-4\">\r\n\r\n            <div class=\"mec-event-meta mec-color-before mec-frontbox mec-util-hidden\">\r\n                \r\n                <!-- Sponsors Module -->\r\n                \r\n                <!-- Register Booking Button -->\r\n                            <\/div>\r\n\r\n            <!-- Weather Module -->\r\n            \r\n            <!-- QRCode Module -->\r\n            \r\n            <!-- Public Download Module -->\r\n            \r\n            <!-- Local Time Module -->\r\n            \r\n            <div class=\"mec-event-meta mec-color-before mec-frontbox\">\r\n\r\n                                                \r\n                                    <div class=\"mec-single-event-location\">\r\n                        <i class=\"mec-sl-location-pin\"><\/i>                        <h3 class=\"mec-events-single-section-title mec-location\">Location<\/h3>\r\n\r\n                        \r\n                        <dl>\r\n                        <dd class=\"author fn org\">Gen\u00e8ve - Suisse<\/dd>\r\n\r\n                        <dd class=\"location\"><address class=\"mec-events-address\"><span class=\"mec-address\"><\/span><\/address><\/dd>\r\n\r\n                                                <\/dl>\r\n                    <\/div>\r\n                    \r\n                                    <div class=\"mec-single-event-category\">\r\n                        <i class=\"mec-sl-folder\"><\/i>                        <h3 class=\"mec-events-single-section-title mec-category\">Category<\/h3>\r\n                        <dl>\r\n                        <dd class=\"mec-events-event-categories\"><a href=\"https:\/\/eloisefaresharpiste.com\/en\/mec-category\/agenda\/\" class=\"mec-color-hover\" rel=\"tag\"><i class=\"mec-fa-angle-right\"><\/i>agenda<\/a><\/dd>                        <\/dl>\r\n                    <\/div>\r\n                    \r\n                \r\n            <\/div>\r\n\r\n            <!-- Speaker List Module -->\r\n            \r\n            <!-- Attendees List Module -->\r\n            \r\n            <!-- Next Previous Module -->\r\n                    <\/div>\r\n\r\n        <div class=\"col-md-8\">\r\n\r\n            <div class=\"mec-event-content\">\r\n                <div class=\"mec-single-event-description mec-events-content\">\r\n                                                                                                <\/div>\r\n            <\/div>\r\n\r\n            \r\n            <!-- Custom Data Fields -->\r\n            \r\n            <!-- FAQ -->\r\n            \r\n            <!-- Links Module -->\r\n            <div class=\"mec-event-social mec-frontbox\">\r\n     <h3 class=\"mec-social-single mec-frontbox-title\">Share this event<\/h3>\r\n     <div class=\"mec-event-sharing\">\r\n        <div class=\"mec-links-details\">\r\n            <ul>\r\n                <li class=\"mec-event-social-icon\"><a class=\"facebook\" href=\"https:\/\/www.facebook.com\/sharer\/sharer.php?u=https%3A%2F%2Feloisefaresharpiste.com%2Fen%2Fevents%2Fresidence-artistique-suite-projet-le-corps-de-zoi-par-la-compagnie-de-laraignee-mordue%2F\" onclick=\"javascript:window.open(this.href, &#039;&#039;, &#039;menubar=no,toolbar=no,resizable=yes,scrollbars=yes,height=500,width=600&#039;); return false;\" target=\"_blank\" title=\"Share on Facebook\" aria-label=\"Share on Facebook\"><i class=\"mec-fa-facebook\"><\/i><span class=\"mec-social-title\"><\/span><\/a><\/li><li class=\"mec-event-social-icon\"><a class=\"twitter\" href=\"https:\/\/x.com\/intent\/tweet?url=https%3A%2F%2Feloisefaresharpiste.com%2Fen%2Fevents%2Fresidence-artistique-suite-projet-le-corps-de-zoi-par-la-compagnie-de-laraignee-mordue%2F\" onclick=\"javascript:window.open(this.href, &#039;&#039;, &#039;menubar=no,toolbar=no,resizable=yes,scrollbars=yes,height=600,width=500&#039;); return false;\" target=\"_blank\" title=\"X Social Network\" aria-label=\"Share on X\"><svg xmlns=\"http:\/\/www.w3.org\/2000\/svg\" shape-rendering=\"geometricPrecision\" text-rendering=\"geometricPrecision\" image-rendering=\"optimizeQuality\" fill-rule=\"evenodd\" clip-rule=\"evenodd\" viewbox=\"0 0 512 462.799\"><path fill-rule=\"nonzero\" d=\"M403.229 0h78.506L310.219 196.04 512 462.799H354.002L230.261 301.007 88.669 462.799h-78.56l183.455-209.683L0 0h161.999l111.856 147.88L403.229 0zm-27.556 415.805h43.505L138.363 44.527h-46.68l283.99 371.278z\"\/><\/svg><span class=\"mec-social-title\"><\/span><\/a><\/li><li class=\"mec-event-social-icon\"><a class=\"linkedin\" href=\"https:\/\/www.linkedin.com\/shareArticle?mini=true&amp;url=https%3A%2F%2Feloisefaresharpiste.com%2Fen%2Fevents%2Fresidence-artistique-suite-projet-le-corps-de-zoi-par-la-compagnie-de-laraignee-mordue%2F\" onclick=\"javascript:window.open(this.href, &#039;&#039;, &#039;menubar=no,toolbar=no,resizable=yes,scrollbars=yes,height=600,width=500&#039;); return false;\" target=\"_blank\" title=\"Linkedin\" aria-label=\"Share on Linkedin\"><i class=\"mec-fa-linkedin\"><\/i><span class=\"mec-social-title\"><\/span><\/a><\/li><li class=\"mec-event-social-icon\"><a class=\"email\" href=\"mailto:?subject=R%C3%A9sidence%20artistique%2C%20suite%20%E2%80%93%20Projet%20%C2%AB%20Le%20corps%20de%20Zo%C3%AF%20%C2%BB%20%E2%80%93%20par%20la%20Compagnie%20de%20l%E2%80%99Araignee%20mordue&body=https%3A%2F%2Feloisefaresharpiste.com%2Fen%2Fevents%2Fresidence-artistique-suite-projet-le-corps-de-zoi-par-la-compagnie-de-laraignee-mordue%2F\" title=\"Email\" aria-label=\"Share via Email\"><i class=\"mec-fa-envelope\"><\/i><span class=\"mec-social-title\"><\/span><\/a><\/li>            <\/ul>\r\n        <\/div>\r\n    <\/div>\r\n<\/div>\r\n            <!-- Google Maps Module -->\r\n            <div class=\"mec-events-meta-group mec-events-meta-group-gmap\">\r\n                            <\/div>\r\n\r\n            <!-- Export Module -->\r\n            <div class=\"mec-event-export-module mec-frontbox\">\r\n     <div class=\"mec-event-exporting\">\r\n        <div class=\"mec-export-details\">\r\n            <ul>\r\n                <li><a class=\"mec-events-gcal mec-events-button mec-color mec-bg-color-hover mec-border-color\" href=\"https:\/\/calendar.google.com\/calendar\/render?action=TEMPLATE&amp;text=R%C3%A9sidence+artistique%2C+suite+%E2%80%93+Projet+%C2%AB+Le+corps+de+Zo%C3%AF+%C2%BB+%E2%80%93+par+la+Compagnie+de+l%E2%80%99Araignee+mordue&amp;dates=20241021T060000Z\/20241026T160000Z&amp;details=R%C3%A9sidence+artistique%2C+suite+%E2%80%93+Projet+%C2%AB+Le+corps+de+Zo%C3%AF+%C2%BB+%E2%80%93+par+la+Compagnie+de+l%E2%80%99Araignee+mordue&amp;location=\" target=\"_blank\" rel=\"noopener\">+ Add to Google Calendar<\/a><\/li>                <li><a class=\"mec-events-gcal mec-events-button mec-color mec-bg-color-hover mec-border-color\" href=\"https:\/\/eloisefaresharpiste.com\/en\/?method=ical&#038;id=971\">+ iCal \/ Outlook export<\/a><\/li>            <\/ul>\r\n        <\/div>\r\n    <\/div>\r\n<\/div>\r\n            <!-- Hourly Schedule -->\r\n            \r\n            \t\t\t<!-- Booking Module -->\r\n            \r\n            <!-- Tags -->\r\n            <div class=\"mec-events-meta-group mec-events-meta-group-tags\">\r\n                            <\/div>\r\n\r\n        <\/div>\r\n    <\/article>\r\n<\/div>\r\n<script>\r\n\/\/ Fix modal speaker in some themes\r\njQuery(\"#mec_skin_9823 .mec-speaker-avatar-dialog a\").on('click', function(e)\r\n{\r\n    e.preventDefault();\r\n\r\n    var id = jQuery(this).attr('href');\r\n    lity(id);\r\n\r\n    return false;\r\n});\r\n<\/script>\r\n                                <\/div>\r\n                            <\/div>\r\n                        <\/div><!-- toggle item end -->\r\n                    <\/div><!-- toggles wrap end -->\r\n                            <\/article>\r\n            \t\t\r\n            \r\n                        <article class=\"mec-past-event mec-event-article  mec-clear  mec-divider-toggle mec-toggle-202410-mec2\" itemscope>\r\n                                    <!-- toggles wrap start -->\r\n                    <div class=\"mec-events-toggle\">\r\n                        <!-- toggle item start -->\r\n                        <div class=\"mec-toggle-item\">\r\n                            <div class=\"mec-toggle-item-inner\" tabindex=\"0\">\r\n                                                                <div class=\"mec-toggle-item-col\">\r\n                                                                            <div class=\"mec-event-month\"><span class=\"mec-start-date-label\">09 - 13 October<\/span><\/div>\r\n                                                                        <div class=\"mec-time-details\"><span class=\"mec-start-time\">8h00<\/span> - <span class=\"mec-end-time\">18h00<\/span><\/div>                                <\/div>\r\n                                <h3 class=\"mec-toggle-title\">\r\n                                    Orchestre Saint-Pierre Fusterie \u2013 direction Yann Kerninon<\/h3>\r\n                                                                <i class=\"mec-sl-arrow-down\"><\/i>\r\n                            <\/div>\r\n                            <div class=\"mec-content-toggle\" aria-hidden=\"true\" style=\"display: none;\">\r\n                                <div class=\"mec-toggle-content\">\r\n                                    <div class=\"mec-wrap colorskin-custom clearfix  mec-modal-wrap\" id=\"mec_skin_4493\" data-unique-id=\"4493\">\r\n    <article class=\"mec-single-event mec-single-modern mec-single-modal\">\r\n        <div class=\"mec-events-event-image\">\r\n            <img loading=\"lazy\" decoding=\"async\" width=\"120\" height=\"121\" src=\"https:\/\/eloisefaresharpiste.com\/wp-content\/uploads\/2025\/07\/orchestre-st-pierre-fusterie.png\" class=\"attachment-full size-full wp-post-image\" alt=\"\" data-mec-postid=\"973\" \/>        <\/div>\r\n        \r\n        <div class=\"col-md-4\">\r\n\r\n            <div class=\"mec-event-meta mec-color-before mec-frontbox mec-util-hidden\">\r\n                \r\n                <!-- Sponsors Module -->\r\n                \r\n                <!-- Register Booking Button -->\r\n                            <\/div>\r\n\r\n            <!-- Weather Module -->\r\n            \r\n            <!-- QRCode Module -->\r\n            \r\n            <!-- Public Download Module -->\r\n            \r\n            <!-- Local Time Module -->\r\n            \r\n            <div class=\"mec-event-meta mec-color-before mec-frontbox\">\r\n\r\n                                                \r\n                                    <div class=\"mec-single-event-location\">\r\n                        <i class=\"mec-sl-location-pin\"><\/i>                        <h3 class=\"mec-events-single-section-title mec-location\">Location<\/h3>\r\n\r\n                        \r\n                        <dl>\r\n                        <dd class=\"author fn org\">Th\u00e9\u00e2tre du Loup - Gen\u00e8ve - SUISSE<\/dd>\r\n\r\n                        <dd class=\"location\"><address class=\"mec-events-address\"><span class=\"mec-address\"><\/span><\/address><\/dd>\r\n\r\n                                                <\/dl>\r\n                    <\/div>\r\n                    \r\n                                    <div class=\"mec-single-event-category\">\r\n                        <i class=\"mec-sl-folder\"><\/i>                        <h3 class=\"mec-events-single-section-title mec-category\">Category<\/h3>\r\n                        <dl>\r\n                        <dd class=\"mec-events-event-categories\"><a href=\"https:\/\/eloisefaresharpiste.com\/en\/mec-category\/agenda\/\" class=\"mec-color-hover\" rel=\"tag\"><i class=\"mec-fa-angle-right\"><\/i>agenda<\/a><\/dd>                        <\/dl>\r\n                    <\/div>\r\n                    \r\n                \r\n            <\/div>\r\n\r\n            <!-- Speaker List Module -->\r\n            \r\n            <!-- Attendees List Module -->\r\n            \r\n            <!-- Next Previous Module -->\r\n                    <\/div>\r\n\r\n        <div class=\"col-md-8\">\r\n\r\n            <div class=\"mec-event-content\">\r\n                <div class=\"mec-single-event-description mec-events-content\">\r\n                                                                                                <\/div>\r\n            <\/div>\r\n\r\n            \r\n            <!-- Custom Data Fields -->\r\n            \r\n            <!-- FAQ -->\r\n            \r\n            <!-- Links Module -->\r\n            <div class=\"mec-event-social mec-frontbox\">\r\n     <h3 class=\"mec-social-single mec-frontbox-title\">Share this event<\/h3>\r\n     <div class=\"mec-event-sharing\">\r\n        <div class=\"mec-links-details\">\r\n            <ul>\r\n                <li class=\"mec-event-social-icon\"><a class=\"facebook\" href=\"https:\/\/www.facebook.com\/sharer\/sharer.php?u=https%3A%2F%2Fwww.ospf.ch%2F\" onclick=\"javascript:window.open(this.href, &#039;&#039;, &#039;menubar=no,toolbar=no,resizable=yes,scrollbars=yes,height=500,width=600&#039;); return false;\" target=\"_blank\" title=\"Share on Facebook\" aria-label=\"Share on Facebook\" rel=\"noopener\"><i class=\"mec-fa-facebook\"><\/i><span class=\"mec-social-title\"><\/span><\/a><\/li><li class=\"mec-event-social-icon\"><a class=\"twitter\" href=\"https:\/\/x.com\/intent\/tweet?url=https%3A%2F%2Fwww.ospf.ch%2F\" onclick=\"javascript:window.open(this.href, &#039;&#039;, &#039;menubar=no,toolbar=no,resizable=yes,scrollbars=yes,height=600,width=500&#039;); return false;\" target=\"_blank\" title=\"X Social Network\" aria-label=\"Share on X\"><svg xmlns=\"http:\/\/www.w3.org\/2000\/svg\" shape-rendering=\"geometricPrecision\" text-rendering=\"geometricPrecision\" image-rendering=\"optimizeQuality\" fill-rule=\"evenodd\" clip-rule=\"evenodd\" viewbox=\"0 0 512 462.799\"><path fill-rule=\"nonzero\" d=\"M403.229 0h78.506L310.219 196.04 512 462.799H354.002L230.261 301.007 88.669 462.799h-78.56l183.455-209.683L0 0h161.999l111.856 147.88L403.229 0zm-27.556 415.805h43.505L138.363 44.527h-46.68l283.99 371.278z\"\/><\/svg><span class=\"mec-social-title\"><\/span><\/a><\/li><li class=\"mec-event-social-icon\"><a class=\"linkedin\" href=\"https:\/\/www.linkedin.com\/shareArticle?mini=true&amp;url=https%3A%2F%2Fwww.ospf.ch%2F\" onclick=\"javascript:window.open(this.href, &#039;&#039;, &#039;menubar=no,toolbar=no,resizable=yes,scrollbars=yes,height=600,width=500&#039;); return false;\" target=\"_blank\" title=\"Linkedin\" aria-label=\"Share on Linkedin\" rel=\"noopener\"><i class=\"mec-fa-linkedin\"><\/i><span class=\"mec-social-title\"><\/span><\/a><\/li><li class=\"mec-event-social-icon\"><a class=\"email\" href=\"mailto:?subject=Orchestre%20Saint-Pierre%20Fusterie%20%E2%80%93%20direction%20Yann%20Kerninon&body=https%3A%2F%2Fwww.ospf.ch%2F\" title=\"Email\" aria-label=\"Share via Email\"><i class=\"mec-fa-envelope\"><\/i><span class=\"mec-social-title\"><\/span><\/a><\/li>            <\/ul>\r\n        <\/div>\r\n    <\/div>\r\n<\/div>\r\n            <!-- Google Maps Module -->\r\n            <div class=\"mec-events-meta-group mec-events-meta-group-gmap\">\r\n                            <\/div>\r\n\r\n            <!-- Export Module -->\r\n            <div class=\"mec-event-export-module mec-frontbox\">\r\n     <div class=\"mec-event-exporting\">\r\n        <div class=\"mec-export-details\">\r\n            <ul>\r\n                <li><a class=\"mec-events-gcal mec-events-button mec-color mec-bg-color-hover mec-border-color\" href=\"https:\/\/calendar.google.com\/calendar\/render?action=TEMPLATE&amp;text=Orchestre+Saint-Pierre+Fusterie+%E2%80%93+direction+Yann+Kerninon&amp;dates=20241009T060000Z\/20241013T160000Z&amp;details=Orchestre+Saint-Pierre+Fusterie+%E2%80%93+direction+Yann+Kerninon&amp;location=\" target=\"_blank\" rel=\"noopener\">+ Add to Google Calendar<\/a><\/li>                <li><a class=\"mec-events-gcal mec-events-button mec-color mec-bg-color-hover mec-border-color\" href=\"https:\/\/eloisefaresharpiste.com\/en\/?method=ical&#038;id=973\">+ iCal \/ Outlook export<\/a><\/li>            <\/ul>\r\n        <\/div>\r\n    <\/div>\r\n<\/div>\r\n            <!-- Hourly Schedule -->\r\n            \r\n            \t\t\t<!-- Booking Module -->\r\n            \r\n            <!-- Tags -->\r\n            <div class=\"mec-events-meta-group mec-events-meta-group-tags\">\r\n                            <\/div>\r\n\r\n        <\/div>\r\n    <\/article>\r\n<\/div>\r\n<script>\r\n\/\/ Fix modal speaker in some themes\r\njQuery(\"#mec_skin_4493 .mec-speaker-avatar-dialog a\").on('click', function(e)\r\n{\r\n    e.preventDefault();\r\n\r\n    var id = jQuery(this).attr('href');\r\n    lity(id);\r\n\r\n    return false;\r\n});\r\n<\/script>\r\n                                <\/div>\r\n                            <\/div>\r\n                        <\/div><!-- toggle item end -->\r\n                    <\/div><!-- toggles wrap end -->\r\n                            <\/article>\r\n            \t\t\r\n            \r\n                        <article class=\"mec-past-event mec-event-article  mec-clear  mec-divider-toggle mec-toggle-202410-mec2\" itemscope>\r\n                                    <!-- toggles wrap start -->\r\n                    <div class=\"mec-events-toggle\">\r\n                        <!-- toggle item start -->\r\n                        <div class=\"mec-toggle-item\">\r\n                            <div class=\"mec-toggle-item-inner\" tabindex=\"0\">\r\n                                                                <div class=\"mec-toggle-item-col\">\r\n                                                                            <div class=\"mec-event-month\"><span class=\"mec-start-date-label\">04 October<\/span><\/div>\r\n                                                                                                        <\/div>\r\n                                <h3 class=\"mec-toggle-title\">\r\n                                    Euskadiko orkestra \u2013 direction Robert Trevi\u00f1o<\/h3>\r\n                                                                <i class=\"mec-sl-arrow-down\"><\/i>\r\n                            <\/div>\r\n                            <div class=\"mec-content-toggle\" aria-hidden=\"true\" style=\"display: none;\">\r\n                                <div class=\"mec-toggle-content\">\r\n                                    <div class=\"mec-wrap colorskin-custom clearfix  mec-modal-wrap\" id=\"mec_skin_7585\" data-unique-id=\"7585\">\r\n    <article class=\"mec-single-event mec-single-modern mec-single-modal\">\r\n        <div class=\"mec-events-event-image\">\r\n            <img loading=\"lazy\" decoding=\"async\" width=\"227\" height=\"159\" src=\"https:\/\/eloisefaresharpiste.com\/wp-content\/uploads\/2025\/07\/visuel-euskadiko-orkestra-1.gif\" class=\"attachment-full size-full wp-post-image\" alt=\"\" data-mec-postid=\"979\" \/>        <\/div>\r\n        \r\n        <div class=\"col-md-4\">\r\n\r\n            <div class=\"mec-event-meta mec-color-before mec-frontbox mec-util-hidden\">\r\n                \r\n                <!-- Sponsors Module -->\r\n                \r\n                <!-- Register Booking Button -->\r\n                            <\/div>\r\n\r\n            <!-- Weather Module -->\r\n            \r\n            <!-- QRCode Module -->\r\n            \r\n            <!-- Public Download Module -->\r\n            \r\n            <!-- Local Time Module -->\r\n            \r\n            <div class=\"mec-event-meta mec-color-before mec-frontbox\">\r\n\r\n                                                \r\n                                    <div class=\"mec-single-event-location\">\r\n                        <i class=\"mec-sl-location-pin\"><\/i>                        <h3 class=\"mec-events-single-section-title mec-location\">Location<\/h3>\r\n\r\n                        \r\n                        <dl>\r\n                        <dd class=\"author fn org\">Pamplona - Iru\u00f1a Espagne - Tourn\u00e9e Mahler 9 avec Iv\u00e1n Bragado Poveda<\/dd>\r\n\r\n                        <dd class=\"location\"><address class=\"mec-events-address\"><span class=\"mec-address\"><\/span><\/address><\/dd>\r\n\r\n                                                <\/dl>\r\n                    <\/div>\r\n                    \r\n                                    <div class=\"mec-single-event-category\">\r\n                        <i class=\"mec-sl-folder\"><\/i>                        <h3 class=\"mec-events-single-section-title mec-category\">Category<\/h3>\r\n                        <dl>\r\n                        <dd class=\"mec-events-event-categories\"><a href=\"https:\/\/eloisefaresharpiste.com\/en\/mec-category\/agenda\/\" class=\"mec-color-hover\" rel=\"tag\"><i class=\"mec-fa-angle-right\"><\/i>agenda<\/a><\/dd>                        <\/dl>\r\n                    <\/div>\r\n                    \r\n                \r\n            <\/div>\r\n\r\n            <!-- Speaker List Module -->\r\n            \r\n            <!-- Attendees List Module -->\r\n            \r\n            <!-- Next Previous Module -->\r\n                    <\/div>\r\n\r\n        <div class=\"col-md-8\">\r\n\r\n            <div class=\"mec-event-content\">\r\n                <div class=\"mec-single-event-description mec-events-content\">\r\n                                                                                                <\/div>\r\n            <\/div>\r\n\r\n            \r\n            <!-- Custom Data Fields -->\r\n            \r\n            <!-- FAQ -->\r\n            \r\n            <!-- Links Module -->\r\n            <div class=\"mec-event-social mec-frontbox\">\r\n     <h3 class=\"mec-social-single mec-frontbox-title\">Share this event<\/h3>\r\n     <div class=\"mec-event-sharing\">\r\n        <div class=\"mec-links-details\">\r\n            <ul>\r\n                <li class=\"mec-event-social-icon\"><a class=\"facebook\" href=\"https:\/\/www.facebook.com\/sharer\/sharer.php?u=https%3A%2F%2Ffr.euskadikoorkestra.eus%2F\" onclick=\"javascript:window.open(this.href, &#039;&#039;, &#039;menubar=no,toolbar=no,resizable=yes,scrollbars=yes,height=500,width=600&#039;); return false;\" target=\"_blank\" title=\"Share on Facebook\" aria-label=\"Share on Facebook\" rel=\"noopener\"><i class=\"mec-fa-facebook\"><\/i><span class=\"mec-social-title\"><\/span><\/a><\/li><li class=\"mec-event-social-icon\"><a class=\"twitter\" href=\"https:\/\/x.com\/intent\/tweet?url=https%3A%2F%2Ffr.euskadikoorkestra.eus%2F\" onclick=\"javascript:window.open(this.href, &#039;&#039;, &#039;menubar=no,toolbar=no,resizable=yes,scrollbars=yes,height=600,width=500&#039;); return false;\" target=\"_blank\" title=\"X Social Network\" aria-label=\"Share on X\"><svg xmlns=\"http:\/\/www.w3.org\/2000\/svg\" shape-rendering=\"geometricPrecision\" text-rendering=\"geometricPrecision\" image-rendering=\"optimizeQuality\" fill-rule=\"evenodd\" clip-rule=\"evenodd\" viewbox=\"0 0 512 462.799\"><path fill-rule=\"nonzero\" d=\"M403.229 0h78.506L310.219 196.04 512 462.799H354.002L230.261 301.007 88.669 462.799h-78.56l183.455-209.683L0 0h161.999l111.856 147.88L403.229 0zm-27.556 415.805h43.505L138.363 44.527h-46.68l283.99 371.278z\"\/><\/svg><span class=\"mec-social-title\"><\/span><\/a><\/li><li class=\"mec-event-social-icon\"><a class=\"linkedin\" href=\"https:\/\/www.linkedin.com\/shareArticle?mini=true&amp;url=https%3A%2F%2Ffr.euskadikoorkestra.eus%2F\" onclick=\"javascript:window.open(this.href, &#039;&#039;, &#039;menubar=no,toolbar=no,resizable=yes,scrollbars=yes,height=600,width=500&#039;); return false;\" target=\"_blank\" title=\"Linkedin\" aria-label=\"Share on Linkedin\" rel=\"noopener\"><i class=\"mec-fa-linkedin\"><\/i><span class=\"mec-social-title\"><\/span><\/a><\/li><li class=\"mec-event-social-icon\"><a class=\"email\" href=\"mailto:?subject=Euskadiko%20orkestra%20%E2%80%93%20direction%20Robert%20Trevi%C3%B1o&body=https%3A%2F%2Ffr.euskadikoorkestra.eus%2F\" title=\"Email\" aria-label=\"Share via Email\"><i class=\"mec-fa-envelope\"><\/i><span class=\"mec-social-title\"><\/span><\/a><\/li>            <\/ul>\r\n        <\/div>\r\n    <\/div>\r\n<\/div>\r\n            <!-- Google Maps Module -->\r\n            <div class=\"mec-events-meta-group mec-events-meta-group-gmap\">\r\n                            <\/div>\r\n\r\n            <!-- Export Module -->\r\n            <div class=\"mec-event-export-module mec-frontbox\">\r\n     <div class=\"mec-event-exporting\">\r\n        <div class=\"mec-export-details\">\r\n            <ul>\r\n                <li><a class=\"mec-events-gcal mec-events-button mec-color mec-bg-color-hover mec-border-color\" href=\"https:\/\/calendar.google.com\/calendar\/render?action=TEMPLATE&amp;text=Euskadiko+orkestra+%E2%80%93+direction+Robert+Trevi%C3%B1o&amp;dates=20241004T060000Z\/20241004T160000Z&amp;details=Euskadiko+orkestra+%E2%80%93+direction+Robert+Trevi%C3%B1o&amp;location=\" target=\"_blank\" rel=\"noopener\">+ Add to Google Calendar<\/a><\/li>                <li><a class=\"mec-events-gcal mec-events-button mec-color mec-bg-color-hover mec-border-color\" href=\"https:\/\/eloisefaresharpiste.com\/en\/?method=ical&#038;id=979\">+ iCal \/ Outlook export<\/a><\/li>            <\/ul>\r\n        <\/div>\r\n    <\/div>\r\n<\/div>\r\n            <!-- Hourly Schedule -->\r\n            \r\n            \t\t\t<!-- Booking Module -->\r\n            \r\n            <!-- Tags -->\r\n            <div class=\"mec-events-meta-group mec-events-meta-group-tags\">\r\n                            <\/div>\r\n\r\n        <\/div>\r\n    <\/article>\r\n<\/div>\r\n<script>\r\n\/\/ Fix modal speaker in some themes\r\njQuery(\"#mec_skin_7585 .mec-speaker-avatar-dialog a\").on('click', function(e)\r\n{\r\n    e.preventDefault();\r\n\r\n    var id = jQuery(this).attr('href');\r\n    lity(id);\r\n\r\n    return false;\r\n});\r\n<\/script>\r\n                                <\/div>\r\n                            <\/div>\r\n                        <\/div><!-- toggle item end -->\r\n                    <\/div><!-- toggles wrap end -->\r\n                            <\/article>\r\n            \t\t\r\n            \r\n                        <article class=\"mec-past-event mec-event-article  mec-clear  mec-divider-toggle mec-toggle-202410-mec2\" itemscope>\r\n                                    <!-- toggles wrap start -->\r\n                    <div class=\"mec-events-toggle\">\r\n                        <!-- toggle item start -->\r\n                        <div class=\"mec-toggle-item\">\r\n                            <div class=\"mec-toggle-item-inner\" tabindex=\"0\">\r\n                                                                <div class=\"mec-toggle-item-col\">\r\n                                                                            <div class=\"mec-event-month\"><span class=\"mec-start-date-label\">01 - 02 October<\/span><\/div>\r\n                                                                                                        <\/div>\r\n                                <h3 class=\"mec-toggle-title\">\r\n                                    Euskadiko orkestra \u2013 direction Robert Trevi\u00f1o<\/h3>\r\n                                                                <i class=\"mec-sl-arrow-down\"><\/i>\r\n                            <\/div>\r\n                            <div class=\"mec-content-toggle\" aria-hidden=\"true\" style=\"display: none;\">\r\n                                <div class=\"mec-toggle-content\">\r\n                                    <div class=\"mec-wrap colorskin-custom clearfix  mec-modal-wrap\" id=\"mec_skin_5443\" data-unique-id=\"5443\">\r\n    <article class=\"mec-single-event mec-single-modern mec-single-modal\">\r\n        <div class=\"mec-events-event-image\">\r\n            <img loading=\"lazy\" decoding=\"async\" width=\"227\" height=\"159\" src=\"https:\/\/eloisefaresharpiste.com\/wp-content\/uploads\/2025\/07\/visuel-euskadiko-orkestra-1.gif\" class=\"attachment-full size-full wp-post-image\" alt=\"\" data-mec-postid=\"978\" \/>        <\/div>\r\n        \r\n        <div class=\"col-md-4\">\r\n\r\n            <div class=\"mec-event-meta mec-color-before mec-frontbox mec-util-hidden\">\r\n                \r\n                <!-- Sponsors Module -->\r\n                \r\n                <!-- Register Booking Button -->\r\n                            <\/div>\r\n\r\n            <!-- Weather Module -->\r\n            \r\n            <!-- QRCode Module -->\r\n            \r\n            <!-- Public Download Module -->\r\n            \r\n            <!-- Local Time Module -->\r\n            \r\n            <div class=\"mec-event-meta mec-color-before mec-frontbox\">\r\n\r\n                                                \r\n                                    <div class=\"mec-single-event-location\">\r\n                        <i class=\"mec-sl-location-pin\"><\/i>                        <h3 class=\"mec-events-single-section-title mec-location\">Location<\/h3>\r\n\r\n                        \r\n                        <dl>\r\n                        <dd class=\"author fn org\">Donostia San Sebasti\u00e1n<\/dd>\r\n\r\n                        <dd class=\"location\"><address class=\"mec-events-address\"><span class=\"mec-address\"><\/span><\/address><\/dd>\r\n\r\n                                                <\/dl>\r\n                    <\/div>\r\n                    \r\n                                    <div class=\"mec-single-event-category\">\r\n                        <i class=\"mec-sl-folder\"><\/i>                        <h3 class=\"mec-events-single-section-title mec-category\">Category<\/h3>\r\n                        <dl>\r\n                        <dd class=\"mec-events-event-categories\"><a href=\"https:\/\/eloisefaresharpiste.com\/en\/mec-category\/agenda\/\" class=\"mec-color-hover\" rel=\"tag\"><i class=\"mec-fa-angle-right\"><\/i>agenda<\/a><\/dd>                        <\/dl>\r\n                    <\/div>\r\n                    \r\n                \r\n            <\/div>\r\n\r\n            <!-- Speaker List Module -->\r\n            \r\n            <!-- Attendees List Module -->\r\n            \r\n            <!-- Next Previous Module -->\r\n                    <\/div>\r\n\r\n        <div class=\"col-md-8\">\r\n\r\n            <div class=\"mec-event-content\">\r\n                <div class=\"mec-single-event-description mec-events-content\">\r\n                                                                                                <\/div>\r\n            <\/div>\r\n\r\n            \r\n            <!-- Custom Data Fields -->\r\n            \r\n            <!-- FAQ -->\r\n            \r\n            <!-- Links Module -->\r\n            <div class=\"mec-event-social mec-frontbox\">\r\n     <h3 class=\"mec-social-single mec-frontbox-title\">Share this event<\/h3>\r\n     <div class=\"mec-event-sharing\">\r\n        <div class=\"mec-links-details\">\r\n            <ul>\r\n                <li class=\"mec-event-social-icon\"><a class=\"facebook\" href=\"https:\/\/www.facebook.com\/sharer\/sharer.php?u=https%3A%2F%2Ffr.euskadikoorkestra.eus%2F\" onclick=\"javascript:window.open(this.href, &#039;&#039;, &#039;menubar=no,toolbar=no,resizable=yes,scrollbars=yes,height=500,width=600&#039;); return false;\" target=\"_blank\" title=\"Share on Facebook\" aria-label=\"Share on Facebook\" rel=\"noopener\"><i class=\"mec-fa-facebook\"><\/i><span class=\"mec-social-title\"><\/span><\/a><\/li><li class=\"mec-event-social-icon\"><a class=\"twitter\" href=\"https:\/\/x.com\/intent\/tweet?url=https%3A%2F%2Ffr.euskadikoorkestra.eus%2F\" onclick=\"javascript:window.open(this.href, &#039;&#039;, &#039;menubar=no,toolbar=no,resizable=yes,scrollbars=yes,height=600,width=500&#039;); return false;\" target=\"_blank\" title=\"X Social Network\" aria-label=\"Share on X\"><svg xmlns=\"http:\/\/www.w3.org\/2000\/svg\" shape-rendering=\"geometricPrecision\" text-rendering=\"geometricPrecision\" image-rendering=\"optimizeQuality\" fill-rule=\"evenodd\" clip-rule=\"evenodd\" viewbox=\"0 0 512 462.799\"><path fill-rule=\"nonzero\" d=\"M403.229 0h78.506L310.219 196.04 512 462.799H354.002L230.261 301.007 88.669 462.799h-78.56l183.455-209.683L0 0h161.999l111.856 147.88L403.229 0zm-27.556 415.805h43.505L138.363 44.527h-46.68l283.99 371.278z\"\/><\/svg><span class=\"mec-social-title\"><\/span><\/a><\/li><li class=\"mec-event-social-icon\"><a class=\"linkedin\" href=\"https:\/\/www.linkedin.com\/shareArticle?mini=true&amp;url=https%3A%2F%2Ffr.euskadikoorkestra.eus%2F\" onclick=\"javascript:window.open(this.href, &#039;&#039;, &#039;menubar=no,toolbar=no,resizable=yes,scrollbars=yes,height=600,width=500&#039;); return false;\" target=\"_blank\" title=\"Linkedin\" aria-label=\"Share on Linkedin\" rel=\"noopener\"><i class=\"mec-fa-linkedin\"><\/i><span class=\"mec-social-title\"><\/span><\/a><\/li><li class=\"mec-event-social-icon\"><a class=\"email\" href=\"mailto:?subject=Euskadiko%20orkestra%20%E2%80%93%20direction%20Robert%20Trevi%C3%B1o&body=https%3A%2F%2Ffr.euskadikoorkestra.eus%2F\" title=\"Email\" aria-label=\"Share via Email\"><i class=\"mec-fa-envelope\"><\/i><span class=\"mec-social-title\"><\/span><\/a><\/li>            <\/ul>\r\n        <\/div>\r\n    <\/div>\r\n<\/div>\r\n            <!-- Google Maps Module -->\r\n            <div class=\"mec-events-meta-group mec-events-meta-group-gmap\">\r\n                            <\/div>\r\n\r\n            <!-- Export Module -->\r\n            <div class=\"mec-event-export-module mec-frontbox\">\r\n     <div class=\"mec-event-exporting\">\r\n        <div class=\"mec-export-details\">\r\n            <ul>\r\n                <li><a class=\"mec-events-gcal mec-events-button mec-color mec-bg-color-hover mec-border-color\" href=\"https:\/\/calendar.google.com\/calendar\/render?action=TEMPLATE&amp;text=Euskadiko+orkestra+%E2%80%93+direction+Robert+Trevi%C3%B1o&amp;dates=20241001T060000Z\/20241002T160000Z&amp;details=Euskadiko+orkestra+%E2%80%93+direction+Robert+Trevi%C3%B1o&amp;location=\" target=\"_blank\" rel=\"noopener\">+ Add to Google Calendar<\/a><\/li>                <li><a class=\"mec-events-gcal mec-events-button mec-color mec-bg-color-hover mec-border-color\" href=\"https:\/\/eloisefaresharpiste.com\/en\/?method=ical&#038;id=978\">+ iCal \/ Outlook export<\/a><\/li>            <\/ul>\r\n        <\/div>\r\n    <\/div>\r\n<\/div>\r\n            <!-- Hourly Schedule -->\r\n            \r\n            \t\t\t<!-- Booking Module -->\r\n            \r\n            <!-- Tags -->\r\n            <div class=\"mec-events-meta-group mec-events-meta-group-tags\">\r\n                            <\/div>\r\n\r\n        <\/div>\r\n    <\/article>\r\n<\/div>\r\n<script>\r\n\/\/ Fix modal speaker in some themes\r\njQuery(\"#mec_skin_5443 .mec-speaker-avatar-dialog a\").on('click', function(e)\r\n{\r\n    e.preventDefault();\r\n\r\n    var id = jQuery(this).attr('href');\r\n    lity(id);\r\n\r\n    return false;\r\n});\r\n<\/script>\r\n                                <\/div>\r\n                            <\/div>\r\n                        <\/div><!-- toggle item end -->\r\n                    <\/div><!-- toggles wrap end -->\r\n                            <\/article>\r\n            \t\t\r\n                        <div class=\"mec-month-divider\" data-toggle-divider=\"mec-toggle-202409-mec2\"><h5 style=\"display: inline;\">September 2024<\/h5><i class=\"mec-sl-arrow-down\"><\/i><\/div>\r\n            \r\n                        <article class=\"mec-past-event mec-event-article  mec-clear  mec-divider-toggle mec-toggle-202409-mec2\" itemscope>\r\n                                    <!-- toggles wrap start -->\r\n                    <div class=\"mec-events-toggle\">\r\n                        <!-- toggle item start -->\r\n                        <div class=\"mec-toggle-item\">\r\n                            <div class=\"mec-toggle-item-inner\" tabindex=\"0\">\r\n                                                                <div class=\"mec-toggle-item-col\">\r\n                                                                            <div class=\"mec-event-month\"><span class=\"mec-start-date-label\">27 - 30 September<\/span><\/div>\r\n                                                                                                        <\/div>\r\n                                <h3 class=\"mec-toggle-title\">\r\n                                    Euskadiko orkestra \u2013 direction Robert Trevi\u00f1o<\/h3>\r\n                                                                <i class=\"mec-sl-arrow-down\"><\/i>\r\n                            <\/div>\r\n                            <div class=\"mec-content-toggle\" aria-hidden=\"true\" style=\"display: none;\">\r\n                                <div class=\"mec-toggle-content\">\r\n                                    <div class=\"mec-wrap colorskin-custom clearfix  mec-modal-wrap\" id=\"mec_skin_3406\" data-unique-id=\"3406\">\r\n    <article class=\"mec-single-event mec-single-modern mec-single-modal\">\r\n        <div class=\"mec-events-event-image\">\r\n            <img loading=\"lazy\" decoding=\"async\" width=\"227\" height=\"159\" src=\"https:\/\/eloisefaresharpiste.com\/wp-content\/uploads\/2025\/07\/visuel-euskadiko-orkestra-1.gif\" class=\"attachment-full size-full wp-post-image\" alt=\"\" data-mec-postid=\"977\" \/>        <\/div>\r\n        \r\n        <div class=\"col-md-4\">\r\n\r\n            <div class=\"mec-event-meta mec-color-before mec-frontbox mec-util-hidden\">\r\n                \r\n                <!-- Sponsors Module -->\r\n                \r\n                <!-- Register Booking Button -->\r\n                            <\/div>\r\n\r\n            <!-- Weather Module -->\r\n            \r\n            <!-- QRCode Module -->\r\n            \r\n            <!-- Public Download Module -->\r\n            \r\n            <!-- Local Time Module -->\r\n            \r\n            <div class=\"mec-event-meta mec-color-before mec-frontbox\">\r\n\r\n                                                \r\n                                    <div class=\"mec-single-event-location\">\r\n                        <i class=\"mec-sl-location-pin\"><\/i>                        <h3 class=\"mec-events-single-section-title mec-location\">Location<\/h3>\r\n\r\n                        \r\n                        <dl>\r\n                        <dd class=\"author fn org\">Bilbao &amp; Vitoria - Gasteiz<\/dd>\r\n\r\n                        <dd class=\"location\"><address class=\"mec-events-address\"><span class=\"mec-address\"><\/span><\/address><\/dd>\r\n\r\n                                                <\/dl>\r\n                    <\/div>\r\n                    \r\n                                    <div class=\"mec-single-event-category\">\r\n                        <i class=\"mec-sl-folder\"><\/i>                        <h3 class=\"mec-events-single-section-title mec-category\">Category<\/h3>\r\n                        <dl>\r\n                        <dd class=\"mec-events-event-categories\"><a href=\"https:\/\/eloisefaresharpiste.com\/en\/mec-category\/agenda\/\" class=\"mec-color-hover\" rel=\"tag\"><i class=\"mec-fa-angle-right\"><\/i>agenda<\/a><\/dd>                        <\/dl>\r\n                    <\/div>\r\n                    \r\n                \r\n            <\/div>\r\n\r\n            <!-- Speaker List Module -->\r\n            \r\n            <!-- Attendees List Module -->\r\n            \r\n            <!-- Next Previous Module -->\r\n                    <\/div>\r\n\r\n        <div class=\"col-md-8\">\r\n\r\n            <div class=\"mec-event-content\">\r\n                <div class=\"mec-single-event-description mec-events-content\">\r\n                                                                                                <\/div>\r\n            <\/div>\r\n\r\n            \r\n            <!-- Custom Data Fields -->\r\n            \r\n            <!-- FAQ -->\r\n            \r\n            <!-- Links Module -->\r\n            <div class=\"mec-event-social mec-frontbox\">\r\n     <h3 class=\"mec-social-single mec-frontbox-title\">Share this event<\/h3>\r\n     <div class=\"mec-event-sharing\">\r\n        <div class=\"mec-links-details\">\r\n            <ul>\r\n                <li class=\"mec-event-social-icon\"><a class=\"facebook\" href=\"https:\/\/www.facebook.com\/sharer\/sharer.php?u=https%3A%2F%2Ffr.euskadikoorkestra.eus%2F\" onclick=\"javascript:window.open(this.href, &#039;&#039;, &#039;menubar=no,toolbar=no,resizable=yes,scrollbars=yes,height=500,width=600&#039;); return false;\" target=\"_blank\" title=\"Share on Facebook\" aria-label=\"Share on Facebook\" rel=\"noopener\"><i class=\"mec-fa-facebook\"><\/i><span class=\"mec-social-title\"><\/span><\/a><\/li><li class=\"mec-event-social-icon\"><a class=\"twitter\" href=\"https:\/\/x.com\/intent\/tweet?url=https%3A%2F%2Ffr.euskadikoorkestra.eus%2F\" onclick=\"javascript:window.open(this.href, &#039;&#039;, &#039;menubar=no,toolbar=no,resizable=yes,scrollbars=yes,height=600,width=500&#039;); return false;\" target=\"_blank\" title=\"X Social Network\" aria-label=\"Share on X\"><svg xmlns=\"http:\/\/www.w3.org\/2000\/svg\" shape-rendering=\"geometricPrecision\" text-rendering=\"geometricPrecision\" image-rendering=\"optimizeQuality\" fill-rule=\"evenodd\" clip-rule=\"evenodd\" viewbox=\"0 0 512 462.799\"><path fill-rule=\"nonzero\" d=\"M403.229 0h78.506L310.219 196.04 512 462.799H354.002L230.261 301.007 88.669 462.799h-78.56l183.455-209.683L0 0h161.999l111.856 147.88L403.229 0zm-27.556 415.805h43.505L138.363 44.527h-46.68l283.99 371.278z\"\/><\/svg><span class=\"mec-social-title\"><\/span><\/a><\/li><li class=\"mec-event-social-icon\"><a class=\"linkedin\" href=\"https:\/\/www.linkedin.com\/shareArticle?mini=true&amp;url=https%3A%2F%2Ffr.euskadikoorkestra.eus%2F\" onclick=\"javascript:window.open(this.href, &#039;&#039;, &#039;menubar=no,toolbar=no,resizable=yes,scrollbars=yes,height=600,width=500&#039;); return false;\" target=\"_blank\" title=\"Linkedin\" aria-label=\"Share on Linkedin\" rel=\"noopener\"><i class=\"mec-fa-linkedin\"><\/i><span class=\"mec-social-title\"><\/span><\/a><\/li><li class=\"mec-event-social-icon\"><a class=\"email\" href=\"mailto:?subject=Euskadiko%20orkestra%20%E2%80%93%20direction%20Robert%20Trevi%C3%B1o&body=https%3A%2F%2Ffr.euskadikoorkestra.eus%2F\" title=\"Email\" aria-label=\"Share via Email\"><i class=\"mec-fa-envelope\"><\/i><span class=\"mec-social-title\"><\/span><\/a><\/li>            <\/ul>\r\n        <\/div>\r\n    <\/div>\r\n<\/div>\r\n            <!-- Google Maps Module -->\r\n            <div class=\"mec-events-meta-group mec-events-meta-group-gmap\">\r\n                            <\/div>\r\n\r\n            <!-- Export Module -->\r\n            <div class=\"mec-event-export-module mec-frontbox\">\r\n     <div class=\"mec-event-exporting\">\r\n        <div class=\"mec-export-details\">\r\n            <ul>\r\n                <li><a class=\"mec-events-gcal mec-events-button mec-color mec-bg-color-hover mec-border-color\" href=\"https:\/\/calendar.google.com\/calendar\/render?action=TEMPLATE&amp;text=Euskadiko+orkestra+%E2%80%93+direction+Robert+Trevi%C3%B1o&amp;dates=20240927T060000Z\/20240930T160000Z&amp;details=Euskadiko+orkestra+%E2%80%93+direction+Robert+Trevi%C3%B1o&amp;location=\" target=\"_blank\" rel=\"noopener\">+ Add to Google Calendar<\/a><\/li>                <li><a class=\"mec-events-gcal mec-events-button mec-color mec-bg-color-hover mec-border-color\" href=\"https:\/\/eloisefaresharpiste.com\/en\/?method=ical&#038;id=977\">+ iCal \/ Outlook export<\/a><\/li>            <\/ul>\r\n        <\/div>\r\n    <\/div>\r\n<\/div>\r\n            <!-- Hourly Schedule -->\r\n            \r\n            \t\t\t<!-- Booking Module -->\r\n            \r\n            <!-- Tags -->\r\n            <div class=\"mec-events-meta-group mec-events-meta-group-tags\">\r\n                            <\/div>\r\n\r\n        <\/div>\r\n    <\/article>\r\n<\/div>\r\n<script>\r\n\/\/ Fix modal speaker in some themes\r\njQuery(\"#mec_skin_3406 .mec-speaker-avatar-dialog a\").on('click', function(e)\r\n{\r\n    e.preventDefault();\r\n\r\n    var id = jQuery(this).attr('href');\r\n    lity(id);\r\n\r\n    return false;\r\n});\r\n<\/script>\r\n                                <\/div>\r\n                            <\/div>\r\n                        <\/div><!-- toggle item end -->\r\n                    <\/div><!-- toggles wrap end -->\r\n                            <\/article>\r\n            \t\t\r\n                        <div class=\"mec-month-divider\" data-toggle-divider=\"mec-toggle-202407-mec2\"><h5 style=\"display: inline;\">July 2024<\/h5><i class=\"mec-sl-arrow-down\"><\/i><\/div>\r\n            \r\n                        <article class=\"mec-past-event mec-event-article  mec-clear  mec-divider-toggle mec-toggle-202407-mec2\" itemscope>\r\n                                    <!-- toggles wrap start -->\r\n                    <div class=\"mec-events-toggle\">\r\n                        <!-- toggle item start -->\r\n                        <div class=\"mec-toggle-item\">\r\n                            <div class=\"mec-toggle-item-inner\" tabindex=\"0\">\r\n                                                                <div class=\"mec-toggle-item-col\">\r\n                                                                            <div class=\"mec-event-month\"><span class=\"mec-start-date-label\">02 July<\/span><span class=\"mec-end-date-label\" itemprop=\"endDate\"> - 05 August<\/span><\/div>\r\n                                                                                                        <\/div>\r\n                                <h3 class=\"mec-toggle-title\">\r\n                                    Verbier Festival Orchestra \u2013 Academie d\u2019orchestre internationale<\/h3>\r\n                                                                <i class=\"mec-sl-arrow-down\"><\/i>\r\n                            <\/div>\r\n                            <div class=\"mec-content-toggle\" aria-hidden=\"true\" style=\"display: none;\">\r\n                                <div class=\"mec-toggle-content\">\r\n                                    <div class=\"mec-wrap colorskin-custom clearfix  mec-modal-wrap\" id=\"mec_skin_7157\" data-unique-id=\"7157\">\r\n    <article class=\"mec-single-event mec-single-modern mec-single-modal\">\r\n        <div class=\"mec-events-event-image\">\r\n            <img loading=\"lazy\" decoding=\"async\" width=\"640\" height=\"565\" src=\"https:\/\/eloisefaresharpiste.com\/wp-content\/uploads\/2025\/07\/verbier.png\" class=\"attachment-full size-full wp-post-image\" alt=\"\" data-mec-postid=\"980\" \/>        <\/div>\r\n        \r\n        <div class=\"col-md-4\">\r\n\r\n            <div class=\"mec-event-meta mec-color-before mec-frontbox mec-util-hidden\">\r\n                \r\n                <!-- Sponsors Module -->\r\n                \r\n                <!-- Register Booking Button -->\r\n                            <\/div>\r\n\r\n            <!-- Weather Module -->\r\n            \r\n            <!-- QRCode Module -->\r\n            \r\n            <!-- Public Download Module -->\r\n            \r\n            <!-- Local Time Module -->\r\n            \r\n            <div class=\"mec-event-meta mec-color-before mec-frontbox\">\r\n\r\n                                                \r\n                                    <div class=\"mec-single-event-location\">\r\n                        <i class=\"mec-sl-location-pin\"><\/i>                        <h3 class=\"mec-events-single-section-title mec-location\">Location<\/h3>\r\n\r\n                        \r\n                        <dl>\r\n                        <dd class=\"author fn org\">Verbier Festival, alpes Suisses - SUISSE<\/dd>\r\n\r\n                        <dd class=\"location\"><address class=\"mec-events-address\"><span class=\"mec-address\"><\/span><\/address><\/dd>\r\n\r\n                                                <\/dl>\r\n                    <\/div>\r\n                    \r\n                \r\n                \r\n            <\/div>\r\n\r\n            <!-- Speaker List Module -->\r\n            \r\n            <!-- Attendees List Module -->\r\n            \r\n            <!-- Next Previous Module -->\r\n                    <\/div>\r\n\r\n        <div class=\"col-md-8\">\r\n\r\n            <div class=\"mec-event-content\">\r\n                <div class=\"mec-single-event-description mec-events-content\">\r\n                                                                                                <\/div>\r\n            <\/div>\r\n\r\n            \r\n            <!-- Custom Data Fields -->\r\n            \r\n            <!-- FAQ -->\r\n            \r\n            <!-- Links Module -->\r\n            <div class=\"mec-event-social mec-frontbox\">\r\n     <h3 class=\"mec-social-single mec-frontbox-title\">Share this event<\/h3>\r\n     <div class=\"mec-event-sharing\">\r\n        <div class=\"mec-links-details\">\r\n            <ul>\r\n                <li class=\"mec-event-social-icon\"><a class=\"facebook\" href=\"https:\/\/www.facebook.com\/sharer\/sharer.php?u=https%3A%2F%2Fwww.verbierfestival.com%2F\" onclick=\"javascript:window.open(this.href, &#039;&#039;, &#039;menubar=no,toolbar=no,resizable=yes,scrollbars=yes,height=500,width=600&#039;); return false;\" target=\"_blank\" title=\"Share on Facebook\" aria-label=\"Share on Facebook\" rel=\"noopener\"><i class=\"mec-fa-facebook\"><\/i><span class=\"mec-social-title\"><\/span><\/a><\/li><li class=\"mec-event-social-icon\"><a class=\"twitter\" href=\"https:\/\/x.com\/intent\/tweet?url=https%3A%2F%2Fwww.verbierfestival.com%2F\" onclick=\"javascript:window.open(this.href, &#039;&#039;, &#039;menubar=no,toolbar=no,resizable=yes,scrollbars=yes,height=600,width=500&#039;); return false;\" target=\"_blank\" title=\"X Social Network\" aria-label=\"Share on X\"><svg xmlns=\"http:\/\/www.w3.org\/2000\/svg\" shape-rendering=\"geometricPrecision\" text-rendering=\"geometricPrecision\" image-rendering=\"optimizeQuality\" fill-rule=\"evenodd\" clip-rule=\"evenodd\" viewbox=\"0 0 512 462.799\"><path fill-rule=\"nonzero\" d=\"M403.229 0h78.506L310.219 196.04 512 462.799H354.002L230.261 301.007 88.669 462.799h-78.56l183.455-209.683L0 0h161.999l111.856 147.88L403.229 0zm-27.556 415.805h43.505L138.363 44.527h-46.68l283.99 371.278z\"\/><\/svg><span class=\"mec-social-title\"><\/span><\/a><\/li><li class=\"mec-event-social-icon\"><a class=\"linkedin\" href=\"https:\/\/www.linkedin.com\/shareArticle?mini=true&amp;url=https%3A%2F%2Fwww.verbierfestival.com%2F\" onclick=\"javascript:window.open(this.href, &#039;&#039;, &#039;menubar=no,toolbar=no,resizable=yes,scrollbars=yes,height=600,width=500&#039;); return false;\" target=\"_blank\" title=\"Linkedin\" aria-label=\"Share on Linkedin\" rel=\"noopener\"><i class=\"mec-fa-linkedin\"><\/i><span class=\"mec-social-title\"><\/span><\/a><\/li><li class=\"mec-event-social-icon\"><a class=\"email\" href=\"mailto:?subject=Verbier%20Festival%20Orchestra%20%E2%80%93%20Academie%20d%E2%80%99orchestre%20internationale&body=https%3A%2F%2Fwww.verbierfestival.com%2F\" title=\"Email\" aria-label=\"Share via Email\"><i class=\"mec-fa-envelope\"><\/i><span class=\"mec-social-title\"><\/span><\/a><\/li>            <\/ul>\r\n        <\/div>\r\n    <\/div>\r\n<\/div>\r\n            <!-- Google Maps Module -->\r\n            <div class=\"mec-events-meta-group mec-events-meta-group-gmap\">\r\n                            <\/div>\r\n\r\n            <!-- Export Module -->\r\n            <div class=\"mec-event-export-module mec-frontbox\">\r\n     <div class=\"mec-event-exporting\">\r\n        <div class=\"mec-export-details\">\r\n            <ul>\r\n                <li><a class=\"mec-events-gcal mec-events-button mec-color mec-bg-color-hover mec-border-color\" href=\"https:\/\/calendar.google.com\/calendar\/render?action=TEMPLATE&amp;text=Verbier+Festival+Orchestra+%E2%80%93+Academie+d%E2%80%99orchestre+internationale&amp;dates=20240702T060000Z\/20240805T160000Z&amp;details=Verbier+Festival+Orchestra+%E2%80%93+Academie+d%E2%80%99orchestre+internationale&amp;location=\" target=\"_blank\" rel=\"noopener\">+ Add to Google Calendar<\/a><\/li>                <li><a class=\"mec-events-gcal mec-events-button mec-color mec-bg-color-hover mec-border-color\" href=\"https:\/\/eloisefaresharpiste.com\/en\/?method=ical&#038;id=980\">+ iCal \/ Outlook export<\/a><\/li>            <\/ul>\r\n        <\/div>\r\n    <\/div>\r\n<\/div>\r\n            <!-- Hourly Schedule -->\r\n            \r\n            \t\t\t<!-- Booking Module -->\r\n            \r\n            <!-- Tags -->\r\n            <div class=\"mec-events-meta-group mec-events-meta-group-tags\">\r\n                            <\/div>\r\n\r\n        <\/div>\r\n    <\/article>\r\n<\/div>\r\n<script>\r\n\/\/ Fix modal speaker in some themes\r\njQuery(\"#mec_skin_7157 .mec-speaker-avatar-dialog a\").on('click', function(e)\r\n{\r\n    e.preventDefault();\r\n\r\n    var id = jQuery(this).attr('href');\r\n    lity(id);\r\n\r\n    return false;\r\n});\r\n<\/script>\r\n                                <\/div>\r\n                            <\/div>\r\n                        <\/div><!-- toggle item end -->\r\n                    <\/div><!-- toggles wrap end -->\r\n                            <\/article>\r\n            \t\t\r\n                        <div class=\"mec-month-divider\" data-toggle-divider=\"mec-toggle-202406-mec2\"><h5 style=\"display: inline;\">June 2024<\/h5><i class=\"mec-sl-arrow-down\"><\/i><\/div>\r\n            \r\n                        <article class=\"mec-past-event mec-event-article  mec-clear  mec-divider-toggle mec-toggle-202406-mec2\" itemscope>\r\n                                    <!-- toggles wrap start -->\r\n                    <div class=\"mec-events-toggle\">\r\n                        <!-- toggle item start -->\r\n                        <div class=\"mec-toggle-item\">\r\n                            <div class=\"mec-toggle-item-inner\" tabindex=\"0\">\r\n                                                                <div class=\"mec-toggle-item-col\">\r\n                                                                            <div class=\"mec-event-month\"><span class=\"mec-start-date-label\">28 June<\/span><\/div>\r\n                                                                                                        <\/div>\r\n                                <h3 class=\"mec-toggle-title\">\r\n                                    Concert jeunesse \u2013  \u201cLa ballade fantastique d\u2019Elo\u00efse &#038; Margot\u201d dans le cadre de la 1\u00e8re \u00e9dition du festival \u201cTous A la Plage\u201d (TAP)<\/h3>\r\n                                                                <i class=\"mec-sl-arrow-down\"><\/i>\r\n                            <\/div>\r\n                            <div class=\"mec-content-toggle\" aria-hidden=\"true\" style=\"display: none;\">\r\n                                <div class=\"mec-toggle-content\">\r\n                                    <div class=\"mec-wrap colorskin-custom clearfix  mec-modal-wrap\" id=\"mec_skin_3280\" data-unique-id=\"3280\">\r\n    <article class=\"mec-single-event mec-single-modern mec-single-modal\">\r\n        <div class=\"mec-events-event-image\">\r\n            <img loading=\"lazy\" decoding=\"async\" width=\"400\" height=\"400\" src=\"https:\/\/eloisefaresharpiste.com\/wp-content\/uploads\/2025\/07\/visuel-EF.jpg\" class=\"attachment-full size-full wp-post-image\" alt=\"\" data-mec-postid=\"982\" \/>        <\/div>\r\n        \r\n        <div class=\"col-md-4\">\r\n\r\n            <div class=\"mec-event-meta mec-color-before mec-frontbox mec-util-hidden\">\r\n                \r\n                <!-- Sponsors Module -->\r\n                \r\n                <!-- Register Booking Button -->\r\n                            <\/div>\r\n\r\n            <!-- Weather Module -->\r\n            \r\n            <!-- QRCode Module -->\r\n            \r\n            <!-- Public Download Module -->\r\n            \r\n            <!-- Local Time Module -->\r\n            \r\n            <div class=\"mec-event-meta mec-color-before mec-frontbox\">\r\n\r\n                                                \r\n                                    <div class=\"mec-single-event-location\">\r\n                        <i class=\"mec-sl-location-pin\"><\/i>                        <h3 class=\"mec-events-single-section-title mec-location\">Location<\/h3>\r\n\r\n                        \r\n                        <dl>\r\n                        <dd class=\"author fn org\">Sc\u00e8ne de la Canop\u00e9e - Gen\u00e8ve - SUISSE<\/dd>\r\n\r\n                        <dd class=\"location\"><address class=\"mec-events-address\"><span class=\"mec-address\"><\/span><\/address><\/dd>\r\n\r\n                                                <\/dl>\r\n                    <\/div>\r\n                    \r\n                                    <div class=\"mec-single-event-category\">\r\n                        <i class=\"mec-sl-folder\"><\/i>                        <h3 class=\"mec-events-single-section-title mec-category\">Category<\/h3>\r\n                        <dl>\r\n                        <dd class=\"mec-events-event-categories\"><a href=\"https:\/\/eloisefaresharpiste.com\/en\/mec-category\/agenda\/\" class=\"mec-color-hover\" rel=\"tag\"><i class=\"mec-fa-angle-right\"><\/i>agenda<\/a><\/dd>                        <\/dl>\r\n                    <\/div>\r\n                    \r\n                \r\n            <\/div>\r\n\r\n            <!-- Speaker List Module -->\r\n            \r\n            <!-- Attendees List Module -->\r\n            \r\n            <!-- Next Previous Module -->\r\n                    <\/div>\r\n\r\n        <div class=\"col-md-8\">\r\n\r\n            <div class=\"mec-event-content\">\r\n                <div class=\"mec-single-event-description mec-events-content\">\r\n                    <h3 class=\"elementor-heading-title elementor-size-default\">En duo de harpes &#8211; avec Margot Plantevin Date de representation 28 juin 2024 &#8211; 19h Lieu : Sc\u00e8ne de la Canop\u00e9e &#8211; Gen\u00e8ve &#8211; SUISSE<\/h3>\n                                                                            <\/div>\r\n            <\/div>\r\n\r\n            \r\n            <!-- Custom Data Fields -->\r\n            \r\n            <!-- FAQ -->\r\n            \r\n            <!-- Links Module -->\r\n            <div class=\"mec-event-social mec-frontbox\">\r\n     <h3 class=\"mec-social-single mec-frontbox-title\">Share this event<\/h3>\r\n     <div class=\"mec-event-sharing\">\r\n        <div class=\"mec-links-details\">\r\n            <ul>\r\n                <li class=\"mec-event-social-icon\"><a class=\"facebook\" href=\"https:\/\/www.facebook.com\/sharer\/sharer.php?u=https%3A%2F%2Feloisefaresharpiste.com%2Fen%2Fevents%2Fconcert-jeunesse-la-ballade-fantastique-deloise-margot-dans-le-cadre-de-la-1ere-edition-du-festival-tous-a-la-plage-tap%2F\" onclick=\"javascript:window.open(this.href, &#039;&#039;, &#039;menubar=no,toolbar=no,resizable=yes,scrollbars=yes,height=500,width=600&#039;); return false;\" target=\"_blank\" title=\"Share on Facebook\" aria-label=\"Share on Facebook\"><i class=\"mec-fa-facebook\"><\/i><span class=\"mec-social-title\"><\/span><\/a><\/li><li class=\"mec-event-social-icon\"><a class=\"twitter\" href=\"https:\/\/x.com\/intent\/tweet?url=https%3A%2F%2Feloisefaresharpiste.com%2Fen%2Fevents%2Fconcert-jeunesse-la-ballade-fantastique-deloise-margot-dans-le-cadre-de-la-1ere-edition-du-festival-tous-a-la-plage-tap%2F\" onclick=\"javascript:window.open(this.href, &#039;&#039;, &#039;menubar=no,toolbar=no,resizable=yes,scrollbars=yes,height=600,width=500&#039;); return false;\" target=\"_blank\" title=\"X Social Network\" aria-label=\"Share on X\"><svg xmlns=\"http:\/\/www.w3.org\/2000\/svg\" shape-rendering=\"geometricPrecision\" text-rendering=\"geometricPrecision\" image-rendering=\"optimizeQuality\" fill-rule=\"evenodd\" clip-rule=\"evenodd\" viewbox=\"0 0 512 462.799\"><path fill-rule=\"nonzero\" d=\"M403.229 0h78.506L310.219 196.04 512 462.799H354.002L230.261 301.007 88.669 462.799h-78.56l183.455-209.683L0 0h161.999l111.856 147.88L403.229 0zm-27.556 415.805h43.505L138.363 44.527h-46.68l283.99 371.278z\"\/><\/svg><span class=\"mec-social-title\"><\/span><\/a><\/li><li class=\"mec-event-social-icon\"><a class=\"linkedin\" href=\"https:\/\/www.linkedin.com\/shareArticle?mini=true&amp;url=https%3A%2F%2Feloisefaresharpiste.com%2Fen%2Fevents%2Fconcert-jeunesse-la-ballade-fantastique-deloise-margot-dans-le-cadre-de-la-1ere-edition-du-festival-tous-a-la-plage-tap%2F\" onclick=\"javascript:window.open(this.href, &#039;&#039;, &#039;menubar=no,toolbar=no,resizable=yes,scrollbars=yes,height=600,width=500&#039;); return false;\" target=\"_blank\" title=\"Linkedin\" aria-label=\"Share on Linkedin\"><i class=\"mec-fa-linkedin\"><\/i><span class=\"mec-social-title\"><\/span><\/a><\/li><li class=\"mec-event-social-icon\"><a class=\"email\" href=\"mailto:?subject=Concert%20jeunesse%20%E2%80%93%20%20%E2%80%9CLa%20ballade%20fantastique%20d%E2%80%99Elo%C3%AFse%20%2526%20Margot%E2%80%9D%20dans%20le%20cadre%20de%20la%201%C3%A8re%20%C3%A9dition%20du%20festival%20%E2%80%9CTous%20A%20la%20Plage%E2%80%9D%20%28TAP%29&body=https%3A%2F%2Feloisefaresharpiste.com%2Fen%2Fevents%2Fconcert-jeunesse-la-ballade-fantastique-deloise-margot-dans-le-cadre-de-la-1ere-edition-du-festival-tous-a-la-plage-tap%2F\" title=\"Email\" aria-label=\"Share via Email\"><i class=\"mec-fa-envelope\"><\/i><span class=\"mec-social-title\"><\/span><\/a><\/li>            <\/ul>\r\n        <\/div>\r\n    <\/div>\r\n<\/div>\r\n            <!-- Google Maps Module -->\r\n            <div class=\"mec-events-meta-group mec-events-meta-group-gmap\">\r\n                            <\/div>\r\n\r\n            <!-- Export Module -->\r\n            <div class=\"mec-event-export-module mec-frontbox\">\r\n     <div class=\"mec-event-exporting\">\r\n        <div class=\"mec-export-details\">\r\n            <ul>\r\n                <li><a class=\"mec-events-gcal mec-events-button mec-color mec-bg-color-hover mec-border-color\" href=\"https:\/\/calendar.google.com\/calendar\/render?action=TEMPLATE&amp;text=Concert+jeunesse+%E2%80%93++%E2%80%9CLa+ballade+fantastique+d%E2%80%99Elo%C3%AFse+%2526+Margot%E2%80%9D+dans+le+cadre+de+la+1%C3%A8re+%C3%A9dition+du+festival+%E2%80%9CTous+A+la+Plage%E2%80%9D+%28TAP%29&amp;dates=20240628T060000Z\/20240628T160000Z&amp;details=En+duo+de+harpes+-+avec+Margot+Plantevin+Date+de+representation+28+juin+2024+-+19h+Lieu+%3A+Sc%C3%A8ne+de+la+Canop%C3%A9e+-+Gen%C3%A8ve+-+SUISSE&amp;location=\" target=\"_blank\" rel=\"noopener\">+ Add to Google Calendar<\/a><\/li>                <li><a class=\"mec-events-gcal mec-events-button mec-color mec-bg-color-hover mec-border-color\" href=\"https:\/\/eloisefaresharpiste.com\/en\/?method=ical&#038;id=982\">+ iCal \/ Outlook export<\/a><\/li>            <\/ul>\r\n        <\/div>\r\n    <\/div>\r\n<\/div>\r\n            <!-- Hourly Schedule -->\r\n            \r\n            \t\t\t<!-- Booking Module -->\r\n            \r\n            <!-- Tags -->\r\n            <div class=\"mec-events-meta-group mec-events-meta-group-tags\">\r\n                            <\/div>\r\n\r\n        <\/div>\r\n    <\/article>\r\n<\/div>\r\n<script>\r\n\/\/ Fix modal speaker in some themes\r\njQuery(\"#mec_skin_3280 .mec-speaker-avatar-dialog a\").on('click', function(e)\r\n{\r\n    e.preventDefault();\r\n\r\n    var id = jQuery(this).attr('href');\r\n    lity(id);\r\n\r\n    return false;\r\n});\r\n<\/script>\r\n                                <\/div>\r\n                            <\/div>\r\n                        <\/div><!-- toggle item end -->\r\n                    <\/div><!-- toggles wrap end -->\r\n                            <\/article>\r\n            \t\t\r\n                        <div class=\"mec-month-divider\" data-toggle-divider=\"mec-toggle-202405-mec2\"><h5 style=\"display: inline;\">May 2024<\/h5><i class=\"mec-sl-arrow-down\"><\/i><\/div>\r\n            \r\n                        <article class=\"mec-past-event mec-event-article  mec-clear  mec-divider-toggle mec-toggle-202405-mec2\" itemscope>\r\n                                    <!-- toggles wrap start -->\r\n                    <div class=\"mec-events-toggle\">\r\n                        <!-- toggle item start -->\r\n                        <div class=\"mec-toggle-item\">\r\n                            <div class=\"mec-toggle-item-inner\" tabindex=\"0\">\r\n                                                                <div class=\"mec-toggle-item-col\">\r\n                                                                            <div class=\"mec-event-month\"><span class=\"mec-start-date-label\">16 May<\/span><\/div>\r\n                                                                                                        <\/div>\r\n                                <h3 class=\"mec-toggle-title\">\r\n                                    Orchestre de la suisse romande \u2013 direction Krzysztof URBA\u0143SKI direction et Bertrand CHAMAYOU, piano<\/h3>\r\n                                                                <i class=\"mec-sl-arrow-down\"><\/i>\r\n                            <\/div>\r\n                            <div class=\"mec-content-toggle\" aria-hidden=\"true\" style=\"display: none;\">\r\n                                <div class=\"mec-toggle-content\">\r\n                                    <div class=\"mec-wrap colorskin-custom clearfix  mec-modal-wrap\" id=\"mec_skin_8605\" data-unique-id=\"8605\">\r\n    <article class=\"mec-single-event mec-single-modern mec-single-modal\">\r\n        <div class=\"mec-events-event-image\">\r\n            <img loading=\"lazy\" decoding=\"async\" width=\"196\" height=\"258\" src=\"https:\/\/eloisefaresharpiste.com\/wp-content\/uploads\/2025\/07\/visuel-orchestre-suisse-romande.png\" class=\"attachment-full size-full wp-post-image\" alt=\"\" data-mec-postid=\"984\" \/>        <\/div>\r\n        \r\n        <div class=\"col-md-4\">\r\n\r\n            <div class=\"mec-event-meta mec-color-before mec-frontbox mec-util-hidden\">\r\n                \r\n                <!-- Sponsors Module -->\r\n                \r\n                <!-- Register Booking Button -->\r\n                            <\/div>\r\n\r\n            <!-- Weather Module -->\r\n            \r\n            <!-- QRCode Module -->\r\n            \r\n            <!-- Public Download Module -->\r\n            \r\n            <!-- Local Time Module -->\r\n            \r\n            <div class=\"mec-event-meta mec-color-before mec-frontbox\">\r\n\r\n                                                \r\n                \r\n                                    <div class=\"mec-single-event-category\">\r\n                        <i class=\"mec-sl-folder\"><\/i>                        <h3 class=\"mec-events-single-section-title mec-category\">Category<\/h3>\r\n                        <dl>\r\n                        <dd class=\"mec-events-event-categories\"><a href=\"https:\/\/eloisefaresharpiste.com\/en\/mec-category\/agenda\/\" class=\"mec-color-hover\" rel=\"tag\"><i class=\"mec-fa-angle-right\"><\/i>agenda<\/a><\/dd>                        <\/dl>\r\n                    <\/div>\r\n                    \r\n                \r\n            <\/div>\r\n\r\n            <!-- Speaker List Module -->\r\n            \r\n            <!-- Attendees List Module -->\r\n            \r\n            <!-- Next Previous Module -->\r\n                    <\/div>\r\n\r\n        <div class=\"col-md-8\">\r\n\r\n            <div class=\"mec-event-content\">\r\n                <div class=\"mec-single-event-description mec-events-content\">\r\n                                                                                                <\/div>\r\n            <\/div>\r\n\r\n            \r\n            <!-- Custom Data Fields -->\r\n            \r\n            <!-- FAQ -->\r\n            \r\n            <!-- Links Module -->\r\n            <div class=\"mec-event-social mec-frontbox\">\r\n     <h3 class=\"mec-social-single mec-frontbox-title\">Share this event<\/h3>\r\n     <div class=\"mec-event-sharing\">\r\n        <div class=\"mec-links-details\">\r\n            <ul>\r\n                <li class=\"mec-event-social-icon\"><a class=\"facebook\" href=\"https:\/\/www.facebook.com\/sharer\/sharer.php?u=https%3A%2F%2Fwww.osr.ch%2Ffr%2Fconcerts-billets%2Fconcerts%2Fevenement%2Fconcert%2Fla-symphonie-du-fatum\" onclick=\"javascript:window.open(this.href, &#039;&#039;, &#039;menubar=no,toolbar=no,resizable=yes,scrollbars=yes,height=500,width=600&#039;); return false;\" target=\"_blank\" title=\"Share on Facebook\" aria-label=\"Share on Facebook\" rel=\"noopener\"><i class=\"mec-fa-facebook\"><\/i><span class=\"mec-social-title\"><\/span><\/a><\/li><li class=\"mec-event-social-icon\"><a class=\"twitter\" href=\"https:\/\/x.com\/intent\/tweet?url=https%3A%2F%2Fwww.osr.ch%2Ffr%2Fconcerts-billets%2Fconcerts%2Fevenement%2Fconcert%2Fla-symphonie-du-fatum\" onclick=\"javascript:window.open(this.href, &#039;&#039;, &#039;menubar=no,toolbar=no,resizable=yes,scrollbars=yes,height=600,width=500&#039;); return false;\" target=\"_blank\" title=\"X Social Network\" aria-label=\"Share on X\"><svg xmlns=\"http:\/\/www.w3.org\/2000\/svg\" shape-rendering=\"geometricPrecision\" text-rendering=\"geometricPrecision\" image-rendering=\"optimizeQuality\" fill-rule=\"evenodd\" clip-rule=\"evenodd\" viewbox=\"0 0 512 462.799\"><path fill-rule=\"nonzero\" d=\"M403.229 0h78.506L310.219 196.04 512 462.799H354.002L230.261 301.007 88.669 462.799h-78.56l183.455-209.683L0 0h161.999l111.856 147.88L403.229 0zm-27.556 415.805h43.505L138.363 44.527h-46.68l283.99 371.278z\"\/><\/svg><span class=\"mec-social-title\"><\/span><\/a><\/li><li class=\"mec-event-social-icon\"><a class=\"linkedin\" href=\"https:\/\/www.linkedin.com\/shareArticle?mini=true&amp;url=https%3A%2F%2Fwww.osr.ch%2Ffr%2Fconcerts-billets%2Fconcerts%2Fevenement%2Fconcert%2Fla-symphonie-du-fatum\" onclick=\"javascript:window.open(this.href, &#039;&#039;, &#039;menubar=no,toolbar=no,resizable=yes,scrollbars=yes,height=600,width=500&#039;); return false;\" target=\"_blank\" title=\"Linkedin\" aria-label=\"Share on Linkedin\" rel=\"noopener\"><i class=\"mec-fa-linkedin\"><\/i><span class=\"mec-social-title\"><\/span><\/a><\/li><li class=\"mec-event-social-icon\"><a class=\"email\" href=\"mailto:?subject=Orchestre%20de%20la%20suisse%20romande%20%E2%80%93%20direction%20Krzysztof%20URBA%C5%83SKI%20direction%20et%20Bertrand%20CHAMAYOU%2C%20piano&body=https%3A%2F%2Fwww.osr.ch%2Ffr%2Fconcerts-billets%2Fconcerts%2Fevenement%2Fconcert%2Fla-symphonie-du-fatum\" title=\"Email\" aria-label=\"Share via Email\"><i class=\"mec-fa-envelope\"><\/i><span class=\"mec-social-title\"><\/span><\/a><\/li>            <\/ul>\r\n        <\/div>\r\n    <\/div>\r\n<\/div>\r\n            <!-- Google Maps Module -->\r\n            <div class=\"mec-events-meta-group mec-events-meta-group-gmap\">\r\n                            <\/div>\r\n\r\n            <!-- Export Module -->\r\n            <div class=\"mec-event-export-module mec-frontbox\">\r\n     <div class=\"mec-event-exporting\">\r\n        <div class=\"mec-export-details\">\r\n            <ul>\r\n                <li><a class=\"mec-events-gcal mec-events-button mec-color mec-bg-color-hover mec-border-color\" href=\"https:\/\/calendar.google.com\/calendar\/render?action=TEMPLATE&amp;text=Orchestre+de+la+suisse+romande+%E2%80%93+direction+Krzysztof+URBA%C5%83SKI+direction+et+Bertrand+CHAMAYOU%2C+piano&amp;dates=20240516T060000Z\/20240516T160000Z&amp;details=Orchestre+de+la+suisse+romande+%E2%80%93+direction+Krzysztof+URBA%C5%83SKI+direction+et+Bertrand+CHAMAYOU%2C+piano\" target=\"_blank\" rel=\"noopener\">+ Add to Google Calendar<\/a><\/li>                <li><a class=\"mec-events-gcal mec-events-button mec-color mec-bg-color-hover mec-border-color\" href=\"https:\/\/eloisefaresharpiste.com\/en\/?method=ical&#038;id=984\">+ iCal \/ Outlook export<\/a><\/li>            <\/ul>\r\n        <\/div>\r\n    <\/div>\r\n<\/div>\r\n            <!-- Hourly Schedule -->\r\n            \r\n            \t\t\t<!-- Booking Module -->\r\n            \r\n            <!-- Tags -->\r\n            <div class=\"mec-events-meta-group mec-events-meta-group-tags\">\r\n                            <\/div>\r\n\r\n        <\/div>\r\n    <\/article>\r\n<\/div>\r\n<script>\r\n\/\/ Fix modal speaker in some themes\r\njQuery(\"#mec_skin_8605 .mec-speaker-avatar-dialog a\").on('click', function(e)\r\n{\r\n    e.preventDefault();\r\n\r\n    var id = jQuery(this).attr('href');\r\n    lity(id);\r\n\r\n    return false;\r\n});\r\n<\/script>\r\n                                <\/div>\r\n                            <\/div>\r\n                        <\/div><!-- toggle item end -->\r\n                    <\/div><!-- toggles wrap end -->\r\n                            <\/article>\r\n            \t\t\r\n            \r\n                        <article class=\"mec-past-event mec-event-article  mec-clear  mec-divider-toggle mec-toggle-202405-mec2\" itemscope>\r\n                                    <!-- toggles wrap start -->\r\n                    <div class=\"mec-events-toggle\">\r\n                        <!-- toggle item start -->\r\n                        <div class=\"mec-toggle-item\">\r\n                            <div class=\"mec-toggle-item-inner\" tabindex=\"0\">\r\n                                                                <div class=\"mec-toggle-item-col\">\r\n                                                                            <div class=\"mec-event-month\"><span class=\"mec-start-date-label\">01 - 16 May<\/span><\/div>\r\n                                                                                                        <\/div>\r\n                                <h3 class=\"mec-toggle-title\">\r\n                                    R\u00e9sidence artistique, suite \u2013 Projet \u00ab Le corps de Zo\u00ef \u00bb \u2013 par la Compagnie de l\u2019Araign\u00e9e mordue<\/h3>\r\n                                                                <i class=\"mec-sl-arrow-down\"><\/i>\r\n                            <\/div>\r\n                            <div class=\"mec-content-toggle\" aria-hidden=\"true\" style=\"display: none;\">\r\n                                <div class=\"mec-toggle-content\">\r\n                                    <div class=\"mec-wrap colorskin-custom clearfix  mec-modal-wrap\" id=\"mec_skin_3187\" data-unique-id=\"3187\">\r\n    <article class=\"mec-single-event mec-single-modern mec-single-modal\">\r\n        <div class=\"mec-events-event-image\">\r\n            <img loading=\"lazy\" decoding=\"async\" width=\"400\" height=\"400\" src=\"https:\/\/eloisefaresharpiste.com\/wp-content\/uploads\/2025\/07\/visuel-EF.jpg\" class=\"attachment-full size-full wp-post-image\" alt=\"\" data-mec-postid=\"985\" \/>        <\/div>\r\n        \r\n        <div class=\"col-md-4\">\r\n\r\n            <div class=\"mec-event-meta mec-color-before mec-frontbox mec-util-hidden\">\r\n                \r\n                <!-- Sponsors Module -->\r\n                \r\n                <!-- Register Booking Button -->\r\n                            <\/div>\r\n\r\n            <!-- Weather Module -->\r\n            \r\n            <!-- QRCode Module -->\r\n            \r\n            <!-- Public Download Module -->\r\n            \r\n            <!-- Local Time Module -->\r\n            \r\n            <div class=\"mec-event-meta mec-color-before mec-frontbox\">\r\n\r\n                                                \r\n                                    <div class=\"mec-single-event-location\">\r\n                        <i class=\"mec-sl-location-pin\"><\/i>                        <h3 class=\"mec-events-single-section-title mec-location\">Location<\/h3>\r\n\r\n                        \r\n                        <dl>\r\n                        <dd class=\"author fn org\">Lyon - FRANCE<\/dd>\r\n\r\n                        <dd class=\"location\"><address class=\"mec-events-address\"><span class=\"mec-address\"><\/span><\/address><\/dd>\r\n\r\n                                                <\/dl>\r\n                    <\/div>\r\n                    \r\n                                    <div class=\"mec-single-event-category\">\r\n                        <i class=\"mec-sl-folder\"><\/i>                        <h3 class=\"mec-events-single-section-title mec-category\">Category<\/h3>\r\n                        <dl>\r\n                        <dd class=\"mec-events-event-categories\"><a href=\"https:\/\/eloisefaresharpiste.com\/en\/mec-category\/agenda\/\" class=\"mec-color-hover\" rel=\"tag\"><i class=\"mec-fa-angle-right\"><\/i>agenda<\/a><\/dd>                        <\/dl>\r\n                    <\/div>\r\n                    \r\n                \r\n            <\/div>\r\n\r\n            <!-- Speaker List Module -->\r\n            \r\n            <!-- Attendees List Module -->\r\n            \r\n            <!-- Next Previous Module -->\r\n                    <\/div>\r\n\r\n        <div class=\"col-md-8\">\r\n\r\n            <div class=\"mec-event-content\">\r\n                <div class=\"mec-single-event-description mec-events-content\">\r\n                    <h3 class=\"elementor-heading-title elementor-size-default\">1er au 6 mai 2024 &#8211; Lyon &#8211; FRANCE la Compagnie de l&rsquo;Araign\u00e9e mordue Harpe, violoncelle et percussions<\/h3>\n                                                                            <\/div>\r\n            <\/div>\r\n\r\n            \r\n            <!-- Custom Data Fields -->\r\n            \r\n            <!-- FAQ -->\r\n            \r\n            <!-- Links Module -->\r\n            <div class=\"mec-event-social mec-frontbox\">\r\n     <h3 class=\"mec-social-single mec-frontbox-title\">Share this event<\/h3>\r\n     <div class=\"mec-event-sharing\">\r\n        <div class=\"mec-links-details\">\r\n            <ul>\r\n                <li class=\"mec-event-social-icon\"><a class=\"facebook\" href=\"https:\/\/www.facebook.com\/sharer\/sharer.php?u=https%3A%2F%2Feloisefaresharpiste.com%2Fen%2Fevents%2Fresidence-artistique-suite-projet-le-corps-de-zoi-par-la-compagnie-de-laraignee-mordue-2%2F\" onclick=\"javascript:window.open(this.href, &#039;&#039;, &#039;menubar=no,toolbar=no,resizable=yes,scrollbars=yes,height=500,width=600&#039;); return false;\" target=\"_blank\" title=\"Share on Facebook\" aria-label=\"Share on Facebook\"><i class=\"mec-fa-facebook\"><\/i><span class=\"mec-social-title\"><\/span><\/a><\/li><li class=\"mec-event-social-icon\"><a class=\"twitter\" href=\"https:\/\/x.com\/intent\/tweet?url=https%3A%2F%2Feloisefaresharpiste.com%2Fen%2Fevents%2Fresidence-artistique-suite-projet-le-corps-de-zoi-par-la-compagnie-de-laraignee-mordue-2%2F\" onclick=\"javascript:window.open(this.href, &#039;&#039;, &#039;menubar=no,toolbar=no,resizable=yes,scrollbars=yes,height=600,width=500&#039;); return false;\" target=\"_blank\" title=\"X Social Network\" aria-label=\"Share on X\"><svg xmlns=\"http:\/\/www.w3.org\/2000\/svg\" shape-rendering=\"geometricPrecision\" text-rendering=\"geometricPrecision\" image-rendering=\"optimizeQuality\" fill-rule=\"evenodd\" clip-rule=\"evenodd\" viewbox=\"0 0 512 462.799\"><path fill-rule=\"nonzero\" d=\"M403.229 0h78.506L310.219 196.04 512 462.799H354.002L230.261 301.007 88.669 462.799h-78.56l183.455-209.683L0 0h161.999l111.856 147.88L403.229 0zm-27.556 415.805h43.505L138.363 44.527h-46.68l283.99 371.278z\"\/><\/svg><span class=\"mec-social-title\"><\/span><\/a><\/li><li class=\"mec-event-social-icon\"><a class=\"linkedin\" href=\"https:\/\/www.linkedin.com\/shareArticle?mini=true&amp;url=https%3A%2F%2Feloisefaresharpiste.com%2Fen%2Fevents%2Fresidence-artistique-suite-projet-le-corps-de-zoi-par-la-compagnie-de-laraignee-mordue-2%2F\" onclick=\"javascript:window.open(this.href, &#039;&#039;, &#039;menubar=no,toolbar=no,resizable=yes,scrollbars=yes,height=600,width=500&#039;); return false;\" target=\"_blank\" title=\"Linkedin\" aria-label=\"Share on Linkedin\"><i class=\"mec-fa-linkedin\"><\/i><span class=\"mec-social-title\"><\/span><\/a><\/li><li class=\"mec-event-social-icon\"><a class=\"email\" href=\"mailto:?subject=R%C3%A9sidence%20artistique%2C%20suite%20%E2%80%93%20Projet%20%C2%AB%20Le%20corps%20de%20Zo%C3%AF%20%C2%BB%20%E2%80%93%20par%20la%20Compagnie%20de%20l%E2%80%99Araign%C3%A9e%20mordue&body=https%3A%2F%2Feloisefaresharpiste.com%2Fen%2Fevents%2Fresidence-artistique-suite-projet-le-corps-de-zoi-par-la-compagnie-de-laraignee-mordue-2%2F\" title=\"Email\" aria-label=\"Share via Email\"><i class=\"mec-fa-envelope\"><\/i><span class=\"mec-social-title\"><\/span><\/a><\/li>            <\/ul>\r\n        <\/div>\r\n    <\/div>\r\n<\/div>\r\n            <!-- Google Maps Module -->\r\n            <div class=\"mec-events-meta-group mec-events-meta-group-gmap\">\r\n                            <\/div>\r\n\r\n            <!-- Export Module -->\r\n            <div class=\"mec-event-export-module mec-frontbox\">\r\n     <div class=\"mec-event-exporting\">\r\n        <div class=\"mec-export-details\">\r\n            <ul>\r\n                <li><a class=\"mec-events-gcal mec-events-button mec-color mec-bg-color-hover mec-border-color\" href=\"https:\/\/calendar.google.com\/calendar\/render?action=TEMPLATE&amp;text=R%C3%A9sidence+artistique%2C+suite+%E2%80%93+Projet+%C2%AB+Le+corps+de+Zo%C3%AF+%C2%BB+%E2%80%93+par+la+Compagnie+de+l%E2%80%99Araign%C3%A9e+mordue&amp;dates=20240501T060000Z\/20240516T160000Z&amp;details=1er+au+6+mai+2024+-+Lyon+-+FRANCE+la+Compagnie+de+l%27Araign%C3%A9e+mordue+Harpe%2C+violoncelle+et+percussions&amp;location=\" target=\"_blank\" rel=\"noopener\">+ Add to Google Calendar<\/a><\/li>                <li><a class=\"mec-events-gcal mec-events-button mec-color mec-bg-color-hover mec-border-color\" href=\"https:\/\/eloisefaresharpiste.com\/en\/?method=ical&#038;id=985\">+ iCal \/ Outlook export<\/a><\/li>            <\/ul>\r\n        <\/div>\r\n    <\/div>\r\n<\/div>\r\n            <!-- Hourly Schedule -->\r\n            \r\n            \t\t\t<!-- Booking Module -->\r\n            \r\n            <!-- Tags -->\r\n            <div class=\"mec-events-meta-group mec-events-meta-group-tags\">\r\n                            <\/div>\r\n\r\n        <\/div>\r\n    <\/article>\r\n<\/div>\r\n<script>\r\n\/\/ Fix modal speaker in some themes\r\njQuery(\"#mec_skin_3187 .mec-speaker-avatar-dialog a\").on('click', function(e)\r\n{\r\n    e.preventDefault();\r\n\r\n    var id = jQuery(this).attr('href');\r\n    lity(id);\r\n\r\n    return false;\r\n});\r\n<\/script>\r\n                                <\/div>\r\n                            <\/div>\r\n                        <\/div><!-- toggle item end -->\r\n                    <\/div><!-- toggles wrap end -->\r\n                            <\/article>\r\n            \t\t\r\n                        <div class=\"mec-month-divider\" data-toggle-divider=\"mec-toggle-202404-mec2\"><h5 style=\"display: inline;\">April 2024<\/h5><i class=\"mec-sl-arrow-down\"><\/i><\/div>\r\n            \r\n                        <article class=\"mec-past-event mec-event-article  mec-clear  mec-divider-toggle mec-toggle-202404-mec2\" itemscope>\r\n                                    <!-- toggles wrap start -->\r\n                    <div class=\"mec-events-toggle\">\r\n                        <!-- toggle item start -->\r\n                        <div class=\"mec-toggle-item\">\r\n                            <div class=\"mec-toggle-item-inner\" tabindex=\"0\">\r\n                                                                <div class=\"mec-toggle-item-col\">\r\n                                                                            <div class=\"mec-event-month\"><span class=\"mec-start-date-label\">20 April<\/span><\/div>\r\n                                                                                                        <\/div>\r\n                                <h3 class=\"mec-toggle-title\">\r\n                                    Orchestre de chambre de Versoix \u2013  direction S\u00e9bastien Brugi\u00e8re<\/h3>\r\n                                                                <i class=\"mec-sl-arrow-down\"><\/i>\r\n                            <\/div>\r\n                            <div class=\"mec-content-toggle\" aria-hidden=\"true\" style=\"display: none;\">\r\n                                <div class=\"mec-toggle-content\">\r\n                                    <div class=\"mec-wrap colorskin-custom clearfix  mec-modal-wrap\" id=\"mec_skin_5662\" data-unique-id=\"5662\">\r\n    <article class=\"mec-single-event mec-single-modern mec-single-modal\">\r\n        <div class=\"mec-events-event-image\">\r\n            <img loading=\"lazy\" decoding=\"async\" width=\"225\" height=\"225\" src=\"https:\/\/eloisefaresharpiste.com\/wp-content\/uploads\/2025\/07\/orchestre-de-chambre-de-Versoix.png\" class=\"attachment-full size-full wp-post-image\" alt=\"\" data-mec-postid=\"986\" \/>        <\/div>\r\n        \r\n        <div class=\"col-md-4\">\r\n\r\n            <div class=\"mec-event-meta mec-color-before mec-frontbox mec-util-hidden\">\r\n                \r\n                <!-- Sponsors Module -->\r\n                \r\n                <!-- Register Booking Button -->\r\n                            <\/div>\r\n\r\n            <!-- Weather Module -->\r\n            \r\n            <!-- QRCode Module -->\r\n            \r\n            <!-- Public Download Module -->\r\n            \r\n            <!-- Local Time Module -->\r\n            \r\n            <div class=\"mec-event-meta mec-color-before mec-frontbox\">\r\n\r\n                                                \r\n                                    <div class=\"mec-single-event-location\">\r\n                        <i class=\"mec-sl-location-pin\"><\/i>                        <h3 class=\"mec-events-single-section-title mec-location\">Location<\/h3>\r\n\r\n                        \r\n                        <dl>\r\n                        <dd class=\"author fn org\">Salle Lachenal - Versoix - SUISSE<\/dd>\r\n\r\n                        <dd class=\"location\"><address class=\"mec-events-address\"><span class=\"mec-address\"><\/span><\/address><\/dd>\r\n\r\n                                                <\/dl>\r\n                    <\/div>\r\n                    \r\n                                    <div class=\"mec-single-event-category\">\r\n                        <i class=\"mec-sl-folder\"><\/i>                        <h3 class=\"mec-events-single-section-title mec-category\">Category<\/h3>\r\n                        <dl>\r\n                        <dd class=\"mec-events-event-categories\"><a href=\"https:\/\/eloisefaresharpiste.com\/en\/mec-category\/agenda\/\" class=\"mec-color-hover\" rel=\"tag\"><i class=\"mec-fa-angle-right\"><\/i>agenda<\/a><\/dd>                        <\/dl>\r\n                    <\/div>\r\n                    \r\n                \r\n            <\/div>\r\n\r\n            <!-- Speaker List Module -->\r\n            \r\n            <!-- Attendees List Module -->\r\n            \r\n            <!-- Next Previous Module -->\r\n                    <\/div>\r\n\r\n        <div class=\"col-md-8\">\r\n\r\n            <div class=\"mec-event-content\">\r\n                <div class=\"mec-single-event-description mec-events-content\">\r\n                                                                                                <\/div>\r\n            <\/div>\r\n\r\n            \r\n            <!-- Custom Data Fields -->\r\n            \r\n            <!-- FAQ -->\r\n            \r\n            <!-- Links Module -->\r\n            <div class=\"mec-event-social mec-frontbox\">\r\n     <h3 class=\"mec-social-single mec-frontbox-title\">Share this event<\/h3>\r\n     <div class=\"mec-event-sharing\">\r\n        <div class=\"mec-links-details\">\r\n            <ul>\r\n                <li class=\"mec-event-social-icon\"><a class=\"facebook\" href=\"https:\/\/www.facebook.com\/sharer\/sharer.php?u=https%3A%2F%2Forchestre-versoix.ch%2Fdireorchection%2F\" onclick=\"javascript:window.open(this.href, &#039;&#039;, &#039;menubar=no,toolbar=no,resizable=yes,scrollbars=yes,height=500,width=600&#039;); return false;\" target=\"_blank\" title=\"Share on Facebook\" aria-label=\"Share on Facebook\" rel=\"noopener\"><i class=\"mec-fa-facebook\"><\/i><span class=\"mec-social-title\"><\/span><\/a><\/li><li class=\"mec-event-social-icon\"><a class=\"twitter\" href=\"https:\/\/x.com\/intent\/tweet?url=https%3A%2F%2Forchestre-versoix.ch%2Fdireorchection%2F\" onclick=\"javascript:window.open(this.href, &#039;&#039;, &#039;menubar=no,toolbar=no,resizable=yes,scrollbars=yes,height=600,width=500&#039;); return false;\" target=\"_blank\" title=\"X Social Network\" aria-label=\"Share on X\"><svg xmlns=\"http:\/\/www.w3.org\/2000\/svg\" shape-rendering=\"geometricPrecision\" text-rendering=\"geometricPrecision\" image-rendering=\"optimizeQuality\" fill-rule=\"evenodd\" clip-rule=\"evenodd\" viewbox=\"0 0 512 462.799\"><path fill-rule=\"nonzero\" d=\"M403.229 0h78.506L310.219 196.04 512 462.799H354.002L230.261 301.007 88.669 462.799h-78.56l183.455-209.683L0 0h161.999l111.856 147.88L403.229 0zm-27.556 415.805h43.505L138.363 44.527h-46.68l283.99 371.278z\"\/><\/svg><span class=\"mec-social-title\"><\/span><\/a><\/li><li class=\"mec-event-social-icon\"><a class=\"linkedin\" href=\"https:\/\/www.linkedin.com\/shareArticle?mini=true&amp;url=https%3A%2F%2Forchestre-versoix.ch%2Fdireorchection%2F\" onclick=\"javascript:window.open(this.href, &#039;&#039;, &#039;menubar=no,toolbar=no,resizable=yes,scrollbars=yes,height=600,width=500&#039;); return false;\" target=\"_blank\" title=\"Linkedin\" aria-label=\"Share on Linkedin\" rel=\"noopener\"><i class=\"mec-fa-linkedin\"><\/i><span class=\"mec-social-title\"><\/span><\/a><\/li><li class=\"mec-event-social-icon\"><a class=\"email\" href=\"mailto:?subject=Orchestre%20de%20chambre%20de%20Versoix%20%E2%80%93%20%20direction%20S%C3%A9bastien%20Brugi%C3%A8re&body=https%3A%2F%2Forchestre-versoix.ch%2Fdireorchection%2F\" title=\"Email\" aria-label=\"Share via Email\"><i class=\"mec-fa-envelope\"><\/i><span class=\"mec-social-title\"><\/span><\/a><\/li>            <\/ul>\r\n        <\/div>\r\n    <\/div>\r\n<\/div>\r\n            <!-- Google Maps Module -->\r\n            <div class=\"mec-events-meta-group mec-events-meta-group-gmap\">\r\n                            <\/div>\r\n\r\n            <!-- Export Module -->\r\n            <div class=\"mec-event-export-module mec-frontbox\">\r\n     <div class=\"mec-event-exporting\">\r\n        <div class=\"mec-export-details\">\r\n            <ul>\r\n                <li><a class=\"mec-events-gcal mec-events-button mec-color mec-bg-color-hover mec-border-color\" href=\"https:\/\/calendar.google.com\/calendar\/render?action=TEMPLATE&amp;text=Orchestre+de+chambre+de+Versoix+%E2%80%93++direction+S%C3%A9bastien+Brugi%C3%A8re&amp;dates=20240420T060000Z\/20240420T160000Z&amp;details=Orchestre+de+chambre+de+Versoix+%E2%80%93++direction+S%C3%A9bastien+Brugi%C3%A8re&amp;location=\" target=\"_blank\" rel=\"noopener\">+ Add to Google Calendar<\/a><\/li>                <li><a class=\"mec-events-gcal mec-events-button mec-color mec-bg-color-hover mec-border-color\" href=\"https:\/\/eloisefaresharpiste.com\/en\/?method=ical&#038;id=986\">+ iCal \/ Outlook export<\/a><\/li>            <\/ul>\r\n        <\/div>\r\n    <\/div>\r\n<\/div>\r\n            <!-- Hourly Schedule -->\r\n            \r\n            \t\t\t<!-- Booking Module -->\r\n            \r\n            <!-- Tags -->\r\n            <div class=\"mec-events-meta-group mec-events-meta-group-tags\">\r\n                            <\/div>\r\n\r\n        <\/div>\r\n    <\/article>\r\n<\/div>\r\n<script>\r\n\/\/ Fix modal speaker in some themes\r\njQuery(\"#mec_skin_5662 .mec-speaker-avatar-dialog a\").on('click', function(e)\r\n{\r\n    e.preventDefault();\r\n\r\n    var id = jQuery(this).attr('href');\r\n    lity(id);\r\n\r\n    return false;\r\n});\r\n<\/script>\r\n                                <\/div>\r\n                            <\/div>\r\n                        <\/div><!-- toggle item end -->\r\n                    <\/div><!-- toggles wrap end -->\r\n                            <\/article>\r\n            \t\t\r\n            \r\n                        <article class=\"mec-past-event mec-event-article  mec-clear  mec-divider-toggle mec-toggle-202404-mec2\" itemscope>\r\n                                    <!-- toggles wrap start -->\r\n                    <div class=\"mec-events-toggle\">\r\n                        <!-- toggle item start -->\r\n                        <div class=\"mec-toggle-item\">\r\n                            <div class=\"mec-toggle-item-inner\" tabindex=\"0\">\r\n                                                                <div class=\"mec-toggle-item-col\">\r\n                                                                            <div class=\"mec-event-month\"><span class=\"mec-start-date-label\">17 April<\/span><\/div>\r\n                                                                                                        <\/div>\r\n                                <h3 class=\"mec-toggle-title\">\r\n                                    Orchestre de chambre de Gen\u00e8ve \u2013 direction Arie Van Beek<\/h3>\r\n                                                                <i class=\"mec-sl-arrow-down\"><\/i>\r\n                            <\/div>\r\n                            <div class=\"mec-content-toggle\" aria-hidden=\"true\" style=\"display: none;\">\r\n                                <div class=\"mec-toggle-content\">\r\n                                    <div class=\"mec-wrap colorskin-custom clearfix  mec-modal-wrap\" id=\"mec_skin_9393\" data-unique-id=\"9393\">\r\n    <article class=\"mec-single-event mec-single-modern mec-single-modal\">\r\n        <div class=\"mec-events-event-image\">\r\n            <img loading=\"lazy\" decoding=\"async\" width=\"225\" height=\"225\" src=\"https:\/\/eloisefaresharpiste.com\/wp-content\/uploads\/2025\/07\/orcherstre-de-chambre-Geneve.png\" class=\"attachment-full size-full wp-post-image\" alt=\"\" data-mec-postid=\"988\" \/>        <\/div>\r\n        \r\n        <div class=\"col-md-4\">\r\n\r\n            <div class=\"mec-event-meta mec-color-before mec-frontbox mec-util-hidden\">\r\n                \r\n                <!-- Sponsors Module -->\r\n                \r\n                <!-- Register Booking Button -->\r\n                            <\/div>\r\n\r\n            <!-- Weather Module -->\r\n            \r\n            <!-- QRCode Module -->\r\n            \r\n            <!-- Public Download Module -->\r\n            \r\n            <!-- Local Time Module -->\r\n            \r\n            <div class=\"mec-event-meta mec-color-before mec-frontbox\">\r\n\r\n                                                \r\n                                    <div class=\"mec-single-event-location\">\r\n                        <i class=\"mec-sl-location-pin\"><\/i>                        <h3 class=\"mec-events-single-section-title mec-location\">Location<\/h3>\r\n\r\n                        \r\n                        <dl>\r\n                        <dd class=\"author fn org\">B\u00e2timent des forces motrices - Geneva - SWITZERLAND<\/dd>\r\n\r\n                        <dd class=\"location\"><address class=\"mec-events-address\"><span class=\"mec-address\"><\/span><\/address><\/dd>\r\n\r\n                                                <\/dl>\r\n                    <\/div>\r\n                    \r\n                                    <div class=\"mec-single-event-category\">\r\n                        <i class=\"mec-sl-folder\"><\/i>                        <h3 class=\"mec-events-single-section-title mec-category\">Category<\/h3>\r\n                        <dl>\r\n                        <dd class=\"mec-events-event-categories\"><a href=\"https:\/\/eloisefaresharpiste.com\/en\/mec-category\/agenda\/\" class=\"mec-color-hover\" rel=\"tag\"><i class=\"mec-fa-angle-right\"><\/i>agenda<\/a><\/dd>                        <\/dl>\r\n                    <\/div>\r\n                    \r\n                \r\n            <\/div>\r\n\r\n            <!-- Speaker List Module -->\r\n            \r\n            <!-- Attendees List Module -->\r\n            \r\n            <!-- Next Previous Module -->\r\n                    <\/div>\r\n\r\n        <div class=\"col-md-8\">\r\n\r\n            <div class=\"mec-event-content\">\r\n                <div class=\"mec-single-event-description mec-events-content\">\r\n                                                                                                <\/div>\r\n            <\/div>\r\n\r\n            \r\n            <!-- Custom Data Fields -->\r\n            \r\n            <!-- FAQ -->\r\n            \r\n            <!-- Links Module -->\r\n            <div class=\"mec-event-social mec-frontbox\">\r\n     <h3 class=\"mec-social-single mec-frontbox-title\">Share this event<\/h3>\r\n     <div class=\"mec-event-sharing\">\r\n        <div class=\"mec-links-details\">\r\n            <ul>\r\n                <li class=\"mec-event-social-icon\"><a class=\"facebook\" href=\"https:\/\/www.facebook.com\/sharer\/sharer.php?u=https%3A%2F%2Flocg.ch%2Ffr\" onclick=\"javascript:window.open(this.href, &#039;&#039;, &#039;menubar=no,toolbar=no,resizable=yes,scrollbars=yes,height=500,width=600&#039;); return false;\" target=\"_blank\" title=\"Share on Facebook\" aria-label=\"Share on Facebook\" rel=\"noopener\"><i class=\"mec-fa-facebook\"><\/i><span class=\"mec-social-title\"><\/span><\/a><\/li><li class=\"mec-event-social-icon\"><a class=\"twitter\" href=\"https:\/\/x.com\/intent\/tweet?url=https%3A%2F%2Flocg.ch%2Ffr\" onclick=\"javascript:window.open(this.href, &#039;&#039;, &#039;menubar=no,toolbar=no,resizable=yes,scrollbars=yes,height=600,width=500&#039;); return false;\" target=\"_blank\" title=\"X Social Network\" aria-label=\"Share on X\"><svg xmlns=\"http:\/\/www.w3.org\/2000\/svg\" shape-rendering=\"geometricPrecision\" text-rendering=\"geometricPrecision\" image-rendering=\"optimizeQuality\" fill-rule=\"evenodd\" clip-rule=\"evenodd\" viewbox=\"0 0 512 462.799\"><path fill-rule=\"nonzero\" d=\"M403.229 0h78.506L310.219 196.04 512 462.799H354.002L230.261 301.007 88.669 462.799h-78.56l183.455-209.683L0 0h161.999l111.856 147.88L403.229 0zm-27.556 415.805h43.505L138.363 44.527h-46.68l283.99 371.278z\"\/><\/svg><span class=\"mec-social-title\"><\/span><\/a><\/li><li class=\"mec-event-social-icon\"><a class=\"linkedin\" href=\"https:\/\/www.linkedin.com\/shareArticle?mini=true&amp;url=https%3A%2F%2Flocg.ch%2Ffr\" onclick=\"javascript:window.open(this.href, &#039;&#039;, &#039;menubar=no,toolbar=no,resizable=yes,scrollbars=yes,height=600,width=500&#039;); return false;\" target=\"_blank\" title=\"Linkedin\" aria-label=\"Share on Linkedin\" rel=\"noopener\"><i class=\"mec-fa-linkedin\"><\/i><span class=\"mec-social-title\"><\/span><\/a><\/li><li class=\"mec-event-social-icon\"><a class=\"email\" href=\"mailto:?subject=Orchestre%20de%20chambre%20de%20Gen%C3%A8ve%20%E2%80%93%20direction%20Arie%20Van%20Beek&body=https%3A%2F%2Flocg.ch%2Ffr\" title=\"Email\" aria-label=\"Share via Email\"><i class=\"mec-fa-envelope\"><\/i><span class=\"mec-social-title\"><\/span><\/a><\/li>            <\/ul>\r\n        <\/div>\r\n    <\/div>\r\n<\/div>\r\n            <!-- Google Maps Module -->\r\n            <div class=\"mec-events-meta-group mec-events-meta-group-gmap\">\r\n                            <\/div>\r\n\r\n            <!-- Export Module -->\r\n            <div class=\"mec-event-export-module mec-frontbox\">\r\n     <div class=\"mec-event-exporting\">\r\n        <div class=\"mec-export-details\">\r\n            <ul>\r\n                <li><a class=\"mec-events-gcal mec-events-button mec-color mec-bg-color-hover mec-border-color\" href=\"https:\/\/calendar.google.com\/calendar\/render?action=TEMPLATE&amp;text=Orchestre+de+chambre+de+Gen%C3%A8ve+%E2%80%93+direction+Arie+Van+Beek&amp;dates=20240417T060000Z\/20240417T160000Z&amp;details=Orchestre+de+chambre+de+Gen%C3%A8ve+%E2%80%93+direction+Arie+Van+Beek&amp;location=\" target=\"_blank\" rel=\"noopener\">+ Add to Google Calendar<\/a><\/li>                <li><a class=\"mec-events-gcal mec-events-button mec-color mec-bg-color-hover mec-border-color\" href=\"https:\/\/eloisefaresharpiste.com\/en\/?method=ical&#038;id=988\">+ iCal \/ Outlook export<\/a><\/li>            <\/ul>\r\n        <\/div>\r\n    <\/div>\r\n<\/div>\r\n            <!-- Hourly Schedule -->\r\n            \r\n            \t\t\t<!-- Booking Module -->\r\n            \r\n            <!-- Tags -->\r\n            <div class=\"mec-events-meta-group mec-events-meta-group-tags\">\r\n                            <\/div>\r\n\r\n        <\/div>\r\n    <\/article>\r\n<\/div>\r\n<script>\r\n\/\/ Fix modal speaker in some themes\r\njQuery(\"#mec_skin_9393 .mec-speaker-avatar-dialog a\").on('click', function(e)\r\n{\r\n    e.preventDefault();\r\n\r\n    var id = jQuery(this).attr('href');\r\n    lity(id);\r\n\r\n    return false;\r\n});\r\n<\/script>\r\n                                <\/div>\r\n                            <\/div>\r\n                        <\/div><!-- toggle item end -->\r\n                    <\/div><!-- toggles wrap end -->\r\n                            <\/article>\r\n            \t\t\r\n            \r\n                        <article class=\"mec-past-event mec-event-article  mec-clear  mec-divider-toggle mec-toggle-202404-mec2\" itemscope>\r\n                                    <!-- toggles wrap start -->\r\n                    <div class=\"mec-events-toggle\">\r\n                        <!-- toggle item start -->\r\n                        <div class=\"mec-toggle-item\">\r\n                            <div class=\"mec-toggle-item-inner\" tabindex=\"0\">\r\n                                                                <div class=\"mec-toggle-item-col\">\r\n                                                                            <div class=\"mec-event-month\"><span class=\"mec-start-date-label\">09 - 10 April<\/span><\/div>\r\n                                                                        <div class=\"mec-time-details\"><span class=\"mec-start-time\">8h00<\/span> - <span class=\"mec-end-time\">18h00<\/span><\/div>                                <\/div>\r\n                                <h3 class=\"mec-toggle-title\">\r\n                                    Enregistrement Livre CD \u2013 Conte musical \u00ab Inari et la magie de Noel \u00bb \u2013 avec Candice Ielo<\/h3>\r\n                                                                <i class=\"mec-sl-arrow-down\"><\/i>\r\n                            <\/div>\r\n                            <div class=\"mec-content-toggle\" aria-hidden=\"true\" style=\"display: none;\">\r\n                                <div class=\"mec-toggle-content\">\r\n                                    <div class=\"mec-wrap colorskin-custom clearfix  mec-modal-wrap\" id=\"mec_skin_6964\" data-unique-id=\"6964\">\r\n    <article class=\"mec-single-event mec-single-modern mec-single-modal\">\r\n        <div class=\"mec-events-event-image\">\r\n            <img loading=\"lazy\" decoding=\"async\" width=\"400\" height=\"400\" src=\"https:\/\/eloisefaresharpiste.com\/wp-content\/uploads\/2025\/07\/visuel-EF.jpg\" class=\"attachment-full size-full wp-post-image\" alt=\"\" data-mec-postid=\"993\" \/>        <\/div>\r\n        \r\n        <div class=\"col-md-4\">\r\n\r\n            <div class=\"mec-event-meta mec-color-before mec-frontbox mec-util-hidden\">\r\n                \r\n                <!-- Sponsors Module -->\r\n                \r\n                <!-- Register Booking Button -->\r\n                            <\/div>\r\n\r\n            <!-- Weather Module -->\r\n            \r\n            <!-- QRCode Module -->\r\n            \r\n            <!-- Public Download Module -->\r\n            \r\n            <!-- Local Time Module -->\r\n            \r\n            <div class=\"mec-event-meta mec-color-before mec-frontbox\">\r\n\r\n                                                \r\n                                    <div class=\"mec-single-event-location\">\r\n                        <i class=\"mec-sl-location-pin\"><\/i>                        <h3 class=\"mec-events-single-section-title mec-location\">Location<\/h3>\r\n\r\n                        \r\n                        <dl>\r\n                        <dd class=\"author fn org\">Studio haute \u00e9cole de musique de Gen\u00e8ve - Suisse<\/dd>\r\n\r\n                        <dd class=\"location\"><address class=\"mec-events-address\"><span class=\"mec-address\"><\/span><\/address><\/dd>\r\n\r\n                                                <\/dl>\r\n                    <\/div>\r\n                    \r\n                                    <div class=\"mec-single-event-category\">\r\n                        <i class=\"mec-sl-folder\"><\/i>                        <h3 class=\"mec-events-single-section-title mec-category\">Category<\/h3>\r\n                        <dl>\r\n                        <dd class=\"mec-events-event-categories\"><a href=\"https:\/\/eloisefaresharpiste.com\/en\/mec-category\/agenda\/\" class=\"mec-color-hover\" rel=\"tag\"><i class=\"mec-fa-angle-right\"><\/i>agenda<\/a><\/dd>                        <\/dl>\r\n                    <\/div>\r\n                    \r\n                \r\n            <\/div>\r\n\r\n            <!-- Speaker List Module -->\r\n            \r\n            <!-- Attendees List Module -->\r\n            \r\n            <!-- Next Previous Module -->\r\n                    <\/div>\r\n\r\n        <div class=\"col-md-8\">\r\n\r\n            <div class=\"mec-event-content\">\r\n                <div class=\"mec-single-event-description mec-events-content\">\r\n                    <div class=\"elementor-element elementor-element-c5bd251 elementor-widget elementor-widget-heading\" data-id=\"c5bd251\" data-element_type=\"widget\" data-widget_type=\"heading.default\">\n<div class=\"elementor-widget-container\">\n<h3 class=\"elementor-heading-title elementor-size-default\">avril &#8211; 2024<\/h3>\n<\/div>\n<\/div>\n<div class=\"elementor-element elementor-element-4d9936d elementor-widget elementor-widget-heading\" data-id=\"4d9936d\" data-element_type=\"widget\" data-widget_type=\"heading.default\">\n<div class=\"elementor-widget-container\">\n<h3 class=\"elementor-heading-title elementor-size-default\">9&amp;10 avril 2024 &#8211; Studio haute \u00e9cole de musique de Gen\u00e8ve &#8211; Suisse &#8211; Harpe et voix<\/h3>\n<\/div>\n<\/div>\n                                                                            <\/div>\r\n            <\/div>\r\n\r\n            \r\n            <!-- Custom Data Fields -->\r\n            \r\n            <!-- FAQ -->\r\n            \r\n            <!-- Links Module -->\r\n            <div class=\"mec-event-social mec-frontbox\">\r\n     <h3 class=\"mec-social-single mec-frontbox-title\">Share this event<\/h3>\r\n     <div class=\"mec-event-sharing\">\r\n        <div class=\"mec-links-details\">\r\n            <ul>\r\n                <li class=\"mec-event-social-icon\"><a class=\"facebook\" href=\"https:\/\/www.facebook.com\/sharer\/sharer.php?u=https%3A%2F%2Feloisefaresharpiste.com%2Fen%2Fevents%2Fenregistrement-livre-cd-conte-musical-inari-et-la-magie-de-noel-avec-candice-ielo%2F\" onclick=\"javascript:window.open(this.href, &#039;&#039;, &#039;menubar=no,toolbar=no,resizable=yes,scrollbars=yes,height=500,width=600&#039;); return false;\" target=\"_blank\" title=\"Share on Facebook\" aria-label=\"Share on Facebook\"><i class=\"mec-fa-facebook\"><\/i><span class=\"mec-social-title\"><\/span><\/a><\/li><li class=\"mec-event-social-icon\"><a class=\"twitter\" href=\"https:\/\/x.com\/intent\/tweet?url=https%3A%2F%2Feloisefaresharpiste.com%2Fen%2Fevents%2Fenregistrement-livre-cd-conte-musical-inari-et-la-magie-de-noel-avec-candice-ielo%2F\" onclick=\"javascript:window.open(this.href, &#039;&#039;, &#039;menubar=no,toolbar=no,resizable=yes,scrollbars=yes,height=600,width=500&#039;); return false;\" target=\"_blank\" title=\"X Social Network\" aria-label=\"Share on X\"><svg xmlns=\"http:\/\/www.w3.org\/2000\/svg\" shape-rendering=\"geometricPrecision\" text-rendering=\"geometricPrecision\" image-rendering=\"optimizeQuality\" fill-rule=\"evenodd\" clip-rule=\"evenodd\" viewbox=\"0 0 512 462.799\"><path fill-rule=\"nonzero\" d=\"M403.229 0h78.506L310.219 196.04 512 462.799H354.002L230.261 301.007 88.669 462.799h-78.56l183.455-209.683L0 0h161.999l111.856 147.88L403.229 0zm-27.556 415.805h43.505L138.363 44.527h-46.68l283.99 371.278z\"\/><\/svg><span class=\"mec-social-title\"><\/span><\/a><\/li><li class=\"mec-event-social-icon\"><a class=\"linkedin\" href=\"https:\/\/www.linkedin.com\/shareArticle?mini=true&amp;url=https%3A%2F%2Feloisefaresharpiste.com%2Fen%2Fevents%2Fenregistrement-livre-cd-conte-musical-inari-et-la-magie-de-noel-avec-candice-ielo%2F\" onclick=\"javascript:window.open(this.href, &#039;&#039;, &#039;menubar=no,toolbar=no,resizable=yes,scrollbars=yes,height=600,width=500&#039;); return false;\" target=\"_blank\" title=\"Linkedin\" aria-label=\"Share on Linkedin\"><i class=\"mec-fa-linkedin\"><\/i><span class=\"mec-social-title\"><\/span><\/a><\/li><li class=\"mec-event-social-icon\"><a class=\"email\" href=\"mailto:?subject=Enregistrement%20Livre%20CD%20%E2%80%93%20Conte%20musical%20%C2%AB%20Inari%20et%20la%20magie%20de%20Noel%20%C2%BB%20%E2%80%93%20avec%20Candice%20Ielo&body=https%3A%2F%2Feloisefaresharpiste.com%2Fen%2Fevents%2Fenregistrement-livre-cd-conte-musical-inari-et-la-magie-de-noel-avec-candice-ielo%2F\" title=\"Email\" aria-label=\"Share via Email\"><i class=\"mec-fa-envelope\"><\/i><span class=\"mec-social-title\"><\/span><\/a><\/li>            <\/ul>\r\n        <\/div>\r\n    <\/div>\r\n<\/div>\r\n            <!-- Google Maps Module -->\r\n            <div class=\"mec-events-meta-group mec-events-meta-group-gmap\">\r\n                            <\/div>\r\n\r\n            <!-- Export Module -->\r\n            <div class=\"mec-event-export-module mec-frontbox\">\r\n     <div class=\"mec-event-exporting\">\r\n        <div class=\"mec-export-details\">\r\n            <ul>\r\n                <li><a class=\"mec-events-gcal mec-events-button mec-color mec-bg-color-hover mec-border-color\" href=\"https:\/\/calendar.google.com\/calendar\/render?action=TEMPLATE&amp;text=Enregistrement+Livre+CD+%E2%80%93+Conte+musical+%C2%AB+Inari+et+la+magie+de+Noel+%C2%BB+%E2%80%93+avec+Candice+Ielo&amp;dates=20240409T060000Z\/20240410T160000Z&amp;details=%0D%0A%0D%0Aavril+-+2024%0D%0A%0D%0A%0D%0A%0D%0A%0D%0A9%26amp%3B10+avril+2024+-+Studio+haute+%C3%A9cole+de+musique+de+Gen%C3%A8ve+-+Suisse+-+Harpe+et+voix%0D%0A%0D%0A&amp;location=\" target=\"_blank\" rel=\"noopener\">+ Add to Google Calendar<\/a><\/li>                <li><a class=\"mec-events-gcal mec-events-button mec-color mec-bg-color-hover mec-border-color\" href=\"https:\/\/eloisefaresharpiste.com\/en\/?method=ical&#038;id=993\">+ iCal \/ Outlook export<\/a><\/li>            <\/ul>\r\n        <\/div>\r\n    <\/div>\r\n<\/div>\r\n            <!-- Hourly Schedule -->\r\n            \r\n            \t\t\t<!-- Booking Module -->\r\n            \r\n            <!-- Tags -->\r\n            <div class=\"mec-events-meta-group mec-events-meta-group-tags\">\r\n                            <\/div>\r\n\r\n        <\/div>\r\n    <\/article>\r\n<\/div>\r\n<script>\r\n\/\/ Fix modal speaker in some themes\r\njQuery(\"#mec_skin_6964 .mec-speaker-avatar-dialog a\").on('click', function(e)\r\n{\r\n    e.preventDefault();\r\n\r\n    var id = jQuery(this).attr('href');\r\n    lity(id);\r\n\r\n    return false;\r\n});\r\n<\/script>\r\n                                <\/div>\r\n                            <\/div>\r\n                        <\/div><!-- toggle item end -->\r\n                    <\/div><!-- toggles wrap end -->\r\n                            <\/article>\r\n            \t\t\r\n            \r\n                        <article class=\"mec-past-event mec-event-article  mec-clear  mec-divider-toggle mec-toggle-202404-mec2\" itemscope>\r\n                                    <!-- toggles wrap start -->\r\n                    <div class=\"mec-events-toggle\">\r\n                        <!-- toggle item start -->\r\n                        <div class=\"mec-toggle-item\">\r\n                            <div class=\"mec-toggle-item-inner\" tabindex=\"0\">\r\n                                                                <div class=\"mec-toggle-item-col\">\r\n                                                                            <div class=\"mec-event-month\"><span class=\"mec-start-date-label\">06 April<\/span><\/div>\r\n                                                                                                        <\/div>\r\n                                <h3 class=\"mec-toggle-title\">\r\n                                    Concert comm\u00e9moration \u201cM\u00e9moire en musique\u201d &#8211; Orchestre des Pays de Savoie \u2013 direction Pieter-Jelle de Boer<\/h3>\r\n                                                                <i class=\"mec-sl-arrow-down\"><\/i>\r\n                            <\/div>\r\n                            <div class=\"mec-content-toggle\" aria-hidden=\"true\" style=\"display: none;\">\r\n                                <div class=\"mec-toggle-content\">\r\n                                    <div class=\"mec-wrap colorskin-custom clearfix  mec-modal-wrap\" id=\"mec_skin_5229\" data-unique-id=\"5229\">\r\n    <article class=\"mec-single-event mec-single-modern mec-single-modal\">\r\n        <div class=\"mec-events-event-image\">\r\n            <img loading=\"lazy\" decoding=\"async\" width=\"720\" height=\"480\" src=\"https:\/\/eloisefaresharpiste.com\/wp-content\/uploads\/2025\/07\/orchestre-des-pays-de-savoie.png\" class=\"attachment-full size-full wp-post-image\" alt=\"\" data-mec-postid=\"991\" \/>        <\/div>\r\n        \r\n        <div class=\"col-md-4\">\r\n\r\n            <div class=\"mec-event-meta mec-color-before mec-frontbox mec-util-hidden\">\r\n                \r\n                <!-- Sponsors Module -->\r\n                \r\n                <!-- Register Booking Button -->\r\n                            <\/div>\r\n\r\n            <!-- Weather Module -->\r\n            \r\n            <!-- QRCode Module -->\r\n            \r\n            <!-- Public Download Module -->\r\n            \r\n            <!-- Local Time Module -->\r\n            \r\n            <div class=\"mec-event-meta mec-color-before mec-frontbox\">\r\n\r\n                                                \r\n                                    <div class=\"mec-single-event-location\">\r\n                        <i class=\"mec-sl-location-pin\"><\/i>                        <h3 class=\"mec-events-single-section-title mec-location\">Location<\/h3>\r\n\r\n                        \r\n                        <dl>\r\n                        <dd class=\"author fn org\">Maison d\u2019Izieu - Izieu (Ain) - France<\/dd>\r\n\r\n                        <dd class=\"location\"><address class=\"mec-events-address\"><span class=\"mec-address\"><\/span><\/address><\/dd>\r\n\r\n                                                <\/dl>\r\n                    <\/div>\r\n                    \r\n                                    <div class=\"mec-single-event-category\">\r\n                        <i class=\"mec-sl-folder\"><\/i>                        <h3 class=\"mec-events-single-section-title mec-category\">Category<\/h3>\r\n                        <dl>\r\n                        <dd class=\"mec-events-event-categories\"><a href=\"https:\/\/eloisefaresharpiste.com\/en\/mec-category\/agenda\/\" class=\"mec-color-hover\" rel=\"tag\"><i class=\"mec-fa-angle-right\"><\/i>agenda<\/a><\/dd>                        <\/dl>\r\n                    <\/div>\r\n                    \r\n                \r\n            <\/div>\r\n\r\n            <!-- Speaker List Module -->\r\n            \r\n            <!-- Attendees List Module -->\r\n            \r\n            <!-- Next Previous Module -->\r\n                    <\/div>\r\n\r\n        <div class=\"col-md-8\">\r\n\r\n            <div class=\"mec-event-content\">\r\n                <div class=\"mec-single-event-description mec-events-content\">\r\n                                                                                                <\/div>\r\n            <\/div>\r\n\r\n            \r\n            <!-- Custom Data Fields -->\r\n            \r\n            <!-- FAQ -->\r\n            \r\n            <!-- Links Module -->\r\n            <div class=\"mec-event-social mec-frontbox\">\r\n     <h3 class=\"mec-social-single mec-frontbox-title\">Share this event<\/h3>\r\n     <div class=\"mec-event-sharing\">\r\n        <div class=\"mec-links-details\">\r\n            <ul>\r\n                <li class=\"mec-event-social-icon\"><a class=\"facebook\" href=\"https:\/\/www.facebook.com\/sharer\/sharer.php?u=https%3A%2F%2Forchestrepayssavoie.com%2F\" onclick=\"javascript:window.open(this.href, &#039;&#039;, &#039;menubar=no,toolbar=no,resizable=yes,scrollbars=yes,height=500,width=600&#039;); return false;\" target=\"_blank\" title=\"Share on Facebook\" aria-label=\"Share on Facebook\" rel=\"noopener\"><i class=\"mec-fa-facebook\"><\/i><span class=\"mec-social-title\"><\/span><\/a><\/li><li class=\"mec-event-social-icon\"><a class=\"twitter\" href=\"https:\/\/x.com\/intent\/tweet?url=https%3A%2F%2Forchestrepayssavoie.com%2F\" onclick=\"javascript:window.open(this.href, &#039;&#039;, &#039;menubar=no,toolbar=no,resizable=yes,scrollbars=yes,height=600,width=500&#039;); return false;\" target=\"_blank\" title=\"X Social Network\" aria-label=\"Share on X\"><svg xmlns=\"http:\/\/www.w3.org\/2000\/svg\" shape-rendering=\"geometricPrecision\" text-rendering=\"geometricPrecision\" image-rendering=\"optimizeQuality\" fill-rule=\"evenodd\" clip-rule=\"evenodd\" viewbox=\"0 0 512 462.799\"><path fill-rule=\"nonzero\" d=\"M403.229 0h78.506L310.219 196.04 512 462.799H354.002L230.261 301.007 88.669 462.799h-78.56l183.455-209.683L0 0h161.999l111.856 147.88L403.229 0zm-27.556 415.805h43.505L138.363 44.527h-46.68l283.99 371.278z\"\/><\/svg><span class=\"mec-social-title\"><\/span><\/a><\/li><li class=\"mec-event-social-icon\"><a class=\"linkedin\" href=\"https:\/\/www.linkedin.com\/shareArticle?mini=true&amp;url=https%3A%2F%2Forchestrepayssavoie.com%2F\" onclick=\"javascript:window.open(this.href, &#039;&#039;, &#039;menubar=no,toolbar=no,resizable=yes,scrollbars=yes,height=600,width=500&#039;); return false;\" target=\"_blank\" title=\"Linkedin\" aria-label=\"Share on Linkedin\" rel=\"noopener\"><i class=\"mec-fa-linkedin\"><\/i><span class=\"mec-social-title\"><\/span><\/a><\/li><li class=\"mec-event-social-icon\"><a class=\"email\" href=\"mailto:?subject=Concert%20comm%C3%A9moration%20%E2%80%9CM%C3%A9moire%20en%20musique%E2%80%9D%20-%20Orchestre%20des%20Pays%20de%20Savoie%20%E2%80%93%20direction%20Pieter-Jelle%20de%20Boer&body=https%3A%2F%2Forchestrepayssavoie.com%2F\" title=\"Email\" aria-label=\"Share via Email\"><i class=\"mec-fa-envelope\"><\/i><span class=\"mec-social-title\"><\/span><\/a><\/li>            <\/ul>\r\n        <\/div>\r\n    <\/div>\r\n<\/div>\r\n            <!-- Google Maps Module -->\r\n            <div class=\"mec-events-meta-group mec-events-meta-group-gmap\">\r\n                            <\/div>\r\n\r\n            <!-- Export Module -->\r\n            <div class=\"mec-event-export-module mec-frontbox\">\r\n     <div class=\"mec-event-exporting\">\r\n        <div class=\"mec-export-details\">\r\n            <ul>\r\n                <li><a class=\"mec-events-gcal mec-events-button mec-color mec-bg-color-hover mec-border-color\" href=\"https:\/\/calendar.google.com\/calendar\/render?action=TEMPLATE&amp;text=Concert+comm%C3%A9moration+%E2%80%9CM%C3%A9moire+en+musique%E2%80%9D+-+Orchestre+des+Pays+de+Savoie+%E2%80%93+direction+Pieter-Jelle+de+Boer&amp;dates=20240406T060000Z\/20240406T160000Z&amp;details=Concert+comm%C3%A9moration+%E2%80%9CM%C3%A9moire+en+musique%E2%80%9D+-+Orchestre+des+Pays+de+Savoie+%E2%80%93+direction+Pieter-Jelle+de+Boer&amp;location=\" target=\"_blank\" rel=\"noopener\">+ Add to Google Calendar<\/a><\/li>                <li><a class=\"mec-events-gcal mec-events-button mec-color mec-bg-color-hover mec-border-color\" href=\"https:\/\/eloisefaresharpiste.com\/en\/?method=ical&#038;id=991\">+ iCal \/ Outlook export<\/a><\/li>            <\/ul>\r\n        <\/div>\r\n    <\/div>\r\n<\/div>\r\n            <!-- Hourly Schedule -->\r\n            \r\n            \t\t\t<!-- Booking Module -->\r\n            \r\n            <!-- Tags -->\r\n            <div class=\"mec-events-meta-group mec-events-meta-group-tags\">\r\n                            <\/div>\r\n\r\n        <\/div>\r\n    <\/article>\r\n<\/div>\r\n<script>\r\n\/\/ Fix modal speaker in some themes\r\njQuery(\"#mec_skin_5229 .mec-speaker-avatar-dialog a\").on('click', function(e)\r\n{\r\n    e.preventDefault();\r\n\r\n    var id = jQuery(this).attr('href');\r\n    lity(id);\r\n\r\n    return false;\r\n});\r\n<\/script>\r\n                                <\/div>\r\n                            <\/div>\r\n                        <\/div><!-- toggle item end -->\r\n                    <\/div><!-- toggles wrap end -->\r\n                            <\/article>\r\n            \t\t\r\n            \r\n                        <article class=\"mec-past-event mec-event-article  mec-clear  mec-divider-toggle mec-toggle-202404-mec2\" itemscope>\r\n                                    <!-- toggles wrap start -->\r\n                    <div class=\"mec-events-toggle\">\r\n                        <!-- toggle item start -->\r\n                        <div class=\"mec-toggle-item\">\r\n                            <div class=\"mec-toggle-item-inner\" tabindex=\"0\">\r\n                                                                <div class=\"mec-toggle-item-col\">\r\n                                                                            <div class=\"mec-event-month\"><span class=\"mec-start-date-label\">01 April<\/span><span class=\"mec-end-date-label\" itemprop=\"endDate\"> - 01 May<\/span><\/div>\r\n                                                                                                        <\/div>\r\n                                <h3 class=\"mec-toggle-title\">\r\n                                    R\u00e9sidence artistique, suite \u2013 Projet \u00ab Le corps de Zo\u00ef \u00bb \u2013 par la Compagnie de l\u2019Araignee mordue<\/h3>\r\n                                                                <i class=\"mec-sl-arrow-down\"><\/i>\r\n                            <\/div>\r\n                            <div class=\"mec-content-toggle\" aria-hidden=\"true\" style=\"display: none;\">\r\n                                <div class=\"mec-toggle-content\">\r\n                                    <div class=\"mec-wrap colorskin-custom clearfix  mec-modal-wrap\" id=\"mec_skin_9616\" data-unique-id=\"9616\">\r\n    <article class=\"mec-single-event mec-single-modern mec-single-modal\">\r\n        <div class=\"mec-events-event-image\">\r\n            <img loading=\"lazy\" decoding=\"async\" width=\"400\" height=\"400\" src=\"https:\/\/eloisefaresharpiste.com\/wp-content\/uploads\/2025\/07\/visuel-EF.jpg\" class=\"attachment-full size-full wp-post-image\" alt=\"\" data-mec-postid=\"990\" \/>        <\/div>\r\n        \r\n        <div class=\"col-md-4\">\r\n\r\n            <div class=\"mec-event-meta mec-color-before mec-frontbox mec-util-hidden\">\r\n                \r\n                <!-- Sponsors Module -->\r\n                \r\n                <!-- Register Booking Button -->\r\n                            <\/div>\r\n\r\n            <!-- Weather Module -->\r\n            \r\n            <!-- QRCode Module -->\r\n            \r\n            <!-- Public Download Module -->\r\n            \r\n            <!-- Local Time Module -->\r\n            \r\n            <div class=\"mec-event-meta mec-color-before mec-frontbox\">\r\n\r\n                                                \r\n                                    <div class=\"mec-single-event-location\">\r\n                        <i class=\"mec-sl-location-pin\"><\/i>                        <h3 class=\"mec-events-single-section-title mec-location\">Location<\/h3>\r\n\r\n                        \r\n                        <dl>\r\n                        <dd class=\"author fn org\">Lyon - FRANCE<\/dd>\r\n\r\n                        <dd class=\"location\"><address class=\"mec-events-address\"><span class=\"mec-address\"><\/span><\/address><\/dd>\r\n\r\n                                                <\/dl>\r\n                    <\/div>\r\n                    \r\n                                    <div class=\"mec-single-event-category\">\r\n                        <i class=\"mec-sl-folder\"><\/i>                        <h3 class=\"mec-events-single-section-title mec-category\">Category<\/h3>\r\n                        <dl>\r\n                        <dd class=\"mec-events-event-categories\"><a href=\"https:\/\/eloisefaresharpiste.com\/en\/mec-category\/agenda\/\" class=\"mec-color-hover\" rel=\"tag\"><i class=\"mec-fa-angle-right\"><\/i>agenda<\/a><\/dd>                        <\/dl>\r\n                    <\/div>\r\n                    \r\n                \r\n            <\/div>\r\n\r\n            <!-- Speaker List Module -->\r\n            \r\n            <!-- Attendees List Module -->\r\n            \r\n            <!-- Next Previous Module -->\r\n                    <\/div>\r\n\r\n        <div class=\"col-md-8\">\r\n\r\n            <div class=\"mec-event-content\">\r\n                <div class=\"mec-single-event-description mec-events-content\">\r\n                    <h3 class=\"elementor-heading-title elementor-size-default\">Avril\/mai 2024 &#8211; Lyon &#8211; FRANCE &#8211; Harpe, violoncelle et percussions<\/h3>\n                                                                            <\/div>\r\n            <\/div>\r\n\r\n            \r\n            <!-- Custom Data Fields -->\r\n            \r\n            <!-- FAQ -->\r\n            \r\n            <!-- Links Module -->\r\n            <div class=\"mec-event-social mec-frontbox\">\r\n     <h3 class=\"mec-social-single mec-frontbox-title\">Share this event<\/h3>\r\n     <div class=\"mec-event-sharing\">\r\n        <div class=\"mec-links-details\">\r\n            <ul>\r\n                <li class=\"mec-event-social-icon\"><a class=\"facebook\" href=\"https:\/\/www.facebook.com\/sharer\/sharer.php?u=https%3A%2F%2Feloisefaresharpiste.com%2Fen%2Fevents%2Fresidence-artistique-suite-projet-le-corps-de-zoi-par-la-compagnie-de-laraignee-mordue-3%2F\" onclick=\"javascript:window.open(this.href, &#039;&#039;, &#039;menubar=no,toolbar=no,resizable=yes,scrollbars=yes,height=500,width=600&#039;); return false;\" target=\"_blank\" title=\"Share on Facebook\" aria-label=\"Share on Facebook\"><i class=\"mec-fa-facebook\"><\/i><span class=\"mec-social-title\"><\/span><\/a><\/li><li class=\"mec-event-social-icon\"><a class=\"twitter\" href=\"https:\/\/x.com\/intent\/tweet?url=https%3A%2F%2Feloisefaresharpiste.com%2Fen%2Fevents%2Fresidence-artistique-suite-projet-le-corps-de-zoi-par-la-compagnie-de-laraignee-mordue-3%2F\" onclick=\"javascript:window.open(this.href, &#039;&#039;, &#039;menubar=no,toolbar=no,resizable=yes,scrollbars=yes,height=600,width=500&#039;); return false;\" target=\"_blank\" title=\"X Social Network\" aria-label=\"Share on X\"><svg xmlns=\"http:\/\/www.w3.org\/2000\/svg\" shape-rendering=\"geometricPrecision\" text-rendering=\"geometricPrecision\" image-rendering=\"optimizeQuality\" fill-rule=\"evenodd\" clip-rule=\"evenodd\" viewbox=\"0 0 512 462.799\"><path fill-rule=\"nonzero\" d=\"M403.229 0h78.506L310.219 196.04 512 462.799H354.002L230.261 301.007 88.669 462.799h-78.56l183.455-209.683L0 0h161.999l111.856 147.88L403.229 0zm-27.556 415.805h43.505L138.363 44.527h-46.68l283.99 371.278z\"\/><\/svg><span class=\"mec-social-title\"><\/span><\/a><\/li><li class=\"mec-event-social-icon\"><a class=\"linkedin\" href=\"https:\/\/www.linkedin.com\/shareArticle?mini=true&amp;url=https%3A%2F%2Feloisefaresharpiste.com%2Fen%2Fevents%2Fresidence-artistique-suite-projet-le-corps-de-zoi-par-la-compagnie-de-laraignee-mordue-3%2F\" onclick=\"javascript:window.open(this.href, &#039;&#039;, &#039;menubar=no,toolbar=no,resizable=yes,scrollbars=yes,height=600,width=500&#039;); return false;\" target=\"_blank\" title=\"Linkedin\" aria-label=\"Share on Linkedin\"><i class=\"mec-fa-linkedin\"><\/i><span class=\"mec-social-title\"><\/span><\/a><\/li><li class=\"mec-event-social-icon\"><a class=\"email\" href=\"mailto:?subject=R%C3%A9sidence%20artistique%2C%20suite%20%E2%80%93%20Projet%20%C2%AB%20Le%20corps%20de%20Zo%C3%AF%20%C2%BB%20%E2%80%93%20par%20la%20Compagnie%20de%20l%E2%80%99Araignee%20mordue&body=https%3A%2F%2Feloisefaresharpiste.com%2Fen%2Fevents%2Fresidence-artistique-suite-projet-le-corps-de-zoi-par-la-compagnie-de-laraignee-mordue-3%2F\" title=\"Email\" aria-label=\"Share via Email\"><i class=\"mec-fa-envelope\"><\/i><span class=\"mec-social-title\"><\/span><\/a><\/li>            <\/ul>\r\n        <\/div>\r\n    <\/div>\r\n<\/div>\r\n            <!-- Google Maps Module -->\r\n            <div class=\"mec-events-meta-group mec-events-meta-group-gmap\">\r\n                            <\/div>\r\n\r\n            <!-- Export Module -->\r\n            <div class=\"mec-event-export-module mec-frontbox\">\r\n     <div class=\"mec-event-exporting\">\r\n        <div class=\"mec-export-details\">\r\n            <ul>\r\n                <li><a class=\"mec-events-gcal mec-events-button mec-color mec-bg-color-hover mec-border-color\" href=\"https:\/\/calendar.google.com\/calendar\/render?action=TEMPLATE&amp;text=R%C3%A9sidence+artistique%2C+suite+%E2%80%93+Projet+%C2%AB+Le+corps+de+Zo%C3%AF+%C2%BB+%E2%80%93+par+la+Compagnie+de+l%E2%80%99Araignee+mordue&amp;dates=20240401T060000Z\/20240501T160000Z&amp;details=Avril%2Fmai+2024+-+Lyon+-+FRANCE+-+Harpe%2C+violoncelle+et+percussions&amp;location=\" target=\"_blank\" rel=\"noopener\">+ Add to Google Calendar<\/a><\/li>                <li><a class=\"mec-events-gcal mec-events-button mec-color mec-bg-color-hover mec-border-color\" href=\"https:\/\/eloisefaresharpiste.com\/en\/?method=ical&#038;id=990\">+ iCal \/ Outlook export<\/a><\/li>            <\/ul>\r\n        <\/div>\r\n    <\/div>\r\n<\/div>\r\n            <!-- Hourly Schedule -->\r\n            \r\n            \t\t\t<!-- Booking Module -->\r\n            \r\n            <!-- Tags -->\r\n            <div class=\"mec-events-meta-group mec-events-meta-group-tags\">\r\n                            <\/div>\r\n\r\n        <\/div>\r\n    <\/article>\r\n<\/div>\r\n<script>\r\n\/\/ Fix modal speaker in some themes\r\njQuery(\"#mec_skin_9616 .mec-speaker-avatar-dialog a\").on('click', function(e)\r\n{\r\n    e.preventDefault();\r\n\r\n    var id = jQuery(this).attr('href');\r\n    lity(id);\r\n\r\n    return false;\r\n});\r\n<\/script>\r\n                                <\/div>\r\n                            <\/div>\r\n                        <\/div><!-- toggle item end -->\r\n                    <\/div><!-- toggles wrap end -->\r\n                            <\/article>\r\n            \t\t\r\n                        <div class=\"mec-month-divider\" data-toggle-divider=\"mec-toggle-202403-mec2\"><h5 style=\"display: inline;\">March 2024<\/h5><i class=\"mec-sl-arrow-down\"><\/i><\/div>\r\n            \r\n                        <article class=\"mec-past-event mec-event-article  mec-clear  mec-divider-toggle mec-toggle-202403-mec2\" itemscope>\r\n                                    <!-- toggles wrap start -->\r\n                    <div class=\"mec-events-toggle\">\r\n                        <!-- toggle item start -->\r\n                        <div class=\"mec-toggle-item\">\r\n                            <div class=\"mec-toggle-item-inner\" tabindex=\"0\">\r\n                                                                <div class=\"mec-toggle-item-col\">\r\n                                                                            <div class=\"mec-event-month\"><span class=\"mec-start-date-label\">16 - 17 March<\/span><\/div>\r\n                                                                        <div class=\"mec-time-details\"><span class=\"mec-start-time\">8h00<\/span> - <span class=\"mec-end-time\">18h00<\/span><\/div>                                <\/div>\r\n                                <h3 class=\"mec-toggle-title\">\r\n                                    Orchestre des Trois Ch\u00eanes \u2013 direction Arturo Corrales &#8211; Harpe 1 &#8211; avec Laudine Dard<\/h3>\r\n                                                                <i class=\"mec-sl-arrow-down\"><\/i>\r\n                            <\/div>\r\n                            <div class=\"mec-content-toggle\" aria-hidden=\"true\" style=\"display: none;\">\r\n                                <div class=\"mec-toggle-content\">\r\n                                    <div class=\"mec-wrap colorskin-custom clearfix  mec-modal-wrap\" id=\"mec_skin_1647\" data-unique-id=\"1647\">\r\n    <article class=\"mec-single-event mec-single-modern mec-single-modal\">\r\n        <div class=\"mec-events-event-image\">\r\n            <img loading=\"lazy\" decoding=\"async\" width=\"498\" height=\"358\" src=\"https:\/\/eloisefaresharpiste.com\/wp-content\/uploads\/2025\/07\/visuel-orchestre-les-3-chenes.jpg\" class=\"attachment-full size-full wp-post-image\" alt=\"\" data-mec-postid=\"994\" \/>        <\/div>\r\n        \r\n        <div class=\"col-md-4\">\r\n\r\n            <div class=\"mec-event-meta mec-color-before mec-frontbox mec-util-hidden\">\r\n                \r\n                <!-- Sponsors Module -->\r\n                \r\n                <!-- Register Booking Button -->\r\n                            <\/div>\r\n\r\n            <!-- Weather Module -->\r\n            \r\n            <!-- QRCode Module -->\r\n            \r\n            <!-- Public Download Module -->\r\n            \r\n            <!-- Local Time Module -->\r\n            \r\n            <div class=\"mec-event-meta mec-color-before mec-frontbox\">\r\n\r\n                                                \r\n                                    <div class=\"mec-single-event-location\">\r\n                        <i class=\"mec-sl-location-pin\"><\/i>                        <h3 class=\"mec-events-single-section-title mec-location\">Location<\/h3>\r\n\r\n                        \r\n                        <dl>\r\n                        <dd class=\"author fn org\">Gen\u00e8ve - Suisse<\/dd>\r\n\r\n                        <dd class=\"location\"><address class=\"mec-events-address\"><span class=\"mec-address\"><\/span><\/address><\/dd>\r\n\r\n                                                <\/dl>\r\n                    <\/div>\r\n                    \r\n                                    <div class=\"mec-single-event-category\">\r\n                        <i class=\"mec-sl-folder\"><\/i>                        <h3 class=\"mec-events-single-section-title mec-category\">Category<\/h3>\r\n                        <dl>\r\n                        <dd class=\"mec-events-event-categories\"><a href=\"https:\/\/eloisefaresharpiste.com\/en\/mec-category\/agenda\/\" class=\"mec-color-hover\" rel=\"tag\"><i class=\"mec-fa-angle-right\"><\/i>agenda<\/a><\/dd>                        <\/dl>\r\n                    <\/div>\r\n                    \r\n                \r\n            <\/div>\r\n\r\n            <!-- Speaker List Module -->\r\n            \r\n            <!-- Attendees List Module -->\r\n            \r\n            <!-- Next Previous Module -->\r\n                    <\/div>\r\n\r\n        <div class=\"col-md-8\">\r\n\r\n            <div class=\"mec-event-content\">\r\n                <div class=\"mec-single-event-description mec-events-content\">\r\n                                                                                                <\/div>\r\n            <\/div>\r\n\r\n            \r\n            <!-- Custom Data Fields -->\r\n            \r\n            <!-- FAQ -->\r\n            \r\n            <!-- Links Module -->\r\n            <div class=\"mec-event-social mec-frontbox\">\r\n     <h3 class=\"mec-social-single mec-frontbox-title\">Share this event<\/h3>\r\n     <div class=\"mec-event-sharing\">\r\n        <div class=\"mec-links-details\">\r\n            <ul>\r\n                <li class=\"mec-event-social-icon\"><a class=\"facebook\" href=\"https:\/\/www.facebook.com\/sharer\/sharer.php?u=https%3A%2F%2Fwww.orchestre-des-trois-chene.ch%2Florchestre%2F\" onclick=\"javascript:window.open(this.href, &#039;&#039;, &#039;menubar=no,toolbar=no,resizable=yes,scrollbars=yes,height=500,width=600&#039;); return false;\" target=\"_blank\" title=\"Share on Facebook\" aria-label=\"Share on Facebook\" rel=\"noopener\"><i class=\"mec-fa-facebook\"><\/i><span class=\"mec-social-title\"><\/span><\/a><\/li><li class=\"mec-event-social-icon\"><a class=\"twitter\" href=\"https:\/\/x.com\/intent\/tweet?url=https%3A%2F%2Fwww.orchestre-des-trois-chene.ch%2Florchestre%2F\" onclick=\"javascript:window.open(this.href, &#039;&#039;, &#039;menubar=no,toolbar=no,resizable=yes,scrollbars=yes,height=600,width=500&#039;); return false;\" target=\"_blank\" title=\"X Social Network\" aria-label=\"Share on X\"><svg xmlns=\"http:\/\/www.w3.org\/2000\/svg\" shape-rendering=\"geometricPrecision\" text-rendering=\"geometricPrecision\" image-rendering=\"optimizeQuality\" fill-rule=\"evenodd\" clip-rule=\"evenodd\" viewbox=\"0 0 512 462.799\"><path fill-rule=\"nonzero\" d=\"M403.229 0h78.506L310.219 196.04 512 462.799H354.002L230.261 301.007 88.669 462.799h-78.56l183.455-209.683L0 0h161.999l111.856 147.88L403.229 0zm-27.556 415.805h43.505L138.363 44.527h-46.68l283.99 371.278z\"\/><\/svg><span class=\"mec-social-title\"><\/span><\/a><\/li><li class=\"mec-event-social-icon\"><a class=\"linkedin\" href=\"https:\/\/www.linkedin.com\/shareArticle?mini=true&amp;url=https%3A%2F%2Fwww.orchestre-des-trois-chene.ch%2Florchestre%2F\" onclick=\"javascript:window.open(this.href, &#039;&#039;, &#039;menubar=no,toolbar=no,resizable=yes,scrollbars=yes,height=600,width=500&#039;); return false;\" target=\"_blank\" title=\"Linkedin\" aria-label=\"Share on Linkedin\" rel=\"noopener\"><i class=\"mec-fa-linkedin\"><\/i><span class=\"mec-social-title\"><\/span><\/a><\/li><li class=\"mec-event-social-icon\"><a class=\"email\" href=\"mailto:?subject=Orchestre%20des%20Trois%20Ch%C3%AAnes%20%E2%80%93%20direction%20Arturo%20Corrales%20-%20Harpe%201%20-%20avec%20Laudine%20Dard&body=https%3A%2F%2Fwww.orchestre-des-trois-chene.ch%2Florchestre%2F\" title=\"Email\" aria-label=\"Share via Email\"><i class=\"mec-fa-envelope\"><\/i><span class=\"mec-social-title\"><\/span><\/a><\/li>            <\/ul>\r\n        <\/div>\r\n    <\/div>\r\n<\/div>\r\n            <!-- Google Maps Module -->\r\n            <div class=\"mec-events-meta-group mec-events-meta-group-gmap\">\r\n                            <\/div>\r\n\r\n            <!-- Export Module -->\r\n            <div class=\"mec-event-export-module mec-frontbox\">\r\n     <div class=\"mec-event-exporting\">\r\n        <div class=\"mec-export-details\">\r\n            <ul>\r\n                <li><a class=\"mec-events-gcal mec-events-button mec-color mec-bg-color-hover mec-border-color\" href=\"https:\/\/calendar.google.com\/calendar\/render?action=TEMPLATE&amp;text=Orchestre+des+Trois+Ch%C3%AAnes+%E2%80%93+direction+Arturo+Corrales+-+Harpe+1+-+avec+Laudine+Dard&amp;dates=20240316T070000Z\/20240317T170000Z&amp;details=Orchestre+des+Trois+Ch%C3%AAnes+%E2%80%93+direction+Arturo+Corrales+-+Harpe+1+-+avec+Laudine+Dard&amp;location=\" target=\"_blank\" rel=\"noopener\">+ Add to Google Calendar<\/a><\/li>                <li><a class=\"mec-events-gcal mec-events-button mec-color mec-bg-color-hover mec-border-color\" href=\"https:\/\/eloisefaresharpiste.com\/en\/?method=ical&#038;id=994\">+ iCal \/ Outlook export<\/a><\/li>            <\/ul>\r\n        <\/div>\r\n    <\/div>\r\n<\/div>\r\n            <!-- Hourly Schedule -->\r\n            \r\n            \t\t\t<!-- Booking Module -->\r\n            \r\n            <!-- Tags -->\r\n            <div class=\"mec-events-meta-group mec-events-meta-group-tags\">\r\n                            <\/div>\r\n\r\n        <\/div>\r\n    <\/article>\r\n<\/div>\r\n<script>\r\n\/\/ Fix modal speaker in some themes\r\njQuery(\"#mec_skin_1647 .mec-speaker-avatar-dialog a\").on('click', function(e)\r\n{\r\n    e.preventDefault();\r\n\r\n    var id = jQuery(this).attr('href');\r\n    lity(id);\r\n\r\n    return false;\r\n});\r\n<\/script>\r\n                                <\/div>\r\n                            <\/div>\r\n                        <\/div><!-- toggle item end -->\r\n                    <\/div><!-- toggles wrap end -->\r\n                            <\/article>\r\n            \t\t\r\n            \r\n                        <article class=\"mec-past-event mec-event-article  mec-clear  mec-divider-toggle mec-toggle-202403-mec2\" itemscope>\r\n                                    <!-- toggles wrap start -->\r\n                    <div class=\"mec-events-toggle\">\r\n                        <!-- toggle item start -->\r\n                        <div class=\"mec-toggle-item\">\r\n                            <div class=\"mec-toggle-item-inner\" tabindex=\"0\">\r\n                                                                <div class=\"mec-toggle-item-col\">\r\n                                                                            <div class=\"mec-event-month\"><span class=\"mec-start-date-label\">08 March<\/span><\/div>\r\n                                                                                                        <\/div>\r\n                                <h3 class=\"mec-toggle-title\">\r\n                                    Projet d\u2019orchestre EOLVE \u2013 direction Joachim Jousse \u2013 association \u00ab Les voyages extraordinaires \u00bb<\/h3>\r\n                                                                <i class=\"mec-sl-arrow-down\"><\/i>\r\n                            <\/div>\r\n                            <div class=\"mec-content-toggle\" aria-hidden=\"true\" style=\"display: none;\">\r\n                                <div class=\"mec-toggle-content\">\r\n                                    <div class=\"mec-wrap colorskin-custom clearfix  mec-modal-wrap\" id=\"mec_skin_5144\" data-unique-id=\"5144\">\r\n    <article class=\"mec-single-event mec-single-modern mec-single-modal\">\r\n        <div class=\"mec-events-event-image\">\r\n            <img loading=\"lazy\" decoding=\"async\" width=\"400\" height=\"400\" src=\"https:\/\/eloisefaresharpiste.com\/wp-content\/uploads\/2025\/07\/visuel-EF.jpg\" class=\"attachment-full size-full wp-post-image\" alt=\"\" data-mec-postid=\"997\" \/>        <\/div>\r\n        \r\n        <div class=\"col-md-4\">\r\n\r\n            <div class=\"mec-event-meta mec-color-before mec-frontbox mec-util-hidden\">\r\n                \r\n                <!-- Sponsors Module -->\r\n                \r\n                <!-- Register Booking Button -->\r\n                            <\/div>\r\n\r\n            <!-- Weather Module -->\r\n            \r\n            <!-- QRCode Module -->\r\n            \r\n            <!-- Public Download Module -->\r\n            \r\n            <!-- Local Time Module -->\r\n            \r\n            <div class=\"mec-event-meta mec-color-before mec-frontbox\">\r\n\r\n                                                \r\n                                    <div class=\"mec-single-event-location\">\r\n                        <i class=\"mec-sl-location-pin\"><\/i>                        <h3 class=\"mec-events-single-section-title mec-location\">Location<\/h3>\r\n\r\n                        \r\n                        <dl>\r\n                        <dd class=\"author fn org\">Th\u00e9\u00e2tre de Poissy - Paris - FRANCE<\/dd>\r\n\r\n                        <dd class=\"location\"><address class=\"mec-events-address\"><span class=\"mec-address\"><\/span><\/address><\/dd>\r\n\r\n                                                <\/dl>\r\n                    <\/div>\r\n                    \r\n                                    <div class=\"mec-single-event-category\">\r\n                        <i class=\"mec-sl-folder\"><\/i>                        <h3 class=\"mec-events-single-section-title mec-category\">Category<\/h3>\r\n                        <dl>\r\n                        <dd class=\"mec-events-event-categories\"><a href=\"https:\/\/eloisefaresharpiste.com\/en\/mec-category\/agenda\/\" class=\"mec-color-hover\" rel=\"tag\"><i class=\"mec-fa-angle-right\"><\/i>agenda<\/a><\/dd>                        <\/dl>\r\n                    <\/div>\r\n                    \r\n                \r\n            <\/div>\r\n\r\n            <!-- Speaker List Module -->\r\n            \r\n            <!-- Attendees List Module -->\r\n            \r\n            <!-- Next Previous Module -->\r\n                    <\/div>\r\n\r\n        <div class=\"col-md-8\">\r\n\r\n            <div class=\"mec-event-content\">\r\n                <div class=\"mec-single-event-description mec-events-content\">\r\n                                                                                                <\/div>\r\n            <\/div>\r\n\r\n            \r\n            <!-- Custom Data Fields -->\r\n            \r\n            <!-- FAQ -->\r\n            \r\n            <!-- Links Module -->\r\n            <div class=\"mec-event-social mec-frontbox\">\r\n     <h3 class=\"mec-social-single mec-frontbox-title\">Share this event<\/h3>\r\n     <div class=\"mec-event-sharing\">\r\n        <div class=\"mec-links-details\">\r\n            <ul>\r\n                <li class=\"mec-event-social-icon\"><a class=\"facebook\" href=\"https:\/\/www.facebook.com\/sharer\/sharer.php?u=https%3A%2F%2Flesvoyagesextraordinaires.com%2Ffrancais%2Findex.html\" onclick=\"javascript:window.open(this.href, &#039;&#039;, &#039;menubar=no,toolbar=no,resizable=yes,scrollbars=yes,height=500,width=600&#039;); return false;\" target=\"_blank\" title=\"Share on Facebook\" aria-label=\"Share on Facebook\" rel=\"noopener\"><i class=\"mec-fa-facebook\"><\/i><span class=\"mec-social-title\"><\/span><\/a><\/li><li class=\"mec-event-social-icon\"><a class=\"twitter\" href=\"https:\/\/x.com\/intent\/tweet?url=https%3A%2F%2Flesvoyagesextraordinaires.com%2Ffrancais%2Findex.html\" onclick=\"javascript:window.open(this.href, &#039;&#039;, &#039;menubar=no,toolbar=no,resizable=yes,scrollbars=yes,height=600,width=500&#039;); return false;\" target=\"_blank\" title=\"X Social Network\" aria-label=\"Share on X\"><svg xmlns=\"http:\/\/www.w3.org\/2000\/svg\" shape-rendering=\"geometricPrecision\" text-rendering=\"geometricPrecision\" image-rendering=\"optimizeQuality\" fill-rule=\"evenodd\" clip-rule=\"evenodd\" viewbox=\"0 0 512 462.799\"><path fill-rule=\"nonzero\" d=\"M403.229 0h78.506L310.219 196.04 512 462.799H354.002L230.261 301.007 88.669 462.799h-78.56l183.455-209.683L0 0h161.999l111.856 147.88L403.229 0zm-27.556 415.805h43.505L138.363 44.527h-46.68l283.99 371.278z\"\/><\/svg><span class=\"mec-social-title\"><\/span><\/a><\/li><li class=\"mec-event-social-icon\"><a class=\"linkedin\" href=\"https:\/\/www.linkedin.com\/shareArticle?mini=true&amp;url=https%3A%2F%2Flesvoyagesextraordinaires.com%2Ffrancais%2Findex.html\" onclick=\"javascript:window.open(this.href, &#039;&#039;, &#039;menubar=no,toolbar=no,resizable=yes,scrollbars=yes,height=600,width=500&#039;); return false;\" target=\"_blank\" title=\"Linkedin\" aria-label=\"Share on Linkedin\" rel=\"noopener\"><i class=\"mec-fa-linkedin\"><\/i><span class=\"mec-social-title\"><\/span><\/a><\/li><li class=\"mec-event-social-icon\"><a class=\"email\" href=\"mailto:?subject=Projet%20d%E2%80%99orchestre%20EOLVE%20%E2%80%93%20direction%20Joachim%20Jousse%20%E2%80%93%20association%20%C2%AB%20Les%20voyages%20extraordinaires%20%C2%BB&body=https%3A%2F%2Flesvoyagesextraordinaires.com%2Ffrancais%2Findex.html\" title=\"Email\" aria-label=\"Share via Email\"><i class=\"mec-fa-envelope\"><\/i><span class=\"mec-social-title\"><\/span><\/a><\/li>            <\/ul>\r\n        <\/div>\r\n    <\/div>\r\n<\/div>\r\n            <!-- Google Maps Module -->\r\n            <div class=\"mec-events-meta-group mec-events-meta-group-gmap\">\r\n                            <\/div>\r\n\r\n            <!-- Export Module -->\r\n            <div class=\"mec-event-export-module mec-frontbox\">\r\n     <div class=\"mec-event-exporting\">\r\n        <div class=\"mec-export-details\">\r\n            <ul>\r\n                <li><a class=\"mec-events-gcal mec-events-button mec-color mec-bg-color-hover mec-border-color\" href=\"https:\/\/calendar.google.com\/calendar\/render?action=TEMPLATE&amp;text=Projet+d%E2%80%99orchestre+EOLVE+%E2%80%93+direction+Joachim+Jousse+%E2%80%93+association+%C2%AB+Les+voyages+extraordinaires+%C2%BB&amp;dates=20240308T070000Z\/20240308T170000Z&amp;details=Projet+d%E2%80%99orchestre+EOLVE+%E2%80%93+direction+Joachim+Jousse+%E2%80%93+association+%C2%AB+Les+voyages+extraordinaires+%C2%BB&amp;location=\" target=\"_blank\" rel=\"noopener\">+ Add to Google Calendar<\/a><\/li>                <li><a class=\"mec-events-gcal mec-events-button mec-color mec-bg-color-hover mec-border-color\" href=\"https:\/\/eloisefaresharpiste.com\/en\/?method=ical&#038;id=997\">+ iCal \/ Outlook export<\/a><\/li>            <\/ul>\r\n        <\/div>\r\n    <\/div>\r\n<\/div>\r\n            <!-- Hourly Schedule -->\r\n            \r\n            \t\t\t<!-- Booking Module -->\r\n            \r\n            <!-- Tags -->\r\n            <div class=\"mec-events-meta-group mec-events-meta-group-tags\">\r\n                            <\/div>\r\n\r\n        <\/div>\r\n    <\/article>\r\n<\/div>\r\n<script>\r\n\/\/ Fix modal speaker in some themes\r\njQuery(\"#mec_skin_5144 .mec-speaker-avatar-dialog a\").on('click', function(e)\r\n{\r\n    e.preventDefault();\r\n\r\n    var id = jQuery(this).attr('href');\r\n    lity(id);\r\n\r\n    return false;\r\n});\r\n<\/script>\r\n                                <\/div>\r\n                            <\/div>\r\n                        <\/div><!-- toggle item end -->\r\n                    <\/div><!-- toggles wrap end -->\r\n                            <\/article>\r\n            \t\t\r\n                        <div class=\"mec-month-divider\" data-toggle-divider=\"mec-toggle-202402-mec2\"><h5 style=\"display: inline;\">February 2024<\/h5><i class=\"mec-sl-arrow-down\"><\/i><\/div>\r\n            \r\n                        <article class=\"mec-past-event mec-event-article  mec-clear  mec-divider-toggle mec-toggle-202402-mec2\" itemscope>\r\n                                    <!-- toggles wrap start -->\r\n                    <div class=\"mec-events-toggle\">\r\n                        <!-- toggle item start -->\r\n                        <div class=\"mec-toggle-item\">\r\n                            <div class=\"mec-toggle-item-inner\" tabindex=\"0\">\r\n                                                                <div class=\"mec-toggle-item-col\">\r\n                                                                            <div class=\"mec-event-month\"><span class=\"mec-start-date-label\">09 February<\/span><\/div>\r\n                                                                        <div class=\"mec-time-details\"><span class=\"mec-start-time\">20h00<\/span><\/div>                                <\/div>\r\n                                <h3 class=\"mec-toggle-title\">\r\n                                    Concert \u2013 lecture \u2013 Spleen de Paris \u2013 C. Baudelaire \u2013 Compagnie la Renaissance<\/h3>\r\n                                                                <i class=\"mec-sl-arrow-down\"><\/i>\r\n                            <\/div>\r\n                            <div class=\"mec-content-toggle\" aria-hidden=\"true\" style=\"display: none;\">\r\n                                <div class=\"mec-toggle-content\">\r\n                                    <div class=\"mec-wrap colorskin-custom clearfix  mec-modal-wrap\" id=\"mec_skin_4665\" data-unique-id=\"4665\">\r\n    <article class=\"mec-single-event mec-single-modern mec-single-modal\">\r\n        <div class=\"mec-events-event-image\">\r\n            <img loading=\"lazy\" decoding=\"async\" width=\"1920\" height=\"493\" src=\"https:\/\/eloisefaresharpiste.com\/wp-content\/uploads\/2025\/07\/visueul-cie-la-rennaissance.jpeg\" class=\"attachment-full size-full wp-post-image\" alt=\"\" data-mec-postid=\"998\" \/>        <\/div>\r\n        \r\n        <div class=\"col-md-4\">\r\n\r\n            <div class=\"mec-event-meta mec-color-before mec-frontbox mec-util-hidden\">\r\n                \r\n                <!-- Sponsors Module -->\r\n                \r\n                <!-- Register Booking Button -->\r\n                            <\/div>\r\n\r\n            <!-- Weather Module -->\r\n            \r\n            <!-- QRCode Module -->\r\n            \r\n            <!-- Public Download Module -->\r\n            \r\n            <!-- Local Time Module -->\r\n            \r\n            <div class=\"mec-event-meta mec-color-before mec-frontbox\">\r\n\r\n                                                \r\n                                    <div class=\"mec-single-event-location\">\r\n                        <i class=\"mec-sl-location-pin\"><\/i>                        <h3 class=\"mec-events-single-section-title mec-location\">Location<\/h3>\r\n\r\n                        \r\n                        <dl>\r\n                        <dd class=\"author fn org\">Arolla\/Evolene - Kurhaus - SUISSE<\/dd>\r\n\r\n                        <dd class=\"location\"><address class=\"mec-events-address\"><span class=\"mec-address\"><\/span><\/address><\/dd>\r\n\r\n                                                <\/dl>\r\n                    <\/div>\r\n                    \r\n                                    <div class=\"mec-single-event-category\">\r\n                        <i class=\"mec-sl-folder\"><\/i>                        <h3 class=\"mec-events-single-section-title mec-category\">Category<\/h3>\r\n                        <dl>\r\n                        <dd class=\"mec-events-event-categories\"><a href=\"https:\/\/eloisefaresharpiste.com\/en\/mec-category\/agenda\/\" class=\"mec-color-hover\" rel=\"tag\"><i class=\"mec-fa-angle-right\"><\/i>agenda<\/a><\/dd>                        <\/dl>\r\n                    <\/div>\r\n                    \r\n                \r\n            <\/div>\r\n\r\n            <!-- Speaker List Module -->\r\n            \r\n            <!-- Attendees List Module -->\r\n            \r\n            <!-- Next Previous Module -->\r\n                    <\/div>\r\n\r\n        <div class=\"col-md-8\">\r\n\r\n            <div class=\"mec-event-content\">\r\n                <div class=\"mec-single-event-description mec-events-content\">\r\n                                                                                                <\/div>\r\n            <\/div>\r\n\r\n            \r\n            <!-- Custom Data Fields -->\r\n            \r\n            <!-- FAQ -->\r\n            \r\n            <!-- Links Module -->\r\n            <div class=\"mec-event-social mec-frontbox\">\r\n     <h3 class=\"mec-social-single mec-frontbox-title\">Share this event<\/h3>\r\n     <div class=\"mec-event-sharing\">\r\n        <div class=\"mec-links-details\">\r\n            <ul>\r\n                <li class=\"mec-event-social-icon\"><a class=\"facebook\" href=\"https:\/\/www.facebook.com\/sharer\/sharer.php?u=https%3A%2F%2Feloisefaresharpiste.com%2Fen%2Fevents%2Fconcert-lecture-spleen-de-paris-c-baudelaire-compagnie-la-renaissance%2F\" onclick=\"javascript:window.open(this.href, &#039;&#039;, &#039;menubar=no,toolbar=no,resizable=yes,scrollbars=yes,height=500,width=600&#039;); return false;\" target=\"_blank\" title=\"Share on Facebook\" aria-label=\"Share on Facebook\"><i class=\"mec-fa-facebook\"><\/i><span class=\"mec-social-title\"><\/span><\/a><\/li><li class=\"mec-event-social-icon\"><a class=\"twitter\" href=\"https:\/\/x.com\/intent\/tweet?url=https%3A%2F%2Feloisefaresharpiste.com%2Fen%2Fevents%2Fconcert-lecture-spleen-de-paris-c-baudelaire-compagnie-la-renaissance%2F\" onclick=\"javascript:window.open(this.href, &#039;&#039;, &#039;menubar=no,toolbar=no,resizable=yes,scrollbars=yes,height=600,width=500&#039;); return false;\" target=\"_blank\" title=\"X Social Network\" aria-label=\"Share on X\"><svg xmlns=\"http:\/\/www.w3.org\/2000\/svg\" shape-rendering=\"geometricPrecision\" text-rendering=\"geometricPrecision\" image-rendering=\"optimizeQuality\" fill-rule=\"evenodd\" clip-rule=\"evenodd\" viewbox=\"0 0 512 462.799\"><path fill-rule=\"nonzero\" d=\"M403.229 0h78.506L310.219 196.04 512 462.799H354.002L230.261 301.007 88.669 462.799h-78.56l183.455-209.683L0 0h161.999l111.856 147.88L403.229 0zm-27.556 415.805h43.505L138.363 44.527h-46.68l283.99 371.278z\"\/><\/svg><span class=\"mec-social-title\"><\/span><\/a><\/li><li class=\"mec-event-social-icon\"><a class=\"linkedin\" href=\"https:\/\/www.linkedin.com\/shareArticle?mini=true&amp;url=https%3A%2F%2Feloisefaresharpiste.com%2Fen%2Fevents%2Fconcert-lecture-spleen-de-paris-c-baudelaire-compagnie-la-renaissance%2F\" onclick=\"javascript:window.open(this.href, &#039;&#039;, &#039;menubar=no,toolbar=no,resizable=yes,scrollbars=yes,height=600,width=500&#039;); return false;\" target=\"_blank\" title=\"Linkedin\" aria-label=\"Share on Linkedin\"><i class=\"mec-fa-linkedin\"><\/i><span class=\"mec-social-title\"><\/span><\/a><\/li><li class=\"mec-event-social-icon\"><a class=\"email\" href=\"mailto:?subject=Concert%20%E2%80%93%20lecture%20%E2%80%93%20Spleen%20de%20Paris%20%E2%80%93%20C.%20Baudelaire%20%E2%80%93%20Compagnie%20la%20Renaissance&body=https%3A%2F%2Feloisefaresharpiste.com%2Fen%2Fevents%2Fconcert-lecture-spleen-de-paris-c-baudelaire-compagnie-la-renaissance%2F\" title=\"Email\" aria-label=\"Share via Email\"><i class=\"mec-fa-envelope\"><\/i><span class=\"mec-social-title\"><\/span><\/a><\/li>            <\/ul>\r\n        <\/div>\r\n    <\/div>\r\n<\/div>\r\n            <!-- Google Maps Module -->\r\n            <div class=\"mec-events-meta-group mec-events-meta-group-gmap\">\r\n                            <\/div>\r\n\r\n            <!-- Export Module -->\r\n            <div class=\"mec-event-export-module mec-frontbox\">\r\n     <div class=\"mec-event-exporting\">\r\n        <div class=\"mec-export-details\">\r\n            <ul>\r\n                <li><a class=\"mec-events-gcal mec-events-button mec-color mec-bg-color-hover mec-border-color\" href=\"https:\/\/calendar.google.com\/calendar\/render?action=TEMPLATE&amp;text=Concert+%E2%80%93+lecture+%E2%80%93+Spleen+de+Paris+%E2%80%93+C.+Baudelaire+%E2%80%93+Compagnie+la+Renaissance&amp;dates=20240209T190000Z\/20240209T190000Z&amp;details=Concert+%E2%80%93+lecture+%E2%80%93+Spleen+de+Paris+%E2%80%93+C.+Baudelaire+%E2%80%93+Compagnie+la+Renaissance&amp;location=\" target=\"_blank\" rel=\"noopener\">+ Add to Google Calendar<\/a><\/li>                <li><a class=\"mec-events-gcal mec-events-button mec-color mec-bg-color-hover mec-border-color\" href=\"https:\/\/eloisefaresharpiste.com\/en\/?method=ical&#038;id=998\">+ iCal \/ Outlook export<\/a><\/li>            <\/ul>\r\n        <\/div>\r\n    <\/div>\r\n<\/div>\r\n            <!-- Hourly Schedule -->\r\n            \r\n            \t\t\t<!-- Booking Module -->\r\n            \r\n            <!-- Tags -->\r\n            <div class=\"mec-events-meta-group mec-events-meta-group-tags\">\r\n                            <\/div>\r\n\r\n        <\/div>\r\n    <\/article>\r\n<\/div>\r\n<script>\r\n\/\/ Fix modal speaker in some themes\r\njQuery(\"#mec_skin_4665 .mec-speaker-avatar-dialog a\").on('click', function(e)\r\n{\r\n    e.preventDefault();\r\n\r\n    var id = jQuery(this).attr('href');\r\n    lity(id);\r\n\r\n    return false;\r\n});\r\n<\/script>\r\n                                <\/div>\r\n                            <\/div>\r\n                        <\/div><!-- toggle item end -->\r\n                    <\/div><!-- toggles wrap end -->\r\n                            <\/article>\r\n            \t\t\r\n                        <div class=\"mec-month-divider\" data-toggle-divider=\"mec-toggle-202401-mec2\"><h5 style=\"display: inline;\">January 2024<\/h5><i class=\"mec-sl-arrow-down\"><\/i><\/div>\r\n            \r\n                        <article class=\"mec-past-event mec-event-article  mec-clear  mec-divider-toggle mec-toggle-202401-mec2\" itemscope>\r\n                                    <!-- toggles wrap start -->\r\n                    <div class=\"mec-events-toggle\">\r\n                        <!-- toggle item start -->\r\n                        <div class=\"mec-toggle-item\">\r\n                            <div class=\"mec-toggle-item-inner\" tabindex=\"0\">\r\n                                                                <div class=\"mec-toggle-item-col\">\r\n                                                                            <div class=\"mec-event-month\"><span class=\"mec-start-date-label\">22 - 28 January<\/span><\/div>\r\n                                                                                                        <\/div>\r\n                                <h3 class=\"mec-toggle-title\">\r\n                                    OP\u00c9RA JUSTICE \u2013 H\u00e8ctor Parra \u2013 direction Titus Engel \u2013 Orchestre de la suisse romande<\/h3>\r\n                                                                <i class=\"mec-sl-arrow-down\"><\/i>\r\n                            <\/div>\r\n                            <div class=\"mec-content-toggle\" aria-hidden=\"true\" style=\"display: none;\">\r\n                                <div class=\"mec-toggle-content\">\r\n                                    <div class=\"mec-wrap colorskin-custom clearfix  mec-modal-wrap\" id=\"mec_skin_6994\" data-unique-id=\"6994\">\r\n    <article class=\"mec-single-event mec-single-modern mec-single-modal\">\r\n        <div class=\"mec-events-event-image\">\r\n            <img loading=\"lazy\" decoding=\"async\" width=\"190\" height=\"190\" src=\"https:\/\/eloisefaresharpiste.com\/wp-content\/uploads\/2025\/07\/grand-theatre-geneve.png\" class=\"attachment-full size-full wp-post-image\" alt=\"\" data-mec-postid=\"999\" \/>        <\/div>\r\n        \r\n        <div class=\"col-md-4\">\r\n\r\n            <div class=\"mec-event-meta mec-color-before mec-frontbox mec-util-hidden\">\r\n                \r\n                <!-- Sponsors Module -->\r\n                \r\n                <!-- Register Booking Button -->\r\n                            <\/div>\r\n\r\n            <!-- Weather Module -->\r\n            \r\n            <!-- QRCode Module -->\r\n            \r\n            <!-- Public Download Module -->\r\n            \r\n            <!-- Local Time Module -->\r\n            \r\n            <div class=\"mec-event-meta mec-color-before mec-frontbox\">\r\n\r\n                                                \r\n                                    <div class=\"mec-single-event-location\">\r\n                        <i class=\"mec-sl-location-pin\"><\/i>                        <h3 class=\"mec-events-single-section-title mec-location\">Location<\/h3>\r\n\r\n                        \r\n                        <dl>\r\n                        <dd class=\"author fn org\">Grand Th\u00e9\u00e2tre de Gen\u00e8ve - SUISSE<\/dd>\r\n\r\n                        <dd class=\"location\"><address class=\"mec-events-address\"><span class=\"mec-address\"><\/span><\/address><\/dd>\r\n\r\n                                                <\/dl>\r\n                    <\/div>\r\n                    \r\n                                    <div class=\"mec-single-event-category\">\r\n                        <i class=\"mec-sl-folder\"><\/i>                        <h3 class=\"mec-events-single-section-title mec-category\">Category<\/h3>\r\n                        <dl>\r\n                        <dd class=\"mec-events-event-categories\"><a href=\"https:\/\/eloisefaresharpiste.com\/en\/mec-category\/agenda\/\" class=\"mec-color-hover\" rel=\"tag\"><i class=\"mec-fa-angle-right\"><\/i>agenda<\/a><\/dd>                        <\/dl>\r\n                    <\/div>\r\n                    \r\n                \r\n            <\/div>\r\n\r\n            <!-- Speaker List Module -->\r\n            \r\n            <!-- Attendees List Module -->\r\n            \r\n            <!-- Next Previous Module -->\r\n                    <\/div>\r\n\r\n        <div class=\"col-md-8\">\r\n\r\n            <div class=\"mec-event-content\">\r\n                <div class=\"mec-single-event-description mec-events-content\">\r\n                                                                                                <\/div>\r\n            <\/div>\r\n\r\n            \r\n            <!-- Custom Data Fields -->\r\n            \r\n            <!-- FAQ -->\r\n            \r\n            <!-- Links Module -->\r\n            <div class=\"mec-event-social mec-frontbox\">\r\n     <h3 class=\"mec-social-single mec-frontbox-title\">Share this event<\/h3>\r\n     <div class=\"mec-event-sharing\">\r\n        <div class=\"mec-links-details\">\r\n            <ul>\r\n                <li class=\"mec-event-social-icon\"><a class=\"facebook\" href=\"https:\/\/www.facebook.com\/sharer\/sharer.php?u=https%3A%2F%2Fwww.gtg.ch%2F\" onclick=\"javascript:window.open(this.href, &#039;&#039;, &#039;menubar=no,toolbar=no,resizable=yes,scrollbars=yes,height=500,width=600&#039;); return false;\" target=\"_blank\" title=\"Share on Facebook\" aria-label=\"Share on Facebook\" rel=\"noopener\"><i class=\"mec-fa-facebook\"><\/i><span class=\"mec-social-title\"><\/span><\/a><\/li><li class=\"mec-event-social-icon\"><a class=\"twitter\" href=\"https:\/\/x.com\/intent\/tweet?url=https%3A%2F%2Fwww.gtg.ch%2F\" onclick=\"javascript:window.open(this.href, &#039;&#039;, &#039;menubar=no,toolbar=no,resizable=yes,scrollbars=yes,height=600,width=500&#039;); return false;\" target=\"_blank\" title=\"X Social Network\" aria-label=\"Share on X\"><svg xmlns=\"http:\/\/www.w3.org\/2000\/svg\" shape-rendering=\"geometricPrecision\" text-rendering=\"geometricPrecision\" image-rendering=\"optimizeQuality\" fill-rule=\"evenodd\" clip-rule=\"evenodd\" viewbox=\"0 0 512 462.799\"><path fill-rule=\"nonzero\" d=\"M403.229 0h78.506L310.219 196.04 512 462.799H354.002L230.261 301.007 88.669 462.799h-78.56l183.455-209.683L0 0h161.999l111.856 147.88L403.229 0zm-27.556 415.805h43.505L138.363 44.527h-46.68l283.99 371.278z\"\/><\/svg><span class=\"mec-social-title\"><\/span><\/a><\/li><li class=\"mec-event-social-icon\"><a class=\"linkedin\" href=\"https:\/\/www.linkedin.com\/shareArticle?mini=true&amp;url=https%3A%2F%2Fwww.gtg.ch%2F\" onclick=\"javascript:window.open(this.href, &#039;&#039;, &#039;menubar=no,toolbar=no,resizable=yes,scrollbars=yes,height=600,width=500&#039;); return false;\" target=\"_blank\" title=\"Linkedin\" aria-label=\"Share on Linkedin\" rel=\"noopener\"><i class=\"mec-fa-linkedin\"><\/i><span class=\"mec-social-title\"><\/span><\/a><\/li><li class=\"mec-event-social-icon\"><a class=\"email\" href=\"mailto:?subject=OP%C3%89RA%20JUSTICE%20%E2%80%93%20H%C3%A8ctor%20Parra%20%E2%80%93%20direction%20Titus%20Engel%20%E2%80%93%20Orchestre%20de%20la%20suisse%20romande&body=https%3A%2F%2Fwww.gtg.ch%2F\" title=\"Email\" aria-label=\"Share via Email\"><i class=\"mec-fa-envelope\"><\/i><span class=\"mec-social-title\"><\/span><\/a><\/li>            <\/ul>\r\n        <\/div>\r\n    <\/div>\r\n<\/div>\r\n            <!-- Google Maps Module -->\r\n            <div class=\"mec-events-meta-group mec-events-meta-group-gmap\">\r\n                            <\/div>\r\n\r\n            <!-- Export Module -->\r\n            <div class=\"mec-event-export-module mec-frontbox\">\r\n     <div class=\"mec-event-exporting\">\r\n        <div class=\"mec-export-details\">\r\n            <ul>\r\n                <li><a class=\"mec-events-gcal mec-events-button mec-color mec-bg-color-hover mec-border-color\" href=\"https:\/\/calendar.google.com\/calendar\/render?action=TEMPLATE&amp;text=OP%C3%89RA+JUSTICE+%E2%80%93+H%C3%A8ctor+Parra+%E2%80%93+direction+Titus+Engel+%E2%80%93+Orchestre+de+la+suisse+romande&amp;dates=20240122T070000Z\/20240128T170000Z&amp;details=OP%C3%89RA+JUSTICE+%E2%80%93+H%C3%A8ctor+Parra+%E2%80%93+direction+Titus+Engel+%E2%80%93+Orchestre+de+la+suisse+romande&amp;location=\" target=\"_blank\" rel=\"noopener\">+ Add to Google Calendar<\/a><\/li>                <li><a class=\"mec-events-gcal mec-events-button mec-color mec-bg-color-hover mec-border-color\" href=\"https:\/\/eloisefaresharpiste.com\/en\/?method=ical&#038;id=999\">+ iCal \/ Outlook export<\/a><\/li>            <\/ul>\r\n        <\/div>\r\n    <\/div>\r\n<\/div>\r\n            <!-- Hourly Schedule -->\r\n            \r\n            \t\t\t<!-- Booking Module -->\r\n            \r\n            <!-- Tags -->\r\n            <div class=\"mec-events-meta-group mec-events-meta-group-tags\">\r\n                            <\/div>\r\n\r\n        <\/div>\r\n    <\/article>\r\n<\/div>\r\n<script>\r\n\/\/ Fix modal speaker in some themes\r\njQuery(\"#mec_skin_6994 .mec-speaker-avatar-dialog a\").on('click', function(e)\r\n{\r\n    e.preventDefault();\r\n\r\n    var id = jQuery(this).attr('href');\r\n    lity(id);\r\n\r\n    return false;\r\n});\r\n<\/script>\r\n                                <\/div>\r\n                            <\/div>\r\n                        <\/div><!-- toggle item end -->\r\n                    <\/div><!-- toggles wrap end -->\r\n                            <\/article>\r\n            \t\t\r\n                        <div class=\"mec-month-divider\" data-toggle-divider=\"mec-toggle-202309-mec2\"><h5 style=\"display: inline;\">September 2023<\/h5><i class=\"mec-sl-arrow-down\"><\/i><\/div>\r\n            \r\n                        <article class=\"mec-past-event mec-event-article  mec-clear  mec-divider-toggle mec-toggle-202309-mec2\" itemscope>\r\n                                    <!-- toggles wrap start -->\r\n                    <div class=\"mec-events-toggle\">\r\n                        <!-- toggle item start -->\r\n                        <div class=\"mec-toggle-item\">\r\n                            <div class=\"mec-toggle-item-inner\" tabindex=\"0\">\r\n                                                                <div class=\"mec-toggle-item-col\">\r\n                                                                            <div class=\"mec-event-month\"><span class=\"mec-start-date-label\">02 - 09 September<\/span><\/div>\r\n                                                                                                        <\/div>\r\n                                <h3 class=\"mec-toggle-title\">\r\n                                    Enregistrement CD &#8211; cr\u00e9ations contemporaines &#8211; Euskadiko orkestra \u2013 direction Robert Trevi\u00f1o<\/h3>\r\n                                                                <i class=\"mec-sl-arrow-down\"><\/i>\r\n                            <\/div>\r\n                            <div class=\"mec-content-toggle\" aria-hidden=\"true\" style=\"display: none;\">\r\n                                <div class=\"mec-toggle-content\">\r\n                                    <div class=\"mec-wrap colorskin-custom clearfix  mec-modal-wrap\" id=\"mec_skin_8797\" data-unique-id=\"8797\">\r\n    <article class=\"mec-single-event mec-single-modern mec-single-modal\">\r\n        <div class=\"mec-events-event-image\">\r\n            <img loading=\"lazy\" decoding=\"async\" width=\"227\" height=\"159\" src=\"https:\/\/eloisefaresharpiste.com\/wp-content\/uploads\/2025\/07\/visuel-euskadiko-orkestra-1.gif\" class=\"attachment-full size-full wp-post-image\" alt=\"\" data-mec-postid=\"1001\" \/>        <\/div>\r\n        \r\n        <div class=\"col-md-4\">\r\n\r\n            <div class=\"mec-event-meta mec-color-before mec-frontbox mec-util-hidden\">\r\n                \r\n                <!-- Sponsors Module -->\r\n                \r\n                <!-- Register Booking Button -->\r\n                            <\/div>\r\n\r\n            <!-- Weather Module -->\r\n            \r\n            <!-- QRCode Module -->\r\n            \r\n            <!-- Public Download Module -->\r\n            \r\n            <!-- Local Time Module -->\r\n            \r\n            <div class=\"mec-event-meta mec-color-before mec-frontbox\">\r\n\r\n                                                \r\n                \r\n                                    <div class=\"mec-single-event-category\">\r\n                        <i class=\"mec-sl-folder\"><\/i>                        <h3 class=\"mec-events-single-section-title mec-category\">Category<\/h3>\r\n                        <dl>\r\n                        <dd class=\"mec-events-event-categories\"><a href=\"https:\/\/eloisefaresharpiste.com\/en\/mec-category\/agenda\/\" class=\"mec-color-hover\" rel=\"tag\"><i class=\"mec-fa-angle-right\"><\/i>agenda<\/a><\/dd>                        <\/dl>\r\n                    <\/div>\r\n                    \r\n                \r\n            <\/div>\r\n\r\n            <!-- Speaker List Module -->\r\n            \r\n            <!-- Attendees List Module -->\r\n            \r\n            <!-- Next Previous Module -->\r\n                    <\/div>\r\n\r\n        <div class=\"col-md-8\">\r\n\r\n            <div class=\"mec-event-content\">\r\n                <div class=\"mec-single-event-description mec-events-content\">\r\n                                                                                                <\/div>\r\n            <\/div>\r\n\r\n            \r\n            <!-- Custom Data Fields -->\r\n            \r\n            <!-- FAQ -->\r\n            \r\n            <!-- Links Module -->\r\n            <div class=\"mec-event-social mec-frontbox\">\r\n     <h3 class=\"mec-social-single mec-frontbox-title\">Share this event<\/h3>\r\n     <div class=\"mec-event-sharing\">\r\n        <div class=\"mec-links-details\">\r\n            <ul>\r\n                <li class=\"mec-event-social-icon\"><a class=\"facebook\" href=\"https:\/\/www.facebook.com\/sharer\/sharer.php?u=https%3A%2F%2Ffr.euskadikoorkestra.eus%2F\" onclick=\"javascript:window.open(this.href, &#039;&#039;, &#039;menubar=no,toolbar=no,resizable=yes,scrollbars=yes,height=500,width=600&#039;); return false;\" target=\"_blank\" title=\"Share on Facebook\" aria-label=\"Share on Facebook\" rel=\"noopener\"><i class=\"mec-fa-facebook\"><\/i><span class=\"mec-social-title\"><\/span><\/a><\/li><li class=\"mec-event-social-icon\"><a class=\"twitter\" href=\"https:\/\/x.com\/intent\/tweet?url=https%3A%2F%2Ffr.euskadikoorkestra.eus%2F\" onclick=\"javascript:window.open(this.href, &#039;&#039;, &#039;menubar=no,toolbar=no,resizable=yes,scrollbars=yes,height=600,width=500&#039;); return false;\" target=\"_blank\" title=\"X Social Network\" aria-label=\"Share on X\"><svg xmlns=\"http:\/\/www.w3.org\/2000\/svg\" shape-rendering=\"geometricPrecision\" text-rendering=\"geometricPrecision\" image-rendering=\"optimizeQuality\" fill-rule=\"evenodd\" clip-rule=\"evenodd\" viewbox=\"0 0 512 462.799\"><path fill-rule=\"nonzero\" d=\"M403.229 0h78.506L310.219 196.04 512 462.799H354.002L230.261 301.007 88.669 462.799h-78.56l183.455-209.683L0 0h161.999l111.856 147.88L403.229 0zm-27.556 415.805h43.505L138.363 44.527h-46.68l283.99 371.278z\"\/><\/svg><span class=\"mec-social-title\"><\/span><\/a><\/li><li class=\"mec-event-social-icon\"><a class=\"linkedin\" href=\"https:\/\/www.linkedin.com\/shareArticle?mini=true&amp;url=https%3A%2F%2Ffr.euskadikoorkestra.eus%2F\" onclick=\"javascript:window.open(this.href, &#039;&#039;, &#039;menubar=no,toolbar=no,resizable=yes,scrollbars=yes,height=600,width=500&#039;); return false;\" target=\"_blank\" title=\"Linkedin\" aria-label=\"Share on Linkedin\" rel=\"noopener\"><i class=\"mec-fa-linkedin\"><\/i><span class=\"mec-social-title\"><\/span><\/a><\/li><li class=\"mec-event-social-icon\"><a class=\"email\" href=\"mailto:?subject=Enregistrement%20CD%20-%20cr%C3%A9ations%20contemporaines%20-%20Euskadiko%20orkestra%20%E2%80%93%20direction%20Robert%20Trevi%C3%B1o&body=https%3A%2F%2Ffr.euskadikoorkestra.eus%2F\" title=\"Email\" aria-label=\"Share via Email\"><i class=\"mec-fa-envelope\"><\/i><span class=\"mec-social-title\"><\/span><\/a><\/li>            <\/ul>\r\n        <\/div>\r\n    <\/div>\r\n<\/div>\r\n            <!-- Google Maps Module -->\r\n            <div class=\"mec-events-meta-group mec-events-meta-group-gmap\">\r\n                            <\/div>\r\n\r\n            <!-- Export Module -->\r\n            <div class=\"mec-event-export-module mec-frontbox\">\r\n     <div class=\"mec-event-exporting\">\r\n        <div class=\"mec-export-details\">\r\n            <ul>\r\n                <li><a class=\"mec-events-gcal mec-events-button mec-color mec-bg-color-hover mec-border-color\" href=\"https:\/\/calendar.google.com\/calendar\/render?action=TEMPLATE&amp;text=Enregistrement+CD+-+cr%C3%A9ations+contemporaines+-+Euskadiko+orkestra+%E2%80%93+direction+Robert+Trevi%C3%B1o&amp;dates=20230902T060000Z\/20230909T160000Z&amp;details=Enregistrement+CD+-+cr%C3%A9ations+contemporaines+-+Euskadiko+orkestra+%E2%80%93+direction+Robert+Trevi%C3%B1o\" target=\"_blank\" rel=\"noopener\">+ Add to Google Calendar<\/a><\/li>                <li><a class=\"mec-events-gcal mec-events-button mec-color mec-bg-color-hover mec-border-color\" href=\"https:\/\/eloisefaresharpiste.com\/en\/?method=ical&#038;id=1001\">+ iCal \/ Outlook export<\/a><\/li>            <\/ul>\r\n        <\/div>\r\n    <\/div>\r\n<\/div>\r\n            <!-- Hourly Schedule -->\r\n            \r\n            \t\t\t<!-- Booking Module -->\r\n            \r\n            <!-- Tags -->\r\n            <div class=\"mec-events-meta-group mec-events-meta-group-tags\">\r\n                            <\/div>\r\n\r\n        <\/div>\r\n    <\/article>\r\n<\/div>\r\n<script>\r\n\/\/ Fix modal speaker in some themes\r\njQuery(\"#mec_skin_8797 .mec-speaker-avatar-dialog a\").on('click', function(e)\r\n{\r\n    e.preventDefault();\r\n\r\n    var id = jQuery(this).attr('href');\r\n    lity(id);\r\n\r\n    return false;\r\n});\r\n<\/script>\r\n                                <\/div>\r\n                            <\/div>\r\n                        <\/div><!-- toggle item end -->\r\n                    <\/div><!-- toggles wrap end -->\r\n                            <\/article>\r\n            \t\t\r\n                        <div class=\"mec-month-divider\" data-toggle-divider=\"mec-toggle-202308-mec2\"><h5 style=\"display: inline;\">August 2023<\/h5><i class=\"mec-sl-arrow-down\"><\/i><\/div>\r\n            \r\n                        <article class=\"mec-past-event mec-event-article  mec-clear  mec-divider-toggle mec-toggle-202308-mec2\" itemscope>\r\n                                    <!-- toggles wrap start -->\r\n                    <div class=\"mec-events-toggle\">\r\n                        <!-- toggle item start -->\r\n                        <div class=\"mec-toggle-item\">\r\n                            <div class=\"mec-toggle-item-inner\" tabindex=\"0\">\r\n                                                                <div class=\"mec-toggle-item-col\">\r\n                                                                            <div class=\"mec-event-month\"><span class=\"mec-start-date-label\">01 - 31 August<\/span><\/div>\r\n                                                                                                        <\/div>\r\n                                <h3 class=\"mec-toggle-title\">\r\n                                    Festival APAS MUZIK &#8211; tourn\u00e9e de concerts &#8211; Musique de chambre &#8230;<\/h3>\r\n                                                                <i class=\"mec-sl-arrow-down\"><\/i>\r\n                            <\/div>\r\n                            <div class=\"mec-content-toggle\" aria-hidden=\"true\" style=\"display: none;\">\r\n                                <div class=\"mec-toggle-content\">\r\n                                    <div class=\"mec-wrap colorskin-custom clearfix  mec-modal-wrap\" id=\"mec_skin_3560\" data-unique-id=\"3560\">\r\n    <article class=\"mec-single-event mec-single-modern mec-single-modal\">\r\n        <div class=\"mec-events-event-image\">\r\n            <img loading=\"lazy\" decoding=\"async\" width=\"225\" height=\"131\" src=\"https:\/\/eloisefaresharpiste.com\/wp-content\/uploads\/2025\/07\/apas-e1712307702685.png\" class=\"attachment-full size-full wp-post-image\" alt=\"\" data-mec-postid=\"1002\" \/>        <\/div>\r\n        \r\n        <div class=\"col-md-4\">\r\n\r\n            <div class=\"mec-event-meta mec-color-before mec-frontbox mec-util-hidden\">\r\n                \r\n                <!-- Sponsors Module -->\r\n                \r\n                <!-- Register Booking Button -->\r\n                            <\/div>\r\n\r\n            <!-- Weather Module -->\r\n            \r\n            <!-- QRCode Module -->\r\n            \r\n            <!-- Public Download Module -->\r\n            \r\n            <!-- Local Time Module -->\r\n            \r\n            <div class=\"mec-event-meta mec-color-before mec-frontbox\">\r\n\r\n                                                \r\n                                    <div class=\"mec-single-event-location\">\r\n                        <i class=\"mec-sl-location-pin\"><\/i>                        <h3 class=\"mec-events-single-section-title mec-location\">Location<\/h3>\r\n\r\n                        \r\n                        <dl>\r\n                        <dd class=\"author fn org\">Dr\u00f4me Proven\u00e7ale<\/dd>\r\n\r\n                        <dd class=\"location\"><address class=\"mec-events-address\"><span class=\"mec-address\"><\/span><\/address><\/dd>\r\n\r\n                                                <\/dl>\r\n                    <\/div>\r\n                    \r\n                                    <div class=\"mec-single-event-category\">\r\n                        <i class=\"mec-sl-folder\"><\/i>                        <h3 class=\"mec-events-single-section-title mec-category\">Category<\/h3>\r\n                        <dl>\r\n                        <dd class=\"mec-events-event-categories\"><a href=\"https:\/\/eloisefaresharpiste.com\/en\/mec-category\/agenda\/\" class=\"mec-color-hover\" rel=\"tag\"><i class=\"mec-fa-angle-right\"><\/i>agenda<\/a><\/dd>                        <\/dl>\r\n                    <\/div>\r\n                    \r\n                \r\n            <\/div>\r\n\r\n            <!-- Speaker List Module -->\r\n            \r\n            <!-- Attendees List Module -->\r\n            \r\n            <!-- Next Previous Module -->\r\n                    <\/div>\r\n\r\n        <div class=\"col-md-8\">\r\n\r\n            <div class=\"mec-event-content\">\r\n                <div class=\"mec-single-event-description mec-events-content\">\r\n                                                                                                <\/div>\r\n            <\/div>\r\n\r\n            \r\n            <!-- Custom Data Fields -->\r\n            \r\n            <!-- FAQ -->\r\n            \r\n            <!-- Links Module -->\r\n            <div class=\"mec-event-social mec-frontbox\">\r\n     <h3 class=\"mec-social-single mec-frontbox-title\">Share this event<\/h3>\r\n     <div class=\"mec-event-sharing\">\r\n        <div class=\"mec-links-details\">\r\n            <ul>\r\n                <li class=\"mec-event-social-icon\"><a class=\"facebook\" href=\"https:\/\/www.facebook.com\/sharer\/sharer.php?u=https%3A%2F%2Fwww.apas-musique.fr%2F\" onclick=\"javascript:window.open(this.href, &#039;&#039;, &#039;menubar=no,toolbar=no,resizable=yes,scrollbars=yes,height=500,width=600&#039;); return false;\" target=\"_blank\" title=\"Share on Facebook\" aria-label=\"Share on Facebook\" rel=\"noopener\"><i class=\"mec-fa-facebook\"><\/i><span class=\"mec-social-title\"><\/span><\/a><\/li><li class=\"mec-event-social-icon\"><a class=\"twitter\" href=\"https:\/\/x.com\/intent\/tweet?url=https%3A%2F%2Fwww.apas-musique.fr%2F\" onclick=\"javascript:window.open(this.href, &#039;&#039;, &#039;menubar=no,toolbar=no,resizable=yes,scrollbars=yes,height=600,width=500&#039;); return false;\" target=\"_blank\" title=\"X Social Network\" aria-label=\"Share on X\"><svg xmlns=\"http:\/\/www.w3.org\/2000\/svg\" shape-rendering=\"geometricPrecision\" text-rendering=\"geometricPrecision\" image-rendering=\"optimizeQuality\" fill-rule=\"evenodd\" clip-rule=\"evenodd\" viewbox=\"0 0 512 462.799\"><path fill-rule=\"nonzero\" d=\"M403.229 0h78.506L310.219 196.04 512 462.799H354.002L230.261 301.007 88.669 462.799h-78.56l183.455-209.683L0 0h161.999l111.856 147.88L403.229 0zm-27.556 415.805h43.505L138.363 44.527h-46.68l283.99 371.278z\"\/><\/svg><span class=\"mec-social-title\"><\/span><\/a><\/li><li class=\"mec-event-social-icon\"><a class=\"linkedin\" href=\"https:\/\/www.linkedin.com\/shareArticle?mini=true&amp;url=https%3A%2F%2Fwww.apas-musique.fr%2F\" onclick=\"javascript:window.open(this.href, &#039;&#039;, &#039;menubar=no,toolbar=no,resizable=yes,scrollbars=yes,height=600,width=500&#039;); return false;\" target=\"_blank\" title=\"Linkedin\" aria-label=\"Share on Linkedin\" rel=\"noopener\"><i class=\"mec-fa-linkedin\"><\/i><span class=\"mec-social-title\"><\/span><\/a><\/li><li class=\"mec-event-social-icon\"><a class=\"email\" href=\"mailto:?subject=Festival%20APAS%20MUZIK%20-%20tourn%C3%A9e%20de%20concerts%20-%20Musique%20de%20chambre%20%2526%238230%3B&body=https%3A%2F%2Fwww.apas-musique.fr%2F\" title=\"Email\" aria-label=\"Share via Email\"><i class=\"mec-fa-envelope\"><\/i><span class=\"mec-social-title\"><\/span><\/a><\/li>            <\/ul>\r\n        <\/div>\r\n    <\/div>\r\n<\/div>\r\n            <!-- Google Maps Module -->\r\n            <div class=\"mec-events-meta-group mec-events-meta-group-gmap\">\r\n                            <\/div>\r\n\r\n            <!-- Export Module -->\r\n            <div class=\"mec-event-export-module mec-frontbox\">\r\n     <div class=\"mec-event-exporting\">\r\n        <div class=\"mec-export-details\">\r\n            <ul>\r\n                <li><a class=\"mec-events-gcal mec-events-button mec-color mec-bg-color-hover mec-border-color\" href=\"https:\/\/calendar.google.com\/calendar\/render?action=TEMPLATE&amp;text=Festival+APAS+MUZIK+-+tourn%C3%A9e+de+concerts+-+Musique+de+chambre+%2526%238230%3B&amp;dates=20230801T060000Z\/20230831T160000Z&amp;details=Festival+APAS+MUZIK+-+tourn%C3%A9e+de+concerts+-+Musique+de+chambre+%2526%238230%3B&amp;location=\" target=\"_blank\" rel=\"noopener\">+ Add to Google Calendar<\/a><\/li>                <li><a class=\"mec-events-gcal mec-events-button mec-color mec-bg-color-hover mec-border-color\" href=\"https:\/\/eloisefaresharpiste.com\/en\/?method=ical&#038;id=1002\">+ iCal \/ Outlook export<\/a><\/li>            <\/ul>\r\n        <\/div>\r\n    <\/div>\r\n<\/div>\r\n            <!-- Hourly Schedule -->\r\n            \r\n            \t\t\t<!-- Booking Module -->\r\n            \r\n            <!-- Tags -->\r\n            <div class=\"mec-events-meta-group mec-events-meta-group-tags\">\r\n                            <\/div>\r\n\r\n        <\/div>\r\n    <\/article>\r\n<\/div>\r\n<script>\r\n\/\/ Fix modal speaker in some themes\r\njQuery(\"#mec_skin_3560 .mec-speaker-avatar-dialog a\").on('click', function(e)\r\n{\r\n    e.preventDefault();\r\n\r\n    var id = jQuery(this).attr('href');\r\n    lity(id);\r\n\r\n    return false;\r\n});\r\n<\/script>\r\n                                <\/div>\r\n                            <\/div>\r\n                        <\/div><!-- toggle item end -->\r\n                    <\/div><!-- toggles wrap end -->\r\n                            <\/article>\r\n            \t\t\r\n                        <div class=\"mec-month-divider\" data-toggle-divider=\"mec-toggle-202307-mec2\"><h5 style=\"display: inline;\">July 2023<\/h5><i class=\"mec-sl-arrow-down\"><\/i><\/div>\r\n            \r\n                        <article class=\"mec-past-event mec-event-article  mec-clear  mec-divider-toggle mec-toggle-202307-mec2\" itemscope>\r\n                                    <!-- toggles wrap start -->\r\n                    <div class=\"mec-events-toggle\">\r\n                        <!-- toggle item start -->\r\n                        <div class=\"mec-toggle-item\">\r\n                            <div class=\"mec-toggle-item-inner\" tabindex=\"0\">\r\n                                                                <div class=\"mec-toggle-item-col\">\r\n                                                                            <div class=\"mec-event-month\"><span class=\"mec-start-date-label\">01 - 31 July<\/span><\/div>\r\n                                                                                                        <\/div>\r\n                                <h3 class=\"mec-toggle-title\">\r\n                                    Verbier Festival Orchestra &#038; Verbier Chamber Orchestra<\/h3>\r\n                                                                <i class=\"mec-sl-arrow-down\"><\/i>\r\n                            <\/div>\r\n                            <div class=\"mec-content-toggle\" aria-hidden=\"true\" style=\"display: none;\">\r\n                                <div class=\"mec-toggle-content\">\r\n                                    <div class=\"mec-wrap colorskin-custom clearfix  mec-modal-wrap\" id=\"mec_skin_8046\" data-unique-id=\"8046\">\r\n    <article class=\"mec-single-event mec-single-modern mec-single-modal\">\r\n        <div class=\"mec-events-event-image\">\r\n            <img loading=\"lazy\" decoding=\"async\" width=\"640\" height=\"565\" src=\"https:\/\/eloisefaresharpiste.com\/wp-content\/uploads\/2025\/07\/verbier.png\" class=\"attachment-full size-full wp-post-image\" alt=\"\" data-mec-postid=\"1004\" \/>        <\/div>\r\n        \r\n        <div class=\"col-md-4\">\r\n\r\n            <div class=\"mec-event-meta mec-color-before mec-frontbox mec-util-hidden\">\r\n                \r\n                <!-- Sponsors Module -->\r\n                \r\n                <!-- Register Booking Button -->\r\n                            <\/div>\r\n\r\n            <!-- Weather Module -->\r\n            \r\n            <!-- QRCode Module -->\r\n            \r\n            <!-- Public Download Module -->\r\n            \r\n            <!-- Local Time Module -->\r\n            \r\n            <div class=\"mec-event-meta mec-color-before mec-frontbox\">\r\n\r\n                                                \r\n                \r\n                                    <div class=\"mec-single-event-category\">\r\n                        <i class=\"mec-sl-folder\"><\/i>                        <h3 class=\"mec-events-single-section-title mec-category\">Category<\/h3>\r\n                        <dl>\r\n                        <dd class=\"mec-events-event-categories\"><a href=\"https:\/\/eloisefaresharpiste.com\/en\/mec-category\/agenda\/\" class=\"mec-color-hover\" rel=\"tag\"><i class=\"mec-fa-angle-right\"><\/i>agenda<\/a><\/dd>                        <\/dl>\r\n                    <\/div>\r\n                    \r\n                \r\n            <\/div>\r\n\r\n            <!-- Speaker List Module -->\r\n            \r\n            <!-- Attendees List Module -->\r\n            \r\n            <!-- Next Previous Module -->\r\n                    <\/div>\r\n\r\n        <div class=\"col-md-8\">\r\n\r\n            <div class=\"mec-event-content\">\r\n                <div class=\"mec-single-event-description mec-events-content\">\r\n                                                                                                <\/div>\r\n            <\/div>\r\n\r\n            \r\n            <!-- Custom Data Fields -->\r\n            \r\n            <!-- FAQ -->\r\n            \r\n            <!-- Links Module -->\r\n            <div class=\"mec-event-social mec-frontbox\">\r\n     <h3 class=\"mec-social-single mec-frontbox-title\">Share this event<\/h3>\r\n     <div class=\"mec-event-sharing\">\r\n        <div class=\"mec-links-details\">\r\n            <ul>\r\n                <li class=\"mec-event-social-icon\"><a class=\"facebook\" href=\"https:\/\/www.facebook.com\/sharer\/sharer.php?u=https%3A%2F%2Fwww.verbierfestival.com%2F\" onclick=\"javascript:window.open(this.href, &#039;&#039;, &#039;menubar=no,toolbar=no,resizable=yes,scrollbars=yes,height=500,width=600&#039;); return false;\" target=\"_blank\" title=\"Share on Facebook\" aria-label=\"Share on Facebook\" rel=\"noopener\"><i class=\"mec-fa-facebook\"><\/i><span class=\"mec-social-title\"><\/span><\/a><\/li><li class=\"mec-event-social-icon\"><a class=\"twitter\" href=\"https:\/\/x.com\/intent\/tweet?url=https%3A%2F%2Fwww.verbierfestival.com%2F\" onclick=\"javascript:window.open(this.href, &#039;&#039;, &#039;menubar=no,toolbar=no,resizable=yes,scrollbars=yes,height=600,width=500&#039;); return false;\" target=\"_blank\" title=\"X Social Network\" aria-label=\"Share on X\"><svg xmlns=\"http:\/\/www.w3.org\/2000\/svg\" shape-rendering=\"geometricPrecision\" text-rendering=\"geometricPrecision\" image-rendering=\"optimizeQuality\" fill-rule=\"evenodd\" clip-rule=\"evenodd\" viewbox=\"0 0 512 462.799\"><path fill-rule=\"nonzero\" d=\"M403.229 0h78.506L310.219 196.04 512 462.799H354.002L230.261 301.007 88.669 462.799h-78.56l183.455-209.683L0 0h161.999l111.856 147.88L403.229 0zm-27.556 415.805h43.505L138.363 44.527h-46.68l283.99 371.278z\"\/><\/svg><span class=\"mec-social-title\"><\/span><\/a><\/li><li class=\"mec-event-social-icon\"><a class=\"linkedin\" href=\"https:\/\/www.linkedin.com\/shareArticle?mini=true&amp;url=https%3A%2F%2Fwww.verbierfestival.com%2F\" onclick=\"javascript:window.open(this.href, &#039;&#039;, &#039;menubar=no,toolbar=no,resizable=yes,scrollbars=yes,height=600,width=500&#039;); return false;\" target=\"_blank\" title=\"Linkedin\" aria-label=\"Share on Linkedin\" rel=\"noopener\"><i class=\"mec-fa-linkedin\"><\/i><span class=\"mec-social-title\"><\/span><\/a><\/li><li class=\"mec-event-social-icon\"><a class=\"email\" href=\"mailto:?subject=Verbier%20Festival%20Orchestra%20%2526%20Verbier%20Chamber%20Orchestra&body=https%3A%2F%2Fwww.verbierfestival.com%2F\" title=\"Email\" aria-label=\"Share via Email\"><i class=\"mec-fa-envelope\"><\/i><span class=\"mec-social-title\"><\/span><\/a><\/li>            <\/ul>\r\n        <\/div>\r\n    <\/div>\r\n<\/div>\r\n            <!-- Google Maps Module -->\r\n            <div class=\"mec-events-meta-group mec-events-meta-group-gmap\">\r\n                            <\/div>\r\n\r\n            <!-- Export Module -->\r\n            <div class=\"mec-event-export-module mec-frontbox\">\r\n     <div class=\"mec-event-exporting\">\r\n        <div class=\"mec-export-details\">\r\n            <ul>\r\n                <li><a class=\"mec-events-gcal mec-events-button mec-color mec-bg-color-hover mec-border-color\" href=\"https:\/\/calendar.google.com\/calendar\/render?action=TEMPLATE&amp;text=Verbier+Festival+Orchestra+%2526+Verbier+Chamber+Orchestra&amp;dates=20230701T060000Z\/20230731T160000Z&amp;details=Verbier+Festival+Orchestra+%2526+Verbier+Chamber+Orchestra\" target=\"_blank\" rel=\"noopener\">+ Add to Google Calendar<\/a><\/li>                <li><a class=\"mec-events-gcal mec-events-button mec-color mec-bg-color-hover mec-border-color\" href=\"https:\/\/eloisefaresharpiste.com\/en\/?method=ical&#038;id=1004\">+ iCal \/ Outlook export<\/a><\/li>            <\/ul>\r\n        <\/div>\r\n    <\/div>\r\n<\/div>\r\n            <!-- Hourly Schedule -->\r\n            \r\n            \t\t\t<!-- Booking Module -->\r\n            \r\n            <!-- Tags -->\r\n            <div class=\"mec-events-meta-group mec-events-meta-group-tags\">\r\n                            <\/div>\r\n\r\n        <\/div>\r\n    <\/article>\r\n<\/div>\r\n<script>\r\n\/\/ Fix modal speaker in some themes\r\njQuery(\"#mec_skin_8046 .mec-speaker-avatar-dialog a\").on('click', function(e)\r\n{\r\n    e.preventDefault();\r\n\r\n    var id = jQuery(this).attr('href');\r\n    lity(id);\r\n\r\n    return false;\r\n});\r\n<\/script>\r\n                                <\/div>\r\n                            <\/div>\r\n                        <\/div><!-- toggle item end -->\r\n                    <\/div><!-- toggles wrap end -->\r\n                            <\/article>\r\n            \t\t\t<\/div>\r\n<\/div>\r\n\r\n    <\/div>\r\n    <div class=\"mec-skin-list-no-events-container mec-util-hidden\" id=\"mec_skin_no_events_mec2\">\r\n        No event found!    <\/div>\r\n    \r\n    \r\n<\/div>\r\n\t\t\t\t<\/div>\n\t\t\t\t<\/div>\n\t\t\t\t<\/div>\n\t\t\t\t\t<\/div>\n\t\t\t\t<\/div>\n\t\t\t\t<\/div>","protected":false},"excerpt":{"rendered":"<p>Agenda Ev\u00e8nements \u00e0 venir 09 novembre 2025 Chamber music : Koechlin, Two Nocturnes &#8211; flute, horn &#038; harp &#8211; New World Symphony 500 17th St, Miami Beach, FL 33139, \u00c9tats-Unis 15 novembre 2025 Hindoyan : Dvorak\u2019s &#8211; New World Symphony 500 17th St, Miami Beach, FL 33139, \u00c9tats-Unis 16 novembre 2025 Hindoyan : Dvorak\u2019s &#8211; [&hellip;]<\/p>\n","protected":false},"author":1,"featured_media":0,"parent":0,"menu_order":0,"comment_status":"closed","ping_status":"closed","template":"","meta":{"footnotes":""},"class_list":["post-574","page","type-page","status-publish","hentry"],"_links":{"self":[{"href":"https:\/\/eloisefaresharpiste.com\/en\/wp-json\/wp\/v2\/pages\/574","targetHints":{"allow":["GET"]}}],"collection":[{"href":"https:\/\/eloisefaresharpiste.com\/en\/wp-json\/wp\/v2\/pages"}],"about":[{"href":"https:\/\/eloisefaresharpiste.com\/en\/wp-json\/wp\/v2\/types\/page"}],"author":[{"embeddable":true,"href":"https:\/\/eloisefaresharpiste.com\/en\/wp-json\/wp\/v2\/users\/1"}],"replies":[{"embeddable":true,"href":"https:\/\/eloisefaresharpiste.com\/en\/wp-json\/wp\/v2\/comments?post=574"}],"version-history":[{"count":28,"href":"https:\/\/eloisefaresharpiste.com\/en\/wp-json\/wp\/v2\/pages\/574\/revisions"}],"predecessor-version":[{"id":1155,"href":"https:\/\/eloisefaresharpiste.com\/en\/wp-json\/wp\/v2\/pages\/574\/revisions\/1155"}],"wp:attachment":[{"href":"https:\/\/eloisefaresharpiste.com\/en\/wp-json\/wp\/v2\/media?parent=574"}],"curies":[{"name":"wp","href":"https:\/\/api.w.org\/{rel}","templated":true}]}}